{"id":1302,"date":"2021-10-18T16:25:12","date_gmt":"2021-10-18T14:25:12","guid":{"rendered":"https:\/\/quimper-evenements.fr\/pro\/?page_id=1302"},"modified":"2026-04-09T14:08:39","modified_gmt":"2026-04-09T12:08:39","slug":"organisation-devenements","status":"publish","type":"page","link":"https:\/\/quimper-evenements.fr\/pro\/organisation-devenements\/","title":{"rendered":"Organisation d&rsquo;\u00e9v\u00e9nements"},"content":{"rendered":"\n<style type=\"text\/css\" data-created_by=\"avia_inline_auto\" id=\"style-css-av-jzmg3gk2-062181b62f46cc46bbc9699ce561d215\">\n.avia-section.av-jzmg3gk2-062181b62f46cc46bbc9699ce561d215{\nbackground-repeat:no-repeat;\nbackground-image:url(https:\/\/quimper-evenements.fr\/pro\/wp-content\/uploads\/sites\/2\/2019\/11\/PDE_BREIZH-NATURE2018_2-1-1500x1000.jpg);\nbackground-position:50% 50%;\nbackground-attachment:scroll;\n}\n.avia-section.av-jzmg3gk2-062181b62f46cc46bbc9699ce561d215 .av-section-color-overlay{\nopacity:0.7;\nbackground-color:#e20586;\n}\n<\/style>\n<div id='av_section_1'  class='avia-section av-jzmg3gk2-062181b62f46cc46bbc9699ce561d215 main_color avia-section-default avia-no-border-styling  avia-builder-el-0  el_before_av_layout_row  avia-builder-el-first  avia-bg-style-scroll av-section-color-overlay-active av-minimum-height av-minimum-height-custom av-height-custom  container_wrap fullsize'  data-section-bg-repeat='no-repeat' data-av_minimum_height_px='247'><div class=\"av-section-color-overlay-wrap\"><div class=\"av-section-color-overlay\"><\/div><div class='container av-section-cont-open' style='height:247px'><main  role=\"main\" itemprop=\"mainContentOfPage\"  class='template-page content  av-content-full alpha units'><div class='post-entry post-entry-type-page post-entry-1302'><div class='entry-content-wrapper clearfix'>\n\n<style type=\"text\/css\" data-created_by=\"avia_inline_auto\" id=\"style-css-av-jzmg4b19-eb1ea70111f02bea14723a0608cb4732\">\n#top .av-special-heading.av-jzmg4b19-eb1ea70111f02bea14723a0608cb4732{\npadding-bottom:10px;\ncolor:#ffffff;\n}\nbody .av-special-heading.av-jzmg4b19-eb1ea70111f02bea14723a0608cb4732 .av-special-heading-tag .heading-char{\nfont-size:25px;\n}\n.av-special-heading.av-jzmg4b19-eb1ea70111f02bea14723a0608cb4732 .special-heading-inner-border{\nborder-color:#ffffff;\n}\n.av-special-heading.av-jzmg4b19-eb1ea70111f02bea14723a0608cb4732 .av-subheading{\nfont-size:25px;\n}\n<\/style>\n<div  class='av-special-heading av-jzmg4b19-eb1ea70111f02bea14723a0608cb4732 av-special-heading-h1 custom-color-heading blockquote modern-quote  avia-builder-el-1  avia-builder-el-no-sibling  av-linked-heading'><h1 class='av-special-heading-tag '  itemprop=\"headline\"  >Organisation d\u2019\u00e9v\u00e9nements<\/h1><div class=\"special-heading-border\"><div class=\"special-heading-inner-border\"><\/div><\/div><\/div>\n\n<\/div><\/div><\/main><!-- close content main element --><\/div><\/div><\/div><div id='av-layout-grid-1'  class='av-layout-grid-container av-223mye-46df694b586d2cabbe615cf57aaeadd1 entry-content-wrapper main_color av-flex-cells  avia-builder-el-2  el_after_av_section  el_before_av_textblock  grid-row-not-first  container_wrap fullsize'  >\n\n<style type=\"text\/css\" data-created_by=\"avia_inline_auto\" id=\"style-css-av-kuwo1xvi-5b54245b5aec5a043f237dde24ee3382\">\n.flex_cell.av-kuwo1xvi-5b54245b5aec5a043f237dde24ee3382{\nvertical-align:top;\nbackground-color:#ededed;\n}\n.responsive #top #wrap_all .flex_cell.av-kuwo1xvi-5b54245b5aec5a043f237dde24ee3382{\npadding:30px 30px 30px 30px !important;\n}\n<\/style>\n<div class='flex_cell av-kuwo1xvi-5b54245b5aec5a043f237dde24ee3382 av-gridrow-cell av_one_full no_margin  avia-builder-el-3  avia-builder-el-no-sibling  content-align-top'  ><div class='flex_cell_inner'><p><div class='flex_column_table av-kuzc1hqf-41584fe0195859914b40ba428450b103 sc-av_three_fourth av-equal-height-column-flextable'><div  class='flex_column av-kuzc1hqf-41584fe0195859914b40ba428450b103 av_three_fourth  avia-builder-el-4  el_before_av_one_fourth  avia-builder-el-first  first flex_column_table_cell av-equal-height-column av-align-middle  '     ><section  class='av_textblock_section av-kuwmek6f-58d052c68ac56f7eabe55164417cc41b '   itemscope=\"itemscope\" itemtype=\"https:\/\/schema.org\/CreativeWork\" ><div class='avia_textblock'  itemprop=\"text\" ><h3><b>Une \u00e9quipe de professionnels pour l&rsquo;organisation de votre \u00e9v\u00e9nement\u00a0<\/b><\/h3>\n<p>Quimper Ev\u00e9nements con\u00e7oit, organise et met en \u0153uvre de nombreux \u00e9v\u00e9nements professionnels et grand public, en propre et\/ou en collaboration avec diverses entit\u00e9s.<br \/>\nDe la conception de votre projet \u00e9v\u00e9nementiel, \u00e0 la production technique\u00a0et logistique\u00a0en passant par la communication, la commercialisation ou la recherche de financement, notre \u00e9quipe est \u00e0 vos c\u00f4t\u00e9s pour organiser votre \u00e9v\u00e9nement.<\/p>\n<p>Notre \u00e9quipe s\u2019adapte \u00e0 votre \u00e9v\u00e9nement : salon grand public ou professionnel, \u00e9v\u00e9nement d\u2019entreprise, forum, conf\u00e9rences, congr\u00e8s, spectacles\u2026<\/p>\n<p>Faites appel \u00e0 notre expertise et savoir-faire pour concevoir votre \u00e9v\u00e9nement en partie ou dans sa globalit\u00e9 !<\/p>\n<ul>\n<li>Conception d\u2019\u00e9v\u00e9nement<\/li>\n<li>Production : commercialisation, accompagnement client, suivi des prestataires, gestion de budget, organisation de comit\u00e9 de pilotage, gestion du module billetterie\u2026<\/li>\n<li>Communication : \u00e9laboration et mise en place d\u2019un plan m\u00e9dia adapt\u00e9 \u00e0 la cible de l\u2019\u00e9v\u00e9nement, relations presse, graphisme, site internet\u2026<\/li>\n<li>Aspects techniques et logistiques : \u00e9laboration de plan, gestion de la technique avec des prestataires locaux, accueil, contr\u00f4le billetterie, s\u00e9curit\u00e9\u2026<\/li>\n<\/ul>\n<\/div><\/section><\/div><div class='av-flex-placeholder'><\/div><div  class='flex_column av-4ibndi-6fe79b85dadf20ff2c995f764333289e av_one_fourth  avia-builder-el-6  el_after_av_three_fourth  el_before_av_one_fourth  flex_column_table_cell av-equal-height-column av-align-middle  '     ><p>\n<style type=\"text\/css\" data-created_by=\"avia_inline_auto\" id=\"style-css-av-kuzbx99m-c234fdc63d8a882103830bff05ab51ca\">\n.avia-image-container.av-kuzbx99m-c234fdc63d8a882103830bff05ab51ca img.avia_image{\nbox-shadow:none;\n}\n.avia-image-container.av-kuzbx99m-c234fdc63d8a882103830bff05ab51ca .av-image-caption-overlay-center{\ncolor:#ffffff;\n}\n<\/style>\n<div  class='avia-image-container av-kuzbx99m-c234fdc63d8a882103830bff05ab51ca av-styling- avia-align-center  avia-builder-el-7  el_before_av_image  avia-builder-el-first '   itemprop=\"image\" itemscope=\"itemscope\" itemtype=\"https:\/\/schema.org\/ImageObject\" ><div class=\"avia-image-container-inner\"><div class=\"avia-image-overlay-wrap\"><img decoding=\"async\" fetchpriority=\"high\" class='wp-image-1347 avia-img-lazy-loading-not-1347 avia_image ' src=\"https:\/\/quimper-evenements.fr\/pro\/wp-content\/uploads\/sites\/2\/2021\/10\/PDE_FESTIVAL-VINSGASTROOMIE-300x200.jpg\" alt='Organisation Ev\u00e9nements' title='Organisation Ev\u00e9nements'  height=\"200\" width=\"300\"  itemprop=\"thumbnailUrl\" srcset=\"https:\/\/quimper-evenements.fr\/pro\/wp-content\/uploads\/sites\/2\/2021\/10\/PDE_FESTIVAL-VINSGASTROOMIE-300x200.jpg 300w, https:\/\/quimper-evenements.fr\/pro\/wp-content\/uploads\/sites\/2\/2021\/10\/PDE_FESTIVAL-VINSGASTROOMIE-1030x687.jpg 1030w, https:\/\/quimper-evenements.fr\/pro\/wp-content\/uploads\/sites\/2\/2021\/10\/PDE_FESTIVAL-VINSGASTROOMIE-768x513.jpg 768w, https:\/\/quimper-evenements.fr\/pro\/wp-content\/uploads\/sites\/2\/2021\/10\/PDE_FESTIVAL-VINSGASTROOMIE-1536x1025.jpg 1536w, https:\/\/quimper-evenements.fr\/pro\/wp-content\/uploads\/sites\/2\/2021\/10\/PDE_FESTIVAL-VINSGASTROOMIE-2048x1367.jpg 2048w, https:\/\/quimper-evenements.fr\/pro\/wp-content\/uploads\/sites\/2\/2021\/10\/PDE_FESTIVAL-VINSGASTROOMIE-1500x1001.jpg 1500w, https:\/\/quimper-evenements.fr\/pro\/wp-content\/uploads\/sites\/2\/2021\/10\/PDE_FESTIVAL-VINSGASTROOMIE-705x471.jpg 705w\" sizes=\"(max-width: 300px) 100vw, 300px\" \/><\/div><\/div><\/div><br \/>\n\n<style type=\"text\/css\" data-created_by=\"avia_inline_auto\" id=\"style-css-av-kuzc8i9g-f66709976afb04ef86e3aa8a2d1c32f5\">\n.avia-image-container.av-kuzc8i9g-f66709976afb04ef86e3aa8a2d1c32f5 img.avia_image{\nbox-shadow:none;\n}\n.avia-image-container.av-kuzc8i9g-f66709976afb04ef86e3aa8a2d1c32f5 .av-image-caption-overlay-center{\ncolor:#ffffff;\n}\n<\/style>\n<div  class='avia-image-container av-kuzc8i9g-f66709976afb04ef86e3aa8a2d1c32f5 av-styling- avia-align-center  avia-builder-el-8  el_after_av_image  avia-builder-el-last '   itemprop=\"image\" itemscope=\"itemscope\" itemtype=\"https:\/\/schema.org\/ImageObject\" ><div class=\"avia-image-container-inner\"><div class=\"avia-image-overlay-wrap\"><img decoding=\"async\" fetchpriority=\"high\" class='wp-image-1350 avia-img-lazy-loading-not-1350 avia_image ' src=\"https:\/\/quimper-evenements.fr\/pro\/wp-content\/uploads\/sites\/2\/2021\/10\/PDE_BREIZH-NATURE2018_3-300x200.jpg\" alt='' title='salon bio quimper'  height=\"200\" width=\"300\"  itemprop=\"thumbnailUrl\" srcset=\"https:\/\/quimper-evenements.fr\/pro\/wp-content\/uploads\/sites\/2\/2021\/10\/PDE_BREIZH-NATURE2018_3-300x200.jpg 300w, https:\/\/quimper-evenements.fr\/pro\/wp-content\/uploads\/sites\/2\/2021\/10\/PDE_BREIZH-NATURE2018_3-1030x687.jpg 1030w, https:\/\/quimper-evenements.fr\/pro\/wp-content\/uploads\/sites\/2\/2021\/10\/PDE_BREIZH-NATURE2018_3-768x512.jpg 768w, https:\/\/quimper-evenements.fr\/pro\/wp-content\/uploads\/sites\/2\/2021\/10\/PDE_BREIZH-NATURE2018_3-705x470.jpg 705w, https:\/\/quimper-evenements.fr\/pro\/wp-content\/uploads\/sites\/2\/2021\/10\/PDE_BREIZH-NATURE2018_3.jpg 1500w\" sizes=\"(max-width: 300px) 100vw, 300px\" \/><\/div><\/div><\/div><\/p><\/div><\/div><!--close column table wrapper. Autoclose: 1 --><div class='flex_column_table av-kuzc1ozu-70e53a6b6cd2ab76f09928bfa827efd1 sc-av_one_fourth av-equal-height-column-flextable'><div  class='flex_column av-kuzc1ozu-70e53a6b6cd2ab76f09928bfa827efd1 av_one_fourth  avia-builder-el-9  el_after_av_one_fourth  el_before_av_three_fourth  first flex_column_table_cell av-equal-height-column av-align-middle  column-top-margin'     ><p>\n<style type=\"text\/css\" data-created_by=\"avia_inline_auto\" id=\"style-css-av-kuzc0y2l-6b31ef8da0a1e23f9e5d20bf219f027e\">\n.avia-image-container.av-kuzc0y2l-6b31ef8da0a1e23f9e5d20bf219f027e img.avia_image{\nbox-shadow:none;\n}\n.avia-image-container.av-kuzc0y2l-6b31ef8da0a1e23f9e5d20bf219f027e .av-image-caption-overlay-center{\ncolor:#ffffff;\n}\n<\/style>\n<div  class='avia-image-container av-kuzc0y2l-6b31ef8da0a1e23f9e5d20bf219f027e av-styling- avia-align-center  avia-builder-el-10  el_before_av_image  avia-builder-el-first '   itemprop=\"image\" itemscope=\"itemscope\" itemtype=\"https:\/\/schema.org\/ImageObject\" ><div class=\"avia-image-container-inner\"><div class=\"avia-image-overlay-wrap\"><img decoding=\"async\" fetchpriority=\"high\" class='wp-image-1348 avia-img-lazy-loading-not-1348 avia_image ' src=\"https:\/\/quimper-evenements.fr\/pro\/wp-content\/uploads\/sites\/2\/2021\/10\/PDE-LE-PAVILLON_QE-300x200.jpg\" alt='Organisation spectacle' title='Organisation spectacle'  height=\"200\" width=\"300\"  itemprop=\"thumbnailUrl\" srcset=\"https:\/\/quimper-evenements.fr\/pro\/wp-content\/uploads\/sites\/2\/2021\/10\/PDE-LE-PAVILLON_QE-300x200.jpg 300w, https:\/\/quimper-evenements.fr\/pro\/wp-content\/uploads\/sites\/2\/2021\/10\/PDE-LE-PAVILLON_QE-1030x687.jpg 1030w, https:\/\/quimper-evenements.fr\/pro\/wp-content\/uploads\/sites\/2\/2021\/10\/PDE-LE-PAVILLON_QE-768x513.jpg 768w, https:\/\/quimper-evenements.fr\/pro\/wp-content\/uploads\/sites\/2\/2021\/10\/PDE-LE-PAVILLON_QE-1536x1025.jpg 1536w, https:\/\/quimper-evenements.fr\/pro\/wp-content\/uploads\/sites\/2\/2021\/10\/PDE-LE-PAVILLON_QE-2048x1367.jpg 2048w, https:\/\/quimper-evenements.fr\/pro\/wp-content\/uploads\/sites\/2\/2021\/10\/PDE-LE-PAVILLON_QE-1500x1001.jpg 1500w, https:\/\/quimper-evenements.fr\/pro\/wp-content\/uploads\/sites\/2\/2021\/10\/PDE-LE-PAVILLON_QE-705x471.jpg 705w\" sizes=\"(max-width: 300px) 100vw, 300px\" \/><\/div><\/div><\/div><br \/>\n\n<style type=\"text\/css\" data-created_by=\"avia_inline_auto\" id=\"style-css-av-kuzcbzzc-b204afc6f6547b2e8ef3ac07466cabbf\">\n.avia-image-container.av-kuzcbzzc-b204afc6f6547b2e8ef3ac07466cabbf img.avia_image{\nbox-shadow:none;\n}\n.avia-image-container.av-kuzcbzzc-b204afc6f6547b2e8ef3ac07466cabbf .av-image-caption-overlay-center{\ncolor:#ffffff;\n}\n<\/style>\n<div  class='avia-image-container av-kuzcbzzc-b204afc6f6547b2e8ef3ac07466cabbf av-styling- avia-align-center  avia-builder-el-11  el_after_av_image  avia-builder-el-last '   itemprop=\"image\" itemscope=\"itemscope\" itemtype=\"https:\/\/schema.org\/ImageObject\" ><div class=\"avia-image-container-inner\"><div class=\"avia-image-overlay-wrap\"><img decoding=\"async\" fetchpriority=\"high\" class='wp-image-1352 avia-img-lazy-loading-not-1352 avia_image ' src=\"https:\/\/quimper-evenements.fr\/pro\/wp-content\/uploads\/sites\/2\/2021\/10\/PAVILLON-300x161.png\" alt='' title='Concert'  height=\"161\" width=\"300\"  itemprop=\"thumbnailUrl\" srcset=\"https:\/\/quimper-evenements.fr\/pro\/wp-content\/uploads\/sites\/2\/2021\/10\/PAVILLON-300x161.png 300w, https:\/\/quimper-evenements.fr\/pro\/wp-content\/uploads\/sites\/2\/2021\/10\/PAVILLON-1030x552.png 1030w, https:\/\/quimper-evenements.fr\/pro\/wp-content\/uploads\/sites\/2\/2021\/10\/PAVILLON-768x412.png 768w, https:\/\/quimper-evenements.fr\/pro\/wp-content\/uploads\/sites\/2\/2021\/10\/PAVILLON-1536x823.png 1536w, https:\/\/quimper-evenements.fr\/pro\/wp-content\/uploads\/sites\/2\/2021\/10\/PAVILLON-2048x1098.png 2048w, https:\/\/quimper-evenements.fr\/pro\/wp-content\/uploads\/sites\/2\/2021\/10\/PAVILLON-1500x804.png 1500w, https:\/\/quimper-evenements.fr\/pro\/wp-content\/uploads\/sites\/2\/2021\/10\/PAVILLON-705x378.png 705w\" sizes=\"(max-width: 300px) 100vw, 300px\" \/><\/div><\/div><\/div><\/p><\/div><div class='av-flex-placeholder'><\/div><div  class='flex_column av-2fk8xy-2b2e5d7f1ae6e89a81a9e0892d9743f8 av_three_fourth  avia-builder-el-12  el_after_av_one_fourth  el_before_av_button  flex_column_table_cell av-equal-height-column av-align-middle  column-top-margin'     ><section  class='av_textblock_section av-kuzbr80r-ca08bab6814c14c91bbc61d597a44d44 '   itemscope=\"itemscope\" itemtype=\"https:\/\/schema.org\/CreativeWork\" ><div class='avia_textblock'  itemprop=\"text\" ><h3><b>Des valeurs au c\u0153ur<\/b> <b>de notre mission<\/b><\/h3>\n<p>L&rsquo;organisation d&rsquo;un \u00e9v\u00e9nement r\u00e9clame un engagement total avec l&rsquo;implication compl\u00e8te d&rsquo;une \u00e9quipe au service des participants, exposants, partenaires, visiteurs.<\/p>\n<p>L&rsquo;ADN de notre \u00e9quipe s&rsquo;appuie sur des valeurs simples que nous aurons \u00e0 c\u0153ur de partager avec vous :<\/p>\n<ul>\n<li>L&rsquo;\u00e9coute : il est essentiel de bien comprendre les enjeux de votre \u00e9v\u00e9nement, son positionnement, ses publics cibles et toutes vos attentes de fa\u00e7on op\u00e9rationnelle.<\/li>\n<li>Le professionnalisme : l&rsquo;organisation d&rsquo;un \u00e9v\u00e9nement r\u00e9clame un mix de comp\u00e9tences commerciales, marketing, techniques et une excellent ma\u00eetrise du pilotage et du suivi budg\u00e9taire.<\/li>\n<li>La disponibilit\u00e9 permanente : l&rsquo;\u00e9v\u00e9nementiel demande de la r\u00e9activit\u00e9 et de l&rsquo;interaction permanente pour savoir r\u00e9pondre aux demandes et saisir les opportunit\u00e9s.\u00a0\u00a0Plus qu\u2019un simple prestataire, nous sommes \u00e0 votre disposition permanente, avant, pendant et apr\u00e8s votre manifestation. Votre \u00e9v\u00e9nement est le n\u00f4tre.<\/li>\n<li>La transparence : nous partageons avec vous tous les enjeux et arbitrages \u00e0 prendre pour le succ\u00e8s de votre \u00e9v\u00e9nement dans le respect des d\u00e9lais.<\/li>\n<li>Recherche du r\u00e9sultat : notre leitmotiv est d&rsquo;atteindre le r\u00e9sultat avec votre satisfaction \u00e0 la cl\u00e9 et la p\u00e9rennit\u00e9 de votre \u00e9v\u00e9nement.<\/li>\n<\/ul>\n<p>Vous souhaitez \u00eatre accompagn\u00e9 dans l\u2019organisation de votre \u00e9v\u00e9nement ?<\/p>\n<\/div><\/section><\/div><\/div><!--close column table wrapper. Autoclose: 1 --><div  class='avia-button-wrap av-kuwnln1d-3e4a273807a4eab2cee499d56eaccea0-wrap avia-button-center  avia-builder-el-14  el_after_av_three_fourth  avia-builder-el-last '><a href='https:\/\/quimper-evenements.fr\/pro\/contact-acces\/'  class='avia-button av-kuwnln1d-3e4a273807a4eab2cee499d56eaccea0 av-link-btn avia-icon_select-yes-left-icon avia-size-small avia-position-center avia-color-theme-color'   aria-label=\"Contactez nous \"><span class='avia_button_icon avia_button_icon_left avia-iconfont avia-font-entypo-fontello' data-av_icon='\ue805' data-av_iconfont='entypo-fontello' ><\/span><span class='avia_iconbox_title' >Contactez nous <\/span><\/a><\/div><\/p>\n<\/div><\/div>\n<\/div><div id='after_grid_row_1'  class='main_color av_default_container_wrap container_wrap fullsize'  ><div class='container av-section-cont-open' ><div class='template-page content  av-content-full alpha units'><div class='post-entry post-entry-type-page post-entry-1302'><div class='entry-content-wrapper clearfix'>\n<section  class='av_textblock_section av-kuwmfheq-9e41b88da3fddb0e44589a4f2a6b9489 '   itemscope=\"itemscope\" itemtype=\"https:\/\/schema.org\/CreativeWork\" ><div class='avia_textblock'  itemprop=\"text\" ><h2>Nos r\u00e9f\u00e9rences<\/h2>\n<h3>Ev\u00e9nements grand public<\/h3>\n<\/div><\/section>\n<div  class='flex_column av-1y66d2-47870ca74149d2b6bfb83562b2cffc2d av_one_fifth  avia-builder-el-16  el_after_av_textblock  el_before_av_one_fifth  first flex_column_div  column-top-margin'     ><p>\n<style type=\"text\/css\" data-created_by=\"avia_inline_auto\" id=\"style-css-av-kuwmom45-eca4e843cf1485fbed4a50d0591eb092\">\n.avia-image-container.av-kuwmom45-eca4e843cf1485fbed4a50d0591eb092 img.avia_image{\nbox-shadow:none;\n}\n.avia-image-container.av-kuwmom45-eca4e843cf1485fbed4a50d0591eb092 .av-image-caption-overlay-center{\ncolor:#ffffff;\n}\n<\/style>\n<div  class='avia-image-container av-kuwmom45-eca4e843cf1485fbed4a50d0591eb092 av-styling- av-img-linked avia-align-center  avia-builder-el-17  el_before_av_textblock  avia-builder-el-first '   itemprop=\"image\" itemscope=\"itemscope\" itemtype=\"https:\/\/schema.org\/ImageObject\" ><div class=\"avia-image-container-inner\"><div class=\"avia-image-overlay-wrap\"><a href=\"https:\/\/breizh-nature.bzh\/\" class='avia_image '  target=\"_blank\"  rel=\"noopener noreferrer\" aria-label='LOGO BN'><img decoding=\"async\" fetchpriority=\"high\" class='wp-image-1711 avia-img-lazy-loading-not-1711 avia_image ' src=\"https:\/\/quimper-evenements.fr\/pro\/wp-content\/uploads\/sites\/2\/2023\/12\/LOGO-BN.png\" alt='' title='LOGO BN'  height=\"213\" width=\"204\"  itemprop=\"thumbnailUrl\"  \/><\/a><\/div><\/div><\/div><br \/>\n<section  class='av_textblock_section av-kuwmp1rk-c36d45fa75f749da4d855440b060f4d3 '   itemscope=\"itemscope\" itemtype=\"https:\/\/schema.org\/CreativeWork\" ><div class='avia_textblock'  itemprop=\"text\" ><p style=\"text-align: center;\"><a href=\"https:\/\/breizh-nature.bzh\/web\/\" target=\"_blank\" rel=\"noopener\">Site web<\/a><br \/>\n<a href=\"mailto:contact@breizh-transition.bzh\">Email<\/a><\/p>\n<\/div><\/section><\/p><\/div>\n<div  class='flex_column av-hvf6gm-a7faa65897532d0a73d7006bb7deaabf av_one_fifth  avia-builder-el-19  el_after_av_one_fifth  el_before_av_one_fifth  flex_column_div  column-top-margin'     ><p>\n<style type=\"text\/css\" data-created_by=\"avia_inline_auto\" id=\"style-css-av-kuwmq6tg-44d6d1f74f52f7dda94212598660ee13\">\n.avia-image-container.av-kuwmq6tg-44d6d1f74f52f7dda94212598660ee13 img.avia_image{\nbox-shadow:none;\n}\n.avia-image-container.av-kuwmq6tg-44d6d1f74f52f7dda94212598660ee13 .av-image-caption-overlay-center{\ncolor:#ffffff;\n}\n<\/style>\n<div  class='avia-image-container av-kuwmq6tg-44d6d1f74f52f7dda94212598660ee13 av-styling- av-img-linked avia-align-center  avia-builder-el-20  el_before_av_textblock  avia-builder-el-first '   itemprop=\"image\" itemscope=\"itemscope\" itemtype=\"https:\/\/schema.org\/ImageObject\" ><div class=\"avia-image-container-inner\"><div class=\"avia-image-overlay-wrap\"><a href=\"https:\/\/lesdayconnades.bzh\/\" class='avia_image '  target=\"_blank\"  rel=\"noopener noreferrer\" aria-label='DAYCONNADES DE L&#039;OUEST'><img decoding=\"async\" fetchpriority=\"high\" class='wp-image-892 avia-img-lazy-loading-not-892 avia_image ' src=\"https:\/\/quimper-evenements.fr\/pro\/wp-content\/uploads\/sites\/2\/2019\/10\/DAYCONNADES-1.jpg\" alt='DAYCONNADES DE L&#039;OUEST' title='DAYCONNADES DE L&#039;OUEST'  height=\"300\" width=\"300\"  itemprop=\"thumbnailUrl\" srcset=\"https:\/\/quimper-evenements.fr\/pro\/wp-content\/uploads\/sites\/2\/2019\/10\/DAYCONNADES-1.jpg 300w, https:\/\/quimper-evenements.fr\/pro\/wp-content\/uploads\/sites\/2\/2019\/10\/DAYCONNADES-1-80x80.jpg 80w, https:\/\/quimper-evenements.fr\/pro\/wp-content\/uploads\/sites\/2\/2019\/10\/DAYCONNADES-1-36x36.jpg 36w, https:\/\/quimper-evenements.fr\/pro\/wp-content\/uploads\/sites\/2\/2019\/10\/DAYCONNADES-1-180x180.jpg 180w, https:\/\/quimper-evenements.fr\/pro\/wp-content\/uploads\/sites\/2\/2019\/10\/DAYCONNADES-1-120x120.jpg 120w\" sizes=\"(max-width: 300px) 100vw, 300px\" \/><\/a><\/div><\/div><\/div><br \/>\n<section  class='av_textblock_section av-kuwmqx4f-152d6957f05ab4d8944d25694d8961b4 '   itemscope=\"itemscope\" itemtype=\"https:\/\/schema.org\/CreativeWork\" ><div class='avia_textblock'  itemprop=\"text\" ><p style=\"text-align: center;\"><a href=\"https:\/\/lesdayconnades.bzh\/\" target=\"_blank\" rel=\"noopener\">Site web<\/a><br \/>\n<a href=\"mailto:contact@breizh-transition.bzh\">Email<\/a><\/p>\n<\/div><\/section><\/p><\/div>\n<div  class='flex_column av-f8lwdi-77114780529b7ef60386622b1a953e84 av_one_fifth  avia-builder-el-22  el_after_av_one_fifth  el_before_av_one_fifth  flex_column_div  column-top-margin'     ><p>\n<style type=\"text\/css\" data-created_by=\"avia_inline_auto\" id=\"style-css-av-kuwmrjaj-b2974af9d414fb192e4e6d8366e85b30\">\n.avia-image-container.av-kuwmrjaj-b2974af9d414fb192e4e6d8366e85b30 img.avia_image{\nbox-shadow:none;\n}\n.avia-image-container.av-kuwmrjaj-b2974af9d414fb192e4e6d8366e85b30 .av-image-caption-overlay-center{\ncolor:#ffffff;\n}\n<\/style>\n<div  class='avia-image-container av-kuwmrjaj-b2974af9d414fb192e4e6d8366e85b30 av-styling- av-img-linked avia-align-center  avia-builder-el-23  el_before_av_textblock  avia-builder-el-first '   itemprop=\"image\" itemscope=\"itemscope\" itemtype=\"https:\/\/schema.org\/ImageObject\" ><div class=\"avia-image-container-inner\"><div class=\"avia-image-overlay-wrap\"><a href=\"https:\/\/lesdayconnades.bzh\/\" class='avia_image '  target=\"_blank\"  rel=\"noopener noreferrer\" aria-label='FESTIVAL DE L&#039;ARTISANAT'><img decoding=\"async\" fetchpriority=\"high\" class='wp-image-883 avia-img-lazy-loading-not-883 avia_image ' src=\"https:\/\/quimper-evenements.fr\/pro\/wp-content\/uploads\/sites\/2\/2019\/10\/ARTISANAT.jpg\" alt='FESTIVAL DE L&#039;ARTISANAT' title='FESTIVAL DE L&#039;ARTISANAT'  height=\"300\" width=\"300\"  itemprop=\"thumbnailUrl\" srcset=\"https:\/\/quimper-evenements.fr\/pro\/wp-content\/uploads\/sites\/2\/2019\/10\/ARTISANAT.jpg 300w, https:\/\/quimper-evenements.fr\/pro\/wp-content\/uploads\/sites\/2\/2019\/10\/ARTISANAT-80x80.jpg 80w, https:\/\/quimper-evenements.fr\/pro\/wp-content\/uploads\/sites\/2\/2019\/10\/ARTISANAT-36x36.jpg 36w, https:\/\/quimper-evenements.fr\/pro\/wp-content\/uploads\/sites\/2\/2019\/10\/ARTISANAT-180x180.jpg 180w, https:\/\/quimper-evenements.fr\/pro\/wp-content\/uploads\/sites\/2\/2019\/10\/ARTISANAT-120x120.jpg 120w\" sizes=\"(max-width: 300px) 100vw, 300px\" \/><\/a><\/div><\/div><\/div><br \/>\n<section  class='av_textblock_section av-kuwmsbpx-dea301bc75e72b5fe3fac767a461a161 '   itemscope=\"itemscope\" itemtype=\"https:\/\/schema.org\/CreativeWork\" ><div class='avia_textblock'  itemprop=\"text\" ><p style=\"text-align: center;\"><a href=\"https:\/\/festival-artisanat.bzh\/\" target=\"_blank\" rel=\"noopener\">Site web<\/a><br \/>\n<a href=\"mailto:contact@festival-artisanat.bzh\">Email<\/a><\/p>\n<\/div><\/section><\/p><\/div>\n<div  class='flex_column av-8mjapi-d8a428e0a1f688f3d06874d0df205cbb av_one_fifth  avia-builder-el-25  el_after_av_one_fifth  el_before_av_one_fifth  flex_column_div  column-top-margin'     ><style type=\"text\/css\" data-created_by=\"avia_inline_auto\" id=\"style-css-av-kuwmt8t7-ab5dca32c90f6abbc2ce474bf5435b86\">\n.avia-image-container.av-kuwmt8t7-ab5dca32c90f6abbc2ce474bf5435b86 img.avia_image{\nbox-shadow:none;\n}\n.avia-image-container.av-kuwmt8t7-ab5dca32c90f6abbc2ce474bf5435b86 .av-image-caption-overlay-center{\ncolor:#ffffff;\n}\n<\/style>\n<div  class='avia-image-container av-kuwmt8t7-ab5dca32c90f6abbc2ce474bf5435b86 av-styling- av-img-linked avia-align-center  avia-builder-el-26  avia-builder-el-no-sibling '   itemprop=\"image\" itemscope=\"itemscope\" itemtype=\"https:\/\/schema.org\/ImageObject\" ><div class=\"avia-image-container-inner\"><div class=\"avia-image-overlay-wrap\"><img decoding=\"async\" fetchpriority=\"high\" class='wp-image-1324 avia-img-lazy-loading-not-1324 avia_image ' src=\"https:\/\/quimper-evenements.fr\/pro\/wp-content\/uploads\/sites\/2\/2021\/10\/LOGO-FTE-300x300.png\" alt='Forum terre d&#039;entreprises' title='Forum terre d&#039;entreprises'  height=\"300\" width=\"300\"  itemprop=\"thumbnailUrl\" srcset=\"https:\/\/quimper-evenements.fr\/pro\/wp-content\/uploads\/sites\/2\/2021\/10\/LOGO-FTE.png 300w, https:\/\/quimper-evenements.fr\/pro\/wp-content\/uploads\/sites\/2\/2021\/10\/LOGO-FTE-80x80.png 80w, https:\/\/quimper-evenements.fr\/pro\/wp-content\/uploads\/sites\/2\/2021\/10\/LOGO-FTE-36x36.png 36w, https:\/\/quimper-evenements.fr\/pro\/wp-content\/uploads\/sites\/2\/2021\/10\/LOGO-FTE-180x180.png 180w\" sizes=\"(max-width: 300px) 100vw, 300px\" \/><\/div><\/div><\/div><\/div><div  class='flex_column av-av_one_fifth-337486787960716147ecfb4074cb91c6 av_one_fifth  avia-builder-el-27  el_after_av_one_fifth  el_before_av_one_fifth  flex_column_div  column-top-margin'     ><style type=\"text\/css\" data-created_by=\"avia_inline_auto\" id=\"style-css-av-mnrbak9i-30218c67c58e4523f61c0acc735f1e8a\">\n.avia-image-container.av-mnrbak9i-30218c67c58e4523f61c0acc735f1e8a img.avia_image{\nbox-shadow:none;\n}\n.avia-image-container.av-mnrbak9i-30218c67c58e4523f61c0acc735f1e8a .av-image-caption-overlay-center{\ncolor:#ffffff;\n}\n<\/style>\n<div  class='avia-image-container av-mnrbak9i-30218c67c58e4523f61c0acc735f1e8a av-styling- av-img-linked avia-align-center  avia-builder-el-28  avia-builder-el-no-sibling '   itemprop=\"image\" itemscope=\"itemscope\" itemtype=\"https:\/\/schema.org\/ImageObject\" ><div class=\"avia-image-container-inner\"><div class=\"avia-image-overlay-wrap\"><img decoding=\"async\" fetchpriority=\"high\" class='wp-image-2061 avia-img-lazy-loading-not-2061 avia_image ' src=\"https:\/\/quimper-evenements.fr\/pro\/wp-content\/uploads\/sites\/2\/2026\/04\/Pastille-defi-climat.png\" alt='' title='Pastille-defi-climat'  height=\"1000\" width=\"942\"  itemprop=\"thumbnailUrl\" srcset=\"https:\/\/quimper-evenements.fr\/pro\/wp-content\/uploads\/sites\/2\/2026\/04\/Pastille-defi-climat.png 942w, https:\/\/quimper-evenements.fr\/pro\/wp-content\/uploads\/sites\/2\/2026\/04\/Pastille-defi-climat-283x300.png 283w, https:\/\/quimper-evenements.fr\/pro\/wp-content\/uploads\/sites\/2\/2026\/04\/Pastille-defi-climat-768x815.png 768w, https:\/\/quimper-evenements.fr\/pro\/wp-content\/uploads\/sites\/2\/2026\/04\/Pastille-defi-climat-664x705.png 664w\" sizes=\"(max-width: 942px) 100vw, 942px\" \/><\/div><\/div><\/div><\/div><div  class='flex_column av-errbye-8720e5291982defc0e77f22938219775 av_one_fifth  avia-builder-el-29  el_after_av_one_fifth  el_before_av_one_fifth  first flex_column_div  column-top-margin'     ><style type=\"text\/css\" data-created_by=\"avia_inline_auto\" id=\"style-css-av-kuwmxrgp-9a02dc0de883b62444726d4974d97846\">\n.avia-image-container.av-kuwmxrgp-9a02dc0de883b62444726d4974d97846 img.avia_image{\nbox-shadow:none;\n}\n.avia-image-container.av-kuwmxrgp-9a02dc0de883b62444726d4974d97846 .av-image-caption-overlay-center{\ncolor:#ffffff;\n}\n<\/style>\n<div  class='avia-image-container av-kuwmxrgp-9a02dc0de883b62444726d4974d97846 av-styling- avia-align-center  avia-builder-el-30  avia-builder-el-no-sibling '   itemprop=\"image\" itemscope=\"itemscope\" itemtype=\"https:\/\/schema.org\/ImageObject\" ><div class=\"avia-image-container-inner\"><div class=\"avia-image-overlay-wrap\"><img decoding=\"async\" fetchpriority=\"high\" class='wp-image-973 avia-img-lazy-loading-not-973 avia_image ' src=\"https:\/\/quimper-evenements.fr\/pro\/wp-content\/uploads\/sites\/2\/2019\/11\/KEMPERQUIZZ.jpg\" alt='KEMPER QUIZZ' title='KEMPER QUIZZ'  height=\"300\" width=\"300\"  itemprop=\"thumbnailUrl\" srcset=\"https:\/\/quimper-evenements.fr\/pro\/wp-content\/uploads\/sites\/2\/2019\/11\/KEMPERQUIZZ.jpg 300w, https:\/\/quimper-evenements.fr\/pro\/wp-content\/uploads\/sites\/2\/2019\/11\/KEMPERQUIZZ-80x80.jpg 80w, https:\/\/quimper-evenements.fr\/pro\/wp-content\/uploads\/sites\/2\/2019\/11\/KEMPERQUIZZ-36x36.jpg 36w, https:\/\/quimper-evenements.fr\/pro\/wp-content\/uploads\/sites\/2\/2019\/11\/KEMPERQUIZZ-180x180.jpg 180w, https:\/\/quimper-evenements.fr\/pro\/wp-content\/uploads\/sites\/2\/2019\/11\/KEMPERQUIZZ-120x120.jpg 120w\" sizes=\"(max-width: 300px) 100vw, 300px\" \/><\/div><\/div><\/div><\/div><\/p>\n<div  class='flex_column av-ccweie-caf43ba8679035f6c8ffeda8d3e5ae2e av_one_fifth  avia-builder-el-31  el_after_av_one_fifth  el_before_av_textblock  flex_column_div  column-top-margin'     ><style type=\"text\/css\" data-created_by=\"avia_inline_auto\" id=\"style-css-av-kuwmyct7-582a20ef74e9a739326a4ede9fb72cd6\">\n.avia-image-container.av-kuwmyct7-582a20ef74e9a739326a4ede9fb72cd6 img.avia_image{\nbox-shadow:none;\n}\n.avia-image-container.av-kuwmyct7-582a20ef74e9a739326a4ede9fb72cd6 .av-image-caption-overlay-center{\ncolor:#ffffff;\n}\n<\/style>\n<div  class='avia-image-container av-kuwmyct7-582a20ef74e9a739326a4ede9fb72cd6 av-styling- avia-align-center  avia-builder-el-32  avia-builder-el-no-sibling '   itemprop=\"image\" itemscope=\"itemscope\" itemtype=\"https:\/\/schema.org\/ImageObject\" ><div class=\"avia-image-container-inner\"><div class=\"avia-image-overlay-wrap\"><img decoding=\"async\" fetchpriority=\"high\" class='wp-image-1023 avia-img-lazy-loading-not-1023 avia_image ' src=\"https:\/\/quimper-evenements.fr\/pro\/wp-content\/uploads\/sites\/2\/2019\/11\/LES-PIEDS-DANS-LE-PLAT.jpg\" alt='Les Pieds dans le Plat' title='Les Pieds dans le Plat'  height=\"300\" width=\"300\"  itemprop=\"thumbnailUrl\" srcset=\"https:\/\/quimper-evenements.fr\/pro\/wp-content\/uploads\/sites\/2\/2019\/11\/LES-PIEDS-DANS-LE-PLAT.jpg 300w, https:\/\/quimper-evenements.fr\/pro\/wp-content\/uploads\/sites\/2\/2019\/11\/LES-PIEDS-DANS-LE-PLAT-80x80.jpg 80w, https:\/\/quimper-evenements.fr\/pro\/wp-content\/uploads\/sites\/2\/2019\/11\/LES-PIEDS-DANS-LE-PLAT-36x36.jpg 36w, https:\/\/quimper-evenements.fr\/pro\/wp-content\/uploads\/sites\/2\/2019\/11\/LES-PIEDS-DANS-LE-PLAT-180x180.jpg 180w\" sizes=\"(max-width: 300px) 100vw, 300px\" \/><\/div><\/div><\/div><\/div>\n<section  class='av_textblock_section av-kuwmwc07-18153a03cbbdbb4aa8cb4afef145fc24 '   itemscope=\"itemscope\" itemtype=\"https:\/\/schema.org\/CreativeWork\" ><div class='avia_textblock'  itemprop=\"text\" ><h3>Ev\u00e9nements professionnels<\/h3>\n<\/div><\/section>\n<div  class='flex_column av-125p5y-4ca03f8ce420f908220460c6c3f4d1e2 av_one_fifth  avia-builder-el-34  el_after_av_textblock  el_before_av_one_fifth  first flex_column_div  column-top-margin'     ><p>\n<style type=\"text\/css\" data-created_by=\"avia_inline_auto\" id=\"style-css-av-kuwmm4rw-00f37ed71179e9ab2ac5cbe157fc0712\">\n.avia-image-container.av-kuwmm4rw-00f37ed71179e9ab2ac5cbe157fc0712 img.avia_image{\nbox-shadow:none;\n}\n.avia-image-container.av-kuwmm4rw-00f37ed71179e9ab2ac5cbe157fc0712 .av-image-caption-overlay-center{\ncolor:#ffffff;\n}\n<\/style>\n<div  class='avia-image-container av-kuwmm4rw-00f37ed71179e9ab2ac5cbe157fc0712 av-styling- av-img-linked avia-align-center  avia-builder-el-35  el_before_av_textblock  avia-builder-el-first '   itemprop=\"image\" itemscope=\"itemscope\" itemtype=\"https:\/\/schema.org\/ImageObject\" ><div class=\"avia-image-container-inner\"><div class=\"avia-image-overlay-wrap\"><a href=\"http:\/\/www.breizh-transition.bzh\/\" class='avia_image '  target=\"_blank\"  rel=\"noopener noreferrer\" aria-label='1080x1080-logo-FD_BLUE'><img decoding=\"async\" fetchpriority=\"high\" class='wp-image-2057 avia-img-lazy-loading-not-2057 avia_image ' src=\"https:\/\/quimper-evenements.fr\/pro\/wp-content\/uploads\/sites\/2\/2026\/04\/1080x1080-logo-FD_BLUE.png\" alt='' title='1080x1080-logo-FD_BLUE'  height=\"1080\" width=\"1080\"  itemprop=\"thumbnailUrl\" srcset=\"https:\/\/quimper-evenements.fr\/pro\/wp-content\/uploads\/sites\/2\/2026\/04\/1080x1080-logo-FD_BLUE.png 1080w, https:\/\/quimper-evenements.fr\/pro\/wp-content\/uploads\/sites\/2\/2026\/04\/1080x1080-logo-FD_BLUE-300x300.png 300w, https:\/\/quimper-evenements.fr\/pro\/wp-content\/uploads\/sites\/2\/2026\/04\/1080x1080-logo-FD_BLUE-1030x1030.png 1030w, https:\/\/quimper-evenements.fr\/pro\/wp-content\/uploads\/sites\/2\/2026\/04\/1080x1080-logo-FD_BLUE-80x80.png 80w, https:\/\/quimper-evenements.fr\/pro\/wp-content\/uploads\/sites\/2\/2026\/04\/1080x1080-logo-FD_BLUE-768x768.png 768w, https:\/\/quimper-evenements.fr\/pro\/wp-content\/uploads\/sites\/2\/2026\/04\/1080x1080-logo-FD_BLUE-36x36.png 36w, https:\/\/quimper-evenements.fr\/pro\/wp-content\/uploads\/sites\/2\/2026\/04\/1080x1080-logo-FD_BLUE-180x180.png 180w, https:\/\/quimper-evenements.fr\/pro\/wp-content\/uploads\/sites\/2\/2026\/04\/1080x1080-logo-FD_BLUE-705x705.png 705w\" sizes=\"(max-width: 1080px) 100vw, 1080px\" \/><\/a><\/div><\/div><\/div><br \/>\n<section  class='av_textblock_section av-kuwmneef-20b813f62eae943aec4b29b21c701998 '   itemscope=\"itemscope\" itemtype=\"https:\/\/schema.org\/CreativeWork\" ><div class='avia_textblock'  itemprop=\"text\" ><p style=\"text-align: center;\"><a href=\"http:\/\/www.breizh-transition.bzh\/\" target=\"_blank\" rel=\"noopener\">Site web<\/a><br \/>\n<a href=\"mailto:contact@breizh-transition.bzh\">Email<\/a><\/p>\n<\/div><\/section><\/p><\/div><div  class='flex_column av-t3p1y-1adb71e61469c6ce921e69a963541f6a av_one_fifth  avia-builder-el-37  el_after_av_one_fifth  el_before_av_one_fifth  flex_column_div  column-top-margin'     ><p>\n<style type=\"text\/css\" data-created_by=\"avia_inline_auto\" id=\"style-css-av-kuwn23l5-76473dd250ee9da1d74400e410718710\">\n.avia-image-container.av-kuwn23l5-76473dd250ee9da1d74400e410718710 img.avia_image{\nbox-shadow:none;\n}\n.avia-image-container.av-kuwn23l5-76473dd250ee9da1d74400e410718710 .av-image-caption-overlay-center{\ncolor:#ffffff;\n}\n<\/style>\n<div  class='avia-image-container av-kuwn23l5-76473dd250ee9da1d74400e410718710 av-styling- av-img-linked avia-align-center  avia-builder-el-38  el_before_av_textblock  avia-builder-el-first '   itemprop=\"image\" itemscope=\"itemscope\" itemtype=\"https:\/\/schema.org\/ImageObject\" ><div class=\"avia-image-container-inner\"><div class=\"avia-image-overlay-wrap\"><a href=\"http:\/\/www.supplychainouest.com\/\" class='avia_image '  target=\"_blank\"  rel=\"noopener noreferrer\" aria-label='LOGO SCO-600600'><img decoding=\"async\" fetchpriority=\"high\" class='wp-image-1388 avia-img-lazy-loading-not-1388 avia_image ' src=\"https:\/\/quimper-evenements.fr\/pro\/wp-content\/uploads\/sites\/2\/2022\/01\/LOGO-SCO-600600-300x300.png\" alt='' title='LOGO SCO-600600'  height=\"300\" width=\"300\"  itemprop=\"thumbnailUrl\" srcset=\"https:\/\/quimper-evenements.fr\/pro\/wp-content\/uploads\/sites\/2\/2022\/01\/LOGO-SCO-600600-300x300.png 300w, https:\/\/quimper-evenements.fr\/pro\/wp-content\/uploads\/sites\/2\/2022\/01\/LOGO-SCO-600600-80x80.png 80w, https:\/\/quimper-evenements.fr\/pro\/wp-content\/uploads\/sites\/2\/2022\/01\/LOGO-SCO-600600-36x36.png 36w, https:\/\/quimper-evenements.fr\/pro\/wp-content\/uploads\/sites\/2\/2022\/01\/LOGO-SCO-600600-180x180.png 180w, https:\/\/quimper-evenements.fr\/pro\/wp-content\/uploads\/sites\/2\/2022\/01\/LOGO-SCO-600600.png 600w\" sizes=\"(max-width: 300px) 100vw, 300px\" \/><\/a><\/div><\/div><\/div><br \/>\n<section  class='av_textblock_section av-kuwn2zzm-aff448385c367f5a12700c8c2a0b0c68 '   itemscope=\"itemscope\" itemtype=\"https:\/\/schema.org\/CreativeWork\" ><div class='avia_textblock'  itemprop=\"text\" ><p style=\"text-align: center;\"><a href=\"http:\/\/www.supplychainouest.com\/\" target=\"_blank\" rel=\"noopener\">Site web<\/a><br \/>\n<a href=\"mailto:contact@breizh-transition.bzh\">Email<\/a><\/p>\n<\/div><\/section><\/p><\/div><\/p>\n<div  class='flex_column av-aym92-71aa448802118bc94535827ae4b6f596 av_one_fifth  avia-builder-el-40  el_after_av_one_fifth  el_before_av_one_fifth  flex_column_div  column-top-margin'     ><p>\n<style type=\"text\/css\" data-created_by=\"avia_inline_auto\" id=\"style-css-av-l0c92d7i-69d7fa6958c274480357bfad047713ed\">\n.avia-image-container.av-l0c92d7i-69d7fa6958c274480357bfad047713ed img.avia_image{\nbox-shadow:none;\n}\n.avia-image-container.av-l0c92d7i-69d7fa6958c274480357bfad047713ed .av-image-caption-overlay-center{\ncolor:#ffffff;\n}\n<\/style>\n<div  class='avia-image-container av-l0c92d7i-69d7fa6958c274480357bfad047713ed av-styling- av-img-linked avia-align-center  avia-builder-el-41  el_before_av_textblock  avia-builder-el-first '   itemprop=\"image\" itemscope=\"itemscope\" itemtype=\"https:\/\/schema.org\/ImageObject\" ><div class=\"avia-image-container-inner\"><div class=\"avia-image-overlay-wrap\"><a href=\"https:\/\/www.pointdevuerh.bzh\/\" class='avia_image '  target=\"_blank\"  rel=\"noopener noreferrer\" aria-label='Point de vue RH'><img decoding=\"async\" fetchpriority=\"high\" class='wp-image-1409 avia-img-lazy-loading-not-1409 avia_image ' src=\"https:\/\/quimper-evenements.fr\/pro\/wp-content\/uploads\/sites\/2\/2022\/03\/LOGO-degrade-FD-0\ufffd-300x300.png\" alt='Point de vue RH' title='Point de vue RH'  height=\"300\" width=\"300\"  itemprop=\"thumbnailUrl\" srcset=\"https:\/\/quimper-evenements.fr\/pro\/wp-content\/uploads\/sites\/2\/2022\/03\/LOGO-degrade-FD-0\ufffd-300x300.png 300w, https:\/\/quimper-evenements.fr\/pro\/wp-content\/uploads\/sites\/2\/2022\/03\/LOGO-degrade-FD-0\ufffd-1030x1030.png 1030w, https:\/\/quimper-evenements.fr\/pro\/wp-content\/uploads\/sites\/2\/2022\/03\/LOGO-degrade-FD-0\ufffd-80x80.png 80w, https:\/\/quimper-evenements.fr\/pro\/wp-content\/uploads\/sites\/2\/2022\/03\/LOGO-degrade-FD-0\ufffd-768x768.png 768w, https:\/\/quimper-evenements.fr\/pro\/wp-content\/uploads\/sites\/2\/2022\/03\/LOGO-degrade-FD-0\ufffd-1536x1536.png 1536w, https:\/\/quimper-evenements.fr\/pro\/wp-content\/uploads\/sites\/2\/2022\/03\/LOGO-degrade-FD-0\ufffd-2048x2048.png 2048w, https:\/\/quimper-evenements.fr\/pro\/wp-content\/uploads\/sites\/2\/2022\/03\/LOGO-degrade-FD-0\ufffd-36x36.png 36w, https:\/\/quimper-evenements.fr\/pro\/wp-content\/uploads\/sites\/2\/2022\/03\/LOGO-degrade-FD-0\ufffd-180x180.png 180w, https:\/\/quimper-evenements.fr\/pro\/wp-content\/uploads\/sites\/2\/2022\/03\/LOGO-degrade-FD-0\ufffd-1500x1500.png 1500w, https:\/\/quimper-evenements.fr\/pro\/wp-content\/uploads\/sites\/2\/2022\/03\/LOGO-degrade-FD-0\ufffd-705x705.png 705w\" sizes=\"(max-width: 300px) 100vw, 300px\" \/><\/a><\/div><\/div><\/div><br \/>\n<section  class='av_textblock_section av-l0c9325r-69ce87c5a758d4eddcfec157405a26a0 '   itemscope=\"itemscope\" itemtype=\"https:\/\/schema.org\/CreativeWork\" ><div class='avia_textblock'  itemprop=\"text\" ><p style=\"text-align: center;\"><a href=\"https:\/\/www.pointdevuerh.bzh\/\" target=\"_blank\" rel=\"noopener\">Site web<\/a><br \/>\n<a href=\"mailto:contact@pointdevuerh.bzh\">Email<\/a><\/p>\n<\/div><\/section><\/p><\/div>\n<div  class='flex_column av-6diufa-dc85db45c85469ffe1eccdf12826449b av_one_fifth  avia-builder-el-43  el_after_av_one_fifth  el_before_av_one_fifth  flex_column_div  column-top-margin'     ><style type=\"text\/css\" data-created_by=\"avia_inline_auto\" id=\"style-css-av-kuwn3qus-628f9658f19a91035de20be96cffe4f2\">\n.avia-image-container.av-kuwn3qus-628f9658f19a91035de20be96cffe4f2 img.avia_image{\nbox-shadow:none;\n}\n.avia-image-container.av-kuwn3qus-628f9658f19a91035de20be96cffe4f2 .av-image-caption-overlay-center{\ncolor:#ffffff;\n}\n<\/style>\n<div  class='avia-image-container av-kuwn3qus-628f9658f19a91035de20be96cffe4f2 av-styling- av-img-linked avia-align-center  avia-builder-el-44  avia-builder-el-no-sibling '   itemprop=\"image\" itemscope=\"itemscope\" itemtype=\"https:\/\/schema.org\/ImageObject\" ><div class=\"avia-image-container-inner\"><div class=\"avia-image-overlay-wrap\"><a href=\"https:\/\/efisante.com\/\" class='avia_image '  target=\"_blank\"  rel=\"noopener noreferrer\" aria-label='Efi Sant\u00e9'><img decoding=\"async\" fetchpriority=\"high\" class='wp-image-1121 avia-img-lazy-loading-not-1121 avia_image ' src=\"https:\/\/quimper-evenements.fr\/pro\/wp-content\/uploads\/sites\/2\/2020\/02\/03-EFI-Sante-Logo-couleur-300x300.jpg\" alt='Efi Sant\u00e9' title='Efi Sant\u00e9'  height=\"300\" width=\"300\"  itemprop=\"thumbnailUrl\" srcset=\"https:\/\/quimper-evenements.fr\/pro\/wp-content\/uploads\/sites\/2\/2020\/02\/03-EFI-Sante-Logo-couleur-300x300.jpg 300w, https:\/\/quimper-evenements.fr\/pro\/wp-content\/uploads\/sites\/2\/2020\/02\/03-EFI-Sante-Logo-couleur-1030x1030.jpg 1030w, https:\/\/quimper-evenements.fr\/pro\/wp-content\/uploads\/sites\/2\/2020\/02\/03-EFI-Sante-Logo-couleur-80x80.jpg 80w, https:\/\/quimper-evenements.fr\/pro\/wp-content\/uploads\/sites\/2\/2020\/02\/03-EFI-Sante-Logo-couleur-768x768.jpg 768w, https:\/\/quimper-evenements.fr\/pro\/wp-content\/uploads\/sites\/2\/2020\/02\/03-EFI-Sante-Logo-couleur-36x36.jpg 36w, https:\/\/quimper-evenements.fr\/pro\/wp-content\/uploads\/sites\/2\/2020\/02\/03-EFI-Sante-Logo-couleur-180x180.jpg 180w, https:\/\/quimper-evenements.fr\/pro\/wp-content\/uploads\/sites\/2\/2020\/02\/03-EFI-Sante-Logo-couleur-705x705.jpg 705w, https:\/\/quimper-evenements.fr\/pro\/wp-content\/uploads\/sites\/2\/2020\/02\/03-EFI-Sante-Logo-couleur.jpg 1181w\" sizes=\"(max-width: 300px) 100vw, 300px\" \/><\/a><\/div><\/div><\/div><\/div><div  class='flex_column av-3lz62u-d921b4280d723fb0a717e94c02b0c849 av_one_fifth  avia-builder-el-45  el_after_av_one_fifth  el_before_av_section  avia-builder-el-last  flex_column_div  column-top-margin'     ><style type=\"text\/css\" data-created_by=\"avia_inline_auto\" id=\"style-css-av-kuwn56bm-3055284308de095b8c75c4f7944ba5f4\">\n.avia-image-container.av-kuwn56bm-3055284308de095b8c75c4f7944ba5f4 img.avia_image{\nbox-shadow:none;\n}\n.avia-image-container.av-kuwn56bm-3055284308de095b8c75c4f7944ba5f4 .av-image-caption-overlay-center{\ncolor:#ffffff;\n}\n<\/style>\n<div  class='avia-image-container av-kuwn56bm-3055284308de095b8c75c4f7944ba5f4 av-styling- avia-align-center  avia-builder-el-46  avia-builder-el-no-sibling '   itemprop=\"image\" itemscope=\"itemscope\" itemtype=\"https:\/\/schema.org\/ImageObject\" ><div class=\"avia-image-container-inner\"><div class=\"avia-image-overlay-wrap\"><img decoding=\"async\" fetchpriority=\"high\" class='wp-image-894 avia-img-lazy-loading-not-894 avia_image ' src=\"https:\/\/quimper-evenements.fr\/pro\/wp-content\/uploads\/sites\/2\/2019\/10\/RECEVOIR-EN-CORNOUAILLE-1.jpg\" alt='RECEVOIR EN CORNOUAILLE' title='RECEVOIR EN CORNOUAILLE'  height=\"300\" width=\"300\"  itemprop=\"thumbnailUrl\" srcset=\"https:\/\/quimper-evenements.fr\/pro\/wp-content\/uploads\/sites\/2\/2019\/10\/RECEVOIR-EN-CORNOUAILLE-1.jpg 300w, https:\/\/quimper-evenements.fr\/pro\/wp-content\/uploads\/sites\/2\/2019\/10\/RECEVOIR-EN-CORNOUAILLE-1-80x80.jpg 80w, https:\/\/quimper-evenements.fr\/pro\/wp-content\/uploads\/sites\/2\/2019\/10\/RECEVOIR-EN-CORNOUAILLE-1-36x36.jpg 36w, https:\/\/quimper-evenements.fr\/pro\/wp-content\/uploads\/sites\/2\/2019\/10\/RECEVOIR-EN-CORNOUAILLE-1-180x180.jpg 180w, https:\/\/quimper-evenements.fr\/pro\/wp-content\/uploads\/sites\/2\/2019\/10\/RECEVOIR-EN-CORNOUAILLE-1-120x120.jpg 120w\" sizes=\"(max-width: 300px) 100vw, 300px\" \/><\/div><\/div><\/div><\/div><\/p>\n<\/div><\/div><\/div><!-- close content main div --><\/div><\/div><div id='av_section_2'  class='avia-section av-jzlcoc2h-2af43579af1776a479683c35b995611a socket_color avia-section-small avia-no-border-styling  avia-builder-el-47  el_after_av_one_fifth  avia-builder-el-last  avia-bg-style-scroll container_wrap fullsize'  ><div class='container av-section-cont-open' ><div class='template-page content  av-content-full alpha units'><div class='post-entry post-entry-type-page post-entry-1302'><div class='entry-content-wrapper clearfix'>\n<div class='flex_column_table av-2gwvr-88c5aa03981501940e3b90a370b75966 sc-av_one_fourth av-equal-height-column-flextable'>\n<style type=\"text\/css\" data-created_by=\"avia_inline_auto\" id=\"style-css-av-2gwvr-88c5aa03981501940e3b90a370b75966\">\n.flex_column.av-2gwvr-88c5aa03981501940e3b90a370b75966{\nborder-radius:0px 0px 0px 0px;\npadding:0px 0px 0px 0px;\n}\n<\/style>\n<div  class='flex_column av-2gwvr-88c5aa03981501940e3b90a370b75966 av_one_fourth  avia-builder-el-48  el_before_av_one_half  avia-builder-el-first  first no_margin flex_column_table_cell av-equal-height-column av-align-middle av-zero-column-padding  '     ><style type=\"text\/css\" data-created_by=\"avia_inline_auto\" id=\"style-css-av-1vv0ja-7b85dede677dc79388af77fdb966dab5\">\n#top .av-special-heading.av-1vv0ja-7b85dede677dc79388af77fdb966dab5{\npadding-bottom:0;\nfont-size:20px;\n}\nbody .av-special-heading.av-1vv0ja-7b85dede677dc79388af77fdb966dab5 .av-special-heading-tag .heading-char{\nfont-size:25px;\n}\n#top #wrap_all .av-special-heading.av-1vv0ja-7b85dede677dc79388af77fdb966dab5 .av-special-heading-tag{\nfont-size:20px;\n}\n.av-special-heading.av-1vv0ja-7b85dede677dc79388af77fdb966dab5 .av-subheading{\nfont-size:15px;\n}\n\n@media only screen and (min-width: 480px) and (max-width: 767px){ \n#top #wrap_all .av-special-heading.av-1vv0ja-7b85dede677dc79388af77fdb966dab5 .av-special-heading-tag{\nfont-size:0.8em;\n}\n}\n\n@media only screen and (max-width: 479px){ \n#top #wrap_all .av-special-heading.av-1vv0ja-7b85dede677dc79388af77fdb966dab5 .av-special-heading-tag{\nfont-size:0.8em;\n}\n}\n<\/style>\n<div  class='av-special-heading av-1vv0ja-7b85dede677dc79388af77fdb966dab5 av-special-heading-h2 blockquote modern-quote modern-centered  avia-builder-el-49  avia-builder-el-no-sibling  av-inherit-size'><h2 class='av-special-heading-tag '  itemprop=\"headline\"  >Newsletter Pro<\/h2><div class='av-subheading av-subheading_below'><p>Restez inform\u00e9s, abonnez-vous.<\/p>\n<\/div><div class=\"special-heading-border\"><div class=\"special-heading-inner-border\"><\/div><\/div><\/div><\/div>\n<style type=\"text\/css\" data-created_by=\"avia_inline_auto\" id=\"style-css-av-snr-fbb2f026117a22211dece3f883709b91\">\n.flex_column.av-snr-fbb2f026117a22211dece3f883709b91{\nborder-width:40px;\nborder-style:solid;\nborder-radius:0px 0px 0px 0px;\npadding:0px 0px 0px 0px;\n}\n<\/style>\n<div  class='flex_column av-snr-fbb2f026117a22211dece3f883709b91 av_one_half  avia-builder-el-50  el_after_av_one_fourth  el_before_av_one_fourth  no_margin flex_column_table_cell av-equal-height-column av-align-middle av-zero-column-padding  '     ><\/div>\n<style type=\"text\/css\" data-created_by=\"avia_inline_auto\" id=\"style-css-av-yfyv-3bc2ce212784ab04f9fa4029aa315f3e\">\n.flex_column.av-yfyv-3bc2ce212784ab04f9fa4029aa315f3e{\nborder-radius:0px 0px 0px 0px;\npadding:0px 0px 0px 0px;\n}\n<\/style>\n<div  class='flex_column av-yfyv-3bc2ce212784ab04f9fa4029aa315f3e av_one_fourth  avia-builder-el-52  el_after_av_one_half  el_before_av_codeblock  no_margin flex_column_table_cell av-equal-height-column av-align-middle av-zero-column-padding  '     ><style type=\"text\/css\" data-created_by=\"avia_inline_auto\" id=\"style-css-av-k2ep82sz-0b71c17130348b49648e165904603f45\">\n#top .av_textblock_section.av-k2ep82sz-0b71c17130348b49648e165904603f45 .avia_textblock{\nfont-size:12px;\n}\n<\/style>\n<section  class='av_textblock_section av-k2ep82sz-0b71c17130348b49648e165904603f45 '   itemscope=\"itemscope\" itemtype=\"https:\/\/schema.org\/CreativeWork\" ><div class='avia_textblock'  itemprop=\"text\" ><p>En cliquant sur \u00ab\u00a0S&rsquo;abonner\u00a0\u00bb, j\u2019accepte de recevoir cette newsletter et je comprends que je peux me d\u00e9sabonner facilement \u00e0 tout moment.<\/p>\n<\/div><\/section><\/div><\/div><!--close column table wrapper. Autoclose: 1 -->\n\n","protected":false},"excerpt":{"rendered":"","protected":false},"author":5,"featured_media":0,"parent":0,"menu_order":0,"comment_status":"closed","ping_status":"closed","template":"","meta":{"footnotes":""},"class_list":["post-1302","page","type-page","status-publish","hentry"],"_links":{"self":[{"href":"https:\/\/quimper-evenements.fr\/pro\/wp-json\/wp\/v2\/pages\/1302","targetHints":{"allow":["GET"]}}],"collection":[{"href":"https:\/\/quimper-evenements.fr\/pro\/wp-json\/wp\/v2\/pages"}],"about":[{"href":"https:\/\/quimper-evenements.fr\/pro\/wp-json\/wp\/v2\/types\/page"}],"author":[{"embeddable":true,"href":"https:\/\/quimper-evenements.fr\/pro\/wp-json\/wp\/v2\/users\/5"}],"replies":[{"embeddable":true,"href":"https:\/\/quimper-evenements.fr\/pro\/wp-json\/wp\/v2\/comments?post=1302"}],"version-history":[{"count":37,"href":"https:\/\/quimper-evenements.fr\/pro\/wp-json\/wp\/v2\/pages\/1302\/revisions"}],"predecessor-version":[{"id":2062,"href":"https:\/\/quimper-evenements.fr\/pro\/wp-json\/wp\/v2\/pages\/1302\/revisions\/2062"}],"wp:attachment":[{"href":"https:\/\/quimper-evenements.fr\/pro\/wp-json\/wp\/v2\/media?parent=1302"}],"curies":[{"name":"wp","href":"https:\/\/api.w.org\/{rel}","templated":true}]}}