{"id":1859,"date":"2025-03-18T10:48:35","date_gmt":"2025-03-18T09:48:35","guid":{"rendered":"https:\/\/quimper-evenements.fr\/pro\/?page_id=1859"},"modified":"2026-04-17T10:19:40","modified_gmt":"2026-04-17T08:19:40","slug":"grande-salle","status":"publish","type":"page","link":"https:\/\/quimper-evenements.fr\/pro\/grande-salle\/","title":{"rendered":"Kostum Park &#8211; \u00c0 nous la vie"},"content":{"rendered":"\n<style type=\"text\/css\" data-created_by=\"avia_inline_auto\" id=\"style-css-av-jzldsa9u-8e57bf600d457eaac72ddb3a21bc18bd\">\n.avia-section.av-jzldsa9u-8e57bf600d457eaac72ddb3a21bc18bd{\nbackground-repeat:no-repeat;\nbackground-image:url(https:\/\/quimper-evenements.fr\/pro\/wp-content\/uploads\/sites\/2\/2025\/03\/img30-scaled.jpg);\nbackground-position:50% 50%;\nbackground-attachment:scroll;\n}\n.avia-section.av-jzldsa9u-8e57bf600d457eaac72ddb3a21bc18bd .av-section-color-overlay{\nopacity:0.7;\nbackground-color:#e20586;\n}\n<\/style>\n<div id='av_section_1'  class='avia-section av-jzldsa9u-8e57bf600d457eaac72ddb3a21bc18bd main_color avia-section-default avia-no-border-styling  avia-builder-el-0  el_before_av_one_full  avia-builder-el-first  avia-bg-style-scroll av-section-color-overlay-active av-minimum-height av-minimum-height-custom av-height-custom  container_wrap fullsize'  data-section-bg-repeat='no-repeat' data-av_minimum_height_px='247'><div class=\"av-section-color-overlay-wrap\"><div class=\"av-section-color-overlay\"><\/div><div class='container av-section-cont-open' style='height:247px'><main  role=\"main\" itemprop=\"mainContentOfPage\"  class='template-page content  av-content-full alpha units'><div class='post-entry post-entry-type-page post-entry-1859'><div class='entry-content-wrapper clearfix'>\n\n<style type=\"text\/css\" data-created_by=\"avia_inline_auto\" id=\"style-css-av-jzldtowt-624f853858a7751dd351cbf56c68b184\">\n#top .av-special-heading.av-jzldtowt-624f853858a7751dd351cbf56c68b184{\npadding-bottom:10px;\ncolor:#ffffff;\n}\nbody .av-special-heading.av-jzldtowt-624f853858a7751dd351cbf56c68b184 .av-special-heading-tag .heading-char{\nfont-size:25px;\n}\n.av-special-heading.av-jzldtowt-624f853858a7751dd351cbf56c68b184 .special-heading-inner-border{\nborder-color:#ffffff;\n}\n.av-special-heading.av-jzldtowt-624f853858a7751dd351cbf56c68b184 .av-subheading{\nfont-size:25px;\n}\n<\/style>\n<div  class='av-special-heading av-jzldtowt-624f853858a7751dd351cbf56c68b184 av-special-heading-h1 custom-color-heading blockquote modern-quote  avia-builder-el-1  el_before_av_hr  avia-builder-el-first  av-linked-heading'><h1 class='av-special-heading-tag '  itemprop=\"headline\"  >Kostum Park &#8211; \u00c0 nous la vie<\/h1><div class=\"special-heading-border\"><div class=\"special-heading-inner-border\"><\/div><\/div><\/div>\n<div  class='hr av-2d4dsj-20a2f39ec6c1b49bf523147d9fa2929b hr-default  avia-builder-el-2  el_after_av_heading  el_before_av_video '><span class='hr-inner '><span class=\"hr-inner-style\"><\/span><\/span><\/div>\n<div  class='avia-video av-m9jrris1-a6994f9f85f95674158fe41e221e8e6e avia-video-16-9 av-no-preview-image avia-video-load-always av-lazyload-immediate av-lazyload-video-embed'  itemprop=\"video\" itemtype=\"https:\/\/schema.org\/VideoObject\"  data-original_url='https:\/\/youtu.be\/152CdtUxTGM'><script type='text\/html' class='av-video-tmpl'><div class='avia-iframe-wrap'><iframe loading=\"lazy\" title=\"2025 : l&#039;ann\u00e9e de la Grande salle !\" width=\"1500\" height=\"844\" src=\"https:\/\/www.youtube.com\/embed\/152CdtUxTGM?feature=oembed&autoplay=0&loop=0&controls=1&mute=0\" frameborder=\"0\" allow=\"accelerometer; autoplay; clipboard-write; encrypted-media; gyroscope; picture-in-picture; web-share\" referrerpolicy=\"strict-origin-when-cross-origin\" allowfullscreen><\/iframe><\/div><\/script><div class='av-click-to-play-overlay'><div class=\"avia_playpause_icon\"><\/div><\/div><\/div>\n<div  class='hr av-zk5b-d96aacc9f80458d122ea9abc44341d5d hr-default  avia-builder-el-4  el_after_av_video  avia-builder-el-last '><span class='hr-inner '><span class=\"hr-inner-style\"><\/span><\/span><\/div>\n<\/div><\/div><\/main><!-- close content main element --><\/div><\/div><\/div><div id='after_section_1'  class='main_color av_default_container_wrap container_wrap fullsize'  ><div class='container av-section-cont-open' ><div class='template-page content  av-content-full alpha units'><div class='post-entry post-entry-type-page post-entry-1859'><div class='entry-content-wrapper clearfix'>\n<div  class='flex_column av-3py543-fe5c5128d2ce0c076e13bd19f6016f5e av_one_full  avia-builder-el-5  el_after_av_section  el_before_av_layout_row  avia-builder-el-no-sibling  first flex_column_div  '     ><p><section  class='av_textblock_section av-micwiu2h-0bd1c47eec0df7f54e4add9b9c0ae28c '   itemscope=\"itemscope\" itemtype=\"https:\/\/schema.org\/CreativeWork\" ><div class='avia_textblock'  itemprop=\"text\" ><p><img loading=\"lazy\" decoding=\"async\" class=\"aligncenter wp-image-1992\" style=\"margin-top: 0px; margin-bottom: 0px;\" src=\"https:\/\/quimper-evenements.fr\/pro\/wp-content\/uploads\/sites\/2\/2026\/01\/KOSTUM-PARK-RVB-NOIR-1030x330.png\" alt=\"\" width=\"515\" height=\"165\" srcset=\"https:\/\/quimper-evenements.fr\/pro\/wp-content\/uploads\/sites\/2\/2026\/01\/KOSTUM-PARK-RVB-NOIR-1030x330.png 1030w, https:\/\/quimper-evenements.fr\/pro\/wp-content\/uploads\/sites\/2\/2026\/01\/KOSTUM-PARK-RVB-NOIR-300x96.png 300w, https:\/\/quimper-evenements.fr\/pro\/wp-content\/uploads\/sites\/2\/2026\/01\/KOSTUM-PARK-RVB-NOIR-768x246.png 768w, https:\/\/quimper-evenements.fr\/pro\/wp-content\/uploads\/sites\/2\/2026\/01\/KOSTUM-PARK-RVB-NOIR-1536x493.png 1536w, https:\/\/quimper-evenements.fr\/pro\/wp-content\/uploads\/sites\/2\/2026\/01\/KOSTUM-PARK-RVB-NOIR-2048x657.png 2048w, https:\/\/quimper-evenements.fr\/pro\/wp-content\/uploads\/sites\/2\/2026\/01\/KOSTUM-PARK-RVB-NOIR-1500x481.png 1500w, https:\/\/quimper-evenements.fr\/pro\/wp-content\/uploads\/sites\/2\/2026\/01\/KOSTUM-PARK-RVB-NOIR-705x226.png 705w\" sizes=\"auto, (max-width: 515px) 100vw, 515px\" \/><\/p>\n<h1 style=\"text-align: center;\">Visitez le Kostum Park &#8211; \u00c0 nous la vie ! en ligne !<\/h1>\n<\/div><\/section><br \/>\n<br \/>\n<div  class='hr av-btx83-eca38bfe6f1ed48d815b32b9a400f983 hr-default  avia-builder-el-8  el_after_av_codeblock  el_before_av_textblock '><span class='hr-inner '><span class=\"hr-inner-style\"><\/span><\/span><\/div><br \/>\n<section  class='av_textblock_section av-micwe0ae-22c372a764b5de760c3d66cb58d50eff '   itemscope=\"itemscope\" itemtype=\"https:\/\/schema.org\/CreativeWork\" ><div class='avia_textblock'  itemprop=\"text\" ><h3>Les espaces<\/h3>\n<\/div><\/section><\/p><\/div>\n<\/div><\/div><\/div><!-- close content main div --><\/div><\/div><div id='av-layout-grid-1'  class='av-layout-grid-container av-jzmg73nm-fbb90f3f5a82b842d8acd3419c499d39 entry-content-wrapper alternate_color av-flex-cells  avia-builder-el-10  el_after_av_one_full  el_before_av_one_half  grid-row-not-first  container_wrap fullsize'  >\n<div class='flex_cell av-gw8qo-903cd35f06ac8a654868357fe9bd864d av-gridrow-cell av_two_third no_margin  avia-builder-el-11  el_before_av_cell_one_third  avia-builder-el-first '  ><div class='flex_cell_inner'><section  class='av_textblock_section av-jzmg903n-77b0b627a14263c6f0d5c61d2ae97e4c '   itemscope=\"itemscope\" itemtype=\"https:\/\/schema.org\/CreativeWork\" ><div class='avia_textblock'  itemprop=\"text\" ><p>Situ\u00e9 dans le nouveau quartier de l\u2019Eau Blanche, \u00e0 proximit\u00e9 de la gare, <strong>le Kostum Park &#8211; \u00c0 nous la vie accueille les manifestations sportives, spectacles et \u00e9v\u00e9nements au format 360\u00b0.<\/strong><\/p>\n<p>Le Kostum Park &#8211; \u00c0 nous la vie sera le b\u00e2timent totem du secteur de l\u2019Eau Blanche, nouveau quartier de la gare de Quimper qui longe l\u2019Odet, avec des am\u00e9nagements paysagers qui le relient au centre-ville. Il contribuera au rayonnement du territoire \u00e0 travers l\u2019accueil et l\u2019organisation de manifestations sportives, de spectacles et d\u2019\u00e9v\u00e9nements d\u2019envergure.<\/p>\n<\/div><\/section>\n<\/div><\/div><div class='flex_cell av-1n9e4-db9bbe02a4b3ddf011ad0f1ba06f3cac av-gridrow-cell av_one_third no_margin  avia-builder-el-13  el_after_av_cell_two_third  avia-builder-el-last '  ><div class='flex_cell_inner'><p>\n<style type=\"text\/css\" data-created_by=\"avia_inline_auto\" id=\"style-css-av-jzs3mete-575d3f0497b2915e502e9c085dd00757\">\n#top .hr.hr-invisible.av-jzs3mete-575d3f0497b2915e502e9c085dd00757{\nheight:20px;\n}\n<\/style>\n<div  class='hr av-jzs3mete-575d3f0497b2915e502e9c085dd00757 hr-invisible  avia-builder-el-14  el_before_av_image  avia-builder-el-first '><span class='hr-inner '><span class=\"hr-inner-style\"><\/span><\/span><\/div><br \/>\n\n<style type=\"text\/css\" data-created_by=\"avia_inline_auto\" id=\"style-css-av-jzs3ko3p-76b36dac728f2edc7b9403812532ac92\">\n.avia-image-container.av-jzs3ko3p-76b36dac728f2edc7b9403812532ac92 img.avia_image{\nbox-shadow:none;\n}\n.avia-image-container.av-jzs3ko3p-76b36dac728f2edc7b9403812532ac92 .av-image-caption-overlay-center{\ncolor:#ffffff;\n}\n<\/style>\n<div  class='avia-image-container av-jzs3ko3p-76b36dac728f2edc7b9403812532ac92 av-styling- avia-align-center  avia-builder-el-15  el_after_av_hr  avia-builder-el-last '   itemprop=\"image\" itemscope=\"itemscope\" itemtype=\"https:\/\/schema.org\/ImageObject\" ><div class=\"avia-image-container-inner\"><div class=\"avia-image-overlay-wrap\"><img decoding=\"async\" fetchpriority=\"high\" class='wp-image-1863 avia-img-lazy-loading-not-1863 avia_image ' src=\"https:\/\/quimper-evenements.fr\/pro\/wp-content\/uploads\/sites\/2\/2025\/03\/img181-300x215.jpg\" alt='' title='img181'  height=\"215\" width=\"300\"  itemprop=\"thumbnailUrl\" srcset=\"https:\/\/quimper-evenements.fr\/pro\/wp-content\/uploads\/sites\/2\/2025\/03\/img181-300x215.jpg 300w, https:\/\/quimper-evenements.fr\/pro\/wp-content\/uploads\/sites\/2\/2025\/03\/img181-768x550.jpg 768w, https:\/\/quimper-evenements.fr\/pro\/wp-content\/uploads\/sites\/2\/2025\/03\/img181-260x185.jpg 260w, https:\/\/quimper-evenements.fr\/pro\/wp-content\/uploads\/sites\/2\/2025\/03\/img181-705x505.jpg 705w, https:\/\/quimper-evenements.fr\/pro\/wp-content\/uploads\/sites\/2\/2025\/03\/img181.jpg 844w\" sizes=\"(max-width: 300px) 100vw, 300px\" \/><\/div><\/div><\/div><\/p>\n<\/div><\/div>\n<\/div><div id='after_grid_row_1'  class='main_color av_default_container_wrap container_wrap fullsize'  ><div class='container av-section-cont-open' ><div class='template-page content  av-content-full alpha units'><div class='post-entry post-entry-type-page post-entry-1859'><div class='entry-content-wrapper clearfix'>\n<div  class='flex_column av-3lxgs3-89f5a561d83ef0ed50248ea12e38e506 av_one_half  avia-builder-el-16  el_after_av_layout_row  el_before_av_one_half  avia-builder-el-first  first flex_column_div  '     ><style type=\"text\/css\" data-created_by=\"avia_inline_auto\" id=\"style-css-av-m8iw57ra-e581a7e5d43cf1372ca7041740f9aee3\">\n.avia-image-container.av-m8iw57ra-e581a7e5d43cf1372ca7041740f9aee3 img.avia_image{\nbox-shadow:none;\n}\n.avia-image-container.av-m8iw57ra-e581a7e5d43cf1372ca7041740f9aee3 .av-image-caption-overlay-center{\ncolor:#ffffff;\n}\n<\/style>\n<div  class='avia-image-container av-m8iw57ra-e581a7e5d43cf1372ca7041740f9aee3 av-styling- avia-align-center  avia-builder-el-17  avia-builder-el-no-sibling '   itemprop=\"image\" itemscope=\"itemscope\" itemtype=\"https:\/\/schema.org\/ImageObject\" ><div class=\"avia-image-container-inner\"><div class=\"avia-image-overlay-wrap\"><img decoding=\"async\" fetchpriority=\"high\" class='wp-image-1897 avia-img-lazy-loading-not-1897 avia_image ' src=\"https:\/\/quimper-evenements.fr\/pro\/wp-content\/uploads\/sites\/2\/2025\/03\/Plan-salles.png\" alt='' title='Plan salles'  height=\"802\" width=\"1491\"  itemprop=\"thumbnailUrl\" srcset=\"https:\/\/quimper-evenements.fr\/pro\/wp-content\/uploads\/sites\/2\/2025\/03\/Plan-salles.png 1491w, https:\/\/quimper-evenements.fr\/pro\/wp-content\/uploads\/sites\/2\/2025\/03\/Plan-salles-300x161.png 300w, https:\/\/quimper-evenements.fr\/pro\/wp-content\/uploads\/sites\/2\/2025\/03\/Plan-salles-1030x554.png 1030w, https:\/\/quimper-evenements.fr\/pro\/wp-content\/uploads\/sites\/2\/2025\/03\/Plan-salles-768x413.png 768w, https:\/\/quimper-evenements.fr\/pro\/wp-content\/uploads\/sites\/2\/2025\/03\/Plan-salles-705x379.png 705w\" sizes=\"(max-width: 1491px) 100vw, 1491px\" \/><\/div><\/div><\/div><\/div>\n<div  class='flex_column av-32ydqb-425bdd601aa33fd5841d7174a8cfe6c7 av_one_half  avia-builder-el-18  el_after_av_one_half  el_before_av_layout_row  avia-builder-el-last  flex_column_div  '     ><style type=\"text\/css\" data-created_by=\"avia_inline_auto\" id=\"style-css-av-m8iw5yvu-f575c61b57a4713d8f31ede0100e4271\">\n.avia-image-container.av-m8iw5yvu-f575c61b57a4713d8f31ede0100e4271 img.avia_image{\nbox-shadow:none;\n}\n.avia-image-container.av-m8iw5yvu-f575c61b57a4713d8f31ede0100e4271 .av-image-caption-overlay-center{\ncolor:#ffffff;\n}\n<\/style>\n<div  class='avia-image-container av-m8iw5yvu-f575c61b57a4713d8f31ede0100e4271 av-styling- avia-align-center  avia-builder-el-19  avia-builder-el-no-sibling '   itemprop=\"image\" itemscope=\"itemscope\" itemtype=\"https:\/\/schema.org\/ImageObject\" ><div class=\"avia-image-container-inner\"><div class=\"avia-image-overlay-wrap\"><img decoding=\"async\" fetchpriority=\"high\" class='wp-image-1899 avia-img-lazy-loading-not-1899 avia_image ' src=\"https:\/\/quimper-evenements.fr\/pro\/wp-content\/uploads\/sites\/2\/2025\/03\/Plan-parking.png\" alt='' title='Plan parking'  height=\"616\" width=\"1055\"  itemprop=\"thumbnailUrl\" srcset=\"https:\/\/quimper-evenements.fr\/pro\/wp-content\/uploads\/sites\/2\/2025\/03\/Plan-parking.png 1055w, https:\/\/quimper-evenements.fr\/pro\/wp-content\/uploads\/sites\/2\/2025\/03\/Plan-parking-300x175.png 300w, https:\/\/quimper-evenements.fr\/pro\/wp-content\/uploads\/sites\/2\/2025\/03\/Plan-parking-1030x601.png 1030w, https:\/\/quimper-evenements.fr\/pro\/wp-content\/uploads\/sites\/2\/2025\/03\/Plan-parking-768x448.png 768w, https:\/\/quimper-evenements.fr\/pro\/wp-content\/uploads\/sites\/2\/2025\/03\/Plan-parking-705x412.png 705w\" sizes=\"(max-width: 1055px) 100vw, 1055px\" \/><\/div><\/div><\/div><\/div>\n<\/div><\/div><\/div><!-- close content main div --><\/div><\/div><div id='av-layout-grid-2'  class='av-layout-grid-container av-jzmgb83w-b81745d64d07b56fad9a579be21fa6bc entry-content-wrapper main_color av-flex-cells  avia-builder-el-20  el_after_av_one_half  el_before_av_one_full  grid-row-not-first  container_wrap fullsize'  >\n<div class='flex_cell av-fm86k-cc440381e96c16b080f3c2b818c9c0a3 av-gridrow-cell av_one_full no_margin  avia-builder-el-21  avia-builder-el-no-sibling '  ><div class='flex_cell_inner'><div  class='tabcontainer av-jzmgiwnj-ec6181a1baeaa386e333ed504300fea4 top_tab  avia-builder-el-22  avia-builder-el-no-sibling '>\n<section class='av_tab_section av_tab_section av-wjcn-f8173a3e1cad6cb0d9127630ba6f3e51'  itemscope=\"itemscope\" itemtype=\"https:\/\/schema.org\/CreativeWork\" ><div id='tab-id-1-tab' class='tab active_tab' role='tab' aria-selected=\"true\" tabindex=\"0\" data-fake-id='#tab-id-1' aria-controls='tab-id-1-content'  itemprop=\"headline\" >GRANDE SALLE<\/div><div id='tab-id-1-content' class='tab_content active_tab_content' role='tabpanel' aria-labelledby='tab-id-1-tab' aria-hidden=\"false\"><div class='tab_inner_content invers-color'  itemprop=\"text\" ><p>La Grande Salle permet d\u2019accueillir de nombreuses comp\u00e9titions et manifestations sportives jusqu\u2019\u00e0 3 500 places, mais aussi des spectacles jusqu\u2019\u00e0 3 075 places, sur une surface globale de 1 228 m\u00b2.<\/p>\n<p>Elle est constitu\u00e9e d\u2019un niveau Balcon, d\u2019un niveau Gradin avec en arri\u00e8re une galerie circulaire avec 4 bars, et d\u2019un niveau parterre\/fosse.<\/p>\n<p>L\u2019am\u00e9nagement pr\u00e9vu permettra une forte polyvalence, avec notamment les modules de gradins r\u00e9tractables et parterre de chaises, des accroches a\u00e9riennes, des zones techniques, un espace artistes\/loges\/catering, et les \u00e9quipements sp\u00e9cifiques pr\u00e9vus pour les diff\u00e9rents formats d\u2019\u00e9v\u00e9nements.<\/p>\n<p><strong>Caract\u00e9ristiques techniques :<\/strong><\/p>\n<ul>\n<li>Surface brute de 1 228 m\u00b2 avec sol b\u00e9ton<\/li>\n<li>45,5 m x 27 m (gradins repli\u00e9s)<\/li>\n<li>21 m x 39,4 m (gradins d\u00e9ploy\u00e9s)<\/li>\n<li>En ar\u00e8ne : 3 500 places en gradins &#8211; Attention, certaines places en gradins offrent une visibilit\u00e9 r\u00e9duite<\/li>\n<li>Spectacle\/\u00c9v\u00e9nement assis : 2 069 places avec gradins et parterre &#8211; Attention, certaines places en gradins offrent une visibilit\u00e9 r\u00e9duite<\/li>\n<li>Spectacle\/\u00c9v\u00e9nement assis\/debout : 3 326 places avec gradins et fosse &#8211; Attention, certaines places en gradins offrent une visibilit\u00e9 r\u00e9duite<\/li>\n<li>Accroches a\u00e9riennes avec 40 tonnes de charge admissible, ponts et moteurs<\/li>\n<li>Sc\u00e8ne (12,2 m x 17,02 m) enti\u00e8rement modulable en \u00e9l\u00e9ments de 2,44 m, hauteur modulable de 1,2 \u00e0 1,9 m<\/li>\n<li>Sol PVC sportif et parquet d\u00e9montable (junckers) avec \u00e9quipements pour basket (paniers), handball (buts,\u2026),<br \/>\net volley-ball (filet)<\/li>\n<li>\u00c9quipements table de marques, panneaux scores, horloges, 2 grands \u00e9crans LED, tour de terrain LED<\/li>\n<\/ul>\n<\/div><\/div><\/section>\n<section class='av_tab_section av_tab_section av-ojp3-af8e48f140e2214f33d15a253a08cf36'  itemscope=\"itemscope\" itemtype=\"https:\/\/schema.org\/CreativeWork\" ><div id='tab-id-2-tab' class='tab' role='tab' aria-selected=\"false\" tabindex=\"0\" data-fake-id='#tab-id-2' aria-controls='tab-id-2-content'  itemprop=\"headline\" >SALLE ANNEXE<\/div><div id='tab-id-2-content' class='tab_content' role='tabpanel' aria-labelledby='tab-id-2-tab' aria-hidden=\"true\"><div class='tab_inner_content invers-color'  itemprop=\"text\" ><p>D\u2019une surface brute de 1 165 m\u00b2 avec sol b\u00e9ton et parquet sportif, elle est adapt\u00e9e \u00e0 l\u2019organisation de manifestations sportives (basket, handball, volley-ball\u2026) et dispose d\u2019un gradin de 94 places. Elle permet l\u2019acc\u00e8s aux vestiaires pour les sportifs.<\/p>\n<p><strong>Caract\u00e9ristiques techniques :<\/strong><\/p>\n<ul>\n<li>44 ml x 25 m<\/li>\n<li>Gradins fixes 94 places<\/li>\n<li>Jauge public : 1 165 personnes<\/li>\n<\/ul>\n<\/div><\/div><\/section>\n<section class='av_tab_section av_tab_section av-m8eb3hya-d7c776d626d40fffa0bdf19ff6da4529'  itemscope=\"itemscope\" itemtype=\"https:\/\/schema.org\/CreativeWork\" ><div id='tab-id-3-tab' class='tab' role='tab' aria-selected=\"false\" tabindex=\"0\" data-fake-id='#tab-id-3' aria-controls='tab-id-3-content'  itemprop=\"headline\" >ESPACE CLUB<\/div><div id='tab-id-3-content' class='tab_content' role='tabpanel' aria-labelledby='tab-id-3-tab' aria-hidden=\"true\"><div class='tab_inner_content invers-color'  itemprop=\"text\" ><p>Situ\u00e9 en acc\u00e8s direct sur la Grande Salle, l\u2019Espace Club vous ouvre ses portes avec 560 m\u00b2 enti\u00e8rement modulables selon vos envies. Vous pouvez y organiser vos r\u00e9ceptifs, vos ateliers et s\u00e9minaires et rencontres dans un cadre privil\u00e9gi\u00e9. L\u2019Espace Club dispose d\u2019un accueil d\u00e9di\u00e9 pour vos participants avec vestiaire. L\u2019am\u00e9nagement de l\u2019Espace Club vous sera propos\u00e9 avec des ensembles de mobiliers et \u00e9quipements audio\/vid\u00e9o selon les configurations souhait\u00e9es.<br \/>\nL\u2019espace, qui permet d\u2019accueillir jusqu\u2019\u00e0 1 120 personnes, dispose d\u2019acc\u00e8s vers la Galerie et les espaces gradins de la Grande Salle.<\/p>\n<p><strong>Caract\u00e9ristiques techniques :<\/strong><\/p>\n<ul>\n<li>560 m\u00b2<\/li>\n<li>55 ml x 10 m &#8211; Espace modulable pour les accueils, r\u00e9ceptifs<\/li>\n<li>Jauge : 1 120 personnes &#8211; Espace modulable<\/li>\n<\/ul>\n<\/div><\/div><\/section>\n<section class='av_tab_section av_tab_section av-m8eb73my-eb7795791a0ddf7f61af499db23ff2d2'  itemscope=\"itemscope\" itemtype=\"https:\/\/schema.org\/CreativeWork\" ><div id='tab-id-4-tab' class='tab' role='tab' aria-selected=\"false\" tabindex=\"0\" data-fake-id='#tab-id-4' aria-controls='tab-id-4-content'  itemprop=\"headline\" >GALERIE<\/div><div id='tab-id-4-content' class='tab_content' role='tabpanel' aria-labelledby='tab-id-4-tab' aria-hidden=\"true\"><div class='tab_inner_content invers-color'  itemprop=\"text\" ><p>Avec ses 800 m\u00b2 d\u2019espace de d\u00e9ambulation et ses 4 espaces bars enti\u00e8rement \u00e9quip\u00e9s, la Galerie est le lieu privil\u00e9gie de circulation du public lors des \u00e9v\u00e9nements. La Galerie est situ\u00e9e en arri\u00e8re des gradins et permet l\u2019acc\u00e8s au balcon sup\u00e9rieur.<br \/>\nLa Galerie vous permet d\u2019y organiser en lien avec l\u2019Espace Club vos \u00e9v\u00e9nements, r\u00e9ceptifs, rencontres, workshops.<\/p>\n<p><strong>Caract\u00e9ristiques techniques :<\/strong><\/p>\n<ul>\n<li>800 m\u00b2<\/li>\n<li>180 ml x 6,5 m, Galerie d\u00e9ambulatoire avec 4 bars<\/li>\n<\/ul>\n<\/div><\/div><\/section>\n<section class='av_tab_section av_tab_section av-m8eb93ho-312ced2fe4859f72d24b5a4ba1328b10'  itemscope=\"itemscope\" itemtype=\"https:\/\/schema.org\/CreativeWork\" ><div id='tab-id-5-tab' class='tab' role='tab' aria-selected=\"false\" tabindex=\"0\" data-fake-id='#tab-id-5' aria-controls='tab-id-5-content'  itemprop=\"headline\" >ESPACE D\u2019ACCUEIL<\/div><div id='tab-id-5-content' class='tab_content' role='tabpanel' aria-labelledby='tab-id-5-tab' aria-hidden=\"true\"><div class='tab_inner_content invers-color'  itemprop=\"text\" ><p>Avec ses 330 m\u00b2 baign\u00e9s de lumi\u00e8re naturelle, l\u2019espace d\u2019accueil vous permet de g\u00e9rer agr\u00e9ablement l\u2019acc\u00e8s du public avec un espace boutique, vestiaire, billetterie, et tous les moyens d\u2019affichage dynamique et de sonorisation.<\/p>\n<p><strong>Caract\u00e9ristiques techniques :<\/strong><\/p>\n<ul>\n<li>330 m\u00b2<\/li>\n<li>45 ml x 6 m large, Comptoir accueil et boutique, bar, billetterie<\/li>\n<li>Gestion accueil<\/li>\n<\/ul>\n<\/div><\/div><\/section>\n<\/div>\n<\/div><\/div>\n<\/div><div id='after_grid_row_2'  class='main_color av_default_container_wrap container_wrap fullsize'  ><div class='container av-section-cont-open' ><div class='template-page content  av-content-full alpha units'><div class='post-entry post-entry-type-page post-entry-1859'><div class='entry-content-wrapper clearfix'>\n\n<style type=\"text\/css\" data-created_by=\"avia_inline_auto\" id=\"style-css-av-5k27r-bbe844ce1734dcb32a3cbe36a410474a\">\n.flex_column.av-5k27r-bbe844ce1734dcb32a3cbe36a410474a{\nborder-radius:0px 0px 0px 0px;\npadding:0px 0px 0px 0px;\n}\n<\/style>\n<div  class='flex_column av-5k27r-bbe844ce1734dcb32a3cbe36a410474a av_one_full  avia-builder-el-23  el_after_av_layout_row  el_before_av_one_full  avia-builder-el-first  first flex_column_div av-zero-column-padding  '     ><p>\n<style type=\"text\/css\" data-created_by=\"avia_inline_auto\" id=\"style-css-av-k269jxs8-30491fd535b690c9923894635425d343\">\n.avia-accordion.av-k269jxs8-30491fd535b690c9923894635425d343{\nmax-height:375px;\n}\n.avia-accordion.av-k269jxs8-30491fd535b690c9923894635425d343 .aviaccordion-preview{\nwidth:17.1%;\n}\n.avia-accordion .aviaccordion-slide.av-k269jxs8-30491fd535b690c9923894635425d343__0{\nleft:0%;\n}\n.avia-accordion .aviaccordion-slide.av-k269jxs8-30491fd535b690c9923894635425d343__1{\nleft:16.666666666667%;\n}\n.avia-accordion .aviaccordion-slide.av-k269jxs8-30491fd535b690c9923894635425d343__2{\nleft:33.333333333333%;\n}\n.avia-accordion .aviaccordion-slide.av-k269jxs8-30491fd535b690c9923894635425d343__3{\nleft:50%;\n}\n.avia-accordion .aviaccordion-slide.av-k269jxs8-30491fd535b690c9923894635425d343__4{\nleft:66.666666666667%;\n}\n.avia-accordion .aviaccordion-slide.av-k269jxs8-30491fd535b690c9923894635425d343__5{\nleft:83.333333333333%;\n}\n<\/style>\n<div  id=\"accordion_slider_1\"  class='aviaccordion avia-accordion av-k269jxs8-30491fd535b690c9923894635425d343 aviaccordion-title-active av-slideshow-manual av-loop-once ' data-slideshow-options=\"{&quot;interval&quot;:5,&quot;autoplay&quot;:false,&quot;loop_autoplay&quot;:&quot;once&quot;}\"  itemscope=\"itemscope\" itemtype=\"https:\/\/schema.org\/Blog\" ><ul class=\"aviaccordion-inner\"><li class='aviaccordion-slide av-k269jxs8-30491fd535b690c9923894635425d343__0 aviaccordion-slide-1' data-av-left='0'  itemscope=\"itemscope\" itemtype=\"https:\/\/schema.org\/CreativeWork\" ><a class='aviaccordion-slide-link noHover' href=\"https:\/\/quimper-evenements.fr\/pro\/wp-content\/uploads\/sites\/2\/2026\/01\/1751295575082-1030x686.jpeg\" data-srcset=\"https:\/\/quimper-evenements.fr\/pro\/wp-content\/uploads\/sites\/2\/2026\/01\/1751295575082-1030x686.jpeg 1030w, https:\/\/quimper-evenements.fr\/pro\/wp-content\/uploads\/sites\/2\/2026\/01\/1751295575082-300x200.jpeg 300w, https:\/\/quimper-evenements.fr\/pro\/wp-content\/uploads\/sites\/2\/2026\/01\/1751295575082-768x512.jpeg 768w, https:\/\/quimper-evenements.fr\/pro\/wp-content\/uploads\/sites\/2\/2026\/01\/1751295575082-1536x1024.jpeg 1536w, https:\/\/quimper-evenements.fr\/pro\/wp-content\/uploads\/sites\/2\/2026\/01\/1751295575082-1500x1000.jpeg 1500w, https:\/\/quimper-evenements.fr\/pro\/wp-content\/uploads\/sites\/2\/2026\/01\/1751295575082-705x470.jpeg 705w, https:\/\/quimper-evenements.fr\/pro\/wp-content\/uploads\/sites\/2\/2026\/01\/1751295575082.jpeg 2048w\" data-sizes=\"(max-width: 1030px) 100vw, 1030px\"  title=\"1751295575082\" ><div class='aviaccordion-preview '><div class=\"aviaccordion-preview-title-pos\"><div class=\"aviaccordion-preview-title-wrap\"><div class=\"aviaccordion-preview-title\"><\/div><\/div><\/div><\/div><img loading=\"lazy\" decoding=\"async\" width=\"710\" height=\"375\" src=\"https:\/\/quimper-evenements.fr\/pro\/wp-content\/uploads\/sites\/2\/2026\/01\/1751295575082-710x375.jpeg\" class=\"aviaccordion-image\" alt=\"\" \/><\/a><\/li><li class='aviaccordion-slide av-k269jxs8-30491fd535b690c9923894635425d343__1 aviaccordion-slide-2' data-av-left='16.666666666667'  itemscope=\"itemscope\" itemtype=\"https:\/\/schema.org\/CreativeWork\" ><a class='aviaccordion-slide-link noHover' href=\"https:\/\/quimper-evenements.fr\/pro\/wp-content\/uploads\/sites\/2\/2026\/01\/PXL_20250922_131107124-min-1030x773.jpg\" data-srcset=\"https:\/\/quimper-evenements.fr\/pro\/wp-content\/uploads\/sites\/2\/2026\/01\/PXL_20250922_131107124-min-1030x773.jpg 1030w, https:\/\/quimper-evenements.fr\/pro\/wp-content\/uploads\/sites\/2\/2026\/01\/PXL_20250922_131107124-min-300x225.jpg 300w, https:\/\/quimper-evenements.fr\/pro\/wp-content\/uploads\/sites\/2\/2026\/01\/PXL_20250922_131107124-min-768x577.jpg 768w, https:\/\/quimper-evenements.fr\/pro\/wp-content\/uploads\/sites\/2\/2026\/01\/PXL_20250922_131107124-min-705x529.jpg 705w, https:\/\/quimper-evenements.fr\/pro\/wp-content\/uploads\/sites\/2\/2026\/01\/PXL_20250922_131107124-min.jpg 1200w\" data-sizes=\"(max-width: 1030px) 100vw, 1030px\"  title=\"PXL_20250922_131107124-min\" ><div class='aviaccordion-preview '><div class=\"aviaccordion-preview-title-pos\"><div class=\"aviaccordion-preview-title-wrap\"><div class=\"aviaccordion-preview-title\"><\/div><\/div><\/div><\/div><img loading=\"lazy\" decoding=\"async\" width=\"710\" height=\"375\" src=\"https:\/\/quimper-evenements.fr\/pro\/wp-content\/uploads\/sites\/2\/2026\/01\/PXL_20250922_131107124-min-710x375.jpg\" class=\"aviaccordion-image\" alt=\"\" \/><\/a><\/li><li class='aviaccordion-slide av-k269jxs8-30491fd535b690c9923894635425d343__2 aviaccordion-slide-3' data-av-left='33.333333333333'  itemscope=\"itemscope\" itemtype=\"https:\/\/schema.org\/CreativeWork\" ><a class='aviaccordion-slide-link noHover' href=\"https:\/\/quimper-evenements.fr\/pro\/wp-content\/uploads\/sites\/2\/2026\/01\/IMG-20251124-WA0001-min.jpg\" data-srcset=\"https:\/\/quimper-evenements.fr\/pro\/wp-content\/uploads\/sites\/2\/2026\/01\/IMG-20251124-WA0001-min.jpg 800w, https:\/\/quimper-evenements.fr\/pro\/wp-content\/uploads\/sites\/2\/2026\/01\/IMG-20251124-WA0001-min-300x225.jpg 300w, https:\/\/quimper-evenements.fr\/pro\/wp-content\/uploads\/sites\/2\/2026\/01\/IMG-20251124-WA0001-min-768x576.jpg 768w, https:\/\/quimper-evenements.fr\/pro\/wp-content\/uploads\/sites\/2\/2026\/01\/IMG-20251124-WA0001-min-705x529.jpg 705w\" data-sizes=\"(max-width: 800px) 100vw, 800px\"  title=\"IMG-20251124-WA0001-min\" ><div class='aviaccordion-preview '><div class=\"aviaccordion-preview-title-pos\"><div class=\"aviaccordion-preview-title-wrap\"><div class=\"aviaccordion-preview-title\"><\/div><\/div><\/div><\/div><img loading=\"lazy\" decoding=\"async\" width=\"710\" height=\"375\" src=\"https:\/\/quimper-evenements.fr\/pro\/wp-content\/uploads\/sites\/2\/2026\/01\/IMG-20251124-WA0001-min-710x375.jpg\" class=\"aviaccordion-image\" alt=\"\" srcset=\"https:\/\/quimper-evenements.fr\/pro\/wp-content\/uploads\/sites\/2\/2026\/01\/IMG-20251124-WA0001-min-710x375.jpg 710w, https:\/\/quimper-evenements.fr\/pro\/wp-content\/uploads\/sites\/2\/2026\/01\/IMG-20251124-WA0001-min-800x423.jpg 800w\" sizes=\"auto, (max-width: 710px) 100vw, 710px\" \/><\/a><\/li><li class='aviaccordion-slide av-k269jxs8-30491fd535b690c9923894635425d343__3 aviaccordion-slide-4' data-av-left='50'  itemscope=\"itemscope\" itemtype=\"https:\/\/schema.org\/CreativeWork\" ><a class='aviaccordion-slide-link noHover' href=\"https:\/\/quimper-evenements.fr\/pro\/wp-content\/uploads\/sites\/2\/2026\/01\/Quimper_0080269-1030x687.jpg\" data-srcset=\"https:\/\/quimper-evenements.fr\/pro\/wp-content\/uploads\/sites\/2\/2026\/01\/Quimper_0080269-1030x687.jpg 1030w, https:\/\/quimper-evenements.fr\/pro\/wp-content\/uploads\/sites\/2\/2026\/01\/Quimper_0080269-300x200.jpg 300w, https:\/\/quimper-evenements.fr\/pro\/wp-content\/uploads\/sites\/2\/2026\/01\/Quimper_0080269-768x512.jpg 768w, https:\/\/quimper-evenements.fr\/pro\/wp-content\/uploads\/sites\/2\/2026\/01\/Quimper_0080269-1536x1024.jpg 1536w, https:\/\/quimper-evenements.fr\/pro\/wp-content\/uploads\/sites\/2\/2026\/01\/Quimper_0080269-2048x1365.jpg 2048w, https:\/\/quimper-evenements.fr\/pro\/wp-content\/uploads\/sites\/2\/2026\/01\/Quimper_0080269-1500x1000.jpg 1500w, https:\/\/quimper-evenements.fr\/pro\/wp-content\/uploads\/sites\/2\/2026\/01\/Quimper_0080269-705x470.jpg 705w\" data-sizes=\"(max-width: 1030px) 100vw, 1030px\"  title=\"Quimper_0080269\" ><div class='aviaccordion-preview '><div class=\"aviaccordion-preview-title-pos\"><div class=\"aviaccordion-preview-title-wrap\"><div class=\"aviaccordion-preview-title\"><\/div><\/div><\/div><\/div><img loading=\"lazy\" decoding=\"async\" width=\"710\" height=\"375\" src=\"https:\/\/quimper-evenements.fr\/pro\/wp-content\/uploads\/sites\/2\/2026\/01\/Quimper_0080269-710x375.jpg\" class=\"aviaccordion-image\" alt=\"\" \/><\/a><\/li><li class='aviaccordion-slide av-k269jxs8-30491fd535b690c9923894635425d343__4 aviaccordion-slide-5' data-av-left='66.666666666667'  itemscope=\"itemscope\" itemtype=\"https:\/\/schema.org\/CreativeWork\" ><a class='aviaccordion-slide-link noHover' href=\"https:\/\/quimper-evenements.fr\/pro\/wp-content\/uploads\/sites\/2\/2026\/01\/1752073071618-1030x686.jpeg\" data-srcset=\"https:\/\/quimper-evenements.fr\/pro\/wp-content\/uploads\/sites\/2\/2026\/01\/1752073071618-1030x686.jpeg 1030w, https:\/\/quimper-evenements.fr\/pro\/wp-content\/uploads\/sites\/2\/2026\/01\/1752073071618-300x200.jpeg 300w, https:\/\/quimper-evenements.fr\/pro\/wp-content\/uploads\/sites\/2\/2026\/01\/1752073071618-768x512.jpeg 768w, https:\/\/quimper-evenements.fr\/pro\/wp-content\/uploads\/sites\/2\/2026\/01\/1752073071618-1536x1024.jpeg 1536w, https:\/\/quimper-evenements.fr\/pro\/wp-content\/uploads\/sites\/2\/2026\/01\/1752073071618-1500x1000.jpeg 1500w, https:\/\/quimper-evenements.fr\/pro\/wp-content\/uploads\/sites\/2\/2026\/01\/1752073071618-705x470.jpeg 705w, https:\/\/quimper-evenements.fr\/pro\/wp-content\/uploads\/sites\/2\/2026\/01\/1752073071618.jpeg 2048w\" data-sizes=\"(max-width: 1030px) 100vw, 1030px\"  title=\"1752073071618\" ><div class='aviaccordion-preview '><div class=\"aviaccordion-preview-title-pos\"><div class=\"aviaccordion-preview-title-wrap\"><div class=\"aviaccordion-preview-title\"><\/div><\/div><\/div><\/div><img loading=\"lazy\" decoding=\"async\" width=\"710\" height=\"375\" src=\"https:\/\/quimper-evenements.fr\/pro\/wp-content\/uploads\/sites\/2\/2026\/01\/1752073071618-710x375.jpeg\" class=\"aviaccordion-image\" alt=\"\" \/><\/a><\/li><li class='aviaccordion-slide av-k269jxs8-30491fd535b690c9923894635425d343__5 aviaccordion-slide-6' data-av-left='83.333333333333'  itemscope=\"itemscope\" itemtype=\"https:\/\/schema.org\/CreativeWork\" ><a class='aviaccordion-slide-link noHover' href=\"https:\/\/quimper-evenements.fr\/pro\/wp-content\/uploads\/sites\/2\/2026\/01\/1751561666066-1030x464.jpeg\" data-srcset=\"https:\/\/quimper-evenements.fr\/pro\/wp-content\/uploads\/sites\/2\/2026\/01\/1751561666066-1030x464.jpeg 1030w, https:\/\/quimper-evenements.fr\/pro\/wp-content\/uploads\/sites\/2\/2026\/01\/1751561666066-300x135.jpeg 300w, https:\/\/quimper-evenements.fr\/pro\/wp-content\/uploads\/sites\/2\/2026\/01\/1751561666066-768x346.jpeg 768w, https:\/\/quimper-evenements.fr\/pro\/wp-content\/uploads\/sites\/2\/2026\/01\/1751561666066-1536x692.jpeg 1536w, https:\/\/quimper-evenements.fr\/pro\/wp-content\/uploads\/sites\/2\/2026\/01\/1751561666066-1500x675.jpeg 1500w, https:\/\/quimper-evenements.fr\/pro\/wp-content\/uploads\/sites\/2\/2026\/01\/1751561666066-705x317.jpeg 705w, https:\/\/quimper-evenements.fr\/pro\/wp-content\/uploads\/sites\/2\/2026\/01\/1751561666066.jpeg 2048w\" data-sizes=\"(max-width: 1030px) 100vw, 1030px\"  title=\"1751561666066\" ><div class='aviaccordion-preview '><div class=\"aviaccordion-preview-title-pos\"><div class=\"aviaccordion-preview-title-wrap\"><div class=\"aviaccordion-preview-title\"><\/div><\/div><\/div><\/div><img loading=\"lazy\" decoding=\"async\" width=\"710\" height=\"375\" src=\"https:\/\/quimper-evenements.fr\/pro\/wp-content\/uploads\/sites\/2\/2026\/01\/1751561666066-710x375.jpeg\" class=\"aviaccordion-image\" alt=\"\" \/><\/a><\/li><\/ul><div class='aviaccordion-spacer' style='padding-bottom:52.816901408451%'><\/div><\/div><br \/>\n<div  class='hr av-x3vj-54a6a3753d1582bb3ab6e158f3466ee9 hr-default  avia-builder-el-25  el_after_av_slideshow_accordion  avia-builder-el-no-sibling '><span class='hr-inner '><span class=\"hr-inner-style\"><\/span><\/span><\/div><\/p><\/div>\n\n<style type=\"text\/css\" data-created_by=\"avia_inline_auto\" id=\"style-css-av-1hv0r-f9bfd196eee6bc94a10a0593f054550c\">\n.flex_column.av-1hv0r-f9bfd196eee6bc94a10a0593f054550c{\nborder-radius:0px 0px 0px 0px;\npadding:0px 0px 0px 0px;\n}\n<\/style>\n<div  class='flex_column av-1hv0r-f9bfd196eee6bc94a10a0593f054550c av_one_full  avia-builder-el-26  el_after_av_one_full  el_before_av_one_full  first flex_column_div av-zero-column-padding  column-top-margin'     ><section  class='av_textblock_section av-lqggqfjb-886c8906b6b142ee0c3163d048a4ab69 '   itemscope=\"itemscope\" itemtype=\"https:\/\/schema.org\/CreativeWork\" ><div class='avia_textblock'  itemprop=\"text\" ><h2>Demander un devis<\/h2>\n<\/div><\/section><br \/>\n<\/p><\/div>\n<div  class='flex_column av-oj03-f6752ec3e1f4d253a7629f2cbe02e09f av_one_full  avia-builder-el-29  el_after_av_one_full  el_before_av_layout_row  avia-builder-el-last  first flex_column_div  column-top-margin'     ><section  class='av_textblock_section av-lqggz91e-d08b01ffad4053afe2adb2385b7e8a45 '   itemscope=\"itemscope\" itemtype=\"https:\/\/schema.org\/CreativeWork\" ><div class='avia_textblock'  itemprop=\"text\" ><h2>Documentation<\/h2>\n<\/div><\/section><\/div>\n<\/div><\/div><\/div><!-- close content main div --><\/div><\/div><div id='av-layout-grid-3'  class='av-layout-grid-container av-3a4tz-f80ee14d240d1b8cc906649ca438b09c entry-content-wrapper main_color av-flex-cells  avia-builder-el-31  el_after_av_one_full  el_before_av_layout_row  grid-row-not-first  container_wrap fullsize'  >\n<div class='flex_cell av-2tfr3-b5d9d4ea0a175ad27dd95e7340189349 av-gridrow-cell av_one_half no_margin  avia-builder-el-32  el_before_av_cell_one_half  avia-builder-el-first '  ><div class='flex_cell_inner'><div  class='avia-button-wrap av-lqggzhod-62966b9c14b9c114c7bdefd629555494-wrap avia-button-center  avia-builder-el-33  avia-builder-el-no-sibling '><a href='https:\/\/quimper-evenements.fr\/public\/wp-content\/uploads\/sites\/3\/2026\/04\/BAT_WEB_Plaquette-Grande-Salle-2026.pdf'  class='avia-button av-lqggzhod-62966b9c14b9c114c7bdefd629555494 av-link-btn avia-icon_select-no avia-size-x-large avia-position-center avia-color-theme-color'   aria-label=\"T\u00e9l\u00e9charger la plaquette\"><span class='avia_iconbox_title' >T\u00e9l\u00e9charger la plaquette<\/span><\/a><\/div>\n<\/div><\/div>\n<style type=\"text\/css\" data-created_by=\"avia_inline_auto\" id=\"style-css-av-k2dd7gsq-74b4249d4253f9d382b162cc453d375f\">\n.flex_cell.av-k2dd7gsq-74b4249d4253f9d382b162cc453d375f{\nvertical-align:top;\nbackground:url(https:\/\/quimper-evenements.fr\/pro\/wp-content\/uploads\/sites\/2\/2026\/04\/Capture-decran-2026-04-17-095552-e1776413514424.png) 50% 50% no-repeat scroll ;\n}\n.responsive #top #wrap_all .flex_cell.av-k2dd7gsq-74b4249d4253f9d382b162cc453d375f{\npadding:30px 30px 30px 30px !important;\n}\n<\/style>\n<a class=\"av-screen-reader-only\" href=\"https:\/\/quimper-evenements.fr\/pro\/wp-content\/uploads\/sites\/2\/2026\/04\/BAT_WEB_Plaquette-Grande-Salle-2026.pdf\" >Suivre un lien ajout\u00e9 manuellement<\/a><div class='flex_cell av-k2dd7gsq-74b4249d4253f9d382b162cc453d375f av-gridrow-cell av_one_half no_margin av-hide-on-mobile  avia-builder-el-34  el_after_av_cell_one_half  avia-builder-el-last  content-align-top avia-full-contain avia-link-column av-cell-link'  data-link-column-url=\"https:\/\/quimper-evenements.fr\/pro\/wp-content\/uploads\/sites\/2\/2026\/04\/BAT_WEB_Plaquette-Grande-Salle-2026.pdf\"  ><div class='flex_cell_inner'><\/div><\/div><\/div><div id='av-layout-grid-4'  class='av-layout-grid-container av-jzmhhbwk-d6ef365c82734819fba7248ab5908e32 entry-content-wrapper main_color av-flex-cells  avia-builder-el-35  el_after_av_layout_row  el_before_av_section  grid-row-not-first  container_wrap fullsize'  >\n<div class='flex_cell av-cl8q4-36495c97989827b4af25eaf8504f4bee av-gridrow-cell av_one_half no_margin  avia-builder-el-36  el_before_av_cell_one_half  avia-builder-el-first '  ><div class='flex_cell_inner'><p>\n<style type=\"text\/css\" data-created_by=\"avia_inline_auto\" id=\"style-css-av-3se5v-78dbbb93bfc6d337f7a0cc7b29eb4659\">\n#top .av-special-heading.av-3se5v-78dbbb93bfc6d337f7a0cc7b29eb4659{\npadding-bottom:10px;\n}\nbody .av-special-heading.av-3se5v-78dbbb93bfc6d337f7a0cc7b29eb4659 .av-special-heading-tag .heading-char{\nfont-size:25px;\n}\n.av-special-heading.av-3se5v-78dbbb93bfc6d337f7a0cc7b29eb4659 .av-subheading{\nfont-size:15px;\n}\n<\/style>\n<div  class='av-special-heading av-3se5v-78dbbb93bfc6d337f7a0cc7b29eb4659 av-special-heading-h3 custom-color-heading  avia-builder-el-37  el_before_av_hr  avia-builder-el-first  av-linked-heading'><h3 class='av-special-heading-tag '  itemprop=\"headline\"  >Infos pratiques<\/h3><div class=\"special-heading-border\"><div class=\"special-heading-inner-border\"><\/div><\/div><\/div><br \/>\n\n<style type=\"text\/css\" data-created_by=\"avia_inline_auto\" id=\"style-css-av-jzmgsqw0-426ef5f4b31f25e73db0a093b25537a7\">\n#top .hr.hr-invisible.av-jzmgsqw0-426ef5f4b31f25e73db0a093b25537a7{\nheight:30px;\n}\n<\/style>\n<div  class='hr av-jzmgsqw0-426ef5f4b31f25e73db0a093b25537a7 hr-invisible  avia-builder-el-38  el_after_av_heading  el_before_av_codeblock '><span class='hr-inner '><span class=\"hr-inner-style\"><\/span><\/span><\/div><br \/>\n<br \/>\n<section  class='av_textblock_section av-m9jrta9u-10a6bb43820a21efe30c98ff42636e08 '   itemscope=\"itemscope\" itemtype=\"https:\/\/schema.org\/CreativeWork\" ><div class='avia_textblock'  itemprop=\"text\" ><p><strong>Kostum Park &#8211; \u00c0 nous la vie<\/strong><\/p>\n<p>5 rue Olivier de Serres<\/p>\n<p>29000 Quimper<\/p>\n<\/div><\/section><\/p>\n<\/div><\/div><div class='flex_cell av-c8snk-5adc687c78df2dc43f69d5cd3f1507a8 av-gridrow-cell av_one_half no_margin  avia-builder-el-41  el_after_av_cell_one_half  avia-builder-el-last '  ><div class='flex_cell_inner'><p>\n<style type=\"text\/css\" data-created_by=\"avia_inline_auto\" id=\"style-css-av-37yz7-8192ea98b909f88c594823a094fa3891\">\n#top .av-special-heading.av-37yz7-8192ea98b909f88c594823a094fa3891{\npadding-bottom:10px;\n}\nbody .av-special-heading.av-37yz7-8192ea98b909f88c594823a094fa3891 .av-special-heading-tag .heading-char{\nfont-size:25px;\n}\n.av-special-heading.av-37yz7-8192ea98b909f88c594823a094fa3891 .av-subheading{\nfont-size:15px;\n}\n<\/style>\n<div  class='av-special-heading av-37yz7-8192ea98b909f88c594823a094fa3891 av-special-heading-h3 custom-color-heading  avia-builder-el-42  el_before_av_tab_container  avia-builder-el-first  av-linked-heading'><h3 class='av-special-heading-tag '  itemprop=\"headline\"  >Venir au Kostum Park &#8211; \u00c0 nous la vie<\/h3><div class=\"special-heading-border\"><div class=\"special-heading-inner-border\"><\/div><\/div><\/div><br \/>\n<div  class='tabcontainer av-jzs5r82a-3de41b19a4742e8c1fb0d2c6a9857be8 top_tab  avia-builder-el-43  el_after_av_heading  avia-builder-el-last '>\n<section class='av_tab_section av_tab_section av-2khwz-a7c5c389b1af9e86bdbfc94e4e76d4c9'  itemscope=\"itemscope\" itemtype=\"https:\/\/schema.org\/CreativeWork\" ><div id='tab-id-6-tab' class='tab active_tab' role='tab' aria-selected=\"true\" tabindex=\"0\" data-fake-id='#tab-id-6' aria-controls='tab-id-6-content'  itemprop=\"headline\" >Transports en commun<\/div><div id='tab-id-6-content' class='tab_content active_tab_content' role='tabpanel' aria-labelledby='tab-id-6-tab' aria-hidden=\"false\"><div class='tab_inner_content invers-color'  itemprop=\"text\" ><p style=\"font-weight: 400;\"><strong>Avec les lignes r\u00e9guli\u00e8res de bus<\/strong><\/p>\n<ul>\n<li style=\"font-weight: 400;\">Arr\u00eat \u00ab Philippe Lebon \u00bb, \u00e0 cinq minutes \u00e0 pied (lignes 2, 3 et 6), du lundi au samedi<\/li>\n<li style=\"font-weight: 400;\">Et n\u2019oubliez pas : le bus est gratuit pour tous tout le week-end !<\/li>\n<\/ul>\n<p style=\"font-weight: 400;\"><strong>Avec la QUB City<\/strong><\/p>\n<ul>\n<li style=\"font-weight: 400;\">Garez-vous en centre-ville et montez dans la navette gratuite\u00a0pour rejoindre la grande salle\u00a0!<\/li>\n<li style=\"font-weight: 400;\">Passages toutes les 15 \u00e0 20 minutes, du lundi au samedi de 7h30 \u00e0 19h30<\/li>\n<\/ul>\n<p style=\"font-weight: 400;\"><strong>Gr\u00e2ce au dispositif renforc\u00e9 en soir\u00e9e les week-ends \u00a0<\/strong><\/p>\n<ul>\n<li style=\"font-weight: 400;\">+ de QUB City<\/li>\n<li style=\"font-weight: 400;\">1 liaison parking relais au d\u00e9part du parking de la Croix des Gardiens<\/li>\n<li style=\"font-weight: 400;\">Des navettes en bus pour assurer les retours dans l\u2019ensemble des quartiers de Quimper<\/li>\n<\/ul>\n<p style=\"font-weight: 400;\">Plus d\u2019infos sur\u00a0<a href=\"http:\/\/qub.bzh\/\" data-saferedirecturl=\"https:\/\/www.google.com\/url?q=http:\/\/qub.bzh&#038;source=gmail&#038;ust=1759242173010000&#038;usg=AOvVaw0g7IKCIx1kqBtAlyiZq6Uh\">qub.bzh<\/a><\/p>\n<\/div><\/div><\/section>\n<section class='av_tab_section av_tab_section av-23xxf-0d33d9930c2f62b916b17650af774614'  itemscope=\"itemscope\" itemtype=\"https:\/\/schema.org\/CreativeWork\" ><div id='tab-id-7-tab' class='tab' role='tab' aria-selected=\"false\" tabindex=\"0\" data-fake-id='#tab-id-7' aria-controls='tab-id-7-content'  itemprop=\"headline\" >Acc\u00e8s par la route<\/div><div id='tab-id-7-content' class='tab_content' role='tabpanel' aria-labelledby='tab-id-7-tab' aria-hidden=\"true\"><div class='tab_inner_content invers-color'  itemprop=\"text\" ><p><strong>Quimper, une ville au c\u0153ur du r\u00e9seau autoroutier ouest :<\/strong><\/p>\n<ul>\n<li>Quimper \u2013 Brest : 45 mn<\/li>\n<li>Quimper \u2013 Vannes : 1h20<\/li>\n<li>Quimper \u2013 Rennes : 2h30<\/li>\n<li>Quimper \u2013 Nantes : 2h30<\/li>\n<li>Quimper \u2013 Paris : 6h<\/li>\n<\/ul>\n<p><strong>Covoiturage :<\/strong><\/p>\n<p><strong><a href=\"https:\/\/www.ouestgo.fr\/evenements\/covoiturages\/breizh-transition\">OUESTGO<\/a>,<\/strong>\u00a0on sera proche ! Un service de covoiturage de proximit\u00e9, convivial et solidaire. Trouvez d\u00e8s \u00e0 pr\u00e9sent votre covoiturage ou proposez votre trajet.<\/p>\n<p><strong>Taxi<\/strong><\/p>\n<ul>\n<li><a href=\"http:\/\/www.taxi-quimper.fr\" target=\"_blank\" rel=\"noopener\">Radio Taxi Quimp\u00e9rois<\/a><br \/>\nT\u00e9l\u00e9phone : 02 98 90 21 21<\/li>\n<li><a href=\"http:\/\/www.allotaxiquimperois.com\/\" target=\"_blank\" rel=\"noopener\">Allo Taxi Quimp\u00e9rois<\/a><br \/>\nT\u00e9l\u00e9phone : 02 98 90 20 20<\/li>\n<\/ul>\n<p><strong>Parkings &#8211; Un dispositif de circulation sp\u00e9cifique avec modification de la circulation sera mis en place les soirs d&rsquo;exploitation.\u00a0<\/strong><\/p>\n<ul>\n<li>400 places v\u00e9los, zone de stationnement r\u00e9serv\u00e9e aux deux-roues motoris\u00e9s<\/li>\n<li>604 places de parking gratuites, 16 places pour les personnes \u00e0 mobilit\u00e9 r\u00e9duite<\/li>\n<li>41 places de parking r\u00e9serv\u00e9es au personnel et aux sportifs\/artistes<\/li>\n<li>Plus de 1 500 places \u00e0 proximit\u00e9 directe pour les visiteurs :\n<ul>\n<li>\u00c0 12 minutes \u00e0 pied : <a href=\"https:\/\/maps.app.goo.gl\/YxmouRcVyn59zFDt5\">parking temporaire 69 avenue des Sports (ancien site Capic)<\/a><\/li>\n<li>\u00c0 20 minutes \u00e0 pied : parking Michel-Gloaguen (12h gratuites)<\/li>\n<\/ul>\n<\/li>\n<\/ul>\n<\/div><\/div><\/section>\n<section class='av_tab_section av_tab_section av-20pkj-26093e712730eb43358085dbdfc2d5f3'  itemscope=\"itemscope\" itemtype=\"https:\/\/schema.org\/CreativeWork\" ><div id='tab-id-8-tab' class='tab' role='tab' aria-selected=\"false\" tabindex=\"0\" data-fake-id='#tab-id-8' aria-controls='tab-id-8-content'  itemprop=\"headline\" >Train<\/div><div id='tab-id-8-content' class='tab_content' role='tabpanel' aria-labelledby='tab-id-8-tab' aria-hidden=\"true\"><div class='tab_inner_content invers-color'  itemprop=\"text\" ><ul>\n<li>Gare SNCF, 1 place Louis Armand \u2013 29000 Quimper<br \/>\nSite internet : <a href=\"http:\/\/www.voyages-sncf.com\" target=\"_blank\" rel=\"noopener\"><strong>www.voyages-sncf.com<\/strong><\/a><br \/>\nGare situ\u00e9e dans le centre-ville de Quimper<\/li>\n<li>6 aller-retour TGV directs quotidiens avec Paris . L&rsquo;arriv\u00e9e de la LGV met Quimper \u00e0 3h17 de Paris. Lignes directes vers Bordeaux et Lyon.<\/li>\n<\/ul>\n<\/div><\/div><\/section>\n<section class='av_tab_section av_tab_section av-mkzhrv9k-138e1bc9d1040bad41859a2b628d439c'  itemscope=\"itemscope\" itemtype=\"https:\/\/schema.org\/CreativeWork\" ><div id='tab-id-9-tab' class='tab' role='tab' aria-selected=\"false\" tabindex=\"0\" data-fake-id='#tab-id-9' aria-controls='tab-id-9-content'  itemprop=\"headline\" >Restauration<\/div><div id='tab-id-9-content' class='tab_content' role='tabpanel' aria-labelledby='tab-id-9-tab' aria-hidden=\"true\"><div class='tab_inner_content invers-color'  itemprop=\"text\" ><p>Lors des spectacles et \u00e9v\u00e9nements sportifs, une buvette et de la restauration sont disponibles sur place.<\/p>\n<p>Proposez \u00e0 votre public de gagner du temps en profitant sur place d&rsquo;une offre de snacking, sandwichs et boissons avant le d\u00e9but des \u00e9v\u00e9nements.<\/p>\n<\/div><\/div><\/section>\n<section class='av_tab_section av_tab_section av-wfnb-ad9fdfd8d6b2e2df82343c227866aee9'  itemscope=\"itemscope\" itemtype=\"https:\/\/schema.org\/CreativeWork\" ><div id='tab-id-10-tab' class='tab' role='tab' aria-selected=\"false\" tabindex=\"0\" data-fake-id='#tab-id-10' aria-controls='tab-id-10-content'  itemprop=\"headline\" >H\u00e9bergement<\/div><div id='tab-id-10-content' class='tab_content' role='tabpanel' aria-labelledby='tab-id-10-tab' aria-hidden=\"true\"><div class='tab_inner_content invers-color'  itemprop=\"text\" ><p>Quimper offre une capacit\u00e9 h\u00f4teli\u00e8re de plus de 860 chambres class\u00e9es du 1 au 4*, dont la plupart accessibles \u00e0 pied depuis le centre-ville. Retrouvez <a href=\"https:\/\/quimper-evenements.fr\/pro\/hebergement\/\" target=\"_blank\" rel=\"noopener\"><strong>les \u00e9tablissements partenaires<\/strong><\/a> de Quimper Ev\u00e9nements et profitez des tarifs sp\u00e9ciaux \u00e9v\u00e9nements.<br \/>\nA cela s&rsquo;ajoute les 3 000 chambres situ\u00e9es en bord de mer \u00e0 moins de 20 min de Quimper.<\/p>\n<\/div><\/div><\/section>\n<\/div><\/p>\n<\/div><\/div>\n<\/div><\/p>\n<div id='av_section_2'  class='avia-section av-jzlcoc2h-2af43579af1776a479683c35b995611a socket_color avia-section-small avia-no-border-styling  avia-builder-el-44  el_after_av_layout_row  avia-builder-el-last  avia-bg-style-scroll container_wrap fullsize'  ><div class='container av-section-cont-open' ><div class='template-page content  av-content-full alpha units'><div class='post-entry post-entry-type-page post-entry-1859'><div class='entry-content-wrapper clearfix'>\n<div class='flex_column_table av-2gwvr-88c5aa03981501940e3b90a370b75966 sc-av_one_fourth av-equal-height-column-flextable'>\n<style type=\"text\/css\" data-created_by=\"avia_inline_auto\" id=\"style-css-av-2gwvr-88c5aa03981501940e3b90a370b75966\">\n.flex_column.av-2gwvr-88c5aa03981501940e3b90a370b75966{\nborder-radius:0px 0px 0px 0px;\npadding:0px 0px 0px 0px;\n}\n<\/style>\n<div  class='flex_column av-2gwvr-88c5aa03981501940e3b90a370b75966 av_one_fourth  avia-builder-el-45  el_before_av_one_half  avia-builder-el-first  first no_margin flex_column_table_cell av-equal-height-column av-align-middle av-zero-column-padding  '     ><style type=\"text\/css\" data-created_by=\"avia_inline_auto\" id=\"style-css-av-wcvb-3675627f497985c25ea21a80f01b1564\">\n#top .av-special-heading.av-wcvb-3675627f497985c25ea21a80f01b1564{\npadding-bottom:0;\nfont-size:20px;\n}\nbody .av-special-heading.av-wcvb-3675627f497985c25ea21a80f01b1564 .av-special-heading-tag .heading-char{\nfont-size:25px;\n}\n#top #wrap_all .av-special-heading.av-wcvb-3675627f497985c25ea21a80f01b1564 .av-special-heading-tag{\nfont-size:20px;\n}\n.av-special-heading.av-wcvb-3675627f497985c25ea21a80f01b1564 .av-subheading{\nfont-size:15px;\n}\n\n@media only screen and (min-width: 480px) and (max-width: 767px){ \n#top #wrap_all .av-special-heading.av-wcvb-3675627f497985c25ea21a80f01b1564 .av-special-heading-tag{\nfont-size:0.8em;\n}\n}\n\n@media only screen and (max-width: 479px){ \n#top #wrap_all .av-special-heading.av-wcvb-3675627f497985c25ea21a80f01b1564 .av-special-heading-tag{\nfont-size:0.8em;\n}\n}\n<\/style>\n<div  class='av-special-heading av-wcvb-3675627f497985c25ea21a80f01b1564 av-special-heading-h2 blockquote modern-quote modern-centered  avia-builder-el-46  avia-builder-el-no-sibling  av-inherit-size'><h2 class='av-special-heading-tag '  itemprop=\"headline\"  >Newsletter Pro<\/h2><div class='av-subheading av-subheading_below'><p>Restez inform\u00e9s, abonnez-vous.<\/p>\n<\/div><div class=\"special-heading-border\"><div class=\"special-heading-inner-border\"><\/div><\/div><\/div><\/div>\n<style type=\"text\/css\" data-created_by=\"avia_inline_auto\" id=\"style-css-av-snr-fbb2f026117a22211dece3f883709b91\">\n.flex_column.av-snr-fbb2f026117a22211dece3f883709b91{\nborder-width:40px;\nborder-style:solid;\nborder-radius:0px 0px 0px 0px;\npadding:0px 0px 0px 0px;\n}\n<\/style>\n<div  class='flex_column av-snr-fbb2f026117a22211dece3f883709b91 av_one_half  avia-builder-el-47  el_after_av_one_fourth  el_before_av_one_fourth  no_margin flex_column_table_cell av-equal-height-column av-align-middle av-zero-column-padding  '     ><\/div>\n<style type=\"text\/css\" data-created_by=\"avia_inline_auto\" id=\"style-css-av-yfyv-3bc2ce212784ab04f9fa4029aa315f3e\">\n.flex_column.av-yfyv-3bc2ce212784ab04f9fa4029aa315f3e{\nborder-radius:0px 0px 0px 0px;\npadding:0px 0px 0px 0px;\n}\n<\/style>\n<div  class='flex_column av-yfyv-3bc2ce212784ab04f9fa4029aa315f3e av_one_fourth  avia-builder-el-49  el_after_av_one_half  el_before_av_codeblock  no_margin flex_column_table_cell av-equal-height-column av-align-middle av-zero-column-padding  '     ><style type=\"text\/css\" data-created_by=\"avia_inline_auto\" id=\"style-css-av-k2ep82sz-0b71c17130348b49648e165904603f45\">\n#top .av_textblock_section.av-k2ep82sz-0b71c17130348b49648e165904603f45 .avia_textblock{\nfont-size:12px;\n}\n<\/style>\n<section  class='av_textblock_section av-k2ep82sz-0b71c17130348b49648e165904603f45 '   itemscope=\"itemscope\" itemtype=\"https:\/\/schema.org\/CreativeWork\" ><div class='avia_textblock'  itemprop=\"text\" ><p>En cliquant sur \u00ab\u00a0S&rsquo;abonner\u00a0\u00bb, j\u2019accepte de recevoir cette newsletter et je comprends que je peux me d\u00e9sabonner facilement \u00e0 tout moment.<\/p>\n<\/div><\/section><\/div><\/div><!--close column table wrapper. Autoclose: 1 -->\n\n","protected":false},"excerpt":{"rendered":"<p>Lieu design et fonctionnel pour organiser vos salons, spectacles, manifestations sportives \u00e0 Quimper (Finist\u00e8re &#8211; Bretagne). <\/p>\n","protected":false},"author":5,"featured_media":0,"parent":0,"menu_order":0,"comment_status":"closed","ping_status":"closed","template":"","meta":{"footnotes":""},"class_list":["post-1859","page","type-page","status-publish","hentry"],"_links":{"self":[{"href":"https:\/\/quimper-evenements.fr\/pro\/wp-json\/wp\/v2\/pages\/1859","targetHints":{"allow":["GET"]}}],"collection":[{"href":"https:\/\/quimper-evenements.fr\/pro\/wp-json\/wp\/v2\/pages"}],"about":[{"href":"https:\/\/quimper-evenements.fr\/pro\/wp-json\/wp\/v2\/types\/page"}],"author":[{"embeddable":true,"href":"https:\/\/quimper-evenements.fr\/pro\/wp-json\/wp\/v2\/users\/5"}],"replies":[{"embeddable":true,"href":"https:\/\/quimper-evenements.fr\/pro\/wp-json\/wp\/v2\/comments?post=1859"}],"version-history":[{"count":60,"href":"https:\/\/quimper-evenements.fr\/pro\/wp-json\/wp\/v2\/pages\/1859\/revisions"}],"predecessor-version":[{"id":2083,"href":"https:\/\/quimper-evenements.fr\/pro\/wp-json\/wp\/v2\/pages\/1859\/revisions\/2083"}],"wp:attachment":[{"href":"https:\/\/quimper-evenements.fr\/pro\/wp-json\/wp\/v2\/media?parent=1859"}],"curies":[{"name":"wp","href":"https:\/\/api.w.org\/{rel}","templated":true}]}}