{"id":63,"date":"2019-08-21T16:42:55","date_gmt":"2019-08-21T14:42:55","guid":{"rendered":"http:\/\/quimper-evenements.lan\/pro\/?page_id=63"},"modified":"2025-02-18T11:53:34","modified_gmt":"2025-02-18T10:53:34","slug":"destination-quimper","status":"publish","type":"page","link":"https:\/\/quimper-evenements.fr\/pro\/destination-quimper\/","title":{"rendered":"Destination Quimper"},"content":{"rendered":"\n<style type=\"text\/css\" data-created_by=\"avia_inline_auto\" id=\"style-css-av-jzld82jw-42c69f947df6d8368bdf43217355fc6a\">\n.avia-section.av-jzld82jw-42c69f947df6d8368bdf43217355fc6a{\nbackground-repeat:no-repeat;\nbackground-image:url(https:\/\/quimper-evenements.fr\/pro\/wp-content\/uploads\/sites\/2\/2019\/11\/quimper-4441047_1920-V2.jpg);\nbackground-position:50% 50%;\nbackground-attachment:scroll;\n}\n.avia-section.av-jzld82jw-42c69f947df6d8368bdf43217355fc6a .av-section-color-overlay{\nopacity:0.7;\nbackground-color:#e20586;\n}\n<\/style>\n<div id='av_section_1'  class='avia-section av-jzld82jw-42c69f947df6d8368bdf43217355fc6a main_color avia-section-default avia-no-border-styling  avia-builder-el-0  el_before_av_layout_row  avia-builder-el-first  avia-bg-style-scroll av-section-color-overlay-active av-minimum-height av-minimum-height-custom av-height-custom  container_wrap fullsize'  data-section-bg-repeat='no-repeat' data-av_minimum_height_px='247'><div class=\"av-section-color-overlay-wrap\"><div class=\"av-section-color-overlay\"><\/div><div class='container av-section-cont-open' style='height:247px'><main  role=\"main\" itemprop=\"mainContentOfPage\"  class='template-page content  av-content-full alpha units'><div class='post-entry post-entry-type-page post-entry-63'><div class='entry-content-wrapper clearfix'>\n\n<style type=\"text\/css\" data-created_by=\"avia_inline_auto\" id=\"style-css-av-jzldc8xk-15c47b59b8b40561afbe350134e41143\">\n#top .av-special-heading.av-jzldc8xk-15c47b59b8b40561afbe350134e41143{\npadding-bottom:10px;\ncolor:#ffffff;\n}\nbody .av-special-heading.av-jzldc8xk-15c47b59b8b40561afbe350134e41143 .av-special-heading-tag .heading-char{\nfont-size:25px;\n}\n.av-special-heading.av-jzldc8xk-15c47b59b8b40561afbe350134e41143 .special-heading-inner-border{\nborder-color:#ffffff;\n}\n.av-special-heading.av-jzldc8xk-15c47b59b8b40561afbe350134e41143 .av-subheading{\nfont-size:25px;\n}\n<\/style>\n<div  class='av-special-heading av-jzldc8xk-15c47b59b8b40561afbe350134e41143 av-special-heading-h1 custom-color-heading blockquote modern-quote  avia-builder-el-1  avia-builder-el-no-sibling '><h1 class='av-special-heading-tag '  itemprop=\"headline\"  >Destination Quimper<\/h1><div class='av_custom_color av-subheading av-subheading_below'><p>Votre \u00e9v\u00e9nement en Bretagne Sud<\/p>\n<\/div><div class=\"special-heading-border\"><div class=\"special-heading-inner-border\"><\/div><\/div><\/div>\n\n<\/div><\/div><\/main><!-- close content main element --><\/div><\/div><\/div><div id='av-layout-grid-1'  class='av-layout-grid-container av-jzmg73nm-50d87f253350c82cb13238f86ea5a67f entry-content-wrapper main_color av-flex-cells  avia-builder-el-2  el_after_av_section  el_before_av_layout_row  grid-row-not-first  container_wrap fullsize'  >\n<div class='flex_cell av-gw8qo-903cd35f06ac8a654868357fe9bd864d av-gridrow-cell av_one_full no_margin  avia-builder-el-3  avia-builder-el-no-sibling '  ><div class='flex_cell_inner'><p>\n<style type=\"text\/css\" data-created_by=\"avia_inline_auto\" id=\"style-css-av-1e2in-7edced4b81f72350e8bcd2079ac6665c\">\n#top .av-special-heading.av-1e2in-7edced4b81f72350e8bcd2079ac6665c{\npadding-bottom:10px;\n}\nbody .av-special-heading.av-1e2in-7edced4b81f72350e8bcd2079ac6665c .av-special-heading-tag .heading-char{\nfont-size:25px;\n}\n.av-special-heading.av-1e2in-7edced4b81f72350e8bcd2079ac6665c .av-subheading{\nfont-size:15px;\n}\n<\/style>\n<div  class='av-special-heading av-1e2in-7edced4b81f72350e8bcd2079ac6665c av-special-heading-h3  avia-builder-el-4  el_before_av_heading  avia-builder-el-first '><h3 class='av-special-heading-tag '  itemprop=\"headline\"  >Destination Quimper <\/h3><div class=\"special-heading-border\"><div class=\"special-heading-inner-border\"><\/div><\/div><\/div><br \/>\n\n<style type=\"text\/css\" data-created_by=\"avia_inline_auto\" id=\"style-css-av-14bz7-b527abc88222602840364fd5471ef5d8\">\n#top .av-special-heading.av-14bz7-b527abc88222602840364fd5471ef5d8{\npadding-bottom:10px;\n}\nbody .av-special-heading.av-14bz7-b527abc88222602840364fd5471ef5d8 .av-special-heading-tag .heading-char{\nfont-size:25px;\n}\n.av-special-heading.av-14bz7-b527abc88222602840364fd5471ef5d8 .av-subheading{\nfont-size:15px;\n}\n<\/style>\n<div  class='av-special-heading av-14bz7-b527abc88222602840364fd5471ef5d8 av-special-heading-h4 blockquote modern-quote  avia-builder-el-5  el_after_av_heading  el_before_av_textblock '><h4 class='av-special-heading-tag '  itemprop=\"headline\"  >Donnez l\u2019\u00e9nergie de la Bretagne \u00e0 votre \u00e9v\u00e9nement<\/h4><div class=\"special-heading-border\"><div class=\"special-heading-inner-border\"><\/div><\/div><\/div><br \/>\n<section  class='av_textblock_section av-jzmg903n-a1303e1088389cd35f28717e14926d7d '   itemscope=\"itemscope\" itemtype=\"https:\/\/schema.org\/CreativeWork\" ><div class='avia_textblock'  itemprop=\"text\" ><p>Quimper Ev\u00e9nements vous accueille dans un\u00a0<strong>cadre naturel<\/strong>\u00a0et<strong>\u00a0patrimonial exceptionnel<\/strong>.\u00a0De Quimper, ville m\u00e9di\u00e9vale, \u00e0 la Pointe de la Torche en passant par Locronan, la Pointe du Raz ou les Gl\u00e9nan : autant de sites prestigieux, de d\u00e9cors vari\u00e9s et \u00e9tonnants \u00e0 d\u00e9couvrir de fa\u00e7on historique, culturelle ou sportive !<\/p>\n<p>Quimper, Capitale de la Cornouaille id\u00e9alement situ\u00e9e entre terre et mer, est la nouvelle destination congr\u00e8s, \u00e9v\u00e9nements et spectacles \u00e0 ne pas manquer.<\/p>\n<\/div><\/section><\/p>\n<\/div><\/div>\n<\/div>\n<div id='av-layout-grid-2'  class='av-layout-grid-container av-jzmg73nm-fbb90f3f5a82b842d8acd3419c499d39 entry-content-wrapper alternate_color av-flex-cells  avia-builder-el-7  el_after_av_layout_row  el_before_av_layout_row  grid-row-not-first  container_wrap fullsize'  >\n<div class='flex_cell av-gw8qo-903cd35f06ac8a654868357fe9bd864d av-gridrow-cell av_one_half no_margin  avia-builder-el-8  el_before_av_cell_one_half  avia-builder-el-first '  ><div class='flex_cell_inner'><p>\n<style type=\"text\/css\" data-created_by=\"avia_inline_auto\" id=\"style-css-av-5v8j-2606a19d1baed137037ff83e8e5376d2\">\n#top .av-special-heading.av-5v8j-2606a19d1baed137037ff83e8e5376d2{\npadding-bottom:10px;\n}\nbody .av-special-heading.av-5v8j-2606a19d1baed137037ff83e8e5376d2 .av-special-heading-tag .heading-char{\nfont-size:25px;\n}\n.av-special-heading.av-5v8j-2606a19d1baed137037ff83e8e5376d2 .av-subheading{\nfont-size:15px;\n}\n<\/style>\n<div  class='av-special-heading av-5v8j-2606a19d1baed137037ff83e8e5376d2 av-special-heading-h4 blockquote modern-quote  avia-builder-el-9  el_before_av_textblock  avia-builder-el-first '><h4 class='av-special-heading-tag '  itemprop=\"headline\"  >Ville d\u2019exception<\/h4><div class=\"special-heading-border\"><div class=\"special-heading-inner-border\"><\/div><\/div><\/div><br \/>\n<section  class='av_textblock_section av-jzmg903n-a1303e1088389cd35f28717e14926d7d '   itemscope=\"itemscope\" itemtype=\"https:\/\/schema.org\/CreativeWork\" ><div class='avia_textblock'  itemprop=\"text\" ><p>Avec le label de <strong>ville d&rsquo;art et d&rsquo;histoire<\/strong>, Quimper se distingue par son <strong>patrimoine architectural<\/strong> et <strong>culturel unique<\/strong> de cit\u00e9 m\u00e9di\u00e9vale : la cath\u00e9drale St Corentin, les maisons des XVI\u00e8 et XVII\u00e8 si\u00e8cles qui c\u00f4toient les remparts et les quais de l&rsquo;Odet, le quartier de Locmaria, les mus\u00e9es, les rues anim\u00e9es et commer\u00e7antes.<\/p>\n<\/div><\/section><br \/>\n\n<style type=\"text\/css\" data-created_by=\"avia_inline_auto\" id=\"style-css-av-wz33-b8999de12496ee2ee108f7b41a8f6030\">\n#top .av-special-heading.av-wz33-b8999de12496ee2ee108f7b41a8f6030{\npadding-bottom:10px;\n}\nbody .av-special-heading.av-wz33-b8999de12496ee2ee108f7b41a8f6030 .av-special-heading-tag .heading-char{\nfont-size:25px;\n}\n.av-special-heading.av-wz33-b8999de12496ee2ee108f7b41a8f6030 .av-subheading{\nfont-size:15px;\n}\n<\/style>\n<div  class='av-special-heading av-wz33-b8999de12496ee2ee108f7b41a8f6030 av-special-heading-h4 blockquote modern-quote  avia-builder-el-11  el_after_av_textblock  el_before_av_textblock '><h4 class='av-special-heading-tag '  itemprop=\"headline\"  >Entre terre et mer<\/h4><div class=\"special-heading-border\"><div class=\"special-heading-inner-border\"><\/div><\/div><\/div><br \/>\n<section  class='av_textblock_section av-jzmg903n-e473ca3dc217a3888ef3dc55f6b694eb '   itemscope=\"itemscope\" itemtype=\"https:\/\/schema.org\/CreativeWork\" ><div class='avia_textblock'  itemprop=\"text\" ><p><strong>Reli\u00e9 \u00e0 la mer<\/strong> par<strong> l&rsquo;Odet<\/strong> consid\u00e9r\u00e9 comme <strong>\u00ab\u00a0la plus belle rivi\u00e8re de France\u00a0\u00bb <\/strong>, le pays de Quimper offre tout un ensemble de beaut\u00e9s, tant naturelles qu&rsquo;architecturales (manoirs, ch\u00e2teaux&#8230;), et autant de lieux insolites pour vos \u00e9v\u00e9nements. Randonn\u00e9es, route des ch\u00e2teaux, golf, vedettes sur l&rsquo;Odet, excursions nature, sports de glisse&#8230;<\/p>\n<\/div><\/section><\/p>\n<\/div><\/div>\n<style type=\"text\/css\" data-created_by=\"avia_inline_auto\" id=\"style-css-av-1n9e4-23a7e35a42d8eb1808818e2fcc67ec29\">\n.flex_cell.av-1n9e4-23a7e35a42d8eb1808818e2fcc67ec29{\nvertical-align:middle;\n}\n.responsive #top #wrap_all .flex_cell.av-1n9e4-23a7e35a42d8eb1808818e2fcc67ec29{\npadding:30px 30px 30px 30px !important;\n}\n<\/style>\n<div class='flex_cell av-1n9e4-23a7e35a42d8eb1808818e2fcc67ec29 av-gridrow-cell av_one_half no_margin  avia-builder-el-13  el_after_av_cell_one_half  avia-builder-el-last  content-align-middle'  ><div class='flex_cell_inner'>\n<style type=\"text\/css\" data-created_by=\"avia_inline_auto\" id=\"style-css-av-jzmg9pje-bfad9ebcaa957ca98464a481570ef1da\">\n.avia-video.av-jzmg9pje-bfad9ebcaa957ca98464a481570ef1da{\npadding-bottom:63%;\n}\n<\/style>\n<div  class='avia-video av-jzmg9pje-bfad9ebcaa957ca98464a481570ef1da avia-video-custom av-no-preview-image avia-video-load-always av-lazyload-immediate av-lazyload-video-embed'  itemprop=\"video\" itemtype=\"https:\/\/schema.org\/VideoObject\"  data-original_url='https:\/\/youtu.be\/NYYIUA5lb18'><script type='text\/html' class='av-video-tmpl'><div class='avia-iframe-wrap'><iframe loading=\"lazy\" title=\"Quimper Bretagne Occidentale : choisissez une terre d&#039;entreprises\" width=\"1500\" height=\"844\" src=\"https:\/\/www.youtube.com\/embed\/NYYIUA5lb18?feature=oembed&autoplay=0&loop=0&controls=1&mute=0\" frameborder=\"0\" allow=\"accelerometer; autoplay; clipboard-write; encrypted-media; gyroscope; picture-in-picture; web-share\" referrerpolicy=\"strict-origin-when-cross-origin\" allowfullscreen><\/iframe><\/div><\/script><div class='av-click-to-play-overlay'><div class=\"avia_playpause_icon\"><\/div><\/div><\/div>\n<\/div><\/div>\n<\/div>\n<div id='av-layout-grid-3'  class='av-layout-grid-container av-jzmg73nm-50d87f253350c82cb13238f86ea5a67f entry-content-wrapper main_color av-flex-cells  avia-builder-el-15  el_after_av_layout_row  el_before_av_one_third  grid-row-not-first  container_wrap fullsize'  >\n\n<style type=\"text\/css\" data-created_by=\"avia_inline_auto\" id=\"style-css-av-gw8qo-16e92753926d85b3ffa3b626ced19d01\">\n.flex_cell.av-gw8qo-16e92753926d85b3ffa3b626ced19d01{\nvertical-align:middle;\n}\n.responsive #top #wrap_all .flex_cell.av-gw8qo-16e92753926d85b3ffa3b626ced19d01{\npadding:30px 30px 30px 30px !important;\n}\n<\/style>\n<div class='flex_cell av-gw8qo-16e92753926d85b3ffa3b626ced19d01 av-gridrow-cell av_one_half no_margin  avia-builder-el-16  el_before_av_cell_one_half  avia-builder-el-first  content-align-middle'  ><div class='flex_cell_inner'><p>\n<style type=\"text\/css\" data-created_by=\"avia_inline_auto\" id=\"style-css-av-11nrb-0981c7251ffc25c14d89f61b7133a5fe\">\n#top .av-special-heading.av-11nrb-0981c7251ffc25c14d89f61b7133a5fe{\npadding-bottom:10px;\n}\nbody .av-special-heading.av-11nrb-0981c7251ffc25c14d89f61b7133a5fe .av-special-heading-tag .heading-char{\nfont-size:25px;\n}\n.av-special-heading.av-11nrb-0981c7251ffc25c14d89f61b7133a5fe .av-subheading{\nfont-size:15px;\n}\n<\/style>\n<div  class='av-special-heading av-11nrb-0981c7251ffc25c14d89f61b7133a5fe av-special-heading-h4 blockquote modern-quote  avia-builder-el-17  el_before_av_textblock  avia-builder-el-first '><h4 class='av-special-heading-tag '  itemprop=\"headline\"  >Quimper, capitale \u00e9conomique et touristique<\/h4><div class=\"special-heading-border\"><div class=\"special-heading-inner-border\"><\/div><\/div><\/div><br \/>\n<section  class='av_textblock_section av-jzmg903n-a1303e1088389cd35f28717e14926d7d '   itemscope=\"itemscope\" itemtype=\"https:\/\/schema.org\/CreativeWork\" ><div class='avia_textblock'  itemprop=\"text\" ><p>Au c\u0153ur d&rsquo;une <strong>Bretagne attractive<\/strong>, Quimper b\u00e9n\u00e9ficie d&rsquo;une <strong>position privil\u00e9gi\u00e9e\u00a0<\/strong><strong>\u00e0 proximit\u00e9 du littoral<\/strong>.\u00a0<strong>Zone \u00e9conomique de premier plan<\/strong>, l&rsquo;agglom\u00e9ration de Quimper (90.443 habitants) rayonne \u00e0 l&rsquo;\u00e9chelle de toute la Cornouaille avec un <strong>tissus \u00e9conomique vari\u00e9<\/strong> et disposant de nombreux atouts.\u00a0L&rsquo;arriv\u00e9e de la ligne \u00e0 grande vitesse contribuera au d\u00e9veloppement du territoire et des \u00e9changes \u00e9conomiques.\u00a0Entre <strong>tradition<\/strong> et <strong>modernit\u00e9<\/strong>, des c\u00e9l\u00e8bres fa\u00efences aux derni\u00e8res innovations technologiques, Quimper est <strong>une terre riche d&rsquo;entrepreneurs<\/strong> disposant de nombreux savoir-faire et comp\u00e9tences.<\/p>\n<p>Pour plus d&rsquo;informations sur le territoire, consultez les sites de <a href=\"http:\/\/www.quimper-bretagne-occidentale.bzh\/\" target=\"_blank\" rel=\"noopener\"><strong>Quimper Bretagne Occidentale<\/strong><\/a>, et de l&rsquo;<a href=\"http:\/\/www.quimper-tourisme.com\" target=\"_blank\" rel=\"noopener\"><strong>Office de Tourisme de Quimper Cornouaille<\/strong><\/a><\/p>\n<\/div><\/section><\/p>\n<\/div><\/div>\n<style type=\"text\/css\" data-created_by=\"avia_inline_auto\" id=\"style-css-av-1n9e4-23a7e35a42d8eb1808818e2fcc67ec29\">\n.flex_cell.av-1n9e4-23a7e35a42d8eb1808818e2fcc67ec29{\nvertical-align:middle;\n}\n.responsive #top #wrap_all .flex_cell.av-1n9e4-23a7e35a42d8eb1808818e2fcc67ec29{\npadding:30px 30px 30px 30px !important;\n}\n<\/style>\n<div class='flex_cell av-1n9e4-23a7e35a42d8eb1808818e2fcc67ec29 av-gridrow-cell av_one_half no_margin  avia-builder-el-19  el_after_av_cell_one_half  avia-builder-el-last  content-align-middle'  ><div class='flex_cell_inner'>\n<style type=\"text\/css\" data-created_by=\"avia_inline_auto\" id=\"style-css-av-kpwocr57-ee4b3c919f22848bfbd5c19edd6efa1c\">\n.avia-video.av-kpwocr57-ee4b3c919f22848bfbd5c19edd6efa1c{\npadding-bottom:63%;\n}\n<\/style>\n<div  class='avia-video av-kpwocr57-ee4b3c919f22848bfbd5c19edd6efa1c avia-video-custom av-no-preview-image avia-video-load-always av-lazyload-immediate av-lazyload-video-embed'  itemprop=\"video\" itemtype=\"https:\/\/schema.org\/VideoObject\"  data-original_url='https:\/\/www.youtube.com\/watch?v=9KAnbNlecc4'><script type='text\/html' class='av-video-tmpl'><div class='avia-iframe-wrap'><iframe loading=\"lazy\" title=\"Mon \u00e9v\u00e9nement \u00e0 Quimper\" width=\"1500\" height=\"844\" src=\"https:\/\/www.youtube.com\/embed\/9KAnbNlecc4?feature=oembed&autoplay=0&loop=0&controls=1&mute=0\" frameborder=\"0\" allow=\"accelerometer; autoplay; clipboard-write; encrypted-media; gyroscope; picture-in-picture; web-share\" referrerpolicy=\"strict-origin-when-cross-origin\" allowfullscreen><\/iframe><\/div><\/script><div class='av-click-to-play-overlay'><div class=\"avia_playpause_icon\"><\/div><\/div><\/div>\n<\/div><\/div>\n<\/div><div id='after_grid_row_3'  class='main_color av_default_container_wrap container_wrap fullsize'  ><div class='container av-section-cont-open' ><div class='template-page content  av-content-full alpha units'><div class='post-entry post-entry-type-page post-entry-63'><div class='entry-content-wrapper clearfix'>\n\n<style type=\"text\/css\" data-created_by=\"avia_inline_auto\" id=\"style-css-av-2bkdr-366befac88ac93c85161059a75fad751\">\n.flex_column.av-2bkdr-366befac88ac93c85161059a75fad751{\nborder-radius:0px 0px 0px 0px;\npadding:0px 0px 0px 0px;\n}\n<\/style>\n<div  class='flex_column av-2bkdr-366befac88ac93c85161059a75fad751 av_one_third  avia-builder-el-21  el_after_av_layout_row  el_before_av_one_third  avia-builder-el-first  first flex_column_div av-zero-column-padding  '     ><style type=\"text\/css\" data-created_by=\"avia_inline_auto\" id=\"style-css-av-kpwnpyw1-3f361d5709e3df691a8462452e567d03\">\n.avia-image-container.av-kpwnpyw1-3f361d5709e3df691a8462452e567d03 img.avia_image{\nbox-shadow:none;\n}\n.avia-image-container.av-kpwnpyw1-3f361d5709e3df691a8462452e567d03 .av-caption-image-overlay-bg{\nopacity:0.4;\nbackground-color:#000000;\n}\n.avia-image-container.av-kpwnpyw1-3f361d5709e3df691a8462452e567d03 .av-image-caption-overlay-center{\ncolor:#ffffff;\n}\n<\/style>\n<div  class='avia-image-container av-kpwnpyw1-3f361d5709e3df691a8462452e567d03 av-styling- av-hover-grow av-img-linked avia-align-center  avia-builder-el-22  avia-builder-el-no-sibling  noHover av-overlay-hover-deactivate'   itemprop=\"image\" itemscope=\"itemscope\" itemtype=\"https:\/\/schema.org\/ImageObject\" ><div class=\"avia-image-container-inner\"><div class=\"avia-image-overlay-wrap\"><a href=\"https:\/\/quimper-evenements.fr\/pro\/\" class='avia_image '  aria-label='CENTRE DES CONGRES DU CHAPEAU ROUGE QUIMPER SALLE PLENIERE'><div class=\"av-image-caption-overlay\"><div class=\"av-caption-image-overlay-bg\"><\/div><div class=\"av-image-caption-overlay-position\"><div class=\"av-image-caption-overlay-center\"><p>Les lieux pour vos \u00e9v\u00e9nements<\/p>\n<\/div><\/div><\/div><img decoding=\"async\" fetchpriority=\"high\" class='wp-image-749 avia-img-lazy-loading-not-749 avia_image ' src=\"https:\/\/quimper-evenements.fr\/pro\/wp-content\/uploads\/sites\/2\/2019\/10\/HD_Salle_ChapeauRouge-3931-300x200.jpg\" alt='CENTRE DES CONGRES DU CHAPEAU ROUGE QUIMPER SALLE PLENIERE' title='CENTRE DES CONGRES DU CHAPEAU ROUGE QUIMPER SALLE PLENIERE'  height=\"200\" width=\"300\"  itemprop=\"thumbnailUrl\" srcset=\"https:\/\/quimper-evenements.fr\/pro\/wp-content\/uploads\/sites\/2\/2019\/10\/HD_Salle_ChapeauRouge-3931-300x200.jpg 300w, https:\/\/quimper-evenements.fr\/pro\/wp-content\/uploads\/sites\/2\/2019\/10\/HD_Salle_ChapeauRouge-3931-768x513.jpg 768w, https:\/\/quimper-evenements.fr\/pro\/wp-content\/uploads\/sites\/2\/2019\/10\/HD_Salle_ChapeauRouge-3931-1030x688.jpg 1030w, https:\/\/quimper-evenements.fr\/pro\/wp-content\/uploads\/sites\/2\/2019\/10\/HD_Salle_ChapeauRouge-3931-1500x1001.jpg 1500w, https:\/\/quimper-evenements.fr\/pro\/wp-content\/uploads\/sites\/2\/2019\/10\/HD_Salle_ChapeauRouge-3931-705x471.jpg 705w, https:\/\/quimper-evenements.fr\/pro\/wp-content\/uploads\/sites\/2\/2019\/10\/HD_Salle_ChapeauRouge-3931-450x300.jpg 450w\" sizes=\"(max-width: 300px) 100vw, 300px\" \/><\/a><\/div><\/div><\/div><\/div>\n\n<style type=\"text\/css\" data-created_by=\"avia_inline_auto\" id=\"style-css-av-1bz7j-2cd375199b4a85a77e66be4680d2185d\">\n.flex_column.av-1bz7j-2cd375199b4a85a77e66be4680d2185d{\nborder-radius:0px 0px 0px 0px;\npadding:0px 0px 0px 0px;\n}\n<\/style>\n<div  class='flex_column av-1bz7j-2cd375199b4a85a77e66be4680d2185d av_one_third  avia-builder-el-23  el_after_av_one_third  el_before_av_one_third  flex_column_div av-zero-column-padding  '     ><style type=\"text\/css\" data-created_by=\"avia_inline_auto\" id=\"style-css-av-kpwo346n-2f21216d3e2bc0a03ded5a2d3e597453\">\n.avia-image-container.av-kpwo346n-2f21216d3e2bc0a03ded5a2d3e597453 img.avia_image{\nbox-shadow:none;\n}\n.avia-image-container.av-kpwo346n-2f21216d3e2bc0a03ded5a2d3e597453 .av-caption-image-overlay-bg{\nopacity:0.4;\nbackground-color:#000000;\n}\n.avia-image-container.av-kpwo346n-2f21216d3e2bc0a03ded5a2d3e597453 .av-image-caption-overlay-center{\ncolor:#ffffff;\n}\n<\/style>\n<div  class='avia-image-container av-kpwo346n-2f21216d3e2bc0a03ded5a2d3e597453 av-styling- av-hover-grow av-img-linked avia-align-center  avia-builder-el-24  avia-builder-el-no-sibling  noHover av-overlay-hover-deactivate'   itemprop=\"image\" itemscope=\"itemscope\" itemtype=\"https:\/\/schema.org\/ImageObject\" ><div class=\"avia-image-container-inner\"><div class=\"avia-image-overlay-wrap\"><a href=\"https:\/\/quimper-evenements.fr\/pro\/nos-offres\/\" class='avia_image '  aria-label='Bureau des congr\u00e8s'><div class=\"av-image-caption-overlay\"><div class=\"av-caption-image-overlay-bg\"><\/div><div class=\"av-image-caption-overlay-position\"><div class=\"av-image-caption-overlay-center\"><\/div><\/div><\/div><img decoding=\"async\" fetchpriority=\"high\" class='wp-image-1233 avia-img-lazy-loading-not-1233 avia_image ' src=\"https:\/\/quimper-evenements.fr\/pro\/wp-content\/uploads\/sites\/2\/2021\/06\/BDC-rectangle-300x201.jpg\" alt='Bureau des congr\u00e8s' title='Bureau des congr\u00e8s'  height=\"201\" width=\"300\"  itemprop=\"thumbnailUrl\" srcset=\"https:\/\/quimper-evenements.fr\/pro\/wp-content\/uploads\/sites\/2\/2021\/06\/BDC-rectangle-300x201.jpg 300w, https:\/\/quimper-evenements.fr\/pro\/wp-content\/uploads\/sites\/2\/2021\/06\/BDC-rectangle.jpg 576w\" sizes=\"(max-width: 300px) 100vw, 300px\" \/><\/a><\/div><\/div><\/div><\/div>\n\n<style type=\"text\/css\" data-created_by=\"avia_inline_auto\" id=\"style-css-av-wvaz-f019f0939dbdf6d53a469f57e200ff06\">\n.flex_column.av-wvaz-f019f0939dbdf6d53a469f57e200ff06{\nborder-radius:0px 0px 0px 0px;\npadding:0px 0px 0px 0px;\n}\n<\/style>\n<div  class='flex_column av-wvaz-f019f0939dbdf6d53a469f57e200ff06 av_one_third  avia-builder-el-25  el_after_av_one_third  el_before_av_section  avia-builder-el-last  flex_column_div av-zero-column-padding  '     ><style type=\"text\/css\" data-created_by=\"avia_inline_auto\" id=\"style-css-av-kpwnxajj-049ae04699828084024a6e6e135f4d2a\">\n.avia-image-container.av-kpwnxajj-049ae04699828084024a6e6e135f4d2a img.avia_image{\nbox-shadow:none;\n}\n.avia-image-container.av-kpwnxajj-049ae04699828084024a6e6e135f4d2a .av-caption-image-overlay-bg{\nopacity:0.4;\nbackground-color:#000000;\n}\n.avia-image-container.av-kpwnxajj-049ae04699828084024a6e6e135f4d2a .av-image-caption-overlay-center{\ncolor:#ffffff;\n}\n<\/style>\n<div  class='avia-image-container av-kpwnxajj-049ae04699828084024a6e6e135f4d2a av-styling- av-hover-grow av-img-linked avia-align-center  avia-builder-el-26  avia-builder-el-no-sibling  noHover av-overlay-hover-deactivate'   itemprop=\"image\" itemscope=\"itemscope\" itemtype=\"https:\/\/schema.org\/ImageObject\" ><div class=\"avia-image-container-inner\"><div class=\"avia-image-overlay-wrap\"><a href=\"https:\/\/quimper-evenements.fr\/pro\/hebergement\/\" class='avia_image '  aria-label='Hotel Quimper'><div class=\"av-image-caption-overlay\"><div class=\"av-caption-image-overlay-bg\"><\/div><div class=\"av-image-caption-overlay-position\"><div class=\"av-image-caption-overlay-center\"><p>H\u00e9bergement<\/p>\n<\/div><\/div><\/div><img decoding=\"async\" fetchpriority=\"high\" class='wp-image-1160 avia-img-lazy-loading-not-1160 avia_image ' src=\"https:\/\/quimper-evenements.fr\/pro\/wp-content\/uploads\/sites\/2\/2020\/04\/Piscine-autre-vue-nuit-MD-300x200.jpg\" alt='H\u00f4tel Quimper' title='Hotel Quimper'  height=\"200\" width=\"300\"  itemprop=\"thumbnailUrl\" srcset=\"https:\/\/quimper-evenements.fr\/pro\/wp-content\/uploads\/sites\/2\/2020\/04\/Piscine-autre-vue-nuit-MD-300x200.jpg 300w, https:\/\/quimper-evenements.fr\/pro\/wp-content\/uploads\/sites\/2\/2020\/04\/Piscine-autre-vue-nuit-MD-1030x686.jpg 1030w, https:\/\/quimper-evenements.fr\/pro\/wp-content\/uploads\/sites\/2\/2020\/04\/Piscine-autre-vue-nuit-MD-768x512.jpg 768w, https:\/\/quimper-evenements.fr\/pro\/wp-content\/uploads\/sites\/2\/2020\/04\/Piscine-autre-vue-nuit-MD-705x470.jpg 705w, https:\/\/quimper-evenements.fr\/pro\/wp-content\/uploads\/sites\/2\/2020\/04\/Piscine-autre-vue-nuit-MD.jpg 1280w\" sizes=\"(max-width: 300px) 100vw, 300px\" \/><\/a><\/div><\/div><\/div><\/div>\n<\/div><\/div><\/div><!-- close content main div --><\/div><\/div><div id='av_section_2'  class='avia-section av-jzlcoc2h-2af43579af1776a479683c35b995611a socket_color avia-section-small avia-no-border-styling  avia-builder-el-27  el_after_av_one_third  avia-builder-el-last  avia-bg-style-scroll container_wrap fullsize'  ><div class='container av-section-cont-open' ><div class='template-page content  av-content-full alpha units'><div class='post-entry post-entry-type-page post-entry-63'><div class='entry-content-wrapper clearfix'>\n<div class='flex_column_table av-2gwvr-88c5aa03981501940e3b90a370b75966 sc-av_one_fourth av-equal-height-column-flextable'>\n<style type=\"text\/css\" data-created_by=\"avia_inline_auto\" id=\"style-css-av-2gwvr-88c5aa03981501940e3b90a370b75966\">\n.flex_column.av-2gwvr-88c5aa03981501940e3b90a370b75966{\nborder-radius:0px 0px 0px 0px;\npadding:0px 0px 0px 0px;\n}\n<\/style>\n<div  class='flex_column av-2gwvr-88c5aa03981501940e3b90a370b75966 av_one_fourth  avia-builder-el-28  el_before_av_one_half  avia-builder-el-first  first no_margin flex_column_table_cell av-equal-height-column av-align-middle av-zero-column-padding  '     ><style type=\"text\/css\" data-created_by=\"avia_inline_auto\" id=\"style-css-av-sp2n-9d1ed66f08a67f33fd9525ebaf184c92\">\n#top .av-special-heading.av-sp2n-9d1ed66f08a67f33fd9525ebaf184c92{\npadding-bottom:0;\nfont-size:20px;\n}\nbody .av-special-heading.av-sp2n-9d1ed66f08a67f33fd9525ebaf184c92 .av-special-heading-tag .heading-char{\nfont-size:25px;\n}\n#top #wrap_all .av-special-heading.av-sp2n-9d1ed66f08a67f33fd9525ebaf184c92 .av-special-heading-tag{\nfont-size:20px;\n}\n.av-special-heading.av-sp2n-9d1ed66f08a67f33fd9525ebaf184c92 .av-subheading{\nfont-size:15px;\n}\n\n@media only screen and (min-width: 480px) and (max-width: 767px){ \n#top #wrap_all .av-special-heading.av-sp2n-9d1ed66f08a67f33fd9525ebaf184c92 .av-special-heading-tag{\nfont-size:0.8em;\n}\n}\n\n@media only screen and (max-width: 479px){ \n#top #wrap_all .av-special-heading.av-sp2n-9d1ed66f08a67f33fd9525ebaf184c92 .av-special-heading-tag{\nfont-size:0.8em;\n}\n}\n<\/style>\n<div  class='av-special-heading av-sp2n-9d1ed66f08a67f33fd9525ebaf184c92 av-special-heading-h2 blockquote modern-quote modern-centered  avia-builder-el-29  avia-builder-el-no-sibling  av-inherit-size'><h2 class='av-special-heading-tag '  itemprop=\"headline\"  >Newsletter Pro<\/h2><div class='av-subheading av-subheading_below'><p>Restez inform\u00e9s, abonnez-vous.<\/p>\n<\/div><div class=\"special-heading-border\"><div class=\"special-heading-inner-border\"><\/div><\/div><\/div><\/div>\n<style type=\"text\/css\" data-created_by=\"avia_inline_auto\" id=\"style-css-av-snr-fbb2f026117a22211dece3f883709b91\">\n.flex_column.av-snr-fbb2f026117a22211dece3f883709b91{\nborder-width:40px;\nborder-style:solid;\nborder-radius:0px 0px 0px 0px;\npadding:0px 0px 0px 0px;\n}\n<\/style>\n<div  class='flex_column av-snr-fbb2f026117a22211dece3f883709b91 av_one_half  avia-builder-el-30  el_after_av_one_fourth  el_before_av_one_fourth  no_margin flex_column_table_cell av-equal-height-column av-align-middle av-zero-column-padding  '     ><\/div>\n<style type=\"text\/css\" data-created_by=\"avia_inline_auto\" id=\"style-css-av-yfyv-3bc2ce212784ab04f9fa4029aa315f3e\">\n.flex_column.av-yfyv-3bc2ce212784ab04f9fa4029aa315f3e{\nborder-radius:0px 0px 0px 0px;\npadding:0px 0px 0px 0px;\n}\n<\/style>\n<div  class='flex_column av-yfyv-3bc2ce212784ab04f9fa4029aa315f3e av_one_fourth  avia-builder-el-32  el_after_av_one_half  el_before_av_codeblock  no_margin flex_column_table_cell av-equal-height-column av-align-middle av-zero-column-padding  '     ><style type=\"text\/css\" data-created_by=\"avia_inline_auto\" id=\"style-css-av-k2ep82sz-0b71c17130348b49648e165904603f45\">\n#top .av_textblock_section.av-k2ep82sz-0b71c17130348b49648e165904603f45 .avia_textblock{\nfont-size:12px;\n}\n<\/style>\n<section  class='av_textblock_section av-k2ep82sz-0b71c17130348b49648e165904603f45 '   itemscope=\"itemscope\" itemtype=\"https:\/\/schema.org\/CreativeWork\" ><div class='avia_textblock'  itemprop=\"text\" ><p>En cliquant sur \u00ab\u00a0S&rsquo;abonner\u00a0\u00bb, j\u2019accepte de recevoir cette newsletter et je comprends que je peux me d\u00e9sabonner facilement \u00e0 tout moment.<\/p>\n<\/div><\/section><\/div><\/div><!--close column table wrapper. Autoclose: 1 -->\n\n","protected":false},"excerpt":{"rendered":"<p>Quimper, Capitale de la Cornouaille id\u00e9alement situ\u00e9e entre terre et mer, est la nouvelle destination congr\u00e8s, \u00e9v\u00e9nements et spectacles \u00e0 ne pas manquer.<\/p>\n","protected":false},"author":1,"featured_media":0,"parent":0,"menu_order":0,"comment_status":"closed","ping_status":"closed","template":"","meta":{"footnotes":""},"class_list":["post-63","page","type-page","status-publish","hentry"],"_links":{"self":[{"href":"https:\/\/quimper-evenements.fr\/pro\/wp-json\/wp\/v2\/pages\/63","targetHints":{"allow":["GET"]}}],"collection":[{"href":"https:\/\/quimper-evenements.fr\/pro\/wp-json\/wp\/v2\/pages"}],"about":[{"href":"https:\/\/quimper-evenements.fr\/pro\/wp-json\/wp\/v2\/types\/page"}],"author":[{"embeddable":true,"href":"https:\/\/quimper-evenements.fr\/pro\/wp-json\/wp\/v2\/users\/1"}],"replies":[{"embeddable":true,"href":"https:\/\/quimper-evenements.fr\/pro\/wp-json\/wp\/v2\/comments?post=63"}],"version-history":[{"count":34,"href":"https:\/\/quimper-evenements.fr\/pro\/wp-json\/wp\/v2\/pages\/63\/revisions"}],"predecessor-version":[{"id":1830,"href":"https:\/\/quimper-evenements.fr\/pro\/wp-json\/wp\/v2\/pages\/63\/revisions\/1830"}],"wp:attachment":[{"href":"https:\/\/quimper-evenements.fr\/pro\/wp-json\/wp\/v2\/media?parent=63"}],"curies":[{"name":"wp","href":"https:\/\/api.w.org\/{rel}","templated":true}]}}