{"id":71,"date":"2019-08-21T16:58:42","date_gmt":"2019-08-21T14:58:42","guid":{"rendered":"http:\/\/quimper-evenements.lan\/pro\/?page_id=71"},"modified":"2026-04-17T11:34:48","modified_gmt":"2026-04-17T09:34:48","slug":"parc-des-expositions","status":"publish","type":"page","link":"https:\/\/quimper-evenements.fr\/pro\/parc-des-expositions\/","title":{"rendered":"Parc des Expositions"},"content":{"rendered":"\n<style type=\"text\/css\" data-created_by=\"avia_inline_auto\" id=\"style-css-av-jzldsa9u-9dd4fa5ddd15e54f1053cd828426cf08\">\n.avia-section.av-jzldsa9u-9dd4fa5ddd15e54f1053cd828426cf08{\nbackground-repeat:no-repeat;\nbackground-image:url(https:\/\/quimper-evenements.fr\/pro\/wp-content\/uploads\/sites\/2\/2019\/07\/parc-expo.jpg);\nbackground-position:50% 50%;\nbackground-attachment:scroll;\n}\n.avia-section.av-jzldsa9u-9dd4fa5ddd15e54f1053cd828426cf08 .av-section-color-overlay{\nopacity:0.7;\nbackground-color:#e20586;\n}\n<\/style>\n<div id='av_section_1'  class='avia-section av-jzldsa9u-9dd4fa5ddd15e54f1053cd828426cf08 main_color avia-section-default avia-no-border-styling  avia-builder-el-0  el_before_av_layout_row  avia-builder-el-first  avia-bg-style-scroll av-section-color-overlay-active av-minimum-height av-minimum-height-custom av-height-custom  container_wrap fullsize'  data-section-bg-repeat='no-repeat' data-av_minimum_height_px='247'><div class=\"av-section-color-overlay-wrap\"><div class=\"av-section-color-overlay\"><\/div><div class='container av-section-cont-open' style='height:247px'><main  role=\"main\" itemprop=\"mainContentOfPage\"  class='template-page content  av-content-full alpha units'><div class='post-entry post-entry-type-page post-entry-71'><div class='entry-content-wrapper clearfix'>\n\n<style type=\"text\/css\" data-created_by=\"avia_inline_auto\" id=\"style-css-av-jzldtowt-b87eb4679ce06ee12013af5c0f6de6b0\">\n#top .av-special-heading.av-jzldtowt-b87eb4679ce06ee12013af5c0f6de6b0{\npadding-bottom:10px;\ncolor:#ffffff;\n}\nbody .av-special-heading.av-jzldtowt-b87eb4679ce06ee12013af5c0f6de6b0 .av-special-heading-tag .heading-char{\nfont-size:25px;\n}\n.av-special-heading.av-jzldtowt-b87eb4679ce06ee12013af5c0f6de6b0 .special-heading-inner-border{\nborder-color:#ffffff;\n}\n.av-special-heading.av-jzldtowt-b87eb4679ce06ee12013af5c0f6de6b0 .av-subheading{\nfont-size:25px;\n}\n<\/style>\n<div  class='av-special-heading av-jzldtowt-b87eb4679ce06ee12013af5c0f6de6b0 av-special-heading-h1 custom-color-heading blockquote modern-quote  avia-builder-el-1  el_before_av_hr  avia-builder-el-first '><h1 class='av-special-heading-tag '  itemprop=\"headline\"  >Parc des expositions<\/h1><div class='av_custom_color av-subheading av-subheading_below'><p>Quimper Cornouaille<\/p>\n<\/div><div class=\"special-heading-border\"><div class=\"special-heading-inner-border\"><\/div><\/div><\/div>\n<div  class='hr av-zk5b-d96aacc9f80458d122ea9abc44341d5d hr-default  avia-builder-el-2  el_after_av_heading  el_before_av_video '><span class='hr-inner '><span class=\"hr-inner-style\"><\/span><\/span><\/div>\n<div  class='avia-video av-liya3van-4731ca8c89408af6ab0cb628edf17d83 avia-video-16-9 av-no-preview-image avia-video-load-always av-lazyload-immediate av-lazyload-video-embed'  itemprop=\"video\" itemtype=\"https:\/\/schema.org\/VideoObject\"  data-original_url='https:\/\/youtu.be\/nzjrE7mZfwc'><script type='text\/html' class='av-video-tmpl'><div class='avia-iframe-wrap'><iframe loading=\"lazy\" title=\"PARC DES EXPOSITIONS QUIMPER CORNOUAILLE\" width=\"1500\" height=\"844\" src=\"https:\/\/www.youtube.com\/embed\/nzjrE7mZfwc?feature=oembed&autoplay=0&loop=0&controls=1&mute=0\" frameborder=\"0\" allow=\"accelerometer; autoplay; clipboard-write; encrypted-media; gyroscope; picture-in-picture; web-share\" referrerpolicy=\"strict-origin-when-cross-origin\" allowfullscreen><\/iframe><\/div><\/script><div class='av-click-to-play-overlay'><div class=\"avia_playpause_icon\"><\/div><\/div><\/div>\n\n<\/div><\/div><\/main><!-- close content main element --><\/div><\/div><\/div><div id='av-layout-grid-1'  class='av-layout-grid-container av-jzmg73nm-fbb90f3f5a82b842d8acd3419c499d39 entry-content-wrapper alternate_color av-flex-cells  avia-builder-el-4  el_after_av_section  el_before_av_one_full  grid-row-not-first  container_wrap fullsize'  >\n<div class='flex_cell av-gw8qo-903cd35f06ac8a654868357fe9bd864d av-gridrow-cell av_two_third no_margin  avia-builder-el-5  el_before_av_cell_one_third  avia-builder-el-first '  ><div class='flex_cell_inner'><section  class='av_textblock_section av-jzmg903n-e4bb48a3b4d74dc2798798dda783f5a2 '   itemscope=\"itemscope\" itemtype=\"https:\/\/schema.org\/CreativeWork\" ><div class='avia_textblock'  itemprop=\"text\" ><h3>Vos \u00e9v\u00e9nements d&rsquo;envergure dans un lieu fonctionnel et design<\/h3>\n<p>Rencontres professionnelles, salons, concerts, spectacles, \u00e9v\u00e9nements sportifs&#8230; Le <strong>Parc des Expositions Quimper Cornouaille<\/strong> est le lieu <strong>pour toutes les manifestations d&rsquo;envergure<\/strong>.<\/p>\n<p>A seulement 5 minutes du centre historique de Quimper, le Parc des expositions\u00a0offre sur plus de <strong>8 000 m\u00b2<\/strong> de surface couverte et d&rsquo;espaces de services toutes les configurations imaginables.<\/p>\n<p>Esth\u00e9tisme, attractivit\u00e9 et fonctionnalit\u00e9 sont les ma\u00eetres mots qui distinguent cet \u00e9quipement tout neuf pour le confort des exposants, des visiteurs, et des organisateurs.<\/p>\n<p>Le site de Penvillers est compos\u00e9 de <strong>deux espaces plurifonctionnels (Le Pavillon &#8211; 2 500 m\u00b2) et (l&rsquo;Artimon &#8211; 4 000 m\u00b2)<\/strong>, reli\u00e9s entre eux par un espace d&rsquo;accueil, et un grand parvis de 4000 m\u00b2 permettant l&rsquo;accueil de manifestations ext\u00e9rieures sous chapiteaux.<\/p>\n<p>Avec une <strong>surface utile optimale (sans aucun poteau)<\/strong> et une <strong>hauteur sous plafond tr\u00e8s importante<\/strong>, le nouveau Parc des Expositions Quimper Cornouaille offre <strong>tous les \u00e9l\u00e9ments de confort<\/strong> (chauffage ultra-rapide et silencieux, branchements eau, wi-fi avec 100 MBps, distribution \u00e9lectrique,&#8230;).<\/p>\n<p>Avec ses deux halls\u00a0pens\u00e9s pour accueillir les configurations les plus cr\u00e9atives, le Parc des Expositions Quimper Cornouaille se positionne <strong>\u00e0 la pointe des \u00e9quipements dans le Grand Ouest<\/strong>.<\/p>\n<\/div><\/section>\n<\/div><\/div><div class='flex_cell av-1n9e4-db9bbe02a4b3ddf011ad0f1ba06f3cac av-gridrow-cell av_one_third no_margin  avia-builder-el-7  el_after_av_cell_two_third  avia-builder-el-last '  ><div class='flex_cell_inner'><p>\n<style type=\"text\/css\" data-created_by=\"avia_inline_auto\" id=\"style-css-av-jzs3mete-575d3f0497b2915e502e9c085dd00757\">\n#top .hr.hr-invisible.av-jzs3mete-575d3f0497b2915e502e9c085dd00757{\nheight:20px;\n}\n<\/style>\n<div  class='hr av-jzs3mete-575d3f0497b2915e502e9c085dd00757 hr-invisible  avia-builder-el-8  el_before_av_image  avia-builder-el-first '><span class='hr-inner '><span class=\"hr-inner-style\"><\/span><\/span><\/div><br \/>\n\n<style type=\"text\/css\" data-created_by=\"avia_inline_auto\" id=\"style-css-av-jzs3ko3p-3d8915c03c7a000363b7fbc718a2662f\">\n.avia-image-container.av-jzs3ko3p-3d8915c03c7a000363b7fbc718a2662f img.avia_image{\nbox-shadow:none;\n}\n.avia-image-container.av-jzs3ko3p-3d8915c03c7a000363b7fbc718a2662f .av-image-caption-overlay-center{\ncolor:#ffffff;\n}\n<\/style>\n<div  class='avia-image-container av-jzs3ko3p-3d8915c03c7a000363b7fbc718a2662f av-styling- avia-align-center  avia-builder-el-9  el_after_av_hr  avia-builder-el-last '   itemprop=\"image\" itemscope=\"itemscope\" itemtype=\"https:\/\/schema.org\/ImageObject\" ><div class=\"avia-image-container-inner\"><div class=\"avia-image-overlay-wrap\"><img decoding=\"async\" fetchpriority=\"high\" class='wp-image-877 avia-img-lazy-loading-not-877 avia_image ' src=\"https:\/\/quimper-evenements.fr\/pro\/wp-content\/uploads\/sites\/2\/2019\/10\/Parc-Expo-65-15-845x684.jpg\" alt='Parc Expositions Quimper' title='Parc Expositions Quimper'  height=\"684\" width=\"845\"  itemprop=\"thumbnailUrl\" srcset=\"https:\/\/quimper-evenements.fr\/pro\/wp-content\/uploads\/sites\/2\/2019\/10\/Parc-Expo-65-15-845x684.jpg 845w, https:\/\/quimper-evenements.fr\/pro\/wp-content\/uploads\/sites\/2\/2019\/10\/Parc-Expo-65-15-495x400.jpg 495w\" sizes=\"(max-width: 845px) 100vw, 845px\" \/><\/div><\/div><\/div><\/p>\n<\/div><\/div>\n<\/div><div id='after_grid_row_1'  class='main_color av_default_container_wrap container_wrap fullsize'  ><div class='container av-section-cont-open' ><div class='template-page content  av-content-full alpha units'><div class='post-entry post-entry-type-page post-entry-71'><div class='entry-content-wrapper clearfix'>\n<div  class='flex_column av-1ijej-d626aa84b343c8bea93ced313bff1d56 av_one_full  avia-builder-el-10  el_after_av_layout_row  el_before_av_layout_row  avia-builder-el-no-sibling  first flex_column_div  '     ><p><div  class='hr av-153rf-b0d80453c0e81f6e06d0d0d4bdedf2e8 hr-default  avia-builder-el-11  el_before_av_textblock  avia-builder-el-first '><span class='hr-inner '><span class=\"hr-inner-style\"><\/span><\/span><\/div><br \/>\n<section  class='av_textblock_section av-mbf2ehxz-76500f21e96f5ad551276c4092460e0d '   itemscope=\"itemscope\" itemtype=\"https:\/\/schema.org\/CreativeWork\" ><div class='avia_textblock'  itemprop=\"text\" ><h1 style=\"text-align: center;\">Visitez le parc des expositions en ligne !<\/h1>\n<\/div><\/section><br \/>\n<\/p><\/div>\n<\/div><\/div><\/div><!-- close content main div --><\/div><\/div><div id='av-layout-grid-2'  class='av-layout-grid-container av-jzmgb83w-b81745d64d07b56fad9a579be21fa6bc entry-content-wrapper main_color av-flex-cells  avia-builder-el-14  el_after_av_one_full  el_before_av_one_full  grid-row-not-first  container_wrap fullsize'  >\n<div class='flex_cell av-fm86k-cc440381e96c16b080f3c2b818c9c0a3 av-gridrow-cell av_one_full no_margin  avia-builder-el-15  avia-builder-el-no-sibling '  ><div class='flex_cell_inner'><section  class='av_textblock_section av-micwbx7o-08e4fccaff46c62e32ca3c8fe3ba86df '   itemscope=\"itemscope\" itemtype=\"https:\/\/schema.org\/CreativeWork\" ><div class='avia_textblock'  itemprop=\"text\" ><h3>Les espaces<\/h3>\n<\/div><\/section><br \/>\n<div  class='tabcontainer av-jzmgiwnj-9f7ca8b33e0e56208a4aea02e3fb4dbf top_tab  avia-builder-el-17  el_after_av_textblock  el_before_av_one_full '>\n<section class='av_tab_section av_tab_section av-wjcn-1aaca4b0fb6a34a206caa490d4d7c4bb'  itemscope=\"itemscope\" itemtype=\"https:\/\/schema.org\/CreativeWork\" ><div id='tab-id-1-tab' class='tab active_tab' role='tab' aria-selected=\"true\" tabindex=\"0\" data-fake-id='#tab-id-1' aria-controls='tab-id-1-content'  itemprop=\"headline\" >ARTIMON<\/div><div id='tab-id-1-content' class='tab_content active_tab_content' role='tabpanel' aria-labelledby='tab-id-1-tab' aria-hidden=\"false\"><div class='tab_inner_content invers-color'  itemprop=\"text\" ><p>Dot\u00e9 d&rsquo;un caract\u00e8re architectural affirm\u00e9, l&rsquo;Artimon se distingue par sa grande fonctionnalit\u00e9 et modularit\u00e9 avec 4.000 m\u00b2 de surface sans poteaux et 13 m de hauteur sous plafond. Avec tout le confort d&rsquo;un \u00e9quipement dernier cri baign\u00e9 par la lumi\u00e8re naturelle, l&rsquo;Artimon vous laisse imaginer toutes les configurations possibles d&rsquo;\u00e9v\u00e9nement.<\/p>\n<p><strong>Caract\u00e9ristiques techniques :<\/strong><\/p>\n<ul>\n<li>Surface brute de 4.000 m\u00b2 avec sol r\u00e9sine<\/li>\n<li>100 m long x 38 m large avec d\u00e9gagements x 13.70 hauteur sous poutres<\/li>\n<li>Passerelles techniques avec points d&rsquo;accroches et distribution \u00e9lectrique tous les 10 m<\/li>\n<li>Parkings services (150 places) et acc\u00e8s direct semi-remorque<\/li>\n<li>Office traiteur attenant tout \u00e9quip\u00e9<\/li>\n<li>Espace d&rsquo;accueil d\u00e9di\u00e9 de 400 m\u00b2 avec vestiaires et services<\/li>\n<li>Hall enti\u00e8rement sonoris\u00e9<\/li>\n<li>Eclairage \u00e9v\u00e9nementiel et sportif<\/li>\n<\/ul>\n<\/div><\/div><\/section>\n<section class='av_tab_section av_tab_section av-ojp3-ab563b58fad7cca69690668371fe0499'  itemscope=\"itemscope\" itemtype=\"https:\/\/schema.org\/CreativeWork\" ><div id='tab-id-2-tab' class='tab' role='tab' aria-selected=\"false\" tabindex=\"0\" data-fake-id='#tab-id-2' aria-controls='tab-id-2-content'  itemprop=\"headline\" >PAVILLON<\/div><div id='tab-id-2-content' class='tab_content' role='tabpanel' aria-labelledby='tab-id-2-tab' aria-hidden=\"true\"><div class='tab_inner_content invers-color'  itemprop=\"text\" ><p>Espace d\u00e9di\u00e9 pour les spectacles et \u00e9v\u00e9nements professionnels ou sportifs avec une capacit\u00e9 jusqu&rsquo;\u00e0 2.000 places assises (dont 940 places en gradins amovibles) ou 4.500 places debout, le Pavillon se transforme selon vos envies pour accueillir toutes les manifestations sur pr\u00e8s de 2 200 m\u00b2.<\/p>\n<p><strong>Caract\u00e9ristiques techniques :<\/strong><\/p>\n<ul>\n<li>Surface brute de 2.200 m\u00b2 avec sol r\u00e9sine<\/li>\n<li>53 m long x 42 m large avec d\u00e9gagements x 13.5 haut<\/li>\n<li>sc\u00e8ne (20mx10m) enti\u00e8rement d\u00e9montable et modulable, avec acc\u00e8s direct par quai de d\u00e9chargement<\/li>\n<li>9.7 m de hauteur utile sous grill technique, points d&rsquo;accroches et rideaux de partition de salle<\/li>\n<li>Gradin mobile r\u00e9tractable de 939 places avec fauteuils spectacles. (jauges interm\u00e9diaires : 327, 621 ,768 places)<\/li>\n<li>500 m\u00b2 pour les organisateurs, artistes ou intervenants avec 5 loges, 1 espace catering, 1 bureau de production, 1 salle de r\u00e9union, 1 foyer d&rsquo;accueil, 1 espace partenaires, 1 office traiteur<\/li>\n<li>Cours technique avec emplacements poids lourds et bus de tourn\u00e9e<\/li>\n<li>Mat\u00e9riel audio (Syst\u00e8me audio type Line Array, retours, micros,..etc), vid\u00e9o-projection, parc lumi\u00e8res<\/li>\n<li>Espace d&rsquo;accueil visiteurs avec 1 vestiaire, 2 billetteries, 1 bar<\/li>\n<\/ul>\n<p>Le Parc des Expositions Quimper Cornouaille dispose \u00e9galement d&rsquo;espaces services (Loges, Catering, Office Traiteur, Billetterie, Vestiaires, Bureaux organisateur&#8230; )<\/p>\n<\/div><\/div><\/section>\n<\/div><br \/>\n\n<style type=\"text\/css\" data-created_by=\"avia_inline_auto\" id=\"style-css-av-5k27r-bbe844ce1734dcb32a3cbe36a410474a\">\n.flex_column.av-5k27r-bbe844ce1734dcb32a3cbe36a410474a{\nborder-radius:0px 0px 0px 0px;\npadding:0px 0px 0px 0px;\n}\n<\/style>\n<div  class='flex_column av-5k27r-bbe844ce1734dcb32a3cbe36a410474a av_one_full  avia-builder-el-18  el_after_av_tab_container  avia-builder-el-last  first flex_column_div av-zero-column-padding  '     ><p>\n<style type=\"text\/css\" data-created_by=\"avia_inline_auto\" id=\"style-css-av-k269jxs8-30491fd535b690c9923894635425d343\">\n.avia-accordion.av-k269jxs8-30491fd535b690c9923894635425d343{\nmax-height:375px;\n}\n.avia-accordion.av-k269jxs8-30491fd535b690c9923894635425d343 .aviaccordion-preview{\nwidth:13.1%;\n}\n.avia-accordion .aviaccordion-slide.av-k269jxs8-30491fd535b690c9923894635425d343__0{\nleft:0%;\n}\n.avia-accordion .aviaccordion-slide.av-k269jxs8-30491fd535b690c9923894635425d343__1{\nleft:12.5%;\n}\n.avia-accordion .aviaccordion-slide.av-k269jxs8-30491fd535b690c9923894635425d343__2{\nleft:25%;\n}\n.avia-accordion .aviaccordion-slide.av-k269jxs8-30491fd535b690c9923894635425d343__3{\nleft:37.5%;\n}\n.avia-accordion .aviaccordion-slide.av-k269jxs8-30491fd535b690c9923894635425d343__4{\nleft:50%;\n}\n.avia-accordion .aviaccordion-slide.av-k269jxs8-30491fd535b690c9923894635425d343__5{\nleft:62.5%;\n}\n.avia-accordion .aviaccordion-slide.av-k269jxs8-30491fd535b690c9923894635425d343__6{\nleft:75%;\n}\n.avia-accordion .aviaccordion-slide.av-k269jxs8-30491fd535b690c9923894635425d343__7{\nleft:87.5%;\n}\n<\/style>\n<div  id=\"accordion_slider_1\"  class='aviaccordion avia-accordion av-k269jxs8-30491fd535b690c9923894635425d343 aviaccordion-title-active av-slideshow-manual av-loop-once ' data-slideshow-options=\"{&quot;interval&quot;:5,&quot;autoplay&quot;:false,&quot;loop_autoplay&quot;:&quot;once&quot;}\"  itemscope=\"itemscope\" itemtype=\"https:\/\/schema.org\/Blog\" ><ul class=\"aviaccordion-inner\"><li class='aviaccordion-slide av-k269jxs8-30491fd535b690c9923894635425d343__0 aviaccordion-slide-1' data-av-left='0'  itemscope=\"itemscope\" itemtype=\"https:\/\/schema.org\/CreativeWork\" ><a class='aviaccordion-slide-link noHover' href=\"https:\/\/quimper-evenements.fr\/pro\/wp-content\/uploads\/sites\/2\/2019\/10\/PDE_ARTIMON_EXT_QE-1-1030x686.jpg\" data-srcset=\"https:\/\/quimper-evenements.fr\/pro\/wp-content\/uploads\/sites\/2\/2019\/10\/PDE_ARTIMON_EXT_QE-1-1030x686.jpg 1030w, https:\/\/quimper-evenements.fr\/pro\/wp-content\/uploads\/sites\/2\/2019\/10\/PDE_ARTIMON_EXT_QE-1-300x200.jpg 300w, https:\/\/quimper-evenements.fr\/pro\/wp-content\/uploads\/sites\/2\/2019\/10\/PDE_ARTIMON_EXT_QE-1-768x511.jpg 768w, https:\/\/quimper-evenements.fr\/pro\/wp-content\/uploads\/sites\/2\/2019\/10\/PDE_ARTIMON_EXT_QE-1-1500x998.jpg 1500w, https:\/\/quimper-evenements.fr\/pro\/wp-content\/uploads\/sites\/2\/2019\/10\/PDE_ARTIMON_EXT_QE-1-705x469.jpg 705w, https:\/\/quimper-evenements.fr\/pro\/wp-content\/uploads\/sites\/2\/2019\/10\/PDE_ARTIMON_EXT_QE-1-450x300.jpg 450w\" data-sizes=\"(max-width: 1030px) 100vw, 1030px\"  title=\"PARC DES EXPOSITIONS QUIMPER CORNOUAILLE ARTIMON\" alt=\"PARC DES EXPOSITIONS QUIMPER CORNOUAILLE ARTIMON\" ><div class='aviaccordion-preview '><\/div><img loading=\"lazy\" decoding=\"async\" width=\"710\" height=\"375\" src=\"https:\/\/quimper-evenements.fr\/pro\/wp-content\/uploads\/sites\/2\/2019\/10\/PDE_ARTIMON_EXT_QE-1-710x375.jpg\" class=\"aviaccordion-image\" alt=\"PARC DES EXPOSITIONS QUIMPER CORNOUAILLE ARTIMON\" \/><\/a><\/li><li class='aviaccordion-slide av-k269jxs8-30491fd535b690c9923894635425d343__1 aviaccordion-slide-2' data-av-left='12.5'  itemscope=\"itemscope\" itemtype=\"https:\/\/schema.org\/CreativeWork\" ><a class='aviaccordion-slide-link noHover' href=\"https:\/\/quimper-evenements.fr\/pro\/wp-content\/uploads\/sites\/2\/2019\/10\/PDE_VUEDUCIEL_QE-1030x580.jpg\" data-srcset=\"https:\/\/quimper-evenements.fr\/pro\/wp-content\/uploads\/sites\/2\/2019\/10\/PDE_VUEDUCIEL_QE-1030x580.jpg 1030w, https:\/\/quimper-evenements.fr\/pro\/wp-content\/uploads\/sites\/2\/2019\/10\/PDE_VUEDUCIEL_QE-300x169.jpg 300w, https:\/\/quimper-evenements.fr\/pro\/wp-content\/uploads\/sites\/2\/2019\/10\/PDE_VUEDUCIEL_QE-768x432.jpg 768w, https:\/\/quimper-evenements.fr\/pro\/wp-content\/uploads\/sites\/2\/2019\/10\/PDE_VUEDUCIEL_QE-1500x845.jpg 1500w, https:\/\/quimper-evenements.fr\/pro\/wp-content\/uploads\/sites\/2\/2019\/10\/PDE_VUEDUCIEL_QE-705x397.jpg 705w, https:\/\/quimper-evenements.fr\/pro\/wp-content\/uploads\/sites\/2\/2019\/10\/PDE_VUEDUCIEL_QE-450x253.jpg 450w\" data-sizes=\"(max-width: 1030px) 100vw, 1030px\"  title=\"PARC DES EXPOSITIONS QUIMPER CORNOUAILLE VUE DU CIEL\" alt=\"PARC DES EXPOSITIONS QUIMPER CORNOUAILLE VUE DU CIEL\" ><div class='aviaccordion-preview '><\/div><img loading=\"lazy\" decoding=\"async\" width=\"710\" height=\"375\" src=\"https:\/\/quimper-evenements.fr\/pro\/wp-content\/uploads\/sites\/2\/2019\/10\/PDE_VUEDUCIEL_QE-710x375.jpg\" class=\"aviaccordion-image\" alt=\"PARC DES EXPOSITIONS QUIMPER CORNOUAILLE VUE DU CIEL\" \/><\/a><\/li><li class='aviaccordion-slide av-k269jxs8-30491fd535b690c9923894635425d343__2 aviaccordion-slide-3' data-av-left='25'  itemscope=\"itemscope\" itemtype=\"https:\/\/schema.org\/CreativeWork\" ><a class='aviaccordion-slide-link noHover' href=\"https:\/\/quimper-evenements.fr\/pro\/wp-content\/uploads\/sites\/2\/2026\/04\/PXL_20250507_0911576902-1030x829.jpg\" data-srcset=\"https:\/\/quimper-evenements.fr\/pro\/wp-content\/uploads\/sites\/2\/2026\/04\/PXL_20250507_0911576902-1030x829.jpg 1030w, https:\/\/quimper-evenements.fr\/pro\/wp-content\/uploads\/sites\/2\/2026\/04\/PXL_20250507_0911576902-300x241.jpg 300w, https:\/\/quimper-evenements.fr\/pro\/wp-content\/uploads\/sites\/2\/2026\/04\/PXL_20250507_0911576902-768x618.jpg 768w, https:\/\/quimper-evenements.fr\/pro\/wp-content\/uploads\/sites\/2\/2026\/04\/PXL_20250507_0911576902-1536x1236.jpg 1536w, https:\/\/quimper-evenements.fr\/pro\/wp-content\/uploads\/sites\/2\/2026\/04\/PXL_20250507_0911576902-2048x1648.jpg 2048w, https:\/\/quimper-evenements.fr\/pro\/wp-content\/uploads\/sites\/2\/2026\/04\/PXL_20250507_0911576902-1500x1207.jpg 1500w, https:\/\/quimper-evenements.fr\/pro\/wp-content\/uploads\/sites\/2\/2026\/04\/PXL_20250507_0911576902-705x567.jpg 705w\" data-sizes=\"(max-width: 1030px) 100vw, 1030px\"  title=\"PXL_20250507_091157690~2\" ><div class='aviaccordion-preview '><\/div><img loading=\"lazy\" decoding=\"async\" width=\"710\" height=\"375\" src=\"https:\/\/quimper-evenements.fr\/pro\/wp-content\/uploads\/sites\/2\/2026\/04\/PXL_20250507_0911576902-710x375.jpg\" class=\"aviaccordion-image\" alt=\"\" \/><\/a><\/li><li class='aviaccordion-slide av-k269jxs8-30491fd535b690c9923894635425d343__3 aviaccordion-slide-4' data-av-left='37.5'  itemscope=\"itemscope\" itemtype=\"https:\/\/schema.org\/CreativeWork\" ><a class='aviaccordion-slide-link noHover' href=\"https:\/\/quimper-evenements.fr\/pro\/wp-content\/uploads\/sites\/2\/2026\/04\/1714398257582-1030x773.jpg\" data-srcset=\"https:\/\/quimper-evenements.fr\/pro\/wp-content\/uploads\/sites\/2\/2026\/04\/1714398257582-1030x773.jpg 1030w, https:\/\/quimper-evenements.fr\/pro\/wp-content\/uploads\/sites\/2\/2026\/04\/1714398257582-300x225.jpg 300w, https:\/\/quimper-evenements.fr\/pro\/wp-content\/uploads\/sites\/2\/2026\/04\/1714398257582-768x576.jpg 768w, https:\/\/quimper-evenements.fr\/pro\/wp-content\/uploads\/sites\/2\/2026\/04\/1714398257582-1536x1152.jpg 1536w, https:\/\/quimper-evenements.fr\/pro\/wp-content\/uploads\/sites\/2\/2026\/04\/1714398257582-1500x1125.jpg 1500w, https:\/\/quimper-evenements.fr\/pro\/wp-content\/uploads\/sites\/2\/2026\/04\/1714398257582-705x529.jpg 705w, https:\/\/quimper-evenements.fr\/pro\/wp-content\/uploads\/sites\/2\/2026\/04\/1714398257582.jpg 2048w\" data-sizes=\"(max-width: 1030px) 100vw, 1030px\"  title=\"1714398257582\" ><div class='aviaccordion-preview '><\/div><img loading=\"lazy\" decoding=\"async\" width=\"710\" height=\"375\" src=\"https:\/\/quimper-evenements.fr\/pro\/wp-content\/uploads\/sites\/2\/2026\/04\/1714398257582-710x375.jpg\" class=\"aviaccordion-image\" alt=\"\" \/><\/a><\/li><li class='aviaccordion-slide av-k269jxs8-30491fd535b690c9923894635425d343__4 aviaccordion-slide-5' data-av-left='50'  itemscope=\"itemscope\" itemtype=\"https:\/\/schema.org\/CreativeWork\" ><a class='aviaccordion-slide-link noHover' href=\"https:\/\/quimper-evenements.fr\/pro\/wp-content\/uploads\/sites\/2\/2019\/10\/PDE_BREIZH-NATURE2018_2-1030x687.jpg\" data-srcset=\"https:\/\/quimper-evenements.fr\/pro\/wp-content\/uploads\/sites\/2\/2019\/10\/PDE_BREIZH-NATURE2018_2-1030x687.jpg 1030w, https:\/\/quimper-evenements.fr\/pro\/wp-content\/uploads\/sites\/2\/2019\/10\/PDE_BREIZH-NATURE2018_2-300x200.jpg 300w, https:\/\/quimper-evenements.fr\/pro\/wp-content\/uploads\/sites\/2\/2019\/10\/PDE_BREIZH-NATURE2018_2-768x512.jpg 768w, https:\/\/quimper-evenements.fr\/pro\/wp-content\/uploads\/sites\/2\/2019\/10\/PDE_BREIZH-NATURE2018_2-1500x1000.jpg 1500w, https:\/\/quimper-evenements.fr\/pro\/wp-content\/uploads\/sites\/2\/2019\/10\/PDE_BREIZH-NATURE2018_2-705x470.jpg 705w, https:\/\/quimper-evenements.fr\/pro\/wp-content\/uploads\/sites\/2\/2019\/10\/PDE_BREIZH-NATURE2018_2-450x300.jpg 450w\" data-sizes=\"(max-width: 1030px) 100vw, 1030px\"  title=\"SALON BREIZH TNATURE BIO BIEN ETRE PARC DES EXPOSITIONS QUIMPER CORNOUAILLE\" alt=\"SALON BREIZH TNATURE BIO BIEN ETRE PARC DES EXPOSITIONS QUIMPER CORNOUAILLE\" ><div class='aviaccordion-preview '><\/div><img loading=\"lazy\" decoding=\"async\" width=\"710\" height=\"375\" src=\"https:\/\/quimper-evenements.fr\/pro\/wp-content\/uploads\/sites\/2\/2019\/10\/PDE_BREIZH-NATURE2018_2-710x375.jpg\" class=\"aviaccordion-image\" alt=\"SALON BREIZH TNATURE BIO BIEN ETRE PARC DES EXPOSITIONS QUIMPER CORNOUAILLE\" \/><\/a><\/li><li class='aviaccordion-slide av-k269jxs8-30491fd535b690c9923894635425d343__5 aviaccordion-slide-6' data-av-left='62.5'  itemscope=\"itemscope\" itemtype=\"https:\/\/schema.org\/CreativeWork\" ><a class='aviaccordion-slide-link noHover' href=\"https:\/\/quimper-evenements.fr\/pro\/wp-content\/uploads\/sites\/2\/2019\/10\/PDE_ARTIMON_QE-1030x687.jpg\" data-srcset=\"https:\/\/quimper-evenements.fr\/pro\/wp-content\/uploads\/sites\/2\/2019\/10\/PDE_ARTIMON_QE-1030x687.jpg 1030w, https:\/\/quimper-evenements.fr\/pro\/wp-content\/uploads\/sites\/2\/2019\/10\/PDE_ARTIMON_QE-300x200.jpg 300w, https:\/\/quimper-evenements.fr\/pro\/wp-content\/uploads\/sites\/2\/2019\/10\/PDE_ARTIMON_QE-768x513.jpg 768w, https:\/\/quimper-evenements.fr\/pro\/wp-content\/uploads\/sites\/2\/2019\/10\/PDE_ARTIMON_QE-1500x1001.jpg 1500w, https:\/\/quimper-evenements.fr\/pro\/wp-content\/uploads\/sites\/2\/2019\/10\/PDE_ARTIMON_QE-705x471.jpg 705w, https:\/\/quimper-evenements.fr\/pro\/wp-content\/uploads\/sites\/2\/2019\/10\/PDE_ARTIMON_QE-450x300.jpg 450w\" data-sizes=\"(max-width: 1030px) 100vw, 1030px\"  title=\"PARC DES EXPOSITIONS QUIMPER CORNOUAILLE ARTIMON\" alt=\"PARC DES EXPOSITIONS QUIMPER CORNOUAILLE ARTIMON\" ><div class='aviaccordion-preview '><\/div><img loading=\"lazy\" decoding=\"async\" width=\"710\" height=\"375\" src=\"https:\/\/quimper-evenements.fr\/pro\/wp-content\/uploads\/sites\/2\/2019\/10\/PDE_ARTIMON_QE-710x375.jpg\" class=\"aviaccordion-image\" alt=\"PARC DES EXPOSITIONS QUIMPER CORNOUAILLE ARTIMON\" \/><\/a><\/li><li class='aviaccordion-slide av-k269jxs8-30491fd535b690c9923894635425d343__6 aviaccordion-slide-7' data-av-left='75'  itemscope=\"itemscope\" itemtype=\"https:\/\/schema.org\/CreativeWork\" ><a class='aviaccordion-slide-link noHover' href=\"https:\/\/quimper-evenements.fr\/pro\/wp-content\/uploads\/sites\/2\/2019\/10\/PDE_BREIZH-TRANSITION2017-1030x687.jpg\" data-srcset=\"https:\/\/quimper-evenements.fr\/pro\/wp-content\/uploads\/sites\/2\/2019\/10\/PDE_BREIZH-TRANSITION2017-1030x687.jpg 1030w, https:\/\/quimper-evenements.fr\/pro\/wp-content\/uploads\/sites\/2\/2019\/10\/PDE_BREIZH-TRANSITION2017-300x200.jpg 300w, https:\/\/quimper-evenements.fr\/pro\/wp-content\/uploads\/sites\/2\/2019\/10\/PDE_BREIZH-TRANSITION2017-768x512.jpg 768w, https:\/\/quimper-evenements.fr\/pro\/wp-content\/uploads\/sites\/2\/2019\/10\/PDE_BREIZH-TRANSITION2017-1500x1000.jpg 1500w, https:\/\/quimper-evenements.fr\/pro\/wp-content\/uploads\/sites\/2\/2019\/10\/PDE_BREIZH-TRANSITION2017-705x470.jpg 705w, https:\/\/quimper-evenements.fr\/pro\/wp-content\/uploads\/sites\/2\/2019\/10\/PDE_BREIZH-TRANSITION2017-450x300.jpg 450w\" data-sizes=\"(max-width: 1030px) 100vw, 1030px\"  title=\"SALON BREIZH TRANSITION PARC DES EXPOSITIONS QUIMPER\" alt=\"SALON BREIZH TRANSITION PARC DES EXPOSITIONS QUIMPER\" ><div class='aviaccordion-preview '><\/div><img loading=\"lazy\" decoding=\"async\" width=\"710\" height=\"375\" src=\"https:\/\/quimper-evenements.fr\/pro\/wp-content\/uploads\/sites\/2\/2019\/10\/PDE_BREIZH-TRANSITION2017-710x375.jpg\" class=\"aviaccordion-image\" alt=\"SALON BREIZH TRANSITION PARC DES EXPOSITIONS QUIMPER\" \/><\/a><\/li><li class='aviaccordion-slide av-k269jxs8-30491fd535b690c9923894635425d343__7 aviaccordion-slide-8' data-av-left='87.5'  itemscope=\"itemscope\" itemtype=\"https:\/\/schema.org\/CreativeWork\" ><a class='aviaccordion-slide-link noHover' href=\"https:\/\/quimper-evenements.fr\/pro\/wp-content\/uploads\/sites\/2\/2019\/11\/Parc-Expo-88-15-1030x685.jpg\" data-srcset=\"https:\/\/quimper-evenements.fr\/pro\/wp-content\/uploads\/sites\/2\/2019\/11\/Parc-Expo-88-15-1030x685.jpg 1030w, https:\/\/quimper-evenements.fr\/pro\/wp-content\/uploads\/sites\/2\/2019\/11\/Parc-Expo-88-15-300x200.jpg 300w, https:\/\/quimper-evenements.fr\/pro\/wp-content\/uploads\/sites\/2\/2019\/11\/Parc-Expo-88-15-768x511.jpg 768w, https:\/\/quimper-evenements.fr\/pro\/wp-content\/uploads\/sites\/2\/2019\/11\/Parc-Expo-88-15.jpg 1500w, https:\/\/quimper-evenements.fr\/pro\/wp-content\/uploads\/sites\/2\/2019\/11\/Parc-Expo-88-15-705x469.jpg 705w, https:\/\/quimper-evenements.fr\/pro\/wp-content\/uploads\/sites\/2\/2019\/11\/Parc-Expo-88-15-450x299.jpg 450w\" data-sizes=\"(max-width: 1030px) 100vw, 1030px\"  title=\"Parc expositions Quimper Cornouaille\" alt=\"Parc expositions Quimper Cornouaille\" ><div class='aviaccordion-preview '><\/div><img loading=\"lazy\" decoding=\"async\" width=\"710\" height=\"375\" src=\"https:\/\/quimper-evenements.fr\/pro\/wp-content\/uploads\/sites\/2\/2019\/11\/Parc-Expo-88-15-710x375.jpg\" class=\"aviaccordion-image\" alt=\"Parc expositions Quimper Cornouaille\" \/><\/a><\/li><\/ul><div class='aviaccordion-spacer' style='padding-bottom:52.816901408451%'><\/div><\/div><br \/>\n<div  class='hr av-x3vj-54a6a3753d1582bb3ab6e158f3466ee9 hr-default  avia-builder-el-20  el_after_av_slideshow_accordion  avia-builder-el-no-sibling '><span class='hr-inner '><span class=\"hr-inner-style\"><\/span><\/span><\/div><\/p><\/div><\/p>\n<\/div><\/div><\/div><div id='after_grid_row_2'  class='main_color av_default_container_wrap container_wrap fullsize'  ><div class='container av-section-cont-open' ><div class='template-page content  av-content-full alpha units'><div class='post-entry post-entry-type-page post-entry-71'><div class='entry-content-wrapper clearfix'>\n<style type=\"text\/css\" data-created_by=\"avia_inline_auto\" id=\"style-css-av-1hv0r-f9bfd196eee6bc94a10a0593f054550c\">\n.flex_column.av-1hv0r-f9bfd196eee6bc94a10a0593f054550c{\nborder-radius:0px 0px 0px 0px;\npadding:0px 0px 0px 0px;\n}\n<\/style>\n<div  class='flex_column av-1hv0r-f9bfd196eee6bc94a10a0593f054550c av_one_full  avia-builder-el-21  el_after_av_layout_row  el_before_av_one_full  avia-builder-el-first  first flex_column_div av-zero-column-padding  '     ><section  class='av_textblock_section av-lqggqfjb-886c8906b6b142ee0c3163d048a4ab69 '   itemscope=\"itemscope\" itemtype=\"https:\/\/schema.org\/CreativeWork\" ><div class='avia_textblock'  itemprop=\"text\" ><h2>Demander un devis<\/h2>\n<\/div><\/section><br \/>\n<\/p><\/div><\/p>\n<div  class='flex_column av-oj03-f6752ec3e1f4d253a7629f2cbe02e09f av_one_full  avia-builder-el-24  el_after_av_one_full  el_before_av_layout_row  avia-builder-el-last  first flex_column_div  column-top-margin'     ><section  class='av_textblock_section av-lqggz91e-d08b01ffad4053afe2adb2385b7e8a45 '   itemscope=\"itemscope\" itemtype=\"https:\/\/schema.org\/CreativeWork\" ><div class='avia_textblock'  itemprop=\"text\" ><h2>Documentation<\/h2>\n<\/div><\/section><\/div>\n<\/div><\/div><\/div><!-- close content main div --><\/div><\/div><div id='av-layout-grid-3'  class='av-layout-grid-container av-3a4tz-f80ee14d240d1b8cc906649ca438b09c entry-content-wrapper main_color av-flex-cells  avia-builder-el-26  el_after_av_one_full  el_before_av_layout_row  grid-row-not-first  container_wrap fullsize'  >\n<div class='flex_cell av-2tfr3-b5d9d4ea0a175ad27dd95e7340189349 av-gridrow-cell av_one_half no_margin  avia-builder-el-27  el_before_av_cell_one_half  avia-builder-el-first '  ><div class='flex_cell_inner'><div  class='avia-button-wrap av-lqggzhod-31b0622ed7f08b832c16223bf97401bf-wrap avia-button-center  avia-builder-el-28  avia-builder-el-no-sibling '><a href='https:\/\/quimper-evenements.fr\/pro\/wp-content\/uploads\/sites\/2\/2026\/04\/BAT_WEB_Plaquette-Parc-Expo-2026.pdf'  class='avia-button av-lqggzhod-31b0622ed7f08b832c16223bf97401bf av-link-btn avia-icon_select-no avia-size-x-large avia-position-center avia-color-theme-color'   aria-label=\"T\u00e9l\u00e9charger la plaquette\"><span class='avia_iconbox_title' >T\u00e9l\u00e9charger la plaquette<\/span><\/a><\/div>\n<\/div><\/div>\n<style type=\"text\/css\" data-created_by=\"avia_inline_auto\" id=\"style-css-av-k2dd7gsq-12a8fd2dd7531538f6af5c4b83bce89b\">\n.flex_cell.av-k2dd7gsq-12a8fd2dd7531538f6af5c4b83bce89b{\nvertical-align:top;\nbackground:url(https:\/\/quimper-evenements.fr\/pro\/wp-content\/uploads\/sites\/2\/2026\/04\/Couv-PEX.png) 50% 50% no-repeat scroll ;\n}\n.responsive #top #wrap_all .flex_cell.av-k2dd7gsq-12a8fd2dd7531538f6af5c4b83bce89b{\npadding:30px 30px 30px 30px !important;\n}\n<\/style>\n<a class=\"av-screen-reader-only\" href=\"https:\/\/quimper-evenements.fr\/pro\/wp-content\/uploads\/sites\/2\/2026\/04\/BAT_WEB_Plaquette-Parc-Expo-2026.pdf\" >Suivre un lien ajout\u00e9 manuellement<\/a><div class='flex_cell av-k2dd7gsq-12a8fd2dd7531538f6af5c4b83bce89b av-gridrow-cell av_one_half no_margin av-hide-on-mobile  avia-builder-el-29  el_after_av_cell_one_half  avia-builder-el-last  content-align-top avia-full-contain avia-link-column av-cell-link'  data-link-column-url=\"https:\/\/quimper-evenements.fr\/pro\/wp-content\/uploads\/sites\/2\/2026\/04\/BAT_WEB_Plaquette-Parc-Expo-2026.pdf\"  ><div class='flex_cell_inner'><\/div><\/div>\n<\/div>\n<div id='av-layout-grid-4'  class='av-layout-grid-container av-jzmhhbwk-d6ef365c82734819fba7248ab5908e32 entry-content-wrapper main_color av-flex-cells  avia-builder-el-30  el_after_av_layout_row  el_before_av_section  grid-row-not-first  container_wrap fullsize'  >\n<div class='flex_cell av-cl8q4-36495c97989827b4af25eaf8504f4bee av-gridrow-cell av_one_half no_margin  avia-builder-el-31  el_before_av_cell_one_half  avia-builder-el-first '  ><div class='flex_cell_inner'><p>\n<style type=\"text\/css\" data-created_by=\"avia_inline_auto\" id=\"style-css-av-3se5v-78dbbb93bfc6d337f7a0cc7b29eb4659\">\n#top .av-special-heading.av-3se5v-78dbbb93bfc6d337f7a0cc7b29eb4659{\npadding-bottom:10px;\n}\nbody .av-special-heading.av-3se5v-78dbbb93bfc6d337f7a0cc7b29eb4659 .av-special-heading-tag .heading-char{\nfont-size:25px;\n}\n.av-special-heading.av-3se5v-78dbbb93bfc6d337f7a0cc7b29eb4659 .av-subheading{\nfont-size:15px;\n}\n<\/style>\n<div  class='av-special-heading av-3se5v-78dbbb93bfc6d337f7a0cc7b29eb4659 av-special-heading-h3 custom-color-heading  avia-builder-el-32  el_before_av_hr  avia-builder-el-first  av-linked-heading'><h3 class='av-special-heading-tag '  itemprop=\"headline\"  >Infos pratiques<\/h3><div class=\"special-heading-border\"><div class=\"special-heading-inner-border\"><\/div><\/div><\/div><br \/>\n\n<style type=\"text\/css\" data-created_by=\"avia_inline_auto\" id=\"style-css-av-jzmgsqw0-426ef5f4b31f25e73db0a093b25537a7\">\n#top .hr.hr-invisible.av-jzmgsqw0-426ef5f4b31f25e73db0a093b25537a7{\nheight:30px;\n}\n<\/style>\n<div  class='hr av-jzmgsqw0-426ef5f4b31f25e73db0a093b25537a7 hr-invisible  avia-builder-el-33  el_after_av_heading  el_before_av_codeblock '><span class='hr-inner '><span class=\"hr-inner-style\"><\/span><\/span><\/div><br \/>\n<\/p>\n<\/div><\/div><div class='flex_cell av-c8snk-5adc687c78df2dc43f69d5cd3f1507a8 av-gridrow-cell av_one_half no_margin  avia-builder-el-35  el_after_av_cell_one_half  avia-builder-el-last '  ><div class='flex_cell_inner'><p>\n<style type=\"text\/css\" data-created_by=\"avia_inline_auto\" id=\"style-css-av-37yz7-ba0c83f512dae9a30a9aa7fbbd9ec11d\">\n#top .av-special-heading.av-37yz7-ba0c83f512dae9a30a9aa7fbbd9ec11d{\npadding-bottom:10px;\n}\nbody .av-special-heading.av-37yz7-ba0c83f512dae9a30a9aa7fbbd9ec11d .av-special-heading-tag .heading-char{\nfont-size:25px;\n}\n.av-special-heading.av-37yz7-ba0c83f512dae9a30a9aa7fbbd9ec11d .av-subheading{\nfont-size:15px;\n}\n<\/style>\n<div  class='av-special-heading av-37yz7-ba0c83f512dae9a30a9aa7fbbd9ec11d av-special-heading-h3 custom-color-heading  avia-builder-el-36  el_before_av_tab_container  avia-builder-el-first  av-linked-heading'><h3 class='av-special-heading-tag '  itemprop=\"headline\"  >Venir au Parc des Expositions<\/h3><div class=\"special-heading-border\"><div class=\"special-heading-inner-border\"><\/div><\/div><\/div><br \/>\n<div  class='tabcontainer av-jzs5r82a-3de41b19a4742e8c1fb0d2c6a9857be8 top_tab  avia-builder-el-37  el_after_av_heading  avia-builder-el-last '>\n<section class='av_tab_section av_tab_section av-2khwz-9e8b1cad1ba566ae27dc0d517e282ce5'  itemscope=\"itemscope\" itemtype=\"https:\/\/schema.org\/CreativeWork\" ><div id='tab-id-3-tab' class='tab active_tab' role='tab' aria-selected=\"true\" tabindex=\"0\" data-fake-id='#tab-id-3' aria-controls='tab-id-3-content'  itemprop=\"headline\" >Par la route<\/div><div id='tab-id-3-content' class='tab_content active_tab_content' role='tabpanel' aria-labelledby='tab-id-3-tab' aria-hidden=\"false\"><div class='tab_inner_content invers-color'  itemprop=\"text\" ><p>Au c\u0153ur du r\u00e9seau autoroutier ouest :<br \/>\nQuimper \u2013 Brest : 45 mn<br \/>\nQuimper \u2013 Vannes : 1h20<br \/>\nQuimper \u2013 Rennes : 2h30<br \/>\nQuimper \u2013 Nantes : 2h30<br \/>\nQuimper \u2013 Paris : 6h<\/p>\n<p><strong>Covoiturage<\/strong><\/p>\n<p><strong><a href=\"https:\/\/www.ouestgo.fr\/evenements\/covoiturages\/breizh-transition\">OUESTGO<\/a>,<\/strong>\u00a0on sera proche ! Un service de covoiturage de proximit\u00e9, convivial et solidaire. Trouvez d\u00e8s \u00e0 pr\u00e9sent votre covoiturage ou proposez votre trajet.<\/p>\n<p><strong>Taxi<\/strong><\/p>\n<ul>\n<li><a href=\"http:\/\/www.taxi-quimper.fr\" target=\"_blank\" rel=\"noopener\">Radio Taxi Quimp\u00e9rois<\/a><br \/>\nT\u00e9l\u00e9phone : 02 98 90 21 21<\/li>\n<li><a href=\"http:\/\/www.allotaxiquimperois.com\/\" target=\"_blank\" rel=\"noopener\">Allo Taxi Quimp\u00e9rois<\/a><br \/>\nT\u00e9l\u00e9phone : 02 98 90 20 20<\/li>\n<\/ul>\n<p><strong>Bus<\/strong><\/p>\n<ul>\n<li>Les transports urbains sont g\u00e9r\u00e9s par la <a href=\"http:\/\/www.qub.fr\" target=\"_blank\" rel=\"noopener\">QUB.<\/a><\/li>\n<li>Acc\u00e8s par lignes de bus B \/ C \/ 1 \/ 4<\/li>\n<\/ul>\n<\/div><\/div><\/section>\n<section class='av_tab_section av_tab_section av-23xxf-cb3fd25626e4eb35bf0960baa768643c'  itemscope=\"itemscope\" itemtype=\"https:\/\/schema.org\/CreativeWork\" ><div id='tab-id-4-tab' class='tab' role='tab' aria-selected=\"false\" tabindex=\"0\" data-fake-id='#tab-id-4' aria-controls='tab-id-4-content'  itemprop=\"headline\" >Parkings<\/div><div id='tab-id-4-content' class='tab_content' role='tabpanel' aria-labelledby='tab-id-4-tab' aria-hidden=\"true\"><div class='tab_inner_content invers-color'  itemprop=\"text\" ><ul>\n<li>Pendant les \u00e9v\u00e8nements, le Parc des Expositions Quimper Cornouaille dispose de plusieurs parkings visiteurs (P1,P2,P3, Croix des Gardiens) \u00e0 proximit\u00e9 imm\u00e9diate.<\/li>\n<\/ul>\n<p><img loading=\"lazy\" decoding=\"async\" class=\"wp-image-872  aligncenter\" src=\"https:\/\/quimper-evenements.tutotic.fr\/pro\/wp-content\/uploads\/sites\/2\/2019\/10\/Parking-Parc-expo.jpg\" alt=\"\" width=\"623\" height=\"380\" srcset=\"https:\/\/quimper-evenements.fr\/pro\/wp-content\/uploads\/sites\/2\/2019\/10\/Parking-Parc-expo.jpg 1368w, https:\/\/quimper-evenements.fr\/pro\/wp-content\/uploads\/sites\/2\/2019\/10\/Parking-Parc-expo-300x183.jpg 300w, https:\/\/quimper-evenements.fr\/pro\/wp-content\/uploads\/sites\/2\/2019\/10\/Parking-Parc-expo-768x469.jpg 768w, https:\/\/quimper-evenements.fr\/pro\/wp-content\/uploads\/sites\/2\/2019\/10\/Parking-Parc-expo-1030x629.jpg 1030w, https:\/\/quimper-evenements.fr\/pro\/wp-content\/uploads\/sites\/2\/2019\/10\/Parking-Parc-expo-705x430.jpg 705w, https:\/\/quimper-evenements.fr\/pro\/wp-content\/uploads\/sites\/2\/2019\/10\/Parking-Parc-expo-450x275.jpg 450w\" sizes=\"auto, (max-width: 623px) 100vw, 623px\" \/><\/p>\n<\/div><\/div><\/section>\n<section class='av_tab_section av_tab_section av-20pkj-26093e712730eb43358085dbdfc2d5f3'  itemscope=\"itemscope\" itemtype=\"https:\/\/schema.org\/CreativeWork\" ><div id='tab-id-5-tab' class='tab' role='tab' aria-selected=\"false\" tabindex=\"0\" data-fake-id='#tab-id-5' aria-controls='tab-id-5-content'  itemprop=\"headline\" >Train<\/div><div id='tab-id-5-content' class='tab_content' role='tabpanel' aria-labelledby='tab-id-5-tab' aria-hidden=\"true\"><div class='tab_inner_content invers-color'  itemprop=\"text\" ><ul>\n<li>Gare SNCF, 1 place Louis Armand \u2013 29000 Quimper<br \/>\nSite internet : <a href=\"http:\/\/www.voyages-sncf.com\" target=\"_blank\" rel=\"noopener\"><strong>www.voyages-sncf.com<\/strong><\/a><br \/>\nGare situ\u00e9e dans le centre-ville de Quimper<\/li>\n<li>6 aller-retour TGV directs quotidiens avec Paris . L&rsquo;arriv\u00e9e de la LGV met Quimper \u00e0 3h17 de Paris. Lignes directes vers Bordeaux et Lyon.<\/li>\n<\/ul>\n<\/div><\/div><\/section>\n<section class='av_tab_section av_tab_section av-wfnb-ad9fdfd8d6b2e2df82343c227866aee9'  itemscope=\"itemscope\" itemtype=\"https:\/\/schema.org\/CreativeWork\" ><div id='tab-id-6-tab' class='tab' role='tab' aria-selected=\"false\" tabindex=\"0\" data-fake-id='#tab-id-6' aria-controls='tab-id-6-content'  itemprop=\"headline\" >H\u00e9bergement<\/div><div id='tab-id-6-content' class='tab_content' role='tabpanel' aria-labelledby='tab-id-6-tab' aria-hidden=\"true\"><div class='tab_inner_content invers-color'  itemprop=\"text\" ><p>Quimper offre une capacit\u00e9 h\u00f4teli\u00e8re de plus de 860 chambres class\u00e9es du 1 au 4*, dont la plupart accessibles \u00e0 pied depuis le centre-ville. Retrouvez <a href=\"https:\/\/quimper-evenements.fr\/pro\/hebergement\/\" target=\"_blank\" rel=\"noopener\"><strong>les \u00e9tablissements partenaires<\/strong><\/a> de Quimper Ev\u00e9nements et profitez des tarifs sp\u00e9ciaux \u00e9v\u00e9nements.<br \/>\nA cela s&rsquo;ajoute les 3.000 chambres situ\u00e9es en bord de mer \u00e0 moins de 20 min de Quimper.<\/p>\n<\/div><\/div><\/section>\n<\/div><\/p>\n<\/div><\/div>\n<\/div>\n<div id='av_section_2'  class='avia-section av-jzlcoc2h-2af43579af1776a479683c35b995611a socket_color avia-section-small avia-no-border-styling  avia-builder-el-38  el_after_av_layout_row  avia-builder-el-last  avia-bg-style-scroll container_wrap fullsize'  ><div class='container av-section-cont-open' ><div class='template-page content  av-content-full alpha units'><div class='post-entry post-entry-type-page post-entry-71'><div class='entry-content-wrapper clearfix'>\n<div class='flex_column_table av-2gwvr-88c5aa03981501940e3b90a370b75966 sc-av_one_fourth av-equal-height-column-flextable'>\n<style type=\"text\/css\" data-created_by=\"avia_inline_auto\" id=\"style-css-av-2gwvr-88c5aa03981501940e3b90a370b75966\">\n.flex_column.av-2gwvr-88c5aa03981501940e3b90a370b75966{\nborder-radius:0px 0px 0px 0px;\npadding:0px 0px 0px 0px;\n}\n<\/style>\n<div  class='flex_column av-2gwvr-88c5aa03981501940e3b90a370b75966 av_one_fourth  avia-builder-el-39  el_before_av_one_half  avia-builder-el-first  first no_margin flex_column_table_cell av-equal-height-column av-align-middle av-zero-column-padding  '     ><style type=\"text\/css\" data-created_by=\"avia_inline_auto\" id=\"style-css-av-wcvb-3675627f497985c25ea21a80f01b1564\">\n#top .av-special-heading.av-wcvb-3675627f497985c25ea21a80f01b1564{\npadding-bottom:0;\nfont-size:20px;\n}\nbody .av-special-heading.av-wcvb-3675627f497985c25ea21a80f01b1564 .av-special-heading-tag .heading-char{\nfont-size:25px;\n}\n#top #wrap_all .av-special-heading.av-wcvb-3675627f497985c25ea21a80f01b1564 .av-special-heading-tag{\nfont-size:20px;\n}\n.av-special-heading.av-wcvb-3675627f497985c25ea21a80f01b1564 .av-subheading{\nfont-size:15px;\n}\n\n@media only screen and (min-width: 480px) and (max-width: 767px){ \n#top #wrap_all .av-special-heading.av-wcvb-3675627f497985c25ea21a80f01b1564 .av-special-heading-tag{\nfont-size:0.8em;\n}\n}\n\n@media only screen and (max-width: 479px){ \n#top #wrap_all .av-special-heading.av-wcvb-3675627f497985c25ea21a80f01b1564 .av-special-heading-tag{\nfont-size:0.8em;\n}\n}\n<\/style>\n<div  class='av-special-heading av-wcvb-3675627f497985c25ea21a80f01b1564 av-special-heading-h2 blockquote modern-quote modern-centered  avia-builder-el-40  avia-builder-el-no-sibling  av-inherit-size'><h2 class='av-special-heading-tag '  itemprop=\"headline\"  >Newsletter Pro<\/h2><div class='av-subheading av-subheading_below'><p>Restez inform\u00e9s, abonnez-vous.<\/p>\n<\/div><div class=\"special-heading-border\"><div class=\"special-heading-inner-border\"><\/div><\/div><\/div><\/div>\n<style type=\"text\/css\" data-created_by=\"avia_inline_auto\" id=\"style-css-av-snr-fbb2f026117a22211dece3f883709b91\">\n.flex_column.av-snr-fbb2f026117a22211dece3f883709b91{\nborder-width:40px;\nborder-style:solid;\nborder-radius:0px 0px 0px 0px;\npadding:0px 0px 0px 0px;\n}\n<\/style>\n<div  class='flex_column av-snr-fbb2f026117a22211dece3f883709b91 av_one_half  avia-builder-el-41  el_after_av_one_fourth  el_before_av_one_fourth  no_margin flex_column_table_cell av-equal-height-column av-align-middle av-zero-column-padding  '     ><\/div>\n<style type=\"text\/css\" data-created_by=\"avia_inline_auto\" id=\"style-css-av-yfyv-3bc2ce212784ab04f9fa4029aa315f3e\">\n.flex_column.av-yfyv-3bc2ce212784ab04f9fa4029aa315f3e{\nborder-radius:0px 0px 0px 0px;\npadding:0px 0px 0px 0px;\n}\n<\/style>\n<div  class='flex_column av-yfyv-3bc2ce212784ab04f9fa4029aa315f3e av_one_fourth  avia-builder-el-43  el_after_av_one_half  el_before_av_codeblock  no_margin flex_column_table_cell av-equal-height-column av-align-middle av-zero-column-padding  '     ><style type=\"text\/css\" data-created_by=\"avia_inline_auto\" id=\"style-css-av-k2ep82sz-0b71c17130348b49648e165904603f45\">\n#top .av_textblock_section.av-k2ep82sz-0b71c17130348b49648e165904603f45 .avia_textblock{\nfont-size:12px;\n}\n<\/style>\n<section  class='av_textblock_section av-k2ep82sz-0b71c17130348b49648e165904603f45 '   itemscope=\"itemscope\" itemtype=\"https:\/\/schema.org\/CreativeWork\" ><div class='avia_textblock'  itemprop=\"text\" ><p>En cliquant sur \u00ab\u00a0S&rsquo;abonner\u00a0\u00bb, j\u2019accepte de recevoir cette newsletter et je comprends que je peux me d\u00e9sabonner facilement \u00e0 tout moment.<\/p>\n<\/div><\/section><\/div><\/div><!--close column table wrapper. Autoclose: 1 -->\n\n","protected":false},"excerpt":{"rendered":"<p>Lieu design et fonctionnel pour organiser vos salons, spectacles, manifestations sportives \u00e0 Quimper (Finist\u00e8re &#8211; Bretagne). <\/p>\n","protected":false},"author":1,"featured_media":0,"parent":0,"menu_order":0,"comment_status":"closed","ping_status":"closed","template":"","meta":{"footnotes":""},"class_list":["post-71","page","type-page","status-publish","hentry"],"_links":{"self":[{"href":"https:\/\/quimper-evenements.fr\/pro\/wp-json\/wp\/v2\/pages\/71","targetHints":{"allow":["GET"]}}],"collection":[{"href":"https:\/\/quimper-evenements.fr\/pro\/wp-json\/wp\/v2\/pages"}],"about":[{"href":"https:\/\/quimper-evenements.fr\/pro\/wp-json\/wp\/v2\/types\/page"}],"author":[{"embeddable":true,"href":"https:\/\/quimper-evenements.fr\/pro\/wp-json\/wp\/v2\/users\/1"}],"replies":[{"embeddable":true,"href":"https:\/\/quimper-evenements.fr\/pro\/wp-json\/wp\/v2\/comments?post=71"}],"version-history":[{"count":103,"href":"https:\/\/quimper-evenements.fr\/pro\/wp-json\/wp\/v2\/pages\/71\/revisions"}],"predecessor-version":[{"id":2107,"href":"https:\/\/quimper-evenements.fr\/pro\/wp-json\/wp\/v2\/pages\/71\/revisions\/2107"}],"wp:attachment":[{"href":"https:\/\/quimper-evenements.fr\/pro\/wp-json\/wp\/v2\/media?parent=71"}],"curies":[{"name":"wp","href":"https:\/\/api.w.org\/{rel}","templated":true}]}}