{"id":97,"date":"2019-08-22T12:05:40","date_gmt":"2019-08-22T10:05:40","guid":{"rendered":"http:\/\/quimper-evenements.lan\/pro\/?page_id=97"},"modified":"2026-04-29T10:07:41","modified_gmt":"2026-04-29T08:07:41","slug":"quimper-evenements","status":"publish","type":"page","link":"https:\/\/quimper-evenements.fr\/pro\/quimper-evenements\/","title":{"rendered":"Quimper \u00c9v\u00e9nements"},"content":{"rendered":"\n<style type=\"text\/css\" data-created_by=\"avia_inline_auto\" id=\"style-css-av-jzmg3gk2-b8efa9eec764e316f58aa35b1be2c3d9\">\n.avia-section.av-jzmg3gk2-b8efa9eec764e316f58aa35b1be2c3d9{\nbackground-repeat:no-repeat;\nbackground-image:url(https:\/\/quimper-evenements.fr\/pro\/wp-content\/uploads\/sites\/2\/2019\/11\/la-cath\u00aedrale-St-Corentin-et-la-rue-K\u00aer\u00aeon.jpg);\nbackground-position:50% 50%;\nbackground-attachment:scroll;\n}\n.avia-section.av-jzmg3gk2-b8efa9eec764e316f58aa35b1be2c3d9 .av-section-color-overlay{\nopacity:0.7;\nbackground-color:#e20586;\n}\n<\/style>\n<div id='av_section_1'  class='avia-section av-jzmg3gk2-b8efa9eec764e316f58aa35b1be2c3d9 main_color avia-section-default avia-no-border-styling  avia-builder-el-0  el_before_av_tab_section  avia-builder-el-first  avia-full-stretch avia-bg-style-scroll av-section-color-overlay-active av-minimum-height av-minimum-height-custom av-height-custom  container_wrap fullsize'  data-section-bg-repeat='stretch' data-av_minimum_height_px='247'><div class=\"av-section-color-overlay-wrap\"><div class=\"av-section-color-overlay\"><\/div><div class='container av-section-cont-open' style='height:247px'><main  role=\"main\" itemprop=\"mainContentOfPage\"  class='template-page content  av-content-full alpha units'><div class='post-entry post-entry-type-page post-entry-97'><div class='entry-content-wrapper clearfix'>\n\n<style type=\"text\/css\" data-created_by=\"avia_inline_auto\" id=\"style-css-av-k2d7ubag-f3c828cb92bcd6c25412c68ff8560fde\">\n#top .av-special-heading.av-k2d7ubag-f3c828cb92bcd6c25412c68ff8560fde{\npadding-bottom:10px;\ncolor:#ffffff;\n}\nbody .av-special-heading.av-k2d7ubag-f3c828cb92bcd6c25412c68ff8560fde .av-special-heading-tag .heading-char{\nfont-size:25px;\n}\n.av-special-heading.av-k2d7ubag-f3c828cb92bcd6c25412c68ff8560fde .special-heading-inner-border{\nborder-color:#ffffff;\n}\n.av-special-heading.av-k2d7ubag-f3c828cb92bcd6c25412c68ff8560fde .av-subheading{\nfont-size:25px;\n}\n<\/style>\n<div  class='av-special-heading av-k2d7ubag-f3c828cb92bcd6c25412c68ff8560fde av-special-heading-h1 custom-color-heading blockquote modern-quote  avia-builder-el-1  avia-builder-el-no-sibling  av-linked-heading'><h1 class='av-special-heading-tag '  itemprop=\"headline\"  >Quimper \u00c9v\u00e9nements<\/h1><div class='av_custom_color av-subheading av-subheading_below'><p>L&rsquo;organisation d&rsquo;\u00e9v\u00e9nements<\/p>\n<\/div><div class=\"special-heading-border\"><div class=\"special-heading-inner-border\"><\/div><\/div><\/div>\n\n<\/div><\/div><\/main><!-- close content main element --><\/div><\/div><\/div><div id='av-tab-section-1'  class='av-tab-section-container entry-content-wrapper main_color av-tab-no-transition av-tab-content-auto  av-tab-above-content  avia-builder-el-2  el_after_av_section  el_before_av_section  tab-section-not-first container_wrap fullsize'  ><div class='av-tab-section-outer-container av-jzsezltu-f85046645f2f4e82ebed080396533416'><div class='av-tab-section-tab-title-container avia-tab-title-padding-default' role='tablist'><a href='#qui-sommes-nous-' data-av-tab-section-title='1' class='av-section-tab-title av-active-tab-title no-scroll av-jzsexqvb-28b90095ed1aa8e80474cc59970bfc9e av-tab-no-icon av-tab-no-image ' role='tab' tabindex='0' aria-controls='av-tab-section-1-1'><span class='av-outer-tab-title'><span class='av-inner-tab-title'>Qui sommes nous ?<\/span><\/span><span class=\"av-tab-arrow-container\"><span><\/span><\/span><\/a><a href='#missions-et-engagements' data-av-tab-section-title='2' class='av-section-tab-title  av-jzsg1szp-b879b2790398857b665ff4210bfc471e av-tab-no-icon av-tab-no-image ' role='tab' tabindex='0' aria-controls='av-tab-section-1-2'><span class='av-outer-tab-title'><span class='av-inner-tab-title'>MISSIONS ET ENGAGEMENTS<\/span><\/span><span class=\"av-tab-arrow-container\"><span><\/span><\/span><\/a><a href='#references---partenaires' data-av-tab-section-title='3' class='av-section-tab-title  av-k2dclofc-0807b231d66e36f8431e7273107330fd av-tab-no-icon av-tab-no-image ' role='tab' tabindex='0' aria-controls='av-tab-section-1-3'><span class='av-outer-tab-title'><span class='av-inner-tab-title'>REFERENCES - PARTENAIRES<\/span><\/span><span class=\"av-tab-arrow-container\"><span><\/span><\/span><\/a><a href='#presse' data-av-tab-section-title='4' class='av-section-tab-title  av-k2k9nxyi-f2bc96d37f78c7d46706d7a2e965bd8c av-tab-no-icon av-tab-no-image ' role='tab' tabindex='0' aria-controls='av-tab-section-1-4'><span class='av-outer-tab-title'><span class='av-inner-tab-title'>PRESSE<\/span><\/span><span class=\"av-tab-arrow-container\"><span><\/span><\/span><\/a><\/div><div class='avia-slideshow-arrows av-tabsection-arrow' ><a href='#prev' class='prev-slide av_prev_tab_section av-tab-section-slide avia-svg-icon avia-font-svg_entypo-fontello' data-av_svg_icon='left-open-big' data-av_iconset='svg_entypo-fontello' tabindex='-1' title=\"Pr\u00e9c\u00e9dent\"><svg version=\"1.1\" xmlns=\"http:\/\/www.w3.org\/2000\/svg\" width=\"15\" height=\"32\" viewBox=\"0 0 15 32\" preserveAspectRatio=\"xMidYMid meet\" aria-labelledby='av-svg-title-3' aria-describedby='av-svg-desc-3' role=\"graphics-symbol\" aria-hidden=\"true\">\n<title id='av-svg-title-3'>Pr\u00e9c\u00e9dent<\/title>\n<desc id='av-svg-desc-3'>Pr\u00e9c\u00e9dent<\/desc>\n<path d=\"M14.464 27.84q0.832 0.832 0 1.536-0.832 0.832-1.536 0l-12.544-12.608q-0.768-0.768 0-1.6l12.544-12.608q0.704-0.832 1.536 0 0.832 0.704 0 1.536l-11.456 11.904z\"><\/path>\n<\/svg><span class='avia_hidden_link_text'>Pr\u00e9c\u00e9dent<\/span><\/a><a href='#next' class='next-slide av_next_tab_section av-tab-section-slide avia-svg-icon avia-font-svg_entypo-fontello' data-av_svg_icon='right-open-big' data-av_iconset='svg_entypo-fontello' tabindex='-1' title=\"Suivant\"><svg version=\"1.1\" xmlns=\"http:\/\/www.w3.org\/2000\/svg\" width=\"15\" height=\"32\" viewBox=\"0 0 15 32\" preserveAspectRatio=\"xMidYMid meet\" aria-labelledby='av-svg-title-4' aria-describedby='av-svg-desc-4' role=\"graphics-symbol\" aria-hidden=\"true\">\n<title id='av-svg-title-4'>Suivant<\/title>\n<desc id='av-svg-desc-4'>Suivant<\/desc>\n<path d=\"M0.416 27.84l11.456-11.84-11.456-11.904q-0.832-0.832 0-1.536 0.832-0.832 1.536 0l12.544 12.608q0.768 0.832 0 1.6l-12.544 12.608q-0.704 0.832-1.536 0-0.832-0.704 0-1.536z\"><\/path>\n<\/svg><span class='avia_hidden_link_text'>Suivant<\/span><\/a><\/div><div class='av-tab-section-inner-container avia-section-default' style='width:400vw; left:0%;'><span class=\"av_prev_tab_section av_tab_navigation\"><\/span><span class=\"av_next_tab_section av_tab_navigation\"><\/span>\n\n<style type=\"text\/css\" data-created_by=\"avia_inline_auto\" id=\"style-css-av-jzsexqvb-28b90095ed1aa8e80474cc59970bfc9e\">\n.av-layout-tab.av-jzsexqvb-28b90095ed1aa8e80474cc59970bfc9e{\nvertical-align:top;\n}\n<\/style>\n<div id='av-tab-section-1-1' class='av-layout-tab av-jzsexqvb-28b90095ed1aa8e80474cc59970bfc9e av-animation-delay-container  avia-builder-el-3  el_before_av_tab_sub_section  avia-builder-el-first  av-active-tab-content __av_init_open ' data-av-deeplink-tabs=\"\" data-av-tab-section-content=\"1\" data-tab-section-id=\"qui-sommes-nous-\"><div class=\"av-layout-tab-inner\"><div class=\"container\"><p>\n<style type=\"text\/css\" data-created_by=\"avia_inline_auto\" id=\"style-css-av-3ag49-5f3260e11a94670702d78de90d48bfa2\">\n#top .av-special-heading.av-3ag49-5f3260e11a94670702d78de90d48bfa2{\npadding-bottom:10px;\n}\nbody .av-special-heading.av-3ag49-5f3260e11a94670702d78de90d48bfa2 .av-special-heading-tag .heading-char{\nfont-size:25px;\n}\n.av-special-heading.av-3ag49-5f3260e11a94670702d78de90d48bfa2 .av-subheading{\nfont-size:15px;\n}\n<\/style>\n<div  class='av-special-heading av-3ag49-5f3260e11a94670702d78de90d48bfa2 av-special-heading-h3  avia-builder-el-4  el_before_av_one_fifth  avia-builder-el-first  av-linked-heading'><h3 class='av-special-heading-tag '  itemprop=\"headline\"  >Au service du territoire<\/h3><div class=\"special-heading-border\"><div class=\"special-heading-inner-border\"><\/div><\/div><\/div><br \/>\n\n<style type=\"text\/css\" data-created_by=\"avia_inline_auto\" id=\"style-css-av-2ng259-a78d4b7eaa0b3d158ea8bf9b474a3ac5\">\n.flex_column.av-2ng259-a78d4b7eaa0b3d158ea8bf9b474a3ac5{\nborder-radius:0px 0px 0px 0px;\npadding:0px 0px 0px 0px;\n}\n<\/style>\n<div  class='flex_column av-2ng259-a78d4b7eaa0b3d158ea8bf9b474a3ac5 av_one_fifth  avia-builder-el-5  el_after_av_heading  el_before_av_four_fifth  first flex_column_div av-zero-column-padding  '     ><style type=\"text\/css\" data-created_by=\"avia_inline_auto\" id=\"style-css-av-jzseflw4-580998972ade15033aad6a23c6cfa92b\">\n.avia-image-container.av-jzseflw4-580998972ade15033aad6a23c6cfa92b img.avia_image{\nbox-shadow:none;\n}\n.avia-image-container.av-jzseflw4-580998972ade15033aad6a23c6cfa92b .av-image-caption-overlay-center{\ncolor:#ffffff;\n}\n<\/style>\n<div  class='avia-image-container av-jzseflw4-580998972ade15033aad6a23c6cfa92b av-styling- avia-align-center  avia-builder-el-6  avia-builder-el-no-sibling '   itemprop=\"image\" itemscope=\"itemscope\" itemtype=\"https:\/\/schema.org\/ImageObject\" ><div class=\"avia-image-container-inner\"><div class=\"avia-image-overlay-wrap\"><img decoding=\"async\" fetchpriority=\"high\" class='wp-image-9 avia-img-lazy-loading-not-9 avia_image ' src=\"https:\/\/quimper-evenements.fr\/pro\/wp-content\/uploads\/sites\/2\/2019\/07\/logo_blanc_QE-300x300.png\" alt='' title='logo_blanc_QE'  height=\"300\" width=\"300\"  itemprop=\"thumbnailUrl\" srcset=\"https:\/\/quimper-evenements.fr\/pro\/wp-content\/uploads\/sites\/2\/2019\/07\/logo_blanc_QE-300x300.png 300w, https:\/\/quimper-evenements.fr\/pro\/wp-content\/uploads\/sites\/2\/2019\/07\/logo_blanc_QE-80x80.png 80w, https:\/\/quimper-evenements.fr\/pro\/wp-content\/uploads\/sites\/2\/2019\/07\/logo_blanc_QE-36x36.png 36w, https:\/\/quimper-evenements.fr\/pro\/wp-content\/uploads\/sites\/2\/2019\/07\/logo_blanc_QE-180x180.png 180w, https:\/\/quimper-evenements.fr\/pro\/wp-content\/uploads\/sites\/2\/2019\/07\/logo_blanc_QE-120x120.png 120w, https:\/\/quimper-evenements.fr\/pro\/wp-content\/uploads\/sites\/2\/2019\/07\/logo_blanc_QE.png 326w\" sizes=\"(max-width: 300px) 100vw, 300px\" \/><\/div><\/div><\/div><\/div>\n<style type=\"text\/css\" data-created_by=\"avia_inline_auto\" id=\"style-css-av-2mxqyp-6270cbae48f33322bd0b4918b986d15e\">\n.flex_column.av-2mxqyp-6270cbae48f33322bd0b4918b986d15e{\nborder-radius:0px 0px 0px 0px;\npadding:0px 0px 0px 0px;\n}\n<\/style>\n<div  class='flex_column av-2mxqyp-6270cbae48f33322bd0b4918b986d15e av_four_fifth  avia-builder-el-7  el_after_av_one_fifth  el_before_av_hr  flex_column_div av-zero-column-padding  '     ><section  class='av_textblock_section av-jzmg903n-6e8b865ff7964eadce17ccf38aad2720 '   itemscope=\"itemscope\" itemtype=\"https:\/\/schema.org\/CreativeWork\" ><div class='avia_textblock'  itemprop=\"text\" ><h3>Quimper \u00c9v\u00e9nements<\/h3>\n<p>La Soci\u00e9t\u00e9 d&rsquo;Economie Mixte Locale \u00ab\u00a0Quimper \u00c9v\u00e9nements\u00a0\u00bb a \u00e9t\u00e9 cr\u00e9\u00e9e le 14 mars 2013 \u00e0 l&rsquo;initiative de Quimper Bretagne Occidentale avec ses partenaires pour <strong>contribuer au\u00a0d\u00e9veloppement du tourisme d&rsquo;affaires\u00a0et\u00a0valoriser l&rsquo;attractivit\u00e9 de Quimper<\/strong> en tant que capitale \u00e9conomique et touristique.<\/p>\n<p><strong>Elle a \u00e9t\u00e9 transform\u00e9e en Soci\u00e9t\u00e9 publique locale en 2024.<\/strong><\/p>\n<\/div><\/section><\/div><div  class='hr av-jzsfdeyg-1c2937184637f1f3dc1ee91d3990171b hr-short  avia-builder-el-9  el_after_av_four_fifth  el_before_av_one_fifth  hr-center'><span class='hr-inner '><span class=\"hr-inner-style\"><\/span><\/span><\/div><br \/>\n\n<style type=\"text\/css\" data-created_by=\"avia_inline_auto\" id=\"style-css-av-2m6m41-c789ade51cc72c4f190a5ea0ef45fc32\">\n.flex_column.av-2m6m41-c789ade51cc72c4f190a5ea0ef45fc32{\nborder-radius:0px 0px 0px 0px;\npadding:0px 0px 0px 0px;\n}\n<\/style>\n<div  class='flex_column av-2m6m41-c789ade51cc72c4f190a5ea0ef45fc32 av_one_fifth  avia-builder-el-10  el_after_av_hr  el_before_av_four_fifth  first flex_column_div av-zero-column-padding  '     ><style type=\"text\/css\" data-created_by=\"avia_inline_auto\" id=\"style-css-av-jzseflw4-14-5aeeb134cfe40f3da700195a05b81d40\">\n.avia-image-container.av-jzseflw4-14-5aeeb134cfe40f3da700195a05b81d40 img.avia_image{\nbox-shadow:none;\n}\n.avia-image-container.av-jzseflw4-14-5aeeb134cfe40f3da700195a05b81d40 .av-image-caption-overlay-center{\ncolor:#ffffff;\n}\n<\/style>\n<div  class='avia-image-container av-jzseflw4-14-5aeeb134cfe40f3da700195a05b81d40 av-styling- av-img-linked avia-align-center  avia-builder-el-11  avia-builder-el-no-sibling '   itemprop=\"image\" itemscope=\"itemscope\" itemtype=\"https:\/\/schema.org\/ImageObject\" ><div class=\"avia-image-container-inner\"><div class=\"avia-image-overlay-wrap\"><a href=\"http:\/\/www.quimper-bretagne-occidentale.bzh\/\" class='avia_image '  target=\"_blank\"  rel=\"noopener noreferrer\" aria-label='Quimper Bretagne Occidentale'><img decoding=\"async\" fetchpriority=\"high\" class='wp-image-855 avia-img-lazy-loading-not-855 avia_image ' src=\"https:\/\/quimper-evenements.fr\/pro\/wp-content\/uploads\/sites\/2\/2019\/10\/QBO.jpg\" alt='' title='Quimper Bretagne Occidentale'  height=\"300\" width=\"300\"  itemprop=\"thumbnailUrl\" srcset=\"https:\/\/quimper-evenements.fr\/pro\/wp-content\/uploads\/sites\/2\/2019\/10\/QBO.jpg 300w, https:\/\/quimper-evenements.fr\/pro\/wp-content\/uploads\/sites\/2\/2019\/10\/QBO-80x80.jpg 80w, https:\/\/quimper-evenements.fr\/pro\/wp-content\/uploads\/sites\/2\/2019\/10\/QBO-36x36.jpg 36w, https:\/\/quimper-evenements.fr\/pro\/wp-content\/uploads\/sites\/2\/2019\/10\/QBO-180x180.jpg 180w, https:\/\/quimper-evenements.fr\/pro\/wp-content\/uploads\/sites\/2\/2019\/10\/QBO-120x120.jpg 120w\" sizes=\"(max-width: 300px) 100vw, 300px\" \/><\/a><\/div><\/div><\/div><\/div>\n<style type=\"text\/css\" data-created_by=\"avia_inline_auto\" id=\"style-css-av-2lzj3h-c22756bf7138109cad203e60797a5a08\">\n.flex_column.av-2lzj3h-c22756bf7138109cad203e60797a5a08{\nborder-radius:0px 0px 0px 0px;\npadding:0px 0px 0px 0px;\n}\n<\/style>\n<div  class='flex_column av-2lzj3h-c22756bf7138109cad203e60797a5a08 av_four_fifth  avia-builder-el-12  el_after_av_one_fifth  avia-builder-el-last  flex_column_div av-zero-column-padding  '     ><section  class='av_textblock_section av-jzmg903n-10-a586b4b781a3c1e28a252bde99e400bd '   itemscope=\"itemscope\" itemtype=\"https:\/\/schema.org\/CreativeWork\" ><div class='avia_textblock'  itemprop=\"text\" ><h3>Quimper Bretagne Occidentale<\/h3>\n<p>Pr\u00e9sidente : Isabelle ASSIH<br \/>\nAu sein du Pays de Cornouaille, Quimper Bretagne Occidentale est n\u00e9e, en janvier 2017, de la fusion entre Quimper Communaut\u00e9 et la communaut\u00e9 de communes du Pays Glazik, et de l\u2019int\u00e9gration de la commune de Qu\u00e9m\u00e9n\u00e9ven. Ce nouveau territoire, constitu\u00e9 de 14 communes, forme le principal p\u00f4le urbain du Pays de Cornouaille. Il repr\u00e9sente d\u00e9sormais la deuxi\u00e8me structure intercommunale la plus peupl\u00e9e du Finist\u00e8re apr\u00e8s Brest M\u00e9tropole, avec 100 187 habitants, et exerce un rayonnement en termes d\u2019emplois, de services, de commerces et d\u2019animation culturelle sur l\u2019ensemble de la Cornouaille.<\/p>\n<\/div><\/section><\/div><\/p>\n<\/div><\/div><\/div>\n<style type=\"text\/css\" data-created_by=\"avia_inline_auto\" id=\"style-css-av-jzsg1szp-b879b2790398857b665ff4210bfc471e\">\n.av-layout-tab.av-jzsg1szp-b879b2790398857b665ff4210bfc471e{\nvertical-align:top;\n}\n<\/style>\n<div id='av-tab-section-1-2' class='av-layout-tab av-jzsg1szp-b879b2790398857b665ff4210bfc471e av-animation-delay-container  avia-builder-el-14  el_after_av_tab_sub_section  el_before_av_tab_sub_section  ' data-av-deeplink-tabs=\"\" data-av-tab-section-content=\"2\" data-tab-section-id=\"missions-et-engagements\"><div class=\"av-layout-tab-inner\"><div class=\"container\"><p>\n<style type=\"text\/css\" data-created_by=\"avia_inline_auto\" id=\"style-css-av-2tkbp-d9aec65af993d36b6b5d1fe0ba02791e\">\n#top .av-special-heading.av-2tkbp-d9aec65af993d36b6b5d1fe0ba02791e{\npadding-bottom:10px;\n}\nbody .av-special-heading.av-2tkbp-d9aec65af993d36b6b5d1fe0ba02791e .av-special-heading-tag .heading-char{\nfont-size:25px;\n}\n.av-special-heading.av-2tkbp-d9aec65af993d36b6b5d1fe0ba02791e .av-subheading{\nfont-size:15px;\n}\n<\/style>\n<div  class='av-special-heading av-2tkbp-d9aec65af993d36b6b5d1fe0ba02791e av-special-heading-h3  avia-builder-el-15  el_before_av_two_third  avia-builder-el-first  av-linked-heading'><h3 class='av-special-heading-tag '  itemprop=\"headline\"  >Nos missions<\/h3><div class=\"special-heading-border\"><div class=\"special-heading-inner-border\"><\/div><\/div><\/div><br \/>\n\n<style type=\"text\/css\" data-created_by=\"avia_inline_auto\" id=\"style-css-av-2l7ai9-c7c5151289a8f9806619c0196167ca20\">\n.flex_column.av-2l7ai9-c7c5151289a8f9806619c0196167ca20{\nborder-radius:0px 0px 0px 0px;\npadding:0px 0px 0px 0px;\n}\n<\/style>\n<div  class='flex_column av-2l7ai9-c7c5151289a8f9806619c0196167ca20 av_two_third  avia-builder-el-16  el_after_av_heading  el_before_av_one_third  first flex_column_div av-zero-column-padding  '     ><section  class='av_textblock_section av-jzmg903n-8-aef0576943cec49feeaea6d84c89cd38 '   itemscope=\"itemscope\" itemtype=\"https:\/\/schema.org\/CreativeWork\" ><div class='avia_textblock'  itemprop=\"text\" ><p>Quimper,\u00a0nouvelle destination de congr\u00e8s et \u00e9v\u00e9nements a confi\u00e9 \u00e0 la\u00a0soci\u00e9t\u00e9 d&rsquo;\u00e9conomie mixte locale Quimper Ev\u00e9nements, <strong>3 missions essentielles<\/strong> pour contribuer au d\u00e9veloppement du tourisme d&rsquo;affaires et des \u00e9v\u00e9nements \u00e9conomiques culturels et sportifs.<\/p>\n<h4>1. La gestion d&rsquo;\u00e9quipements<\/h4>\n<p>Quimper Ev\u00e9nements est le d\u00e9l\u00e9gataire du\u00a0<a href=\"http:\/\/quimper-evenements.lan\/pro\/parc-des-expositions\/\"><strong>Parc des Expositions de Quimper Cornouaille<\/strong><\/a>, du <strong><a href=\"http:\/\/quimper-evenements.lan\/pro\/centre-des-congres\/\">Centre des Congr\u00e8s du Chapeau Rouge<\/a><\/strong>\u00a0et du<strong><a href=\"https:\/\/quimper-evenements.fr\/pro\/grande-salle\/\"> Kostum Park &#8211; \u00c0 nous la vie<\/a>.<\/strong><\/p>\n<p>Avec <strong>pr\u00e8s de 300 \u00e9v\u00e9nements accueillis chaque ann\u00e9e<\/strong>, l&rsquo;exploitation de ces 3 \u00e9quipements d&rsquo;excellence contribue fortement \u00e0 l&rsquo;attractivit\u00e9 du territoire et aux retomb\u00e9es \u00e9conomiques.<\/p>\n<h4>2. L&rsquo;organisation d\u2019\u00e9v\u00e9nements<\/h4>\n<p>L&rsquo;\u00e9quipe de Quimper \u00c9v\u00e9nements est au service des organisateurs pour <strong>soutenir et conseiller l&rsquo;organisation technique, commerciale ou marketing<\/strong> de leurs manifestations (salons &#8211; congr\u00e8s &#8211; spectacles &#8211; concert &#8230; ).<br \/>\nOrganisation en propre ou d\u00e9l\u00e9gu\u00e9e, Quimper \u00c9v\u00e9nements apporte son <strong>expertise<\/strong> et <strong>efficacit\u00e9<\/strong> pour favoriser l&rsquo;\u00e9mergence et la croissance de manifestations sur le territoire.<\/p>\n<h4>3. Le Bureau des Congr\u00e8s<\/h4>\n<p style=\"text-align: left;\">Le Bureau des Congr\u00e8s a pour vocation de conseiller, proposer et accompagner tous les organisateurs d&rsquo;\u00e9v\u00e9nements.<\/p>\n<p>Information sur un lieu insolite, un prestataire, ou une organisation cl\u00e9 en main, le Bureau des Congr\u00e8s est l&rsquo;interlocuteur unique qui facilite la venue des s\u00e9minaires, des congr\u00e8s et \u00e9v\u00e9nementiels dans notre Pays de Cornouaille.<\/p>\n<p>Retrouvez l&rsquo;espace\u00a0<a href=\"https:\/\/quimper-evenements.fr\/pro\/nos-offres\/\" target=\"_blank\" rel=\"noopener\">Bureau des Congr\u00e8s<\/a> avec le d\u00e9tail des prestations.<\/p>\n<\/div><\/section><\/div>\n<style type=\"text\/css\" data-created_by=\"avia_inline_auto\" id=\"style-css-av-98s0h-41ea418d225f8a7ff5c569b6fa33c229\">\n.flex_column.av-98s0h-41ea418d225f8a7ff5c569b6fa33c229{\nborder-radius:0px 0px 0px 0px;\npadding:0px 0px 0px 0px;\n}\n<\/style>\n<div  class='flex_column av-98s0h-41ea418d225f8a7ff5c569b6fa33c229 av_one_third  avia-builder-el-18  el_after_av_two_third  el_before_av_heading  flex_column_div av-zero-column-padding  '     ><style type=\"text\/css\" data-created_by=\"avia_inline_auto\" id=\"style-css-av-jzsctg62-f9cbd93ffa44fa8d5dac25f2a9b3564d\">\n.avia-image-container.av-jzsctg62-f9cbd93ffa44fa8d5dac25f2a9b3564d img.avia_image{\nbox-shadow:none;\n}\n.avia-image-container.av-jzsctg62-f9cbd93ffa44fa8d5dac25f2a9b3564d .av-image-caption-overlay-center{\ncolor:#ffffff;\n}\n<\/style>\n<div  class='avia-image-container av-jzsctg62-f9cbd93ffa44fa8d5dac25f2a9b3564d av-styling- avia-align-center  avia-builder-el-19  avia-builder-el-no-sibling '   itemprop=\"image\" itemscope=\"itemscope\" itemtype=\"https:\/\/schema.org\/ImageObject\" ><div class=\"avia-image-container-inner\"><div class=\"avia-image-overlay-wrap\"><img decoding=\"async\" fetchpriority=\"high\" class='wp-image-791 avia-img-lazy-loading-not-791 avia_image ' src=\"https:\/\/quimper-evenements.fr\/pro\/wp-content\/uploads\/sites\/2\/2019\/10\/visuel-destination-quimper-759x1030.jpg\" alt='' title=''  height=\"1030\" width=\"759\"  itemprop=\"thumbnailUrl\" srcset=\"https:\/\/quimper-evenements.fr\/pro\/wp-content\/uploads\/sites\/2\/2019\/10\/visuel-destination-quimper-759x1030.jpg 759w, https:\/\/quimper-evenements.fr\/pro\/wp-content\/uploads\/sites\/2\/2019\/10\/visuel-destination-quimper-221x300.jpg 221w, https:\/\/quimper-evenements.fr\/pro\/wp-content\/uploads\/sites\/2\/2019\/10\/visuel-destination-quimper-768x1043.jpg 768w, https:\/\/quimper-evenements.fr\/pro\/wp-content\/uploads\/sites\/2\/2019\/10\/visuel-destination-quimper-1105x1500.jpg 1105w, https:\/\/quimper-evenements.fr\/pro\/wp-content\/uploads\/sites\/2\/2019\/10\/visuel-destination-quimper-519x705.jpg 519w, https:\/\/quimper-evenements.fr\/pro\/wp-content\/uploads\/sites\/2\/2019\/10\/visuel-destination-quimper-450x611.jpg 450w, https:\/\/quimper-evenements.fr\/pro\/wp-content\/uploads\/sites\/2\/2019\/10\/visuel-destination-quimper.jpg 1748w\" sizes=\"(max-width: 759px) 100vw, 759px\" \/><\/div><\/div><\/div><\/div>\n<style type=\"text\/css\" data-created_by=\"avia_inline_auto\" id=\"style-css-av-233e5-07c00ca368c3e08f50fd1956dea130bf\">\n#top .av-special-heading.av-233e5-07c00ca368c3e08f50fd1956dea130bf{\npadding-bottom:10px;\n}\nbody .av-special-heading.av-233e5-07c00ca368c3e08f50fd1956dea130bf .av-special-heading-tag .heading-char{\nfont-size:25px;\n}\n.av-special-heading.av-233e5-07c00ca368c3e08f50fd1956dea130bf .av-subheading{\nfont-size:15px;\n}\n<\/style>\n<div  class='av-special-heading av-233e5-07c00ca368c3e08f50fd1956dea130bf av-special-heading-h3  avia-builder-el-20  el_after_av_one_third  el_before_av_one_full  av-linked-heading'><h3 class='av-special-heading-tag '  itemprop=\"headline\"  >Nos engagements<\/h3><div class=\"special-heading-border\"><div class=\"special-heading-inner-border\"><\/div><\/div><\/div><br \/>\n\n<style type=\"text\/css\" data-created_by=\"avia_inline_auto\" id=\"style-css-av-7bic9-08c3ee81232b22e6611a2632c3d30c1e\">\n.flex_column.av-7bic9-08c3ee81232b22e6611a2632c3d30c1e{\nborder-radius:0px 0px 0px 0px;\npadding:0px 0px 0px 0px;\n}\n<\/style>\n<div  class='flex_column av-7bic9-08c3ee81232b22e6611a2632c3d30c1e av_one_full  avia-builder-el-21  el_after_av_heading  el_before_av_one_half  first flex_column_div av-zero-column-padding  '     ><section  class='av_textblock_section av-k2dc3skh-01da990cda7757682a92abb2c1cfa92e '   itemscope=\"itemscope\" itemtype=\"https:\/\/schema.org\/CreativeWork\" ><div class='avia_textblock'  itemprop=\"text\" ><p>Le d\u00e9veloppement du tourisme d&rsquo;affaires pour les collectivit\u00e9s est un vecteur important en termes de retomb\u00e9es \u00e9conomiques et\u00a0 sociales. Quimper Ev\u00e9nements s&rsquo;engage dans cette politique responsable au service de <a href=\"http:\/\/www.quimper-bretagne-occidentale.bzh\/\" target=\"_blank\" rel=\"noopener\">Quimper Bretagne Occidentale<\/a> et des acteurs locaux.<\/p>\n<\/div><\/section><\/div>\n<style type=\"text\/css\" data-created_by=\"avia_inline_auto\" id=\"style-css-av-6ocb9-147eea51f0910410118faa635d6ad042\">\n.flex_column.av-6ocb9-147eea51f0910410118faa635d6ad042{\nborder-radius:0px 0px 0px 0px;\npadding:0px 0px 0px 0px;\n}\n<\/style>\n<div  class='flex_column av-6ocb9-147eea51f0910410118faa635d6ad042 av_one_half  avia-builder-el-23  el_after_av_one_full  el_before_av_one_half  first flex_column_div av-zero-column-padding  column-top-margin'     ><section  class='av_textblock_section av-jzsh02sx-dbbce2d43df56bf3bd7f5eb3225e12b3 '   itemscope=\"itemscope\" itemtype=\"https:\/\/schema.org\/CreativeWork\" ><div class='avia_textblock'  itemprop=\"text\" ><h4>Une politique d&rsquo;approvisionnement de proximit\u00e9<\/h4>\n<p style=\"text-align: left;\">Quimper Ev\u00e9nements d\u00e9veloppe ses relations avec des fournisseurs et des prestataires locaux. Cette relation de proximit\u00e9 favorise un r\u00e9seau de savoir-faire et d&rsquo;expertise en r\u00e9gion. Cet engagement de Quimper Ev\u00e9nements contribue au d\u00e9veloppement local de la fili\u00e8re professionnelle des prestataires sp\u00e9cialis\u00e9s.<\/p>\n<h4>Une \u00e9valuation des retomb\u00e9es \u00e9conomiques et sociales<\/h4>\n<p style=\"text-align: left;\">Quimper Ev\u00e9nements s&rsquo;engage \u00e0 mesurer chaque ann\u00e9e les indicateurs des retomb\u00e9es li\u00e9es au d\u00e9veloppement du tourisme d&rsquo;affaires pour le territoire.<\/p>\n<h4>D\u00e9marche qualit\u00e9 et \u00e9co responsable<\/h4>\n<p style=\"text-align: left;\">Tant dans la conception des \u00e9quipements construits selon les norme HQE, que dans la gestion de l&rsquo;accueil et de l&rsquo;organisation d&rsquo;\u00e9v\u00e9nements, Quimper Ev\u00e9nements a engag\u00e9 une d\u00e9marche pro-active pour l&rsquo;am\u00e9lioration de la qualit\u00e9 et la contribution au d\u00e9veloppement durable.<\/p>\n<\/div><\/section><\/div>\n<style type=\"text\/css\" data-created_by=\"avia_inline_auto\" id=\"style-css-av-6eayx-49468c98b28bd3c5e8771a7c7b5bfa79\">\n.flex_column.av-6eayx-49468c98b28bd3c5e8771a7c7b5bfa79{\nborder-radius:0px 0px 0px 0px;\npadding:0px 0px 0px 0px;\n}\n<\/style>\n<div  class='flex_column av-6eayx-49468c98b28bd3c5e8771a7c7b5bfa79 av_one_half  avia-builder-el-25  el_after_av_one_half  avia-builder-el-last  flex_column_div av-zero-column-padding  column-top-margin'     ><section  class='av_textblock_section av-jzsh02sx-7-b8be2a2a4c6aff1b0918ccd9881ef7ad '   itemscope=\"itemscope\" itemtype=\"https:\/\/schema.org\/CreativeWork\" ><div class='avia_textblock'  itemprop=\"text\" ><h4>Qualit\u00e9 de l&rsquo;accueil et service client<\/h4>\n<p style=\"text-align: left;\">Notre premier objectif est de savoir r\u00e9pondre \u00e0 toutes vos attentes et envies.<br \/>\nSolutions techniques, services personnalis\u00e9s, mise en relation, partenariats, communication, nous sommes \u00e0 votre disposition pour faire de votre \u00e9v\u00e9nement un succ\u00e8s.<\/p>\n<h4>Des emplois fond\u00e9s sur la connaissance locale<\/h4>\n<p style=\"text-align: left;\">Parce que la qualit\u00e9 des prestations repose sur le savoir-faire de nos collaborateurs et sur leur connaissance du tissu local, l&#8217;emploi et le d\u00e9veloppement des comp\u00e9tences en local constitue un axe privil\u00e9gi\u00e9 dans la gestion des ressources humaines de Quimper Ev\u00e9nements.<\/p>\n<\/div><\/section><\/div><\/p>\n<\/div><\/div><\/div>\n<style type=\"text\/css\" data-created_by=\"avia_inline_auto\" id=\"style-css-av-k2dclofc-0807b231d66e36f8431e7273107330fd\">\n.av-layout-tab.av-k2dclofc-0807b231d66e36f8431e7273107330fd{\nvertical-align:top;\n}\n<\/style>\n<div id='av-tab-section-1-3' class='av-layout-tab av-k2dclofc-0807b231d66e36f8431e7273107330fd av-animation-delay-container  avia-builder-el-27  el_after_av_tab_sub_section  el_before_av_tab_sub_section  ' data-av-deeplink-tabs=\"\" data-av-tab-section-content=\"3\" data-tab-section-id=\"references---partenaires\"><div class=\"av-layout-tab-inner\"><div class=\"container\"><section  class='av_textblock_section av-jzsglyea-47f2d0d25f7e730cd99c841ce477abd1 '   itemscope=\"itemscope\" itemtype=\"https:\/\/schema.org\/CreativeWork\" ><div class='avia_textblock'  itemprop=\"text\" ><h3>Organisation et co-organisation<\/h3>\n<p>Quimper Ev\u00e9nements con\u00e7oit, organise et met en oeuvre de nombreux \u00e9v\u00e9nements professionnels et grand public, en propre et\/ou en collaboration avec diverses entit\u00e9s.<\/p>\n<\/div><\/section><br \/>\n<div  class='avia-logo-element-container av-jzshhc4g-32d8dc5c5e84105e590ed8089f085e99 av-border-deactivate avia-logo-grid avia-content-slider avia-smallarrow-slider avia-content-grid-active noHover avia-content-slider-odd  avia-builder-el-29  el_after_av_textblock  el_before_av_button  avia-content-slider1' ><div class='avia-smallarrow-slider-heading  no-logo-slider-heading '><div class='new-special-heading'>&nbsp;<\/div><\/div><div class=\"avia-content-slider-inner\"><div class=\"slide-entry-wrap\"><div  class='slide-entry av-jlph-c195c7bbbec95f9fa99b7b375a69b548 flex_column no_margin av_one_fifth real-thumbnail post-entry slide-entry-overview slide-loop-1 slide-parity-odd  first'><a href=\"https:\/\/www.breizh-transition.bzh\/\" data-rel='slide-1' class='slide-image' title=''  target=\"_blank\"  rel=\"noopener noreferrer\"><span class='av-partner-fake-img' style='padding-bottom:100%; background-image:url(https:\/\/quimper-evenements.fr\/pro\/wp-content\/uploads\/sites\/2\/2023\/05\/1080x1080-logo-300x300.png);'><\/span><\/a><\/div><div  class='slide-entry av-4zxjl-3088a240e44cfcc6eb2dc63f22977689 flex_column no_margin av_one_fifth real-thumbnail post-entry slide-entry-overview slide-loop-2 slide-parity-even  '><a href=\"https:\/\/breizh-nature.bzh\/\" data-rel='slide-1' class='slide-image' title=''  target=\"_blank\"  rel=\"noopener noreferrer\"><span class='av-partner-fake-img' style='padding-bottom:100%; background-image:url(https:\/\/quimper-evenements.fr\/pro\/wp-content\/uploads\/sites\/2\/2023\/12\/LOGO-BN.png);'><\/span><\/a><\/div><div  class='slide-entry av-4dy9h-76b3b9c5f5980cb20fb945dd8a671faf flex_column no_margin av_one_fifth real-thumbnail post-entry slide-entry-overview slide-loop-3 slide-parity-odd  '><a href=\"https:\/\/lesdayconnades.bzh\/2019\/\" data-rel='slide-1' class='slide-image' title=''  target=\"_blank\"  rel=\"noopener noreferrer\"><span class='av-partner-fake-img' style='padding-bottom:100%; background-image:url(https:\/\/quimper-evenements.fr\/pro\/wp-content\/uploads\/sites\/2\/2019\/10\/DAYCONNADES-1.jpg);'><\/span><\/a><\/div><div  class='slide-entry av-3neh5-3a75f0874ee2dddd573a58e5dd97a4dc flex_column no_margin av_one_fifth real-thumbnail post-entry slide-entry-overview slide-loop-4 slide-parity-even  '><a href=\"https:\/\/www.supplychainouest.com\/\" data-rel='slide-1' class='slide-image' title=''  target=\"_blank\"  rel=\"noopener noreferrer\"><span class='av-partner-fake-img' style='padding-bottom:100%; background-image:url(https:\/\/quimper-evenements.fr\/pro\/wp-content\/uploads\/sites\/2\/2022\/01\/LOGO-SCO-600600-300x300.png);'><\/span><\/a><\/div><div  class='slide-entry av-1yz39-1fe55b1ea4baaffb5c6c516257ce4691 flex_column no_margin av_one_fifth real-thumbnail post-entry slide-entry-overview slide-loop-5 slide-parity-odd  '><a href=\"https:\/\/efisante.com\/\" data-rel='slide-1' class='slide-image' title=''  target=\"_blank\"  rel=\"noopener noreferrer\"><span class='av-partner-fake-img' style='padding-bottom:100%; background-image:url(https:\/\/quimper-evenements.fr\/pro\/wp-content\/uploads\/sites\/2\/2020\/02\/03-EFI-Sante-Logo-couleur-300x300.jpg);'><\/span><\/a><\/div><\/div><div class=\"slide-entry-wrap\"><div  class='slide-entry av-cfwx-3f9f33add049cf5aa0e163125e316855 flex_column no_margin av_one_fifth real-thumbnail post-entry slide-entry-overview slide-loop-6 slide-parity-odd  first'><a href=\"https:\/\/festival-artisanat.bzh\/\" data-rel='slide-1' class='slide-image' title=''  target=\"_blank\"  rel=\"noopener noreferrer\"><span class='av-partner-fake-img' style='padding-bottom:100%; background-image:url(https:\/\/quimper-evenements.fr\/pro\/wp-content\/uploads\/sites\/2\/2019\/10\/ARTISANAT-1.jpg);'><\/span><\/a><\/div><div  class='slide-entry av-3x5xx-8c20736073ee50e980a71a472644bce9 flex_column no_margin av_one_fifth real-thumbnail post-entry slide-entry-overview slide-loop-7 slide-parity-even  '><span class='av-partner-fake-img' style='padding-bottom:100%; background-image:url(https:\/\/quimper-evenements.fr\/pro\/wp-content\/uploads\/sites\/2\/2019\/11\/KEMPERQUIZZ.jpg);'><\/span><\/div><div  class='slide-entry av-2tkpl-e1267ab46ff4d1872e3d2f2f2126a69a flex_column no_margin av_one_fifth real-thumbnail post-entry slide-entry-overview slide-loop-8 slide-parity-odd  '><a href=\"https:\/\/www.forum-terredentreprises.bzh\/\" data-rel='slide-1' class='slide-image' title=''  target=\"_blank\"  rel=\"noopener noreferrer\"><span class='av-partner-fake-img' style='padding-bottom:100%; background-image:url(https:\/\/quimper-evenements.fr\/pro\/wp-content\/uploads\/sites\/2\/2021\/08\/LOGO-FORUM-CARRE-300x300.png);'><\/span><\/a><\/div><div  class='slide-entry av-283k9-5441ff56dee2616a673f5afbbd492a38 flex_column no_margin av_one_fifth real-thumbnail post-entry slide-entry-overview slide-loop-9 slide-parity-even  '><span class='av-partner-fake-img' style='padding-bottom:100%; background-image:url(https:\/\/quimper-evenements.fr\/pro\/wp-content\/uploads\/sites\/2\/2019\/10\/RECEVOIR-EN-CORNOUAILLE-1.jpg);'><\/span><\/div><div  class='slide-entry av-22gh5-5aa057f1f1549bba480e976570db9710 flex_column no_margin av_one_fifth real-thumbnail post-entry slide-entry-overview slide-loop-10 slide-parity-odd post-entry-last '><span class='av-partner-fake-img' style='padding-bottom:100%; background-image:url(https:\/\/quimper-evenements.fr\/pro\/wp-content\/uploads\/sites\/2\/2019\/11\/LES-PIEDS-DANS-LE-PLAT.jpg);'><\/span><\/div><\/div><\/div><\/div><br \/>\n<div  class='avia-button-wrap av-kuxvzndg-4c967b3aad6ff9687ddf4f3327563c89-wrap avia-button-center  avia-builder-el-30  el_after_av_partner  el_before_av_textblock '><a href='https:\/\/quimper-evenements.fr\/pro\/organisation-devenements\/'  class='avia-button av-kuxvzndg-4c967b3aad6ff9687ddf4f3327563c89 av-link-btn avia-icon_select-yes-left-icon avia-size-medium avia-position-center avia-color-theme-color'   aria-label=\"En savoir plus\"><span class='avia_button_icon avia_button_icon_left avia-iconfont avia-font-entypo-fontello' data-av_icon='\ue81f' data-av_iconfont='entypo-fontello' ><\/span><span class='avia_iconbox_title' >En savoir plus<\/span><\/a><\/div><br \/>\n<section  class='av_textblock_section av-jzsglyea-6-50696f0e7c0471c976bf0818c3715d67 '   itemscope=\"itemscope\" itemtype=\"https:\/\/schema.org\/CreativeWork\" ><div class='avia_textblock'  itemprop=\"text\" ><h3>Nos r\u00e9f\u00e9rences<\/h3>\n<p>Nous remercions tous les organisateurs qui nous ont fait confiance depuis 2015 en programmant leurs \u00e9v\u00e9nements au Parc des Expositions Quimper Cornouaille et au Centre des Congr\u00e8s du Chapeau Rouge.<\/p>\n<\/div><\/section><br \/>\n<div  class='avia-logo-element-container av-jzsie0hs-12ca5ab86ae69b0a9846292c571e758e av-border-deactivate avia-logo-slider avia-content-slider avia-smallarrow-slider avia-content-slider-active noHover avia-content-slider-even  avia-builder-el-32  el_after_av_textblock  el_before_av_textblock  av-slideshow-ui av-control-default av-nav-arrows-visible av-nav-dots-visible av-no-slider-navigation av-slideshow-autoplay av-loop-endless av-loop-manual-endless avia-content-slider2' data-slideshow-options=\"{&quot;animation&quot;:&quot;fade&quot;,&quot;autoplay&quot;:true,&quot;loop_autoplay&quot;:&quot;endless&quot;,&quot;interval&quot;:3,&quot;loop_manual&quot;:&quot;manual-endless&quot;,&quot;autoplay_stopper&quot;:false,&quot;noNavigation&quot;:false,&quot;bg_slider&quot;:false,&quot;keep_padding&quot;:&quot;&quot;,&quot;hoverpause&quot;:false,&quot;show_slide_delay&quot;:0}\"><div class='avia-smallarrow-slider-heading  no-logo-slider-heading '><div class='new-special-heading'>&nbsp;<\/div><div class='avia-slideshow-arrows avia-slideshow-controls' ><a href='#prev' class='prev-slide  avia-svg-icon avia-font-svg_entypo-fontello' data-av_svg_icon='left-open-big' data-av_iconset='svg_entypo-fontello' tabindex='-1' title=\"Pr\u00e9c\u00e9dent\"><svg version=\"1.1\" xmlns=\"http:\/\/www.w3.org\/2000\/svg\" width=\"15\" height=\"32\" viewBox=\"0 0 15 32\" preserveAspectRatio=\"xMidYMid meet\" aria-labelledby='av-svg-title-1' aria-describedby='av-svg-desc-1' role=\"graphics-symbol\" aria-hidden=\"true\">\n<title id='av-svg-title-1'>Pr\u00e9c\u00e9dent<\/title>\n<desc id='av-svg-desc-1'>Pr\u00e9c\u00e9dent<\/desc>\n<path d=\"M14.464 27.84q0.832 0.832 0 1.536-0.832 0.832-1.536 0l-12.544-12.608q-0.768-0.768 0-1.6l12.544-12.608q0.704-0.832 1.536 0 0.832 0.704 0 1.536l-11.456 11.904z\"><\/path>\n<\/svg><span class='avia_hidden_link_text'>Pr\u00e9c\u00e9dent<\/span><\/a><a href='#next' class='next-slide  avia-svg-icon avia-font-svg_entypo-fontello' data-av_svg_icon='right-open-big' data-av_iconset='svg_entypo-fontello' tabindex='-1' title=\"Suivant\"><svg version=\"1.1\" xmlns=\"http:\/\/www.w3.org\/2000\/svg\" width=\"15\" height=\"32\" viewBox=\"0 0 15 32\" preserveAspectRatio=\"xMidYMid meet\" aria-labelledby='av-svg-title-2' aria-describedby='av-svg-desc-2' role=\"graphics-symbol\" aria-hidden=\"true\">\n<title id='av-svg-title-2'>Suivant<\/title>\n<desc id='av-svg-desc-2'>Suivant<\/desc>\n<path d=\"M0.416 27.84l11.456-11.84-11.456-11.904q-0.832-0.832 0-1.536 0.832-0.832 1.536 0l12.544 12.608q0.768 0.832 0 1.6l-12.544 12.608q-0.704 0.832-1.536 0-0.832-0.704 0-1.536z\"><\/path>\n<\/svg><span class='avia_hidden_link_text'>Suivant<\/span><\/a><\/div><\/div><div class=\"avia-content-slider-inner\"><div class=\"slide-entry-wrap\"><div  class='slide-entry av-7l20h-2815371b78ff94e5d2d91ef592180e0b flex_column no_margin av_one_eighth real-thumbnail post-entry slide-entry-overview slide-loop-1 slide-parity-odd  first'><span class='av-partner-fake-img' style='padding-bottom:64.285714285714%; background-image:url(https:\/\/quimper-evenements.fr\/pro\/wp-content\/uploads\/sites\/2\/2019\/08\/t\u00e9l\u00e9chargement.png);'><\/span><\/div><div  class='slide-entry av-23kas9-75528115d33f2727b74115703d822061 flex_column no_margin av_one_eighth real-thumbnail post-entry slide-entry-overview slide-loop-2 slide-parity-even  '><span class='av-partner-fake-img' style='padding-bottom:64.285714285714%; background-image:url(https:\/\/quimper-evenements.fr\/pro\/wp-content\/uploads\/sites\/2\/2019\/08\/Logo-R\u00e9seau-Entreprendre-300x138.png);'><\/span><\/div><div  class='slide-entry av-22uo3l-3b1df1b48cd92ed71c228dfce19ada8f flex_column no_margin av_one_eighth real-thumbnail post-entry slide-entry-overview slide-loop-3 slide-parity-odd  '><span class='av-partner-fake-img' style='padding-bottom:64.285714285714%; background-image:url(https:\/\/quimper-evenements.fr\/pro\/wp-content\/uploads\/sites\/2\/2019\/08\/Logo_SDEF-300x236.png);'><\/span><\/div><div  class='slide-entry av-221kc5-a740162b6be88993f34e9fb9d6a6df1d flex_column no_margin av_one_eighth real-thumbnail post-entry slide-entry-overview slide-loop-4 slide-parity-even  '><span class='av-partner-fake-img' style='padding-bottom:64.285714285714%; background-image:url(https:\/\/quimper-evenements.fr\/pro\/wp-content\/uploads\/sites\/2\/2019\/08\/20120905120555Harmonie_mutuelle_2012_logo.png);'><\/span><\/div><div  class='slide-entry av-21cu7p-3f23a5186fb92bd74a29bdc355e30192 flex_column no_margin av_one_eighth real-thumbnail post-entry slide-entry-overview slide-loop-5 slide-parity-odd  '><span class='av-partner-fake-img' style='padding-bottom:64.285714285714%; background-image:url(https:\/\/quimper-evenements.fr\/pro\/wp-content\/uploads\/sites\/2\/2019\/08\/Cr\u00e9dit-Agricole-500x281-300x169.jpg);'><\/span><\/div><div  class='slide-entry av-20qecd-c63e47d5bd24bc89074cf167b1e711a8 flex_column no_margin av_one_eighth real-thumbnail post-entry slide-entry-overview slide-loop-6 slide-parity-even  '><span class='av-partner-fake-img' style='padding-bottom:64.285714285714%; background-image:url(https:\/\/quimper-evenements.fr\/pro\/wp-content\/uploads\/sites\/2\/2019\/08\/Logo_Cr\u00e9dit_Coop\u00e9ratif.svg_-300x108.png);'><\/span><\/div><div  class='slide-entry av-20ley1-dc0e58e5e1ee30464655379a86f7e6fe flex_column no_margin av_one_eighth real-thumbnail post-entry slide-entry-overview slide-loop-7 slide-parity-odd  '><span class='av-partner-fake-img' style='padding-bottom:64.285714285714%; background-image:url(https:\/\/quimper-evenements.fr\/pro\/wp-content\/uploads\/sites\/2\/2019\/08\/epa-300x242.jpg);'><\/span><\/div><div  class='slide-entry av-1zn78d-0edb2e9f4e84eb73caec6f670d66203c flex_column no_margin av_one_eighth real-thumbnail post-entry slide-entry-overview slide-loop-8 slide-parity-even  '><span class='av-partner-fake-img' style='padding-bottom:64.285714285714%; background-image:url(https:\/\/quimper-evenements.fr\/pro\/wp-content\/uploads\/sites\/2\/2019\/08\/20140708101723Produit_en_Bretagne_logo-300x300.png);'><\/span><\/div><\/div><div class=\"slide-entry-wrap\"><div  class='slide-entry av-1zdwqp-5b4442ed82bcc7cbbcb6ea777808b2a3 flex_column no_margin av_one_eighth real-thumbnail post-entry slide-entry-overview slide-loop-9 slide-parity-odd  first'><span class='av-partner-fake-img' style='padding-bottom:64.285714285714%; background-image:url(https:\/\/quimper-evenements.fr\/pro\/wp-content\/uploads\/sites\/2\/2019\/08\/logo_CCIMBO-MAIL-300x58.jpg);'><\/span><\/div><div  class='slide-entry av-1ysd4h-7ee2592c5caa28f79aed384a0f9109f1 flex_column no_margin av_one_eighth real-thumbnail post-entry slide-entry-overview slide-loop-10 slide-parity-even  '><span class='av-partner-fake-img' style='padding-bottom:64.285714285714%; background-image:url(https:\/\/quimper-evenements.fr\/pro\/wp-content\/uploads\/sites\/2\/2019\/08\/cma29-logo-2018-noir-local-solo-300x220.jpg);'><\/span><\/div><div  class='slide-entry av-1xv6r9-4f1987f3b2f975a4c165a5c244b95cf2 flex_column no_margin av_one_eighth real-thumbnail post-entry slide-entry-overview slide-loop-11 slide-parity-odd  '><span class='av-partner-fake-img' style='padding-bottom:64.285714285714%; background-image:url(https:\/\/quimper-evenements.fr\/pro\/wp-content\/uploads\/sites\/2\/2019\/08\/Chambre-d-agriculture-du-Finistere_large.jpg);'><\/span><\/div><div  class='slide-entry av-6xr1p-9340667a40eb531c5618353b901f6cfe flex_column no_margin av_one_eighth real-thumbnail post-entry slide-entry-overview slide-loop-12 slide-parity-even  '><span class='av-partner-fake-img' style='padding-bottom:64.285714285714%; background-image:url(https:\/\/quimper-evenements.fr\/pro\/wp-content\/uploads\/sites\/2\/2019\/08\/quimper-300x150.png);'><\/span><\/div><div  class='slide-entry av-1wwhdh-2351b612f2c5af53eebdd2cb5ef2beab flex_column no_margin av_one_eighth real-thumbnail post-entry slide-entry-overview slide-loop-13 slide-parity-odd  '><span class='av-partner-fake-img' style='padding-bottom:64.285714285714%; background-image:url(https:\/\/quimper-evenements.fr\/pro\/wp-content\/uploads\/sites\/2\/2019\/08\/JDE-300x111.jpg);'><\/span><\/div><div  class='slide-entry av-1we541-d6ba30ea6400ea0d334edc52ea1703e6 flex_column no_margin av_one_eighth real-thumbnail post-entry slide-entry-overview slide-loop-14 slide-parity-even  '><span class='av-partner-fake-img' style='padding-bottom:64.285714285714%; background-image:url(https:\/\/quimper-evenements.fr\/pro\/wp-content\/uploads\/sites\/2\/2019\/08\/SIT_AGGLO_883_SIT_AGGLO_327_Logo-New-300x107.png);'><\/span><\/div><div  class='slide-entry av-1vhr51-edab68862c123382877a930b09b0e566 flex_column no_margin av_one_eighth real-thumbnail post-entry slide-entry-overview slide-loop-15 slide-parity-odd  '><span class='av-partner-fake-img' style='padding-bottom:64.285714285714%; background-image:url(https:\/\/quimper-evenements.fr\/pro\/wp-content\/uploads\/sites\/2\/2019\/08\/marque-bretagne-250.gif);'><\/span><\/div><div  class='slide-entry av-1v1oz5-85002653e4ccedec090842584d24fe7c flex_column no_margin av_one_eighth real-thumbnail post-entry slide-entry-overview slide-loop-16 slide-parity-even  '><span class='av-partner-fake-img' style='padding-bottom:64.285714285714%; background-image:url(https:\/\/quimper-evenements.fr\/pro\/wp-content\/uploads\/sites\/2\/2019\/08\/logoOT29-3x10.png);'><\/span><\/div><\/div><div class=\"slide-entry-wrap\"><div  class='slide-entry av-1ujwmd-f22a47ff74665c31d2c1162057bba184 flex_column no_margin av_one_eighth real-thumbnail post-entry slide-entry-overview slide-loop-17 slide-parity-odd  first'><span class='av-partner-fake-img' style='padding-bottom:64.285714285714%; background-image:url(https:\/\/quimper-evenements.fr\/pro\/wp-content\/uploads\/sites\/2\/2019\/08\/logo-cornoualia-300x144.png);'><\/span><\/div><div  class='slide-entry av-1tt8l9-50f4dce3dd340947f00cdb776f4a35b2 flex_column no_margin av_one_eighth real-thumbnail post-entry slide-entry-overview slide-loop-18 slide-parity-even  '><span class='av-partner-fake-img' style='padding-bottom:64.285714285714%; background-image:url(https:\/\/quimper-evenements.fr\/pro\/wp-content\/uploads\/sites\/2\/2019\/08\/b_1014054_247527535419523_93742163_n.jpg);'><\/span><\/div><div  class='slide-entry av-1tcm21-4c0333e5f585f33eff607820415689b2 flex_column no_margin av_one_eighth real-thumbnail post-entry slide-entry-overview slide-loop-19 slide-parity-odd  '><span class='av-partner-fake-img' style='padding-bottom:64.285714285714%; background-image:url(https:\/\/quimper-evenements.fr\/pro\/wp-content\/uploads\/sites\/2\/2019\/08\/c4cd16_91b9a9e529a9449bad0dd6fff1aa197b_mv2_d_2083_2083_s_2.png);'><\/span><\/div><div  class='slide-entry av-1sk959-85b3a052d17c1f3667b7d3af21cc3ffc flex_column no_margin av_one_eighth real-thumbnail post-entry slide-entry-overview slide-loop-20 slide-parity-even  '><span class='av-partner-fake-img' style='padding-bottom:64.285714285714%; background-image:url(https:\/\/quimper-evenements.fr\/pro\/wp-content\/uploads\/sites\/2\/2019\/08\/download-1-300x88.jpg);'><\/span><\/div><div  class='slide-entry av-1s8bo5-22b5a2d901f45fc153d3968706943151 flex_column no_margin av_one_eighth real-thumbnail post-entry slide-entry-overview slide-loop-21 slide-parity-odd  '><span class='av-partner-fake-img' style='padding-bottom:64.285714285714%; background-image:url(https:\/\/quimper-evenements.fr\/pro\/wp-content\/uploads\/sites\/2\/2019\/08\/download-2.jpg);'><\/span><\/div><div  class='slide-entry av-1redtd-fc2a09bfc9e2253f00364425a623c9da flex_column no_margin av_one_eighth real-thumbnail post-entry slide-entry-overview slide-loop-22 slide-parity-even  '><span class='av-partner-fake-img' style='padding-bottom:64.285714285714%; background-image:url(https:\/\/quimper-evenements.fr\/pro\/wp-content\/uploads\/sites\/2\/2019\/08\/download-2.png);'><\/span><\/div><div  class='slide-entry av-1qy7ep-d71f822cd614b4e5651c9c81803ea84e flex_column no_margin av_one_eighth real-thumbnail post-entry slide-entry-overview slide-loop-23 slide-parity-odd  '><span class='av-partner-fake-img' style='padding-bottom:64.285714285714%; background-image:url(https:\/\/quimper-evenements.fr\/pro\/wp-content\/uploads\/sites\/2\/2019\/08\/download-3.png);'><\/span><\/div><div  class='slide-entry av-1qgr61-371854d9bbcb0adb04cf335b477db558 flex_column no_margin av_one_eighth real-thumbnail post-entry slide-entry-overview slide-loop-24 slide-parity-even  '><span class='av-partner-fake-img' style='padding-bottom:64.285714285714%; background-image:url(https:\/\/quimper-evenements.fr\/pro\/wp-content\/uploads\/sites\/2\/2019\/08\/download-4-300x123.png);'><\/span><\/div><\/div><div class=\"slide-entry-wrap\"><div  class='slide-entry av-1pibtd-d382e066289462bcbbf6ed8fa8201073 flex_column no_margin av_one_eighth real-thumbnail post-entry slide-entry-overview slide-loop-25 slide-parity-odd  first'><span class='av-partner-fake-img' style='padding-bottom:64.285714285714%; background-image:url(https:\/\/quimper-evenements.fr\/pro\/wp-content\/uploads\/sites\/2\/2019\/08\/download-3.jpg);'><\/span><\/div><div  class='slide-entry av-1p4o85-c3f4de1235b570dcc41859a0630eee10 flex_column no_margin av_one_eighth real-thumbnail post-entry slide-entry-overview slide-loop-26 slide-parity-even  '><span class='av-partner-fake-img' style='padding-bottom:64.285714285714%; background-image:url(https:\/\/quimper-evenements.fr\/pro\/wp-content\/uploads\/sites\/2\/2019\/08\/download-4.jpg);'><\/span><\/div><div  class='slide-entry av-1of9c1-f39c54c8a6c39ae948df8f0bced4294e flex_column no_margin av_one_eighth real-thumbnail post-entry slide-entry-overview slide-loop-27 slide-parity-odd  '><span class='av-partner-fake-img' style='padding-bottom:64.285714285714%; background-image:url(https:\/\/quimper-evenements.fr\/pro\/wp-content\/uploads\/sites\/2\/2019\/08\/download-5-300x90.png);'><\/span><\/div><div  class='slide-entry av-5ymul-43a29d7ab8bee674badaca87f4e36c62 flex_column no_margin av_one_eighth real-thumbnail post-entry slide-entry-overview slide-loop-28 slide-parity-even  '><span class='av-partner-fake-img' style='padding-bottom:64.285714285714%; background-image:url(https:\/\/quimper-evenements.fr\/pro\/wp-content\/uploads\/sites\/2\/2019\/08\/logopenarbd.png);'><\/span><\/div><div  class='slide-entry av-5xhvl-cf56420a11bb3d40db74c108c47b8239 flex_column no_margin av_one_eighth real-thumbnail post-entry slide-entry-overview slide-loop-29 slide-parity-odd  '><span class='av-partner-fake-img' style='padding-bottom:64.285714285714%; background-image:url(https:\/\/quimper-evenements.fr\/pro\/wp-content\/uploads\/sites\/2\/2019\/08\/ELL-EN-C-LOGO-SEUL-1.png);'><\/span><\/div><div  class='slide-entry av-1mra2p-4456fad7a02c51661e4972f9ce202094 flex_column no_margin av_one_eighth real-thumbnail post-entry slide-entry-overview slide-loop-30 slide-parity-even  '><span class='av-partner-fake-img' style='padding-bottom:64.285714285714%; background-image:url(https:\/\/quimper-evenements.fr\/pro\/wp-content\/uploads\/sites\/2\/2019\/08\/bonjour-logo-2007-300x212.jpg);'><\/span><\/div><div  class='slide-entry av-1m1zkx-9ec0885080f94640b2d56bb15640c476 flex_column no_margin av_one_eighth real-thumbnail post-entry slide-entry-overview slide-loop-31 slide-parity-odd  '><span class='av-partner-fake-img' style='padding-bottom:64.285714285714%; background-image:url(https:\/\/quimper-evenements.fr\/pro\/wp-content\/uploads\/sites\/2\/2019\/08\/download-5-300x168.jpg);'><\/span><\/div><div  class='slide-entry av-1lnsgx-6c98db3d7432b0dcebf4521e531e4679 flex_column no_margin av_one_eighth real-thumbnail post-entry slide-entry-overview slide-loop-32 slide-parity-even  '><span class='av-partner-fake-img' style='padding-bottom:64.285714285714%; background-image:url(https:\/\/quimper-evenements.fr\/pro\/wp-content\/uploads\/sites\/2\/2019\/08\/download-6.png);'><\/span><\/div><\/div><div class=\"slide-entry-wrap\"><div  class='slide-entry av-1l0sm5-d8831971e632d97cc83076108660477a flex_column no_margin av_one_eighth real-thumbnail post-entry slide-entry-overview slide-loop-33 slide-parity-odd  first'><span class='av-partner-fake-img' style='padding-bottom:64.285714285714%; background-image:url(https:\/\/quimper-evenements.fr\/pro\/wp-content\/uploads\/sites\/2\/2019\/08\/bandeau-ioupsijoke-300x67.png);'><\/span><\/div><div  class='slide-entry av-1kegal-cfd4feaf05abe5a9daaf79d5cb07a9e5 flex_column no_margin av_one_eighth real-thumbnail post-entry slide-entry-overview slide-loop-34 slide-parity-even  '><span class='av-partner-fake-img' style='padding-bottom:64.285714285714%; background-image:url(https:\/\/quimper-evenements.fr\/pro\/wp-content\/uploads\/sites\/2\/2019\/08\/1200px-Leroy_Merlin.svg_-300x181.png);'><\/span><\/div><div  class='slide-entry av-1jhe3d-dacded4adaa95b8205e22b3c50b0f4ce flex_column no_margin av_one_eighth real-thumbnail post-entry slide-entry-overview slide-loop-35 slide-parity-odd  '><span class='av-partner-fake-img' style='padding-bottom:64.285714285714%; background-image:url(https:\/\/quimper-evenements.fr\/pro\/wp-content\/uploads\/sites\/2\/2019\/08\/logo_COS_Quimper.png);'><\/span><\/div><div  class='slide-entry av-1ivfl1-0416b8c0a1887d7e06f7e7c0bf1c077e flex_column no_margin av_one_eighth real-thumbnail post-entry slide-entry-overview slide-loop-36 slide-parity-even  '><span class='av-partner-fake-img' style='padding-bottom:64.285714285714%; background-image:url(https:\/\/quimper-evenements.fr\/pro\/wp-content\/uploads\/sites\/2\/2019\/08\/download-7.png);'><\/span><\/div><div  class='slide-entry av-1ikrbp-1befeb4e18e4bdbdb2322288f4d99181 flex_column no_margin av_one_eighth real-thumbnail post-entry slide-entry-overview slide-loop-37 slide-parity-odd  '><span class='av-partner-fake-img' style='padding-bottom:64.285714285714%; background-image:url(https:\/\/quimper-evenements.fr\/pro\/wp-content\/uploads\/sites\/2\/2019\/08\/download-6.jpg);'><\/span><\/div><div  class='slide-entry av-1hvjzt-99d0e92f722a333010d6c62e4f2b0565 flex_column no_margin av_one_eighth real-thumbnail post-entry slide-entry-overview slide-loop-38 slide-parity-even  '><span class='av-partner-fake-img' style='padding-bottom:64.285714285714%; background-image:url(https:\/\/quimper-evenements.fr\/pro\/wp-content\/uploads\/sites\/2\/2019\/08\/download-8-300x93.png);'><\/span><\/div><div  class='slide-entry av-1hgqfh-cd015a0259cc24d3ac17c8ff0fb42d14 flex_column no_margin av_one_eighth real-thumbnail post-entry slide-entry-overview slide-loop-39 slide-parity-odd  '><span class='av-partner-fake-img' style='padding-bottom:64.285714285714%; background-image:url(https:\/\/quimper-evenements.fr\/pro\/wp-content\/uploads\/sites\/2\/2019\/08\/download-9.png);'><\/span><\/div><div  class='slide-entry av-1gwlfh-e4ae43070cc2c86bb6b8a3eaac3451a6 flex_column no_margin av_one_eighth real-thumbnail post-entry slide-entry-overview slide-loop-40 slide-parity-even  '><span class='av-partner-fake-img' style='padding-bottom:64.285714285714%; background-image:url(https:\/\/quimper-evenements.fr\/pro\/wp-content\/uploads\/sites\/2\/2019\/08\/download-10-300x122.png);'><\/span><\/div><\/div><div class=\"slide-entry-wrap\"><div  class='slide-entry av-1gavpt-9b52074b433afc15ea1ab7ab97622cbf flex_column no_margin av_one_eighth real-thumbnail post-entry slide-entry-overview slide-loop-41 slide-parity-odd  first'><span class='av-partner-fake-img' style='padding-bottom:64.285714285714%; background-image:url(https:\/\/quimper-evenements.fr\/pro\/wp-content\/uploads\/sites\/2\/2019\/08\/download-11.png);'><\/span><\/div><div  class='slide-entry av-1fsffx-a270dba5f0c58c53adb7a2db2fea460a flex_column no_margin av_one_eighth real-thumbnail post-entry slide-entry-overview slide-loop-42 slide-parity-even  '><span class='av-partner-fake-img' style='padding-bottom:64.285714285714%; background-image:url(https:\/\/quimper-evenements.fr\/pro\/wp-content\/uploads\/sites\/2\/2019\/08\/download-12.png);'><\/span><\/div><div  class='slide-entry av-1ezt1h-a9aa5cb1622a3dd86dd5c5ebe6099906 flex_column no_margin av_one_eighth real-thumbnail post-entry slide-entry-overview slide-loop-43 slide-parity-odd  '><span class='av-partner-fake-img' style='padding-bottom:64.285714285714%; background-image:url(https:\/\/quimper-evenements.fr\/pro\/wp-content\/uploads\/sites\/2\/2019\/08\/download-13.png);'><\/span><\/div><div  class='slide-entry av-1e3a1x-73170137004ebfa427986013870ea174 flex_column no_margin av_one_eighth real-thumbnail post-entry slide-entry-overview slide-loop-44 slide-parity-even  '><span class='av-partner-fake-img' style='padding-bottom:64.285714285714%; background-image:url(https:\/\/quimper-evenements.fr\/pro\/wp-content\/uploads\/sites\/2\/2019\/08\/download-14-300x75.png);'><\/span><\/div><div  class='slide-entry av-1di1e5-c3ec74d4db6af9924ac0b69dd64d4173 flex_column no_margin av_one_eighth real-thumbnail post-entry slide-entry-overview slide-loop-45 slide-parity-odd  '><span class='av-partner-fake-img' style='padding-bottom:64.285714285714%; background-image:url(https:\/\/quimper-evenements.fr\/pro\/wp-content\/uploads\/sites\/2\/2019\/08\/download-7.jpg);'><\/span><\/div><div  class='slide-entry av-1d6a61-2dc302c6032d5ec72912c52620db2935 flex_column no_margin av_one_eighth real-thumbnail post-entry slide-entry-overview slide-loop-46 slide-parity-even  '><span class='av-partner-fake-img' style='padding-bottom:64.285714285714%; background-image:url(https:\/\/quimper-evenements.fr\/pro\/wp-content\/uploads\/sites\/2\/2019\/08\/download-15.png);'><\/span><\/div><div  class='slide-entry av-1cn29p-2e646d0641420e3206aefccaca8713d5 flex_column no_margin av_one_eighth real-thumbnail post-entry slide-entry-overview slide-loop-47 slide-parity-odd  '><span class='av-partner-fake-img' style='padding-bottom:64.285714285714%; background-image:url(https:\/\/quimper-evenements.fr\/pro\/wp-content\/uploads\/sites\/2\/2019\/08\/b_pimms_qe.jpg);'><\/span><\/div><div  class='slide-entry av-1bx1m9-d4b5089fbd9595231670bb311dfbd892 flex_column no_margin av_one_eighth real-thumbnail post-entry slide-entry-overview slide-loop-48 slide-parity-even  '><span class='av-partner-fake-img' style='padding-bottom:64.285714285714%; background-image:url(https:\/\/quimper-evenements.fr\/pro\/wp-content\/uploads\/sites\/2\/2019\/08\/download-16-300x99.png);'><\/span><\/div><\/div><div class=\"slide-entry-wrap\"><div  class='slide-entry av-1bkeix-76442af9fead5d625359f5d6a9e18062 flex_column no_margin av_one_eighth real-thumbnail post-entry slide-entry-overview slide-loop-49 slide-parity-odd  first'><span class='av-partner-fake-img' style='padding-bottom:64.285714285714%; background-image:url(https:\/\/quimper-evenements.fr\/pro\/wp-content\/uploads\/sites\/2\/2019\/08\/PointBZH-300x297.png);'><\/span><\/div><div  class='slide-entry av-1au5rt-e4aaad270a1e40b62d2d5fcf52b9e579 flex_column no_margin av_one_eighth real-thumbnail post-entry slide-entry-overview slide-loop-50 slide-parity-even  '><span class='av-partner-fake-img' style='padding-bottom:64.285714285714%; background-image:url(https:\/\/quimper-evenements.fr\/pro\/wp-content\/uploads\/sites\/2\/2019\/08\/download-17-300x156.png);'><\/span><\/div><div  class='slide-entry av-1a44w1-4fbcc1b991c9993463505f8bc93d7833 flex_column no_margin av_one_eighth real-thumbnail post-entry slide-entry-overview slide-loop-51 slide-parity-odd  '><span class='av-partner-fake-img' style='padding-bottom:64.285714285714%; background-image:url(https:\/\/quimper-evenements.fr\/pro\/wp-content\/uploads\/sites\/2\/2019\/08\/download-18-300x57.png);'><\/span><\/div><div  class='slide-entry av-19n8xx-60de8051aa5e3514abd0adddeef35972 flex_column no_margin av_one_eighth real-thumbnail post-entry slide-entry-overview slide-loop-52 slide-parity-even  '><span class='av-partner-fake-img' style='padding-bottom:64.285714285714%; background-image:url(https:\/\/quimper-evenements.fr\/pro\/wp-content\/uploads\/sites\/2\/2019\/08\/download-19-300x112.png);'><\/span><\/div><div  class='slide-entry av-192gvd-8fca3d03f6b995981c0ad42f42963140 flex_column no_margin av_one_eighth real-thumbnail post-entry slide-entry-overview slide-loop-53 slide-parity-odd  '><span class='av-partner-fake-img' style='padding-bottom:64.285714285714%; background-image:url(https:\/\/quimper-evenements.fr\/pro\/wp-content\/uploads\/sites\/2\/2019\/08\/download-20-300x100.png);'><\/span><\/div><div  class='slide-entry av-18j1vh-8ecc94572f7d38ed4265939f3cf9598a flex_column no_margin av_one_eighth real-thumbnail post-entry slide-entry-overview slide-loop-54 slide-parity-even  '><span class='av-partner-fake-img' style='padding-bottom:64.285714285714%; background-image:url(https:\/\/quimper-evenements.fr\/pro\/wp-content\/uploads\/sites\/2\/2019\/08\/b_PETITS_DEJEUNERS_ECONOMIE_COMMUNAUTAIRE.jpg);'><\/span><\/div><div  class='slide-entry av-17rmlt-02140063b7e098ee8df4adf09536a558 flex_column no_margin av_one_eighth real-thumbnail post-entry slide-entry-overview slide-loop-55 slide-parity-odd  '><span class='av-partner-fake-img' style='padding-bottom:64.285714285714%; background-image:url(https:\/\/quimper-evenements.fr\/pro\/wp-content\/uploads\/sites\/2\/2019\/08\/download-21.png);'><\/span><\/div><div  class='slide-entry av-17di1h-91cf9895912a923187b7479925b827f9 flex_column no_margin av_one_eighth real-thumbnail post-entry slide-entry-overview slide-loop-56 slide-parity-even  '><span class='av-partner-fake-img' style='padding-bottom:64.285714285714%; background-image:url(https:\/\/quimper-evenements.fr\/pro\/wp-content\/uploads\/sites\/2\/2019\/08\/logotype-CJD.png);'><\/span><\/div><\/div><div class=\"slide-entry-wrap\"><div  class='slide-entry av-4a689-c9cf9d7a02c8c51cca789d59e5ed25b6 flex_column no_margin av_one_eighth real-thumbnail post-entry slide-entry-overview slide-loop-57 slide-parity-odd  first'><span class='av-partner-fake-img' style='padding-bottom:64.285714285714%; background-image:url(https:\/\/quimper-evenements.fr\/pro\/wp-content\/uploads\/sites\/2\/2019\/08\/download-22.png);'><\/span><\/div><div  class='slide-entry av-168vjh-c4216b469a4fccfb48d999e126039580 flex_column no_margin av_one_eighth real-thumbnail post-entry slide-entry-overview slide-loop-58 slide-parity-even  '><span class='av-partner-fake-img' style='padding-bottom:64.285714285714%; background-image:url(https:\/\/quimper-evenements.fr\/pro\/wp-content\/uploads\/sites\/2\/2019\/08\/download-8.jpg);'><\/span><\/div><div  class='slide-entry av-15csix-16fdfa4d8c70c86c38f60391f6dc9057 flex_column no_margin av_one_eighth real-thumbnail post-entry slide-entry-overview slide-loop-59 slide-parity-odd  '><span class='av-partner-fake-img' style='padding-bottom:64.285714285714%; background-image:url(https:\/\/quimper-evenements.fr\/pro\/wp-content\/uploads\/sites\/2\/2019\/08\/download-23-300x131.png);'><\/span><\/div><div  class='slide-entry av-150he5-95751abd34a67f663ab4626d5f8f8d77 flex_column no_margin av_one_eighth real-thumbnail post-entry slide-entry-overview slide-loop-60 slide-parity-even  '><span class='av-partner-fake-img' style='padding-bottom:64.285714285714%; background-image:url(https:\/\/quimper-evenements.fr\/pro\/wp-content\/uploads\/sites\/2\/2019\/08\/download-24.png);'><\/span><\/div><div  class='slide-entry av-1485vd-074d0b75c96ee06080c202b323478103 flex_column no_margin av_one_eighth real-thumbnail post-entry slide-entry-overview slide-loop-61 slide-parity-odd  '><span class='av-partner-fake-img' style='padding-bottom:64.285714285714%; background-image:url(https:\/\/quimper-evenements.fr\/pro\/wp-content\/uploads\/sites\/2\/2019\/08\/download-25.png);'><\/span><\/div><div  class='slide-entry av-13i4u1-c277d0c246fd392a0978d550965f860d flex_column no_margin av_one_eighth real-thumbnail post-entry slide-entry-overview slide-loop-62 slide-parity-even  '><span class='av-partner-fake-img' style='padding-bottom:64.285714285714%; background-image:url(https:\/\/quimper-evenements.fr\/pro\/wp-content\/uploads\/sites\/2\/2019\/08\/t\u00e9l\u00e9chargement.jpg);'><\/span><\/div><div  class='slide-entry av-135bq1-0c51bef3fa7334ae4a08c65e75d79e9f flex_column no_margin av_one_eighth real-thumbnail post-entry slide-entry-overview slide-loop-63 slide-parity-odd  '><span class='av-partner-fake-img' style='padding-bottom:64.285714285714%; background-image:url(https:\/\/quimper-evenements.fr\/pro\/wp-content\/uploads\/sites\/2\/2019\/08\/RqTUX-wE_400x400-300x300.jpg);'><\/span><\/div><div  class='slide-entry av-12lxhx-77ba15e4b7a2d2dcba28d9d685e9de4c flex_column no_margin av_one_eighth real-thumbnail post-entry slide-entry-overview slide-loop-64 slide-parity-even  '><span class='av-partner-fake-img' style='padding-bottom:64.285714285714%; background-image:url(https:\/\/quimper-evenements.fr\/pro\/wp-content\/uploads\/sites\/2\/2019\/08\/download-26-300x133.png);'><\/span><\/div><\/div><div class=\"slide-entry-wrap\"><div  class='slide-entry av-11lqsp-36f0c6d1005d8698e0722e35faa5dd88 flex_column no_margin av_one_eighth real-thumbnail post-entry slide-entry-overview slide-loop-65 slide-parity-odd  first'><span class='av-partner-fake-img' style='padding-bottom:64.285714285714%; background-image:url(https:\/\/quimper-evenements.fr\/pro\/wp-content\/uploads\/sites\/2\/2019\/08\/download-27-300x62.png);'><\/span><\/div><div  class='slide-entry av-1188rh-a59f30a1bac86c75d820924381b3f593 flex_column no_margin av_one_eighth real-thumbnail post-entry slide-entry-overview slide-loop-66 slide-parity-even  '><span class='av-partner-fake-img' style='padding-bottom:64.285714285714%; background-image:url(https:\/\/quimper-evenements.fr\/pro\/wp-content\/uploads\/sites\/2\/2019\/08\/51658565_2286954714648975_4964119421145579520_n-300x300.png);'><\/span><\/div><div  class='slide-entry av-10v5e1-746483c463752f21ab4dca897ade6eaf flex_column no_margin av_one_eighth real-thumbnail post-entry slide-entry-overview slide-loop-67 slide-parity-odd  '><span class='av-partner-fake-img' style='padding-bottom:64.285714285714%; background-image:url(https:\/\/quimper-evenements.fr\/pro\/wp-content\/uploads\/sites\/2\/2019\/08\/download-28.png);'><\/span><\/div><div  class='slide-entry av-zvrut-c362b7b4def51cc8ec4d7650d7b0310c flex_column no_margin av_one_eighth real-thumbnail post-entry slide-entry-overview slide-loop-68 slide-parity-even  '><span class='av-partner-fake-img' style='padding-bottom:64.285714285714%; background-image:url(https:\/\/quimper-evenements.fr\/pro\/wp-content\/uploads\/sites\/2\/2019\/08\/logo-capital-confiance.png);'><\/span><\/div><div  class='slide-entry av-zp8wh-b3c50ac1057cabc1940b5ca062aa0efd flex_column no_margin av_one_eighth real-thumbnail post-entry slide-entry-overview slide-loop-69 slide-parity-odd  '><span class='av-partner-fake-img' style='padding-bottom:64.285714285714%; background-image:url(https:\/\/quimper-evenements.fr\/pro\/wp-content\/uploads\/sites\/2\/2019\/08\/download-9.jpg);'><\/span><\/div><div  class='slide-entry av-3h331-c9b9334aa522dd268762906323632fa2 flex_column no_margin av_one_eighth real-thumbnail post-entry slide-entry-overview slide-loop-70 slide-parity-even  '><span class='av-partner-fake-img' style='padding-bottom:64.285714285714%; background-image:url(https:\/\/quimper-evenements.fr\/pro\/wp-content\/uploads\/sites\/2\/2019\/08\/download-29-300x125.png);'><\/span><\/div><div  class='slide-entry av-yaf71-63827894537d8cf4808713a5dcbc7fad flex_column no_margin av_one_eighth real-thumbnail post-entry slide-entry-overview slide-loop-71 slide-parity-odd  '><span class='av-partner-fake-img' style='padding-bottom:64.285714285714%; background-image:url(https:\/\/quimper-evenements.fr\/pro\/wp-content\/uploads\/sites\/2\/2019\/08\/download.jpg);'><\/span><\/div><div  class='slide-entry av-xjllx-d00c01177f5b1f028a025b9233153798 flex_column no_margin av_one_eighth real-thumbnail post-entry slide-entry-overview slide-loop-72 slide-parity-even  '><span class='av-partner-fake-img' style='padding-bottom:64.285714285714%; background-image:url(https:\/\/quimper-evenements.fr\/pro\/wp-content\/uploads\/sites\/2\/2019\/08\/Logo_F\u00e9d\u00e9ration_Nationale_des_CREPI_-_2_couleurs-300x133.jpg);'><\/span><\/div><\/div><div class=\"slide-entry-wrap\"><div  class='slide-entry av-x1at9-25d1a90405b055de8d9482e00ecd83a1 flex_column no_margin av_one_eighth real-thumbnail post-entry slide-entry-overview slide-loop-73 slide-parity-odd  first'><span class='av-partner-fake-img' style='padding-bottom:64.285714285714%; background-image:url(https:\/\/quimper-evenements.fr\/pro\/wp-content\/uploads\/sites\/2\/2019\/08\/t\u00e9l\u00e9chargement_2-300x60.png);'><\/span><\/div><div  class='slide-entry av-wh6ql-4f935a4d409517f314b4d021c3aa74a6 flex_column no_margin av_one_eighth real-thumbnail post-entry slide-entry-overview slide-loop-74 slide-parity-even  '><span class='av-partner-fake-img' style='padding-bottom:64.285714285714%; background-image:url(https:\/\/quimper-evenements.fr\/pro\/wp-content\/uploads\/sites\/2\/2019\/08\/logo-domitys_invest.png);'><\/span><\/div><div  class='slide-entry av-vr6ml-39a4103e2dbdd0dcef34207a423bd316 flex_column no_margin av_one_eighth real-thumbnail post-entry slide-entry-overview slide-loop-75 slide-parity-odd  '><span class='av-partner-fake-img' style='padding-bottom:64.285714285714%; background-image:url(https:\/\/quimper-evenements.fr\/pro\/wp-content\/uploads\/sites\/2\/2019\/08\/finistere-300x145.jpg);'><\/span><\/div><div  class='slide-entry av-33z65-284265418533fe4595cfa82a5623ba11 flex_column no_margin av_one_eighth real-thumbnail post-entry slide-entry-overview slide-loop-76 slide-parity-even  '><span class='av-partner-fake-img' style='padding-bottom:64.285714285714%; background-image:url(https:\/\/quimper-evenements.fr\/pro\/wp-content\/uploads\/sites\/2\/2024\/05\/skilzh_logo.jpg);'><\/span><\/div><div  class='slide-entry av-uws9d-35dc875ea0d6c065a4b8165361a2c7fc flex_column no_margin av_one_eighth real-thumbnail post-entry slide-entry-overview slide-loop-77 slide-parity-odd  '><span class='av-partner-fake-img' style='padding-bottom:64.285714285714%; background-image:url(https:\/\/quimper-evenements.fr\/pro\/wp-content\/uploads\/sites\/2\/2019\/08\/logo_victoire_de_la_Bretagne.jpg);'><\/span><\/div><div  class='slide-entry av-tvdvx-98888c14815fa8ac1aa9b5270310d2f9 flex_column no_margin av_one_eighth real-thumbnail post-entry slide-entry-overview slide-loop-78 slide-parity-even  '><span class='av-partner-fake-img' style='padding-bottom:64.285714285714%; background-image:url(https:\/\/quimper-evenements.fr\/pro\/wp-content\/uploads\/sites\/2\/2019\/08\/funbreizh-300x86.png);'><\/span><\/div><div  class='slide-entry av-tnt1p-d58465b802e2bc0b27710b54cdff91ac flex_column no_margin av_one_eighth real-thumbnail post-entry slide-entry-overview slide-loop-79 slide-parity-odd  '><span class='av-partner-fake-img' style='padding-bottom:64.285714285714%; background-image:url(https:\/\/quimper-evenements.fr\/pro\/wp-content\/uploads\/sites\/2\/2019\/08\/t\u00e9l\u00e9chargement_1.png);'><\/span><\/div><div  class='slide-entry av-ssxbh-d21e34effe14e658a73759058f2b485c flex_column no_margin av_one_eighth real-thumbnail post-entry slide-entry-overview slide-loop-80 slide-parity-even  '><span class='av-partner-fake-img' style='padding-bottom:64.285714285714%; background-image:url(https:\/\/quimper-evenements.fr\/pro\/wp-content\/uploads\/sites\/2\/2019\/08\/trecobat-morlaix-1964logo-300x225.jpg);'><\/span><\/div><\/div><div class=\"slide-entry-wrap\"><div  class='slide-entry av-scikt-2299ece32d665bddf2a9d4eaa071db26 flex_column no_margin av_one_eighth real-thumbnail post-entry slide-entry-overview slide-loop-81 slide-parity-odd  first'><span class='av-partner-fake-img' style='padding-bottom:64.285714285714%; background-image:url(https:\/\/quimper-evenements.fr\/pro\/wp-content\/uploads\/sites\/2\/2019\/08\/media_586_220px_140.jpg);'><\/span><\/div><div  class='slide-entry av-ryeh5-f9b9682039f299ee80d21112c9f3931f flex_column no_margin av_one_eighth real-thumbnail post-entry slide-entry-overview slide-loop-82 slide-parity-even  '><span class='av-partner-fake-img' style='padding-bottom:64.285714285714%; background-image:url(https:\/\/quimper-evenements.fr\/pro\/wp-content\/uploads\/sites\/2\/2019\/08\/logo_transparent.png);'><\/span><\/div><div  class='slide-entry av-rdtw1-9864fb18721960b8e01af0c43d034b05 flex_column no_margin av_one_eighth real-thumbnail post-entry slide-entry-overview slide-loop-83 slide-parity-odd  '><span class='av-partner-fake-img' style='padding-bottom:64.285714285714%; background-image:url(https:\/\/quimper-evenements.fr\/pro\/wp-content\/uploads\/sites\/2\/2019\/08\/oxypharm-300x85.jpg);'><\/span><\/div><div  class='slide-entry av-qme2x-37c9e306f65fda6a8f5483fb432910d0 flex_column no_margin av_one_eighth real-thumbnail post-entry slide-entry-overview slide-loop-84 slide-parity-even  '><span class='av-partner-fake-img' style='padding-bottom:64.285714285714%; background-image:url(https:\/\/quimper-evenements.fr\/pro\/wp-content\/uploads\/sites\/2\/2019\/08\/Technopole_Quimper_Cornouaille-300x177.jpg);'><\/span><\/div><div  class='slide-entry av-pxzj5-32e32834f8bfa816d4f66ad22176a5c3 flex_column no_margin av_one_eighth real-thumbnail post-entry slide-entry-overview slide-loop-85 slide-parity-odd  '><span class='av-partner-fake-img' style='padding-bottom:64.285714285714%; background-image:url(https:\/\/quimper-evenements.fr\/pro\/wp-content\/uploads\/sites\/2\/2019\/08\/Rotary_jp-300x300.jpg);'><\/span><\/div><div  class='slide-entry av-pldtt-92124bb1b708bc06f0a86425a3158570 flex_column no_margin av_one_eighth real-thumbnail post-entry slide-entry-overview slide-loop-86 slide-parity-even  '><span class='av-partner-fake-img' style='padding-bottom:64.285714285714%; background-image:url(https:\/\/quimper-evenements.fr\/pro\/wp-content\/uploads\/sites\/2\/2019\/08\/French_tech_-300x193.jpg);'><\/span><\/div><div  class='slide-entry av-2g5u9-e523a0c012fa51a9a899da5e0ce83e7f flex_column no_margin av_one_eighth real-thumbnail post-entry slide-entry-overview slide-loop-87 slide-parity-odd  '><span class='av-partner-fake-img' style='padding-bottom:64.285714285714%; background-image:url(https:\/\/quimper-evenements.fr\/pro\/wp-content\/uploads\/sites\/2\/2019\/08\/Cr\u00e9a_iut_Quimper-300x146.jpg);'><\/span><\/div><div  class='slide-entry av-o2qmd-fb45d31202d8753f81863b0eb548408a flex_column no_margin av_one_eighth real-thumbnail post-entry slide-entry-overview slide-loop-88 slide-parity-even  '><span class='av-partner-fake-img' style='padding-bottom:64.285714285714%; background-image:url(https:\/\/quimper-evenements.fr\/pro\/wp-content\/uploads\/sites\/2\/2019\/08\/Cornouaille_interim.jpg);'><\/span><\/div><\/div><div class=\"slide-entry-wrap\"><div  class='slide-entry av-njzmd-5ca4daf769f20f9ee231ba2b95fcac4e flex_column no_margin av_one_eighth real-thumbnail post-entry slide-entry-overview slide-loop-89 slide-parity-odd  first'><span class='av-partner-fake-img' style='padding-bottom:64.285714285714%; background-image:url(https:\/\/quimper-evenements.fr\/pro\/wp-content\/uploads\/sites\/2\/2019\/08\/Chemin_de_la_voix-300x289.jpg);'><\/span><\/div><div  class='slide-entry av-mzu8h-abb2db96f85f59fc4f8e2f29ee9102f5 flex_column no_margin av_one_eighth real-thumbnail post-entry slide-entry-overview slide-loop-90 slide-parity-even  '><span class='av-partner-fake-img' style='padding-bottom:64.285714285714%; background-image:url(https:\/\/quimper-evenements.fr\/pro\/wp-content\/uploads\/sites\/2\/2019\/08\/Centre_hospitalier_de_Quimper-300x237.jpg);'><\/span><\/div><div  class='slide-entry av-mee39-28b89ecfe80751b6c2a286a1cfff7ef7 flex_column no_margin av_one_eighth real-thumbnail post-entry slide-entry-overview slide-loop-91 slide-parity-odd  '><span class='av-partner-fake-img' style='padding-bottom:64.285714285714%; background-image:url(https:\/\/quimper-evenements.fr\/pro\/wp-content\/uploads\/sites\/2\/2019\/08\/CBB-300x150.jpg);'><\/span><\/div><div  class='slide-entry av-ls25l-6e0922913eb0e5e7ede2d6bff7f14a82 flex_column no_margin av_one_eighth real-thumbnail post-entry slide-entry-overview slide-loop-92 slide-parity-even  '><span class='av-partner-fake-img' style='padding-bottom:64.285714285714%; background-image:url(https:\/\/quimper-evenements.fr\/pro\/wp-content\/uploads\/sites\/2\/2019\/08\/Carsat-300x136.jpg);'><\/span><\/div><div  class='slide-entry av-lcn51-1d103796df2f3461c57fd490ab491d29 flex_column no_margin av_one_eighth real-thumbnail post-entry slide-entry-overview slide-loop-93 slide-parity-odd  '><span class='av-partner-fake-img' style='padding-bottom:64.285714285714%; background-image:url(https:\/\/quimper-evenements.fr\/pro\/wp-content\/uploads\/sites\/2\/2019\/08\/Capitaine_long_cours-300x294.jpg);'><\/span><\/div><div  class='slide-entry av-km67h-ad011b1714abc35769d8f299e9b0db0a flex_column no_margin av_one_eighth real-thumbnail post-entry slide-entry-overview slide-loop-94 slide-parity-even  '><span class='av-partner-fake-img' style='padding-bottom:64.285714285714%; background-image:url(https:\/\/quimper-evenements.fr\/pro\/wp-content\/uploads\/sites\/2\/2019\/08\/An_tour_tan-300x153.jpg);'><\/span><\/div><div  class='slide-entry av-k8le9-343c0bcc2dbc920d8640460abaabdccc flex_column no_margin av_one_eighth real-thumbnail post-entry slide-entry-overview slide-loop-95 slide-parity-odd  '><span class='av-partner-fake-img' style='padding-bottom:64.285714285714%; background-image:url(https:\/\/quimper-evenements.fr\/pro\/wp-content\/uploads\/sites\/2\/2019\/08\/Miss_Finist\u00e8re-300x192.jpg);'><\/span><\/div><div  class='slide-entry av-jaywh-16f832a886ab81beac103512fd613e04 flex_column no_margin av_one_eighth real-thumbnail post-entry slide-entry-overview slide-loop-96 slide-parity-even  '><span class='av-partner-fake-img' style='padding-bottom:64.285714285714%; background-image:url(https:\/\/quimper-evenements.fr\/pro\/wp-content\/uploads\/sites\/2\/2019\/08\/Show_coiffeurs-300x300.jpg);'><\/span><\/div><\/div><div class=\"slide-entry-wrap\"><div  class='slide-entry av-iz1w1-d7757a3125ad04c2f1d2821799efea2b flex_column no_margin av_one_eighth real-thumbnail post-entry slide-entry-overview slide-loop-97 slide-parity-odd  first'><span class='av-partner-fake-img' style='padding-bottom:64.285714285714%; background-image:url(https:\/\/quimper-evenements.fr\/pro\/wp-content\/uploads\/sites\/2\/2019\/08\/Olivia_Ruiz.jpg);'><\/span><\/div><div  class='slide-entry av-idmwh-5259324a95e6f671e40936b9e6f8c29b flex_column no_margin av_one_eighth real-thumbnail post-entry slide-entry-overview slide-loop-98 slide-parity-even  '><span class='av-partner-fake-img' style='padding-bottom:64.285714285714%; background-image:url(https:\/\/quimper-evenements.fr\/pro\/wp-content\/uploads\/sites\/2\/2019\/08\/Muvrini-300x168.jpg);'><\/span><\/div><div  class='slide-entry av-htgz5-c0f80e750e75f5032c53df7a7541251b flex_column no_margin av_one_eighth real-thumbnail post-entry slide-entry-overview slide-loop-99 slide-parity-odd  '><span class='av-partner-fake-img' style='padding-bottom:64.285714285714%; background-image:url(https:\/\/quimper-evenements.fr\/pro\/wp-content\/uploads\/sites\/2\/2019\/08\/Moriarty-300x149.jpg);'><\/span><\/div><div  class='slide-entry av-h8381-26cac05f258b3ed4e05bd867cb8f2b47 flex_column no_margin av_one_eighth real-thumbnail post-entry slide-entry-overview slide-loop-100 slide-parity-even  '><span class='av-partner-fake-img' style='padding-bottom:64.285714285714%; background-image:url(https:\/\/quimper-evenements.fr\/pro\/wp-content\/uploads\/sites\/2\/2019\/08\/Kement_tu-300x110.jpg);'><\/span><\/div><div  class='slide-entry av-gitvx-ed51aad900d5719de373babdcef1c763 flex_column no_margin av_one_eighth real-thumbnail post-entry slide-entry-overview slide-loop-101 slide-parity-odd  '><span class='av-partner-fake-img' style='padding-bottom:64.285714285714%; background-image:url(https:\/\/quimper-evenements.fr\/pro\/wp-content\/uploads\/sites\/2\/2019\/08\/J\u00e9r\u00e9my_ferrari-300x300.jpg);'><\/span><\/div><div  class='slide-entry av-fvbl9-ef158671bb411235bd72a6fdaac4c07e flex_column no_margin av_one_eighth real-thumbnail post-entry slide-entry-overview slide-loop-102 slide-parity-even  '><span class='av-partner-fake-img' style='padding-bottom:64.285714285714%; background-image:url(https:\/\/quimper-evenements.fr\/pro\/wp-content\/uploads\/sites\/2\/2019\/08\/Jean_Marie_Bigard-300x300.jpg);'><\/span><\/div><div  class='slide-entry av-fcwux-c29af2865ddf356178baea6549bb0173 flex_column no_margin av_one_eighth real-thumbnail post-entry slide-entry-overview slide-loop-103 slide-parity-odd  '><span class='av-partner-fake-img' style='padding-bottom:64.285714285714%; background-image:url(https:\/\/quimper-evenements.fr\/pro\/wp-content\/uploads\/sites\/2\/2019\/08\/Diwan.jpg);'><\/span><\/div><div  class='slide-entry av-er82l-b789b1f646b260069cad8e5e2e0fa408 flex_column no_margin av_one_eighth real-thumbnail post-entry slide-entry-overview slide-loop-104 slide-parity-even  '><span class='av-partner-fake-img' style='padding-bottom:64.285714285714%; background-image:url(https:\/\/quimper-evenements.fr\/pro\/wp-content\/uploads\/sites\/2\/2019\/08\/Insolent.jpg);'><\/span><\/div><\/div><div class=\"slide-entry-wrap\"><div  class='slide-entry av-dt17h-5b338bb09c4cec4667027f03e76e0649 flex_column no_margin av_one_eighth real-thumbnail post-entry slide-entry-overview slide-loop-105 slide-parity-odd  first'><span class='av-partner-fake-img' style='padding-bottom:64.285714285714%; background-image:url(https:\/\/quimper-evenements.fr\/pro\/wp-content\/uploads\/sites\/2\/2019\/08\/Colloque-300x188.jpg);'><\/span><\/div><div  class='slide-entry av-ddkvp-cce70dfd7e714d2e0801f0fb2756b5ec flex_column no_margin av_one_eighth real-thumbnail post-entry slide-entry-overview slide-loop-106 slide-parity-even  '><span class='av-partner-fake-img' style='padding-bottom:64.285714285714%; background-image:url(https:\/\/quimper-evenements.fr\/pro\/wp-content\/uploads\/sites\/2\/2019\/08\/CCASS.jpg);'><\/span><\/div><div  class='slide-entry av-cxql5-960ab4efd2f8e569d652adc1fbb6e113 flex_column no_margin av_one_eighth real-thumbnail post-entry slide-entry-overview slide-loop-107 slide-parity-odd  '><span class='av-partner-fake-img' style='padding-bottom:64.285714285714%; background-image:url(https:\/\/quimper-evenements.fr\/pro\/wp-content\/uploads\/sites\/2\/2019\/08\/B\u00e9rang\u00e8re_Krieff-300x300.jpg);'><\/span><\/div><div  class='slide-entry av-caj65-76229966dab9843e9e89527502cf2afd flex_column no_margin av_one_eighth real-thumbnail post-entry slide-entry-overview slide-loop-108 slide-parity-even  '><span class='av-partner-fake-img' style='padding-bottom:64.285714285714%; background-image:url(https:\/\/quimper-evenements.fr\/pro\/wp-content\/uploads\/sites\/2\/2019\/08\/Battle_international-300x110.jpg);'><\/span><\/div><div  class='slide-entry av-bht55-8add77d2532889ca6b8c0c1cefde1569 flex_column no_margin av_one_eighth real-thumbnail post-entry slide-entry-overview slide-loop-109 slide-parity-odd  '><span class='av-partner-fake-img' style='padding-bottom:64.285714285714%; background-image:url(https:\/\/quimper-evenements.fr\/pro\/wp-content\/uploads\/sites\/2\/2019\/08\/Anne_Roumanoff-300x157.jpg);'><\/span><\/div><div  class='slide-entry av-b0k01-558d24b6a118667e5de25b2c725dac2a flex_column no_margin av_one_eighth real-thumbnail post-entry slide-entry-overview slide-loop-110 slide-parity-even  '><span class='av-partner-fake-img' style='padding-bottom:64.285714285714%; background-image:url(https:\/\/quimper-evenements.fr\/pro\/wp-content\/uploads\/sites\/2\/2019\/08\/universite-un-nouveau-logo-pour-liae-300x169.jpg);'><\/span><\/div><div  class='slide-entry av-9lxe5-550ec9a5b143e81edd86dbfff376bb1f flex_column no_margin av_one_eighth real-thumbnail post-entry slide-entry-overview slide-loop-111 slide-parity-odd  '><span class='av-partner-fake-img' style='padding-bottom:64.285714285714%; background-image:url(https:\/\/quimper-evenements.fr\/pro\/wp-content\/uploads\/sites\/2\/2019\/08\/Open_Quimper1-300x97.jpg);'><\/span><\/div><div  class='slide-entry av-xb2l-f15961fcfa565fe312dd9896490e87dd flex_column no_margin av_one_eighth real-thumbnail post-entry slide-entry-overview slide-loop-112 slide-parity-even  '><span class='av-partner-fake-img' style='padding-bottom:64.285714285714%; background-image:url(https:\/\/quimper-evenements.fr\/pro\/wp-content\/uploads\/sites\/2\/2019\/08\/Nouveau-Logo-COPAB-300x193.png);'><\/span><\/div><\/div><div class=\"slide-entry-wrap\"><div  class='slide-entry av-8ebsl-ca8facbd11813c67dd4957038190b01d flex_column no_margin av_one_eighth real-thumbnail post-entry slide-entry-overview slide-loop-113 slide-parity-odd  first'><span class='av-partner-fake-img' style='padding-bottom:64.285714285714%; background-image:url(https:\/\/quimper-evenements.fr\/pro\/wp-content\/uploads\/sites\/2\/2019\/08\/banque_populaire3_Converti-300x225.png);'><\/span><\/div><div  class='slide-entry av-8amm5-c48f3f675f2509f2f47236aa1a2ecf43 flex_column no_margin av_one_eighth real-thumbnail post-entry slide-entry-overview slide-loop-114 slide-parity-even  '><span class='av-partner-fake-img' style='padding-bottom:64.285714285714%; background-image:url(https:\/\/quimper-evenements.fr\/pro\/wp-content\/uploads\/sites\/2\/2019\/08\/Nouveau_LOGO_CESA-300x229.jpg);'><\/span><\/div><div  class='slide-entry av-7ey9d-b3f0eb48c684b480b461dc0b3e938187 flex_column no_margin av_one_eighth real-thumbnail post-entry slide-entry-overview slide-loop-115 slide-parity-odd  '><span class='av-partner-fake-img' style='padding-bottom:64.285714285714%; background-image:url(https:\/\/quimper-evenements.fr\/pro\/wp-content\/uploads\/sites\/2\/2019\/08\/logo-ordre_des_experts_comptable_de_bretagne.2-300x60.jpg);'><\/span><\/div><div  class='slide-entry av-p4ml-afaef320746d8dea14343cb3d7ca03a3 flex_column no_margin av_one_eighth real-thumbnail post-entry slide-entry-overview slide-loop-116 slide-parity-even  '><span class='av-partner-fake-img' style='padding-bottom:64.285714285714%; background-image:url(https:\/\/quimper-evenements.fr\/pro\/wp-content\/uploads\/sites\/2\/2019\/08\/logo-diogene.png);'><\/span><\/div><div  class='slide-entry av-6its1-c383d537c27462ab877b4545ecfd4dee flex_column no_margin av_one_eighth real-thumbnail post-entry slide-entry-overview slide-loop-117 slide-parity-odd  '><span class='av-partner-fake-img' style='padding-bottom:64.285714285714%; background-image:url(https:\/\/quimper-evenements.fr\/pro\/wp-content\/uploads\/sites\/2\/2019\/08\/logoAJE.jpg);'><\/span><\/div><div  class='slide-entry av-5kxsl-cbe2bfcbc32a7d258243ed0589f249c1 flex_column no_margin av_one_eighth real-thumbnail post-entry slide-entry-overview slide-loop-118 slide-parity-even  '><span class='av-partner-fake-img' style='padding-bottom:64.285714285714%; background-image:url(https:\/\/quimper-evenements.fr\/pro\/wp-content\/uploads\/sites\/2\/2024\/05\/213-prod-logo-300x300.png);'><\/span><\/div><div  class='slide-entry av-55wa5-6197ce18569b47f7c61d3732ae338a65 flex_column no_margin av_one_eighth real-thumbnail post-entry slide-entry-overview slide-loop-119 slide-parity-odd  '><span class='av-partner-fake-img' style='padding-bottom:64.285714285714%; background-image:url(https:\/\/quimper-evenements.fr\/pro\/wp-content\/uploads\/sites\/2\/2019\/08\/kiclos-le-fenetrier-breton-repris-par-trois-salaries_3257769-300x220.jpg);'><\/span><\/div><div  class='slide-entry av-4qht1-58fb1deef979192f74b13c4ea71bd4d1 flex_column no_margin av_one_eighth real-thumbnail post-entry slide-entry-overview slide-loop-120 slide-parity-even  '><span class='av-partner-fake-img' style='padding-bottom:64.285714285714%; background-image:url(https:\/\/quimper-evenements.fr\/pro\/wp-content\/uploads\/sites\/2\/2019\/08\/images-300x158.png);'><\/span><\/div><\/div><div class=\"slide-entry-wrap\"><div  class='slide-entry av-3syjx-6f92a4f81c6b27c7d065d07311f0ccde flex_column no_margin av_one_eighth real-thumbnail post-entry slide-entry-overview slide-loop-121 slide-parity-odd  first'><span class='av-partner-fake-img' style='padding-bottom:64.285714285714%; background-image:url(https:\/\/quimper-evenements.fr\/pro\/wp-content\/uploads\/sites\/2\/2019\/08\/logo_esiab-300x172.jpg);'><\/span><\/div><div  class='slide-entry av-330ix-6ced4f1d12c7675745cbfc73fdcac201 flex_column no_margin av_one_eighth real-thumbnail post-entry slide-entry-overview slide-loop-122 slide-parity-even  '><span class='av-partner-fake-img' style='padding-bottom:64.285714285714%; background-image:url(https:\/\/quimper-evenements.fr\/pro\/wp-content\/uploads\/sites\/2\/2019\/08\/51b085d872c1d-300x139.jpg);'><\/span><\/div><div  class='slide-entry av-2j6bt-a6dc4ba3d1a57c813cc6894dc73bcac9 flex_column no_margin av_one_eighth real-thumbnail post-entry slide-entry-overview slide-loop-123 slide-parity-odd  '><span class='av-partner-fake-img' style='padding-bottom:64.285714285714%; background-image:url(https:\/\/quimper-evenements.fr\/pro\/wp-content\/uploads\/sites\/2\/2019\/08\/Keolis-Quimper-300x100.jpg);'><\/span><\/div><div  class='slide-entry av-1yjw1-0d4fb3d5d4cd5c28bdcf27712feb0b4b flex_column no_margin av_one_eighth real-thumbnail post-entry slide-entry-overview slide-loop-124 slide-parity-even  '><span class='av-partner-fake-img' style='padding-bottom:64.285714285714%; background-image:url(https:\/\/quimper-evenements.fr\/pro\/wp-content\/uploads\/sites\/2\/2019\/08\/dcfquimper-300x75.png);'><\/span><\/div><div  class='slide-entry av-1ngyx-295758031f783bf729d40711849039e4 flex_column no_margin av_one_eighth real-thumbnail post-entry slide-entry-overview slide-loop-125 slide-parity-odd  '><span class='av-partner-fake-img' style='padding-bottom:64.285714285714%; background-image:url(https:\/\/quimper-evenements.fr\/pro\/wp-content\/uploads\/sites\/2\/2019\/08\/gl-events-500x0-300x300.png);'><\/span><\/div><div  class='slide-entry av-z7l9-d06d3731e392ce9a91a52a8319ad8213 flex_column no_margin av_one_eighth real-thumbnail post-entry slide-entry-overview slide-loop-126 slide-parity-even  '><span class='av-partner-fake-img' style='padding-bottom:64.285714285714%; background-image:url(https:\/\/quimper-evenements.fr\/pro\/wp-content\/uploads\/sites\/2\/2019\/08\/cornouaille-2017-300x84.jpg);'><\/span><\/div><div  class='slide-entry av-lwhrwssm-593ea5c6b9830d9e054a8b2affba9780 flex_column no_margin av_one_eighth real-thumbnail post-entry slide-entry-overview slide-loop-127 slide-parity-odd post-entry-last '><span class='av-partner-fake-img' style='padding-bottom:64.285714285714%; background-image:url(https:\/\/quimper-evenements.fr\/pro\/wp-content\/uploads\/sites\/2\/2024\/05\/DIGITAL-INSPIRATIONNEL-2022-300x130.png);'><\/span><\/div><\/div><\/div><\/div><br \/>\n<section  class='av_textblock_section av-jzsglyea-4-5fe3abba888a6826be4e67cc3eac473e '   itemscope=\"itemscope\" itemtype=\"https:\/\/schema.org\/CreativeWork\" ><div class='avia_textblock'  itemprop=\"text\" ><h3>Partenaires locaux<\/h3>\n<p>Quimper Ev\u00e9nements partage avec ses\u00a0<strong>diff\u00e9rents partenaires du territoire<\/strong>\u00a0le projet global de d\u00e9veloppement \u00e9conomique associ\u00e9 au tourisme d&rsquo;affaires et \u00e9v\u00e9nementiel.<\/p>\n<\/div><\/section><br \/>\n<div  class='avia-logo-element-container av-jzshhc4g-5-0e2f373a4ef42ccc7449539dc9d2812a av-border-deactivate avia-logo-grid avia-content-slider avia-smallarrow-slider avia-content-grid-active noHover avia-content-slider-odd  avia-builder-el-34  el_after_av_textblock  el_before_av_textblock  avia-content-slider3' ><div class='avia-smallarrow-slider-heading  no-logo-slider-heading '><div class='new-special-heading'>&nbsp;<\/div><\/div><div class=\"avia-content-slider-inner\"><div class=\"slide-entry-wrap\"><div  class='slide-entry av-514r5-6614b4afd6dc0e7495e20e4930d3db48 flex_column no_margin av_one_seventh real-thumbnail post-entry slide-entry-overview slide-loop-1 slide-parity-odd  first'><a href=\"http:\/\/www.marque-bretagne.fr\/\" data-rel='slide-3' class='slide-image' title=''  target=\"_blank\"  rel=\"noopener noreferrer\"><span class='av-partner-fake-img' style='padding-bottom:100%; background-image:url(https:\/\/quimper-evenements.fr\/pro\/wp-content\/uploads\/sites\/2\/2021\/09\/Logotype-Bretagne-blanc-bloc-noir-HD-180x180.jpg);'><\/span><\/a><\/div><div  class='slide-entry av-4h9ph-70e5fd59d03f6ea1d48ab7a394d712d1 flex_column no_margin av_one_seventh real-thumbnail post-entry slide-entry-overview slide-loop-2 slide-parity-even  '><a href=\"http:\/\/www.breizheventfinistere.com\/\" data-rel='slide-3' class='slide-image' title=''  target=\"_blank\"  rel=\"noopener noreferrer\"><span class='av-partner-fake-img' style='padding-bottom:100%; background-image:url(https:\/\/quimper-evenements.fr\/pro\/wp-content\/uploads\/sites\/2\/2021\/04\/BE-F-180x180.png);'><\/span><\/a><\/div><div  class='slide-entry av-3taqt-0310bb095b6332213fa019d45bb1f5fd flex_column no_margin av_one_seventh real-thumbnail post-entry slide-entry-overview slide-loop-3 slide-parity-odd  '><a href=\"https:\/\/www.toutcommenceenfinistere.com\/\" data-rel='slide-3' class='slide-image' title=''  target=\"_blank\"  rel=\"noopener noreferrer\"><span class='av-partner-fake-img' style='padding-bottom:100%; background-image:url(https:\/\/quimper-evenements.fr\/pro\/wp-content\/uploads\/sites\/2\/2019\/10\/TOUTCOMMENCEENFINISTERE-180x180.jpg);'><\/span><\/a><\/div><div  class='slide-entry av-33o25-0cae6dfcb14ebed3cdc0b3b897650fa6 flex_column no_margin av_one_seventh real-thumbnail post-entry slide-entry-overview slide-loop-4 slide-parity-even  '><a href=\"https:\/\/www.quimper-tourisme.bzh\/\" data-rel='slide-3' class='slide-image' title=''  target=\"_blank\"  rel=\"noopener noreferrer\"><span class='av-partner-fake-img' style='padding-bottom:100%; background-image:url(https:\/\/quimper-evenements.fr\/pro\/wp-content\/uploads\/sites\/2\/2019\/10\/14502932_1200261133353482_6660208026093681621_n-180x180.png);'><\/span><\/a><\/div><div  class='slide-entry av-2xxi1-ec890e43f9b6889735f2643609c35797 flex_column no_margin av_one_seventh real-thumbnail post-entry slide-entry-overview slide-loop-5 slide-parity-odd  '><a href=\"http:\/\/www.quimper-cornouaille-developpement.fr\/\" data-rel='slide-3' class='slide-image' title=''  target=\"_blank\"  rel=\"noopener noreferrer\"><span class='av-partner-fake-img' style='padding-bottom:100%; background-image:url(https:\/\/quimper-evenements.fr\/pro\/wp-content\/uploads\/sites\/2\/2019\/10\/QCD-180x180.jpg);'><\/span><\/a><\/div><div  class='slide-entry av-mmxjltrr-5cc1e07e24fd9eb645e30e328cc0b62c flex_column no_margin av_one_seventh real-thumbnail post-entry slide-entry-overview slide-loop-6 slide-parity-even post-entry-last '><a href=\"https:\/\/www.caillarec.com\/\" data-rel='slide-3' class='slide-image' title=''  target=\"_blank\"  rel=\"noopener noreferrer\"><span class='av-partner-fake-img' style='padding-bottom:100%; background-image:url(https:\/\/quimper-evenements.fr\/pro\/wp-content\/uploads\/sites\/2\/2026\/03\/Caillarec-carre-180x180.png);'><\/span><\/a><\/div><\/div><\/div><\/div><br \/>\n<section  class='av_textblock_section av-jzsglyea-3-d3967755aa110292ffecccd5468f3185 '   itemscope=\"itemscope\" itemtype=\"https:\/\/schema.org\/CreativeWork\" ><div class='avia_textblock'  itemprop=\"text\" ><h3>R\u00e9seaux<\/h3>\n<p>Quimper Ev\u00e9nements est\u00a0<strong>membre des r\u00e9seaux d&rsquo;affaires et de la fili\u00e8re \u00e9v\u00e9nementielle<\/strong>.<\/p>\n<\/div><\/section><br \/>\n<div  class='avia-logo-element-container av-jzshhc4g-2-73b5a31108b530309d879afb7223127c av-border-deactivate avia-logo-grid avia-content-slider avia-smallarrow-slider avia-content-grid-active noHover avia-content-slider-odd  avia-builder-el-36  el_after_av_textblock  avia-builder-el-last  avia-content-slider4' ><div class='avia-smallarrow-slider-heading  no-logo-slider-heading '><div class='new-special-heading'>&nbsp;<\/div><\/div><div class=\"avia-content-slider-inner\"><div class=\"slide-entry-wrap\"><div  class='slide-entry av-3ix7l-975592deb8455a6ce6b3bb9fcc6770a8 flex_column no_margin av_one_seventh real-thumbnail post-entry slide-entry-overview slide-loop-1 slide-parity-odd  first'><a href=\"https:\/\/www.unimev.fr\/\" data-rel='slide-4' class='slide-image' title=''  target=\"_blank\"  rel=\"noopener noreferrer\"><span class='av-partner-fake-img' style='padding-bottom:100%; background-image:url(https:\/\/quimper-evenements.fr\/pro\/wp-content\/uploads\/sites\/2\/2019\/11\/UNIMEV150150.jpg);'><\/span><\/a><\/div><div  class='slide-entry av-1yr2d-78a9cbb38a676e947fefefdd6a430b41 flex_column no_margin av_one_seventh real-thumbnail post-entry slide-entry-overview slide-loop-2 slide-parity-even  '><a href=\"https:\/\/www.congrescites.com\/quimper\/\" data-rel='slide-4' class='slide-image' title=''  target=\"_blank\"  rel=\"noopener noreferrer\"><span class='av-partner-fake-img' style='padding-bottom:100%; background-image:url(https:\/\/quimper-evenements.fr\/pro\/wp-content\/uploads\/sites\/2\/2019\/11\/CONGRESCITE-150150.jpg);'><\/span><\/a><\/div><div  class='slide-entry av-22sih-269fdf71715ea559916108e511c60bba flex_column no_margin av_one_seventh real-thumbnail post-entry slide-entry-overview slide-loop-3 slide-parity-odd  '><a href=\"https:\/\/www.scet.fr\/\" data-rel='slide-4' class='slide-image' title=''  target=\"_blank\"  rel=\"noopener noreferrer\"><span class='av-partner-fake-img' style='padding-bottom:100%; background-image:url(https:\/\/quimper-evenements.fr\/pro\/wp-content\/uploads\/sites\/2\/2019\/11\/SCET150150.jpg);'><\/span><\/a><\/div><div  class='slide-entry av-mdd6dze8-4c066ed362b475f7011e329ef19c5ec0 flex_column no_margin av_one_seventh real-thumbnail post-entry slide-entry-overview slide-loop-4 slide-parity-even post-entry-last '><a href=\"https:\/\/medef-finistere.com\/\" data-rel='slide-4' class='slide-image' title='' ><span class='av-partner-fake-img' style='padding-bottom:100%; background-image:url(https:\/\/quimper-evenements.fr\/pro\/wp-content\/uploads\/sites\/2\/2025\/07\/medef-carre.png);'><\/span><\/a><\/div><\/div><\/div><\/div><\/p>\n<\/div><\/div><\/div>\n<style type=\"text\/css\" data-created_by=\"avia_inline_auto\" id=\"style-css-av-k2k9nxyi-f2bc96d37f78c7d46706d7a2e965bd8c\">\n.av-layout-tab.av-k2k9nxyi-f2bc96d37f78c7d46706d7a2e965bd8c{\nvertical-align:top;\n}\n<\/style>\n<div id='av-tab-section-1-4' class='av-layout-tab av-k2k9nxyi-f2bc96d37f78c7d46706d7a2e965bd8c av-animation-delay-container  avia-builder-el-37  el_after_av_tab_sub_section  avia-builder-el-last  ' data-av-deeplink-tabs=\"\" data-av-tab-section-content=\"4\" data-tab-section-id=\"presse\"><div class=\"av-layout-tab-inner\"><div class=\"container\"><p>\n<style type=\"text\/css\" data-created_by=\"avia_inline_auto\" id=\"style-css-av-1gw8p-29a226049e6f5f92636b1d18baf2cddd\">\n#top .av-special-heading.av-1gw8p-29a226049e6f5f92636b1d18baf2cddd{\npadding-bottom:10px;\n}\nbody .av-special-heading.av-1gw8p-29a226049e6f5f92636b1d18baf2cddd .av-special-heading-tag .heading-char{\nfont-size:25px;\n}\n.av-special-heading.av-1gw8p-29a226049e6f5f92636b1d18baf2cddd .av-subheading{\nfont-size:15px;\n}\n<\/style>\n<div  class='av-special-heading av-1gw8p-29a226049e6f5f92636b1d18baf2cddd av-special-heading-h3  avia-builder-el-38  el_before_av_tab_container  avia-builder-el-first  av-linked-heading'><h3 class='av-special-heading-tag '  itemprop=\"headline\"  >Actualit\u00e9s<\/h3><div class=\"special-heading-border\"><div class=\"special-heading-inner-border\"><\/div><\/div><\/div><br \/>\n<div  class='tabcontainer av-k2nhjail-4fb7de5040f2d8badb777b994e146b06 top_tab  avia-builder-el-39  el_after_av_heading  el_before_av_heading '>\n<section class='av_tab_section av_tab_section av-mnprdbio-9d16572b0a92bef1a5c49820e3d05a98'  itemscope=\"itemscope\" itemtype=\"https:\/\/schema.org\/CreativeWork\" ><div id='tab-id-1-tab' class='tab active_tab' role='tab' aria-selected=\"true\" tabindex=\"0\" data-fake-id='#tab-id-1' aria-controls='tab-id-1-content'  itemprop=\"headline\" >2026<\/div><div id='tab-id-1-content' class='tab_content active_tab_content' role='tabpanel' aria-labelledby='tab-id-1-tab' aria-hidden=\"false\"><div class='tab_inner_content invers-color'  itemprop=\"text\" ><p>08\/04 &#8211; Le T\u00e9l\u00e9gramme &#8211; <a href=\"https:\/\/www.letelegramme.fr\/finistere\/quimper-29000\/la-societe-quimper-evenements-annonce-avoir-accueilli-300-000-visiteurs-en-2025-grace-notamment-a-la-nouvelle-grande-salle-de-leau-blanche-7021170.php\">La soci\u00e9t\u00e9 Quimper \u00c9v\u00e9nements annonce avoir accueilli 300 000 visiteurs en 2025, gr\u00e2ce notamment \u00e0 la nouvelle grande salle de l\u2019Eau-Blanche<\/a><\/p>\n<\/div><\/div><\/section>\n<section class='av_tab_section av_tab_section av-1ns05-1-316097d838521b8d68ff7e5439bac910'  itemscope=\"itemscope\" itemtype=\"https:\/\/schema.org\/CreativeWork\" ><div id='tab-id-2-tab' class='tab' role='tab' aria-selected=\"false\" tabindex=\"0\" data-fake-id='#tab-id-2' aria-controls='tab-id-2-content'  itemprop=\"headline\" >2025<\/div><div id='tab-id-2-content' class='tab_content' role='tabpanel' aria-labelledby='tab-id-2-tab' aria-hidden=\"true\"><div class='tab_inner_content invers-color'  itemprop=\"text\" ><p>10\/02 &#8211; Actu.fr &#8211; <a href=\"https:\/\/actu.fr\/bretagne\/quimper_29232\/demenagement-des-halles-grande-salle-multifontions-les-elus-dopposition-a-quimper-simpatientent_62234235.html\">D\u00e9m\u00e9nagement des halles, grande salle multifontions&#8230; Les \u00e9lus d\u2019opposition \u00e0 Quimper s\u2019impatientent<\/a><\/p>\n<p>13\/02 &#8211; Le T\u00e9l\u00e9gramme &#8211; <a href=\"https:\/\/www.letelegramme.fr\/finistere\/quimper-29000\/loyers-finances-nombre-devenements-tout-ce-quil-faut-savoir-sur-la-future-grande-salle-de-quimper-6759965.php\">Loyers, finances, nombre d\u2019\u00e9v\u00e9nements\u2026 Tout ce qu\u2019il faut savoir sur la future grande salle de Quimper | Le T\u00e9l\u00e9gramme<\/a><\/p>\n<p>13\/02 &#8211; Ouest France &#8211; <a href=\"https:\/\/www.ouest-france.fr\/bretagne\/quimper-29000\/a-quimper-la-future-grande-salle-pour-qui-et-a-quels-tarifs-9472ecec-e94e-11ef-a05f-98699ff93f73\">\u00c0 Quimper, la future Grande salle, pour qui et \u00e0 quels tarifs\u00a0?<\/a><\/p>\n<p>09\/04 &#8211; D\u00e9placement Pros &#8211; <a href=\"https:\/\/www.deplacementspros.com\/mice\/a-quimper-la-grande-salle-evenementielle-ouvrira-lautomne-prochain\">A Quimper, la Grande Salle \u00e9v\u00e9nementielle ouvrira l\u2019automne prochain &#8211; D\u00e9placements Pros<\/a><\/p>\n<p>11\/04 &#8211; Ouest France &#8211; <a href=\"https:\/\/www.ouest-france.fr\/sport\/basket\/ujap-quimper\/quimper-beliers-de-kemper-quimper-volley-qui-jouera-dans-la-grande-salle-de-leau-blanche-29e3882a-160b-11f0-a9e1-03ede7a28dd6\">Quimper. B\u00e9liers de Kemper, Quimper Volley\u00a0: qui \u00ab\u00a0jouera\u00a0\u00bb dans la grande salle de l\u2019Eau-Blanche\u00a0?<\/a><\/p>\n<p>22\/04 &#8211; Ouest France &#8211; <a href=\"https:\/\/www.ouest-france.fr\/culture\/musiques\/alain-souchon\/alain-souchon-en-concert-a-quimper-accompagne-de-ses-fils-ours-et-pierre-2a90b94e-1f9a-11f0-87cd-08a4dcb5c93e\">Alain Souchon en concert \u00e0 Quimper, accompagn\u00e9 de ses fils Ours et Pierre<\/a><\/p>\n<p>22\/04 &#8211; Le T\u00e9l\u00e9gramme &#8211;\u00a0<a href=\"https:\/\/www.letelegramme.fr\/finistere\/quimper-29000\/a-quimper-alain-souchon-et-ses-fils-en-concert-a-la-grande-salle-evenementielle-le-18-decembre-6803718.php\">\u00c0 Quimper, Alain Souchon et ses fils en concert \u00e0 la grande salle \u00e9v\u00e9nementielle le 18\u00a0d\u00e9cembre | Le T\u00e9l\u00e9gramme<\/a><\/p>\n<\/div><\/div><\/section>\n<section class='av_tab_section av_tab_section av-lvaxqip4-82b5c7e1047237ff84fe58acaa976bf1'  itemscope=\"itemscope\" itemtype=\"https:\/\/schema.org\/CreativeWork\" ><div id='tab-id-3-tab' class='tab' role='tab' aria-selected=\"false\" tabindex=\"0\" data-fake-id='#tab-id-3' aria-controls='tab-id-3-content'  itemprop=\"headline\" >2024<\/div><div id='tab-id-3-content' class='tab_content' role='tabpanel' aria-labelledby='tab-id-3-tab' aria-hidden=\"true\"><div class='tab_inner_content invers-color'  itemprop=\"text\" ><p>19\/02 &#8211; Le T\u00e9l\u00e9gramme &#8211;\u00a0<a href=\"https:\/\/www.letelegramme.fr\/finistere\/quimper-29000\/quimper-evenements-deja-candidat-pour-la-grande-salle-evenementielle-6529712.php\">Quimper \u00c9v\u00e9nements, d\u00e9j\u00e0 candidat pour la grande salle \u00e9v\u00e9nementielle<\/a><\/p>\n<p>23\/10 &#8211; Le T\u00e9l\u00e9gramme &#8211; <a href=\"https:\/\/www.letelegramme.fr\/finistere\/quimper-29000\/outre-le-basket-ball-a-quoi-pourrait-servir-la-grande-salle-evenementielle-de-quimper-6688289.php\">Outre le basket-ball, \u00e0 quoi pourrait servir la grande salle \u00e9v\u00e8nementielle de Quimper\u00a0? | Le T\u00e9l\u00e9gramme<\/a><\/p>\n<\/div><\/div><\/section>\n<section class='av_tab_section av_tab_section av-lvaxv1hh-2552c06c6077bf285af35b7fa2c31bda'  itemscope=\"itemscope\" itemtype=\"https:\/\/schema.org\/CreativeWork\" ><div id='tab-id-4-tab' class='tab' role='tab' aria-selected=\"false\" tabindex=\"0\" data-fake-id='#tab-id-4' aria-controls='tab-id-4-content'  itemprop=\"headline\" >2023<\/div><div id='tab-id-4-content' class='tab_content' role='tabpanel' aria-labelledby='tab-id-4-tab' aria-hidden=\"true\"><div class='tab_inner_content invers-color'  itemprop=\"text\" ><p>31\/01 &#8211; Ouest France &#8211; <a href=\"https:\/\/www.ouest-france.fr\/bretagne\/quimper-29000\/quimper-du-burlesque-et-de-l-esthetisme-au-chapeau-rouge-avec-le-cabaret-canaille-8e48aafe-9fd7-11ed-a15c-252b687e7d82\">Quimper. Du burlesque et de l\u2019esth\u00e9tisme au Chapeau Rouge avec le Cabaret Canaille<\/a><\/p>\n<p>20\/09 &#8211; Cot\u00e9 Quimper &#8211;\u00a0 <a href=\"https:\/\/www.calameo.com\/read\/00003919383409d3840ee\">Cote Quimper 20-09-2023<\/a><\/p>\n<\/div><\/div><\/section>\n<section class='av_tab_section av_tab_section av-l0c9xz9y-9bab8ad59b3d7552c209002cb57fdcaf'  itemscope=\"itemscope\" itemtype=\"https:\/\/schema.org\/CreativeWork\" ><div id='tab-id-5-tab' class='tab' role='tab' aria-selected=\"false\" tabindex=\"0\" data-fake-id='#tab-id-5' aria-controls='tab-id-5-content'  itemprop=\"headline\" >2022<\/div><div id='tab-id-5-content' class='tab_content' role='tabpanel' aria-labelledby='tab-id-5-tab' aria-hidden=\"true\"><div class='tab_inner_content invers-color'  itemprop=\"text\" ><ul>\n<li>31\/03 &#8211; Les \u00c9chos &#8211; <a href=\"https:\/\/www.lesechos.fr\/partenaires\/atout-france\/la-bretagne-nouvelle-destination-du-tourisme-daffaires-durable-1397225\">La Bretagne, nouvelle destination du tourisme d\u2019affaires durable<\/a><\/li>\n<li>28\/02 &#8211; Ouest France &#8211; <a href=\"https:\/\/www.ouest-france.fr\/bretagne\/quimper-29000\/quimper-evenement-voit-les-choses-en-grand-cette-annee-db13c6dc-962a-11ec-9502-5ed989acc404\">Quimper \u00c9v\u00e9nement voit les choses en grand cette ann\u00e9e<\/a><\/li>\n<li>25\/02 &#8211; Le T\u00e9l\u00e9gramme &#8211; <a href=\"https:\/\/www.letelegramme.fr\/finistere\/quimper\/quimper-evenements-repart-sur-les-chapeaux-de-roues-25-02-2022-12928635.php\">Quimper \u00c9v\u00e9nements repart sur les chapeaux de roues<\/a><\/li>\n<li>22\/02 &#8211; C\u00f4t\u00e9 Quimper &#8211; <a href=\"https:\/\/actu.fr\/bretagne\/quimper_29232\/humour-a-quimper-des-dayconnades-et-des-decouvertes_48880534.html\">Humour \u00e0 Quimper : des Dayconnades et des d\u00e9couvertes<\/a><\/li>\n<\/ul>\n<\/div><\/div><\/section>\n<section class='av_tab_section av_tab_section av-1ns05-d9f5b1153ab4667f60dc6674e612de4f'  itemscope=\"itemscope\" itemtype=\"https:\/\/schema.org\/CreativeWork\" ><div id='tab-id-6-tab' class='tab' role='tab' aria-selected=\"false\" tabindex=\"0\" data-fake-id='#tab-id-6' aria-controls='tab-id-6-content'  itemprop=\"headline\" >2021<\/div><div id='tab-id-6-content' class='tab_content' role='tabpanel' aria-labelledby='tab-id-6-tab' aria-hidden=\"true\"><div class='tab_inner_content invers-color'  itemprop=\"text\" ><ul>\n<li>31\/05 &#8211; Ouest-France\u00a0 &#8211; <a href=\"https:\/\/www.ouest-france.fr\/bretagne\/quimper-29000\/pour-quimper-evenements-l-enjeu-c-est-vraiment-la-reprise-et-de-faire-revenir-les-visiteurs-b0bfcede-c219-11eb-a1b7-65dd51ac411d\">Pour Quimper \u00c9v\u00e9nements, \u00ab l\u2019enjeu, c\u2019est vraiment la reprise et de faire revenir les visiteurs \u00bb<\/a><\/li>\n<li>31\/05 &#8211; C\u00f4t\u00e9 Quimper &#8211; <a href=\"https:\/\/actu.fr\/bretagne\/quimper_29232\/des-ruches-sur-les-toits-de-quimper_41925322.html\">Des ruches sur les toits de Quimper<\/a><\/li>\n<li>24\/05 &#8211; Le T\u00e9l\u00e9gramme &#8211; <a href=\"https:\/\/www.letelegramme.fr\/finistere\/quimper\/c-est-reparti-pour-quimper-evenements-24-05-2021-12755564.php\">C\u2019est reparti pour Quimper \u00c9v\u00e9nements<\/a><\/li>\n<li>17\/03 &#8211; Ouest-France\u00a0 &#8211; <a href=\"https:\/\/www.ouest-france.fr\/bretagne\/quimper-29000\/quimper-david-puget-dans-l-evenementiel-nous-demandons-le-droit-d-experimenter-7190055\" target=\"_blank\" rel=\"noopener\">Quimper. David Puget : dans l\u2019\u00e9v\u00e9nementiel, \u00ab nous demandons le droit d\u2019exp\u00e9rimenter \u00bb<\/a><\/li>\n<\/ul>\n<\/div><\/div><\/section>\n<section class='av_tab_section av_tab_section av-1or9l-469b70b0c98554de4c232a437636090c'  itemscope=\"itemscope\" itemtype=\"https:\/\/schema.org\/CreativeWork\" ><div id='tab-id-7-tab' class='tab' role='tab' aria-selected=\"false\" tabindex=\"0\" data-fake-id='#tab-id-7' aria-controls='tab-id-7-content'  itemprop=\"headline\" >2020<\/div><div id='tab-id-7-content' class='tab_content' role='tabpanel' aria-labelledby='tab-id-7-tab' aria-hidden=\"true\"><div class='tab_inner_content invers-color'  itemprop=\"text\" ><ul>\n<li>21\/09 &#8211; C\u00f4t\u00e9 Quimper &#8211; <a href=\"https:\/\/actu.fr\/bretagne\/quimper_29232\/quimper-evenements-reprend-des-couleurs_36025229.html\">Quimper Ev\u00e9nements reprend des couleurs<\/a><\/li>\n<li>04\/09 &#8211; France Bleu &#8211; <a href=\"https:\/\/www.francebleu.fr\/infos\/culture-loisirs\/enfin-un-evenement-au-parc-des-expos-a-quimper-le-forum-des-clubs-ce-samedi-1599206161\">Enfin un \u00e9v\u00e9nement au parc des expos \u00e0 Quimper : le forum des clubs ce samedi<\/a><\/li>\n<li>23\/08 &#8211; Ouest France &#8211; <a href=\"https:\/\/www.ouest-france.fr\/bretagne\/quimper-29000\/quimper-l-impact-du-covid-19-sur-l-evenementiel-il-faut-apprendre-a-vivre-avec-6945848\">L\u2019impact du Covid-19 sur l\u2019\u00e9v\u00e9nementiel : \u00ab Il faut apprendre \u00e0 vivre avec \u00bb<\/a><\/li>\n<li>21\/06 &#8211; Ouest France &#8211; <a href=\"https:\/\/www.ouest-france.fr\/bretagne\/quimper-29000\/quimper-quand-le-parking-du-parc-des-expos-devient-un-cinema-6877085\">Quand le parking du parc des expos devient un cin\u00e9ma<\/a><\/li>\n<li>13\/05 &#8211; Ouest France &#8211; <a href=\"https:\/\/www.ouest-france.fr\/bretagne\/quimper-29000\/quimper-qui-veut-utiliser-gratuitement-le-centre-des-congres-ou-le-parc-des-expositions-6833883\">Qui veut utiliser gratuitement le centre des congr\u00e8s ou le parc des expositions ?<\/a><\/li>\n<li>10\/01 &#8211; La Gazette des Salons &#8211; <a href=\"https:\/\/quimper-evenements.fr\/pro\/wp-content\/uploads\/sites\/2\/2020\/02\/GAZETTE-SALONS_QE_janv-2020_article-Quimper-Ev\u00e9nements.pdf\" target=\"_blank\" rel=\"noopener\">Et si l&rsquo;innovation salon venait des organisateurs ind\u00e9pendants ?<\/a><\/li>\n<li>05\/01 &#8211; Le T\u00e9l\u00e9gramme &#8211; <a href=\"https:\/\/www.letelegramme.fr\/finistere\/quimper\/ces-6-evenements-incontournables-de-2020-a-quimper-05-01-2020-12471291.php\" target=\"_blank\" rel=\"noopener\">Ces 6 \u00e9v\u00e9nements incontournables de 2020 \u00e0 Quimper<\/a><\/li>\n<\/ul>\n<\/div><\/div><\/section>\n<section class='av_tab_section av_tab_section av-3okap-695d9bc7e5ae84af8c0a301e15257153'  itemscope=\"itemscope\" itemtype=\"https:\/\/schema.org\/CreativeWork\" ><div id='tab-id-8-tab' class='tab' role='tab' aria-selected=\"false\" tabindex=\"0\" data-fake-id='#tab-id-8' aria-controls='tab-id-8-content'  itemprop=\"headline\" >2019<\/div><div id='tab-id-8-content' class='tab_content' role='tabpanel' aria-labelledby='tab-id-8-tab' aria-hidden=\"true\"><div class='tab_inner_content invers-color'  itemprop=\"text\" ><ul>\n<li>31\/12 &#8211; Le T\u00e9l\u00e9gramme : <a href=\"https:\/\/www.letelegramme.fr\/finistere\/quimper\/cinq-spectacles-a-ne-pas-manquer-a-quimper-en-2020-31-12-2019-12469322.php?fbclid=IwAR2WT1WxDti0H2jGV5D_G_cMw7eBazlZWmnVp0LBbhqBf7j66_QyW66GXYQ\" target=\"_blank\" rel=\"noopener\">Cinq spectacles \u00e0 ne pas manquer \u00e0 Quimper en 2020<\/a><\/li>\n<li>17\/10 &#8211; Ouest-France &#8211; <a href=\"https:\/\/www.ouest-france.fr\/bretagne\/quimper-29000\/quimper-capitale-europeenne-de-l-apiculture-en-2020-6569638\" target=\"_blank\" rel=\"noopener\">Quimper, Capitale europ\u00e9enne de l&rsquo;apiculture en 2020<\/a><\/li>\n<li>10\/09 &#8211; C\u00f4t\u00e9 Quimper &#8211; <a href=\"https:\/\/actu.fr\/bretagne\/quimper_29232\/quimper-evenements-cherche-elargir-offre-rendez-vous_27112965.html\" target=\"_blank\" rel=\"noopener\">Quimper Ev\u00e9nements cherche \u00e0 \u00e9largir son offre de rendez-vous<\/a><\/li>\n<li>09\/09 &#8211; Ouest France &#8211; <a href=\"https:\/\/www.ouest-france.fr\/bretagne\/quimper-29000\/quimper-evenements-veut-miser-sur-la-diversite-6512175\" target=\"_blank\" rel=\"noopener\">Quimper Ev\u00e9nements veut miser sur la diversit\u00e9<\/a><\/li>\n<li>03\/09 &#8211; Le T\u00e9l\u00e9gramme &#8211; <a href=\"https:\/\/www.letelegramme.fr\/finistere\/quimper\/quimper-evenements-les-animations-de-septembre-03-09-2019-12373757.php\" target=\"_blank\" rel=\"noopener\">Agenda de Septembre bien garni<\/a><\/li>\n<li>15\/02 &#8211; C\u00f4t\u00e9 Quimper &#8211; <a href=\"https:\/\/actu.fr\/bretagne\/quimper_29232\/quimper-la-foire-exposition-parc-expo_21410299.html\" target=\"_blank\" rel=\"noopener\">Quimper : de la foire exposition au parc expo<\/a><\/li>\n<li>25\/01 &#8211; C\u00f4t\u00e9 Quimper &#8211; <a href=\"https:\/\/actu.fr\/bretagne\/quimper_29232\/quimper-programme-parc-expositions_20952513.html\" target=\"_blank\" rel=\"noopener\">Quimper : quel programme au parc des expositions ?<\/a><\/li>\n<\/ul>\n<\/div><\/div><\/section>\n<section class='av_tab_section av_tab_section av-3s4rp-83f2f2664c373ba405b782930e3edc2e'  itemscope=\"itemscope\" itemtype=\"https:\/\/schema.org\/CreativeWork\" ><div id='tab-id-9-tab' class='tab' role='tab' aria-selected=\"false\" tabindex=\"0\" data-fake-id='#tab-id-9' aria-controls='tab-id-9-content'  itemprop=\"headline\" >2018<\/div><div id='tab-id-9-content' class='tab_content' role='tabpanel' aria-labelledby='tab-id-9-tab' aria-hidden=\"true\"><div class='tab_inner_content invers-color'  itemprop=\"text\" ><ul>\n<li>24\/09 &#8211; Le Journal des Entreprises &#8211; <a href=\"https:\/\/www.lejournaldesentreprises.com\/finistere\/breve\/quimper-evenements-de-nouveaux-temps-forts-pour-les-professionnels-128339\" target=\"_blank\" rel=\"noopener\">Quimper \u00e9v\u00e9nements : de nouveaux temps forts pour les professionnels<\/a><\/li>\n<li>25\/05 &#8211; \u00c9v\u00e9nements &#038; Conventions &#8211; <a href=\"https:\/\/www.evenements-conventions.com\/Destination-Quimper-ville-de-congres-d-evenements_a394.html\" target=\"_blank\" rel=\"noopener\">Destination Quimper : ville de congr\u00e8s &#038; d&rsquo;\u00e9v\u00e9nements<\/a><\/li>\n<li>16\/05 &#8211; Le T\u00e9l\u00e9gramme &#8211; <a href=\"https:\/\/www.letelegramme.fr\/finistere\/quimper\/centre-ville-elles-sont-au-chapeau-rouge-vive-les-abeilles-16-05-2018-11960385.php\" target=\"_blank\" rel=\"noopener\">Centre-ville. Elles sont au Chapeau-Rouge, vive les abeilles<\/a><\/li>\n<li>16\/05 &#8211; Ouest-France &#8211; <a href=\"https:\/\/www.ouest-france.fr\/bretagne\/quimper-29000\/insolite-quimper-100-000-abeilles-s-installent-en-centre-ville-5760311\" target=\"_blank\" rel=\"noopener\">Insolite. \u00c0 Quimper, 100\u2009000 abeilles s\u2019installent en centre-ville<\/a><\/li>\n<li>23\/03 &#8211; Le Journal des Entreprises &#8211; <a href=\"https:\/\/www.lejournaldesentreprises.com\/finistere\/breve\/quimper-evenements-43-millions-de-retombees-economiques-liees-aux-salons-et-congres-118886\" target=\"_blank\" rel=\"noopener\">Quimper \u00c9v\u00e9nements : 43 millions de retomb\u00e9es \u00e9conomiques li\u00e9es aux salons et congr\u00e8s<\/a><\/li>\n<li>22\/03 &#8211; Le T\u00e9l\u00e9gramme &#8211; <a href=\"https:\/\/www.letelegramme.fr\/finistere\/quimper\/centre-des-congres-75-evenements-en-dix-mois-22-03-2018-11896422.php\" target=\"_blank\" rel=\"noopener\">Centre des congr\u00e8s. 75 \u00e9v\u00e9nements en dix mois<\/a><\/li>\n<li>22\/03 &#8211; Ouest-France &#8211; <a href=\"https:\/\/www.ouest-france.fr\/bretagne\/quimper-29000\/quimper-centre-des-congres-et-parc-des-expos-ca-rapporte-5637888\" target=\"_blank\" rel=\"noopener\">Quimper. Centre des congr\u00e8s et parc des expos : \u00e7a rapporte !<\/a><\/li>\n<li>21\/03 &#8211; C\u00f4t\u00e9 Quimper &#8211; <a href=\"https:\/\/actu.fr\/bretagne\/quimper_29232\/quimper-evenements-bilan-2017_16024423.html\" target=\"_blank\" rel=\"noopener\">Quimper \u00e9v\u00e9nements : le bilan 2017<\/a><\/li>\n<\/ul>\n<\/div><\/div><\/section>\n<section class='av_tab_section av_tab_section av-3e3od-1db204bd222226ee6a84d042a1576ce7'  itemscope=\"itemscope\" itemtype=\"https:\/\/schema.org\/CreativeWork\" ><div id='tab-id-10-tab' class='tab' role='tab' aria-selected=\"false\" tabindex=\"0\" data-fake-id='#tab-id-10' aria-controls='tab-id-10-content'  itemprop=\"headline\" >2017<\/div><div id='tab-id-10-content' class='tab_content' role='tabpanel' aria-labelledby='tab-id-10-tab' aria-hidden=\"true\"><div class='tab_inner_content invers-color'  itemprop=\"text\" ><ul>\n<li>09\/04 &#8211; Ouest-France &#8211; <a href=\"https:\/\/www.letelegramme.fr\/finistere\/quimper\/congres-le-chapeau-rouge-devoile-ses-atours-09-04-2017-11468582.php\" target=\"_blank\" rel=\"noopener\">Congr\u00e8s. Le Chapeau-Rouge d\u00e9voile ses atours<\/a><\/li>\n<li>04\/04 &#8211; Ouest-France &#8211; <a href=\"https:\/\/www.ouest-france.fr\/bretagne\/quimper-29000\/le-chapeau-rouge-s-ouvre-aux-quimperois-4904898\" target=\"_blank\" rel=\"noopener\">Centre des Congr\u00e8s. Le Chapeau Rouge s\u2019ouvre aux Quimp\u00e9rois<\/a><\/li>\n<li>04\/04 &#8211; Le\u00a0 T\u00e9l\u00e9gramme &#8211; <a href=\"https:\/\/www.letelegramme.fr\/finistere\/quimper\/chapeau-rouge-rendez-vous-en-coulisses-04-04-2017-11461640.php\" target=\"_blank\" rel=\"noopener\">Chapeau-Rouge. Rendez-vous en coulisses<\/a><\/li>\n<li>07\/03 &#8211; Ouest-France &#8211; L<a href=\"https:\/\/www.ouest-france.fr\/bretagne\/quimper-29000\/le-chapeau-rouge-se-devoile-aux-entreprises-4844365\" target=\"_blank\" rel=\"noopener\">e Chapeau rouge se d\u00e9voile aux entreprises<\/a><\/li>\n<li>06\/03 &#8211; Ouest-France &#8211; <a href=\"https:\/\/www.ouest-france.fr\/bretagne\/quimper-29000\/quimper-le-chapeau-rouge-inaugure-en-presence-des-entrepreneurs-4839561\" target=\"_blank\" rel=\"noopener\">Quimper. Le Chapeau rouge inaugur\u00e9 en pr\u00e9sence des entrepreneurs<\/a><\/li>\n<li>01\/03 &#8211; C\u00f4t\u00e9 Quimper &#8211; <a href=\"https:\/\/actu.fr\/bretagne\/quimper_29232\/feu-vert-pour-le-centre-des-congres-du-chapeau-rouge_4860752.html\" target=\"_blank\" rel=\"noopener\">Feu vert pour le centre des congr\u00e8s du Chapeau rouge<\/a><\/li>\n<li>01\/03 &#8211; France bleu &#8211; <a href=\"https:\/\/www.francebleu.fr\/infos\/economie-social\/quimper-ouverture-imminente-et-attendue-du-centre-des-congres-du-chapeau-rouge-1488396894\" target=\"_blank\" rel=\"noopener\">Quimper : ouverture imminente et attendue du Centre des Congr\u00e8s du Chapeau Rouge<\/a><\/li>\n<li>12\/01 &#8211; Le\u00a0 T\u00e9l\u00e9gramme &#8211; <a href=\"https:\/\/www.letelegramme.fr\/finistere\/quimper\/quimper-evenements-on-attend-avec-impatience-le-chapeau-rouge-12-01-2017-11360183.php\" target=\"_blank\" rel=\"noopener\">Quimper-\u00c9v\u00e9nements. \u00ab On attend avec impatience le Chapeau Rouge \u00bb<\/a><\/li>\n<\/ul>\n<\/div><\/div><\/section>\n<section class='av_tab_section av_tab_section av-2qv99-192e0db92b63e37f1c20868864640b9e'  itemscope=\"itemscope\" itemtype=\"https:\/\/schema.org\/CreativeWork\" ><div id='tab-id-11-tab' class='tab' role='tab' aria-selected=\"false\" tabindex=\"0\" data-fake-id='#tab-id-11' aria-controls='tab-id-11-content'  itemprop=\"headline\" >2016<\/div><div id='tab-id-11-content' class='tab_content' role='tabpanel' aria-labelledby='tab-id-11-tab' aria-hidden=\"true\"><div class='tab_inner_content invers-color'  itemprop=\"text\" ><ul>\n<li>15\/11 &#8211; Ouest-France &#8211; <a href=\"https:\/\/www.ouest-france.fr\/bretagne\/quimper-29000\/quimper-le-centre-des-congres-le-chapeau-rouge-ouvrira-en-janvier-4612263\" target=\"_blank\" rel=\"noopener\">Quimper : le centre des congr\u00e8s le Chapeau-Rouge ouvrira en janvier<\/a><\/li>\n<li>04\/02 &#8211; C\u00f4t\u00e9 Quimper &#8211; <a href=\"https:\/\/actu.fr\/bretagne\/quimper_29232\/photos-et-videos-decouvrez-le-nouveau-parc-des-expositions_4534456.html\" target=\"_blank\" rel=\"noopener\">D\u00e9couvrez le nouveau Parc des expositions<\/a><\/li>\n<li>09\/01 &#8211; Le T\u00e9l\u00e9gramme &#8211; <a href=\"https:\/\/www.letelegramme.fr\/finistere\/quimper\/quimper-evenements-montee-en-puissance-09-01-2016-10913480.php\" target=\"_blank\" rel=\"noopener\">Quimper \u00c9v\u00e9nements. Mont\u00e9e en puissance<\/a><\/li>\n<li>07\/01- Ouest-France &#8211; <a href=\"https:\/\/www.ouest-france.fr\/bretagne\/quimper-29000\/quimper-lavenir-dore-du-nouveau-centre-des-congres-du-chapeau-rouge-3955854\" target=\"_blank\" rel=\"noopener\">Quimper. L\u2019avenir dor\u00e9 du nouveau centre des congr\u00e8s du Chapeau Rouge<\/a><\/li>\n<\/ul>\n<\/div><\/div><\/section>\n<section class='av_tab_section av_tab_section av-251lx-2393dae888f03e3a1276eaaa18c593b6'  itemscope=\"itemscope\" itemtype=\"https:\/\/schema.org\/CreativeWork\" ><div id='tab-id-12-tab' class='tab' role='tab' aria-selected=\"false\" tabindex=\"0\" data-fake-id='#tab-id-12' aria-controls='tab-id-12-content'  itemprop=\"headline\" >2015<\/div><div id='tab-id-12-content' class='tab_content' role='tabpanel' aria-labelledby='tab-id-12-tab' aria-hidden=\"true\"><div class='tab_inner_content invers-color'  itemprop=\"text\" ><ul>\n<li>06\/01 &#8211; Le T\u00e9l\u00e9gramme &#8211; <a href=\"https:\/\/www.letelegramme.fr\/finistere\/quimper\/penvillers-quimper-evenements-sur-la-breche-07-01-2015-10483587.php\" target=\"_blank\" rel=\"noopener\">Penvillers. Quimper \u00c9v\u00e9nements sur la br\u00e8che<\/a><\/li>\n<\/ul>\n<\/div><\/div><\/section>\n<section class='av_tab_section av_tab_section av-1ns05-1-1-b0a6b58f73131e7ffee80c4f69bb7a52'  itemscope=\"itemscope\" itemtype=\"https:\/\/schema.org\/CreativeWork\" ><div id='tab-id-13-tab' class='tab' role='tab' aria-selected=\"false\" tabindex=\"0\" data-fake-id='#tab-id-13' aria-controls='tab-id-13-content'  itemprop=\"headline\" >2014<\/div><div id='tab-id-13-content' class='tab_content' role='tabpanel' aria-labelledby='tab-id-13-tab' aria-hidden=\"true\"><div class='tab_inner_content invers-color'  itemprop=\"text\" ><ul>\n<li>26\/09 &#8211; Le T\u00e9l\u00e9gramme &#8211; <a href=\"https:\/\/www.letelegramme.fr\/finistere\/quimper\/parc-des-expositions-ouverture-en-fevrier-26-09-2014-10358984.php\" target=\"_blank\" rel=\"noopener\">Parc des expositions. Ouverture en f\u00e9vrier<\/a><\/li>\n<li>10\/01 &#8211; Le T\u00e9l\u00e9gramme &#8211; <a href=\"https:\/\/www.letelegramme.fr\/local\/finistere-sud\/quimper\/ville\/quimper-evenements-la-sem-sur-les-rails-10-01-2014-2363247.php\" target=\"_blank\" rel=\"noopener\">Quimper-\u00c9v\u00e9nements. La SEM sur les rails<\/a><\/li>\n<\/ul>\n<\/div><\/div><\/section>\n<\/div><br \/>\n\n<style type=\"text\/css\" data-created_by=\"avia_inline_auto\" id=\"style-css-av-sfdl-7c9eeb1c868002a936ad315717c7d528\">\n#top .av-special-heading.av-sfdl-7c9eeb1c868002a936ad315717c7d528{\npadding-bottom:10px;\n}\nbody .av-special-heading.av-sfdl-7c9eeb1c868002a936ad315717c7d528 .av-special-heading-tag .heading-char{\nfont-size:25px;\n}\n.av-special-heading.av-sfdl-7c9eeb1c868002a936ad315717c7d528 .av-subheading{\nfont-size:15px;\n}\n<\/style>\n<div  class='av-special-heading av-sfdl-7c9eeb1c868002a936ad315717c7d528 av-special-heading-h3  avia-builder-el-40  el_after_av_tab_container  el_before_av_one_full  av-linked-heading'><h3 class='av-special-heading-tag '  itemprop=\"headline\"  >Galerie photos<\/h3><div class=\"special-heading-border\"><div class=\"special-heading-inner-border\"><\/div><\/div><\/div><br \/>\n\n<style type=\"text\/css\" data-created_by=\"avia_inline_auto\" id=\"style-css-av-rvmh-22a8114d69568bdcf6ad4ad82828ebb8\">\n.flex_column.av-rvmh-22a8114d69568bdcf6ad4ad82828ebb8{\nborder-radius:0px 0px 0px 0px;\npadding:0px 0px 0px 0px;\n}\n<\/style>\n<div  class='flex_column av-rvmh-22a8114d69568bdcf6ad4ad82828ebb8 av_one_full  avia-builder-el-41  el_after_av_heading  avia-builder-el-last  first flex_column_div av-zero-column-padding  '     ><style type=\"text\/css\" data-created_by=\"avia_inline_auto\" id=\"style-css-av-k2ka11g0-7bb8ad5a0469709330bc8d09886a8dd5\">\n#top .avia-gallery.av-k2ka11g0-7bb8ad5a0469709330bc8d09886a8dd5 .avia-gallery-thumb a{\nwidth:16.6667%;\n}\n<\/style>\n<div  class='avia-gallery av-k2ka11g0-7bb8ad5a0469709330bc8d09886a8dd5 avia_animate_when_visible  avia-builder-el-42  avia-builder-el-no-sibling  animations_off avia-gallery-1'  itemprop=\"image\" itemscope=\"itemscope\" itemtype=\"https:\/\/schema.org\/ImageObject\" ><meta itemprop=\"contentURL\" content=\"https:\/\/quimper-evenements.fr\/pro\/quimper-evenements\/\"><div class='avia-gallery-thumb'><a href=\"https:\/\/quimper-evenements.fr\/pro\/wp-content\/uploads\/sites\/2\/2019\/10\/PDE_ARTIMON_EXT_QE-1-1030x686.jpg\" data-srcset=\"https:\/\/quimper-evenements.fr\/pro\/wp-content\/uploads\/sites\/2\/2019\/10\/PDE_ARTIMON_EXT_QE-1-1030x686.jpg 1030w, https:\/\/quimper-evenements.fr\/pro\/wp-content\/uploads\/sites\/2\/2019\/10\/PDE_ARTIMON_EXT_QE-1-300x200.jpg 300w, https:\/\/quimper-evenements.fr\/pro\/wp-content\/uploads\/sites\/2\/2019\/10\/PDE_ARTIMON_EXT_QE-1-768x511.jpg 768w, https:\/\/quimper-evenements.fr\/pro\/wp-content\/uploads\/sites\/2\/2019\/10\/PDE_ARTIMON_EXT_QE-1-1500x998.jpg 1500w, https:\/\/quimper-evenements.fr\/pro\/wp-content\/uploads\/sites\/2\/2019\/10\/PDE_ARTIMON_EXT_QE-1-705x469.jpg 705w, https:\/\/quimper-evenements.fr\/pro\/wp-content\/uploads\/sites\/2\/2019\/10\/PDE_ARTIMON_EXT_QE-1-450x300.jpg 450w\" data-sizes=\"(max-width: 1030px) 100vw, 1030px\" data-rel='gallery-1' data-prev-img='https:\/\/quimper-evenements.fr\/pro\/wp-content\/uploads\/sites\/2\/2019\/10\/PDE_ARTIMON_EXT_QE-1-495x400.jpg' class='first_thumb lightbox ' data-onclick='1' title='PARC DES EXPOSITIONS QUIMPER CORNOUAILLE ARTIMON'  itemprop=\"thumbnailUrl\"  ><img decoding=\"async\" fetchpriority=\"high\" class=\"wp-image-711 avia-img-lazy-loading-not-711\"   src=\"https:\/\/quimper-evenements.fr\/pro\/wp-content\/uploads\/sites\/2\/2019\/10\/PDE_ARTIMON_EXT_QE-1-495x400.jpg\" width=\"495\" height=\"400\"  title='PARC DES EXPOSITIONS QUIMPER CORNOUAILLE ARTIMON' alt='PARC DES EXPOSITIONS QUIMPER CORNOUAILLE ARTIMON' srcset=\"https:\/\/quimper-evenements.fr\/pro\/wp-content\/uploads\/sites\/2\/2019\/10\/PDE_ARTIMON_EXT_QE-1-495x400.jpg 495w, https:\/\/quimper-evenements.fr\/pro\/wp-content\/uploads\/sites\/2\/2019\/10\/PDE_ARTIMON_EXT_QE-1-845x684.jpg 845w\" sizes=\"(max-width: 495px) 100vw, 495px\" \/><div class='big-prev-fake'><img decoding=\"async\" loading=\"lazy\" class=\"wp-image-711 avia-img-lazy-loading-711\"  width=\"495\" height=\"400\" src=\"https:\/\/quimper-evenements.fr\/pro\/wp-content\/uploads\/sites\/2\/2019\/10\/PDE_ARTIMON_EXT_QE-1-495x400.jpg\" title='PARC DES EXPOSITIONS QUIMPER CORNOUAILLE ARTIMON' alt='PARC DES EXPOSITIONS QUIMPER CORNOUAILLE ARTIMON' srcset=\"https:\/\/quimper-evenements.fr\/pro\/wp-content\/uploads\/sites\/2\/2019\/10\/PDE_ARTIMON_EXT_QE-1-495x400.jpg 495w, https:\/\/quimper-evenements.fr\/pro\/wp-content\/uploads\/sites\/2\/2019\/10\/PDE_ARTIMON_EXT_QE-1-845x684.jpg 845w\" sizes=\"auto, (max-width: 495px) 100vw, 495px\" \/><\/div><\/a><a href=\"https:\/\/quimper-evenements.fr\/pro\/wp-content\/uploads\/sites\/2\/2019\/10\/CHAPEAU-ROUGE_EXT2_QE-1030x623.jpg\" data-srcset=\"https:\/\/quimper-evenements.fr\/pro\/wp-content\/uploads\/sites\/2\/2019\/10\/CHAPEAU-ROUGE_EXT2_QE-1030x623.jpg 1030w, https:\/\/quimper-evenements.fr\/pro\/wp-content\/uploads\/sites\/2\/2019\/10\/CHAPEAU-ROUGE_EXT2_QE-300x181.jpg 300w, https:\/\/quimper-evenements.fr\/pro\/wp-content\/uploads\/sites\/2\/2019\/10\/CHAPEAU-ROUGE_EXT2_QE-768x464.jpg 768w, https:\/\/quimper-evenements.fr\/pro\/wp-content\/uploads\/sites\/2\/2019\/10\/CHAPEAU-ROUGE_EXT2_QE-1500x907.jpg 1500w, https:\/\/quimper-evenements.fr\/pro\/wp-content\/uploads\/sites\/2\/2019\/10\/CHAPEAU-ROUGE_EXT2_QE-705x426.jpg 705w, https:\/\/quimper-evenements.fr\/pro\/wp-content\/uploads\/sites\/2\/2019\/10\/CHAPEAU-ROUGE_EXT2_QE-450x272.jpg 450w\" data-sizes=\"(max-width: 1030px) 100vw, 1030px\" data-rel='gallery-1' data-prev-img='https:\/\/quimper-evenements.fr\/pro\/wp-content\/uploads\/sites\/2\/2019\/10\/CHAPEAU-ROUGE_EXT2_QE-495x400.jpg' class='lightbox ' data-onclick='2' title='Location salle, centre des congr\u00e8s, expo, congr\u00e8s, conf\u00e9rence, s\u00e9minaire, \u00e9v\u00e9nement, \u00e9v\u00e9nement d&rsquo;entreprise, team building, r\u00e9ception, gala, tourisme d&rsquo;affaires, mice, assembl\u00e9 g\u00e9n\u00e9rale, r\u00e9union, studio vid\u00e9o, captation'  itemprop=\"thumbnailUrl\"  ><img decoding=\"async\" fetchpriority=\"high\" class=\"wp-image-670 avia-img-lazy-loading-not-670\"  data-avia-tooltip='Location salle, centre des congr\u00e8s, expo, congr\u00e8s, conf\u00e9rence, s\u00e9minaire, \u00e9v\u00e9nement, \u00e9v\u00e9nement d&rsquo;entreprise, team building, r\u00e9ception, gala, tourisme d&rsquo;affaires, mice, assembl\u00e9 g\u00e9n\u00e9rale, r\u00e9union, studio vid\u00e9o, captation' src=\"https:\/\/quimper-evenements.fr\/pro\/wp-content\/uploads\/sites\/2\/2019\/10\/CHAPEAU-ROUGE_EXT2_QE-495x400.jpg\" width=\"495\" height=\"400\"  title='CENTRE DES CONGRES CHAPEAU ROUGE QUIMPER' alt='CENTRE DES CONGRES CHAPEAU ROUGE QUIMPER' srcset=\"https:\/\/quimper-evenements.fr\/pro\/wp-content\/uploads\/sites\/2\/2019\/10\/CHAPEAU-ROUGE_EXT2_QE-495x400.jpg 495w, https:\/\/quimper-evenements.fr\/pro\/wp-content\/uploads\/sites\/2\/2019\/10\/CHAPEAU-ROUGE_EXT2_QE-845x684.jpg 845w\" sizes=\"(max-width: 495px) 100vw, 495px\" \/><div class='big-prev-fake'><img decoding=\"async\" loading=\"lazy\" class=\"wp-image-670 avia-img-lazy-loading-670\"  width=\"495\" height=\"400\" src=\"https:\/\/quimper-evenements.fr\/pro\/wp-content\/uploads\/sites\/2\/2019\/10\/CHAPEAU-ROUGE_EXT2_QE-495x400.jpg\" title='CENTRE DES CONGRES CHAPEAU ROUGE QUIMPER' alt='CENTRE DES CONGRES CHAPEAU ROUGE QUIMPER' srcset=\"https:\/\/quimper-evenements.fr\/pro\/wp-content\/uploads\/sites\/2\/2019\/10\/CHAPEAU-ROUGE_EXT2_QE-495x400.jpg 495w, https:\/\/quimper-evenements.fr\/pro\/wp-content\/uploads\/sites\/2\/2019\/10\/CHAPEAU-ROUGE_EXT2_QE-845x684.jpg 845w\" sizes=\"auto, (max-width: 495px) 100vw, 495px\" \/><\/div><\/a><a href=\"https:\/\/quimper-evenements.fr\/pro\/wp-content\/uploads\/sites\/2\/2019\/10\/PDE-LE-PAVILLON_QE-1030x687.jpg\" data-srcset=\"https:\/\/quimper-evenements.fr\/pro\/wp-content\/uploads\/sites\/2\/2019\/10\/PDE-LE-PAVILLON_QE-1030x687.jpg 1030w, https:\/\/quimper-evenements.fr\/pro\/wp-content\/uploads\/sites\/2\/2019\/10\/PDE-LE-PAVILLON_QE-300x200.jpg 300w, https:\/\/quimper-evenements.fr\/pro\/wp-content\/uploads\/sites\/2\/2019\/10\/PDE-LE-PAVILLON_QE-768x513.jpg 768w, https:\/\/quimper-evenements.fr\/pro\/wp-content\/uploads\/sites\/2\/2019\/10\/PDE-LE-PAVILLON_QE-1500x1001.jpg 1500w, https:\/\/quimper-evenements.fr\/pro\/wp-content\/uploads\/sites\/2\/2019\/10\/PDE-LE-PAVILLON_QE-705x471.jpg 705w, https:\/\/quimper-evenements.fr\/pro\/wp-content\/uploads\/sites\/2\/2019\/10\/PDE-LE-PAVILLON_QE-450x300.jpg 450w\" data-sizes=\"(max-width: 1030px) 100vw, 1030px\" data-rel='gallery-1' data-prev-img='https:\/\/quimper-evenements.fr\/pro\/wp-content\/uploads\/sites\/2\/2019\/10\/PDE-LE-PAVILLON_QE-495x400.jpg' class='lightbox ' data-onclick='3' title='Salon, spectacle, location salle, Parc expositions, expo, congr\u00e8s, conf\u00e9rences, concert'  itemprop=\"thumbnailUrl\"  ><img decoding=\"async\" fetchpriority=\"high\" class=\"wp-image-715 avia-img-lazy-loading-not-715\"  data-avia-tooltip='Salon, spectacle, location salle, Parc expositions, expo, congr\u00e8s, conf\u00e9rences, concert' src=\"https:\/\/quimper-evenements.fr\/pro\/wp-content\/uploads\/sites\/2\/2019\/10\/PDE-LE-PAVILLON_QE-495x400.jpg\" width=\"495\" height=\"400\"  title='SPECTACLE CONCERT PARC DES EXPOSITIONS QUIMPER CORNOUAILLE PAVILLON' alt='SPECTACLE CONCERT PARC DES EXPOSITIONS QUIMPER CORNOUAILLE PAVILLON' srcset=\"https:\/\/quimper-evenements.fr\/pro\/wp-content\/uploads\/sites\/2\/2019\/10\/PDE-LE-PAVILLON_QE-495x400.jpg 495w, https:\/\/quimper-evenements.fr\/pro\/wp-content\/uploads\/sites\/2\/2019\/10\/PDE-LE-PAVILLON_QE-845x684.jpg 845w\" sizes=\"(max-width: 495px) 100vw, 495px\" \/><div class='big-prev-fake'><img decoding=\"async\" loading=\"lazy\" class=\"wp-image-715 avia-img-lazy-loading-715\"  width=\"495\" height=\"400\" src=\"https:\/\/quimper-evenements.fr\/pro\/wp-content\/uploads\/sites\/2\/2019\/10\/PDE-LE-PAVILLON_QE-495x400.jpg\" title='SPECTACLE CONCERT PARC DES EXPOSITIONS QUIMPER CORNOUAILLE PAVILLON' alt='SPECTACLE CONCERT PARC DES EXPOSITIONS QUIMPER CORNOUAILLE PAVILLON' srcset=\"https:\/\/quimper-evenements.fr\/pro\/wp-content\/uploads\/sites\/2\/2019\/10\/PDE-LE-PAVILLON_QE-495x400.jpg 495w, https:\/\/quimper-evenements.fr\/pro\/wp-content\/uploads\/sites\/2\/2019\/10\/PDE-LE-PAVILLON_QE-845x684.jpg 845w\" sizes=\"auto, (max-width: 495px) 100vw, 495px\" \/><\/div><\/a><a href=\"https:\/\/quimper-evenements.fr\/pro\/wp-content\/uploads\/sites\/2\/2019\/10\/PDE_BREIZH-NATURE2018_2-1030x687.jpg\" data-srcset=\"https:\/\/quimper-evenements.fr\/pro\/wp-content\/uploads\/sites\/2\/2019\/10\/PDE_BREIZH-NATURE2018_2-1030x687.jpg 1030w, https:\/\/quimper-evenements.fr\/pro\/wp-content\/uploads\/sites\/2\/2019\/10\/PDE_BREIZH-NATURE2018_2-300x200.jpg 300w, https:\/\/quimper-evenements.fr\/pro\/wp-content\/uploads\/sites\/2\/2019\/10\/PDE_BREIZH-NATURE2018_2-768x512.jpg 768w, https:\/\/quimper-evenements.fr\/pro\/wp-content\/uploads\/sites\/2\/2019\/10\/PDE_BREIZH-NATURE2018_2-1500x1000.jpg 1500w, https:\/\/quimper-evenements.fr\/pro\/wp-content\/uploads\/sites\/2\/2019\/10\/PDE_BREIZH-NATURE2018_2-705x470.jpg 705w, https:\/\/quimper-evenements.fr\/pro\/wp-content\/uploads\/sites\/2\/2019\/10\/PDE_BREIZH-NATURE2018_2-450x300.jpg 450w\" data-sizes=\"(max-width: 1030px) 100vw, 1030px\" data-rel='gallery-1' data-prev-img='https:\/\/quimper-evenements.fr\/pro\/wp-content\/uploads\/sites\/2\/2019\/10\/PDE_BREIZH-NATURE2018_2-495x400.jpg' class='lightbox ' data-onclick='4' title='Salon, spectacle, location salle, Parc expositions, expo, congr\u00e8s, conf\u00e9rences, concert'  itemprop=\"thumbnailUrl\"  ><img decoding=\"async\" fetchpriority=\"high\" class=\"wp-image-716 avia-img-lazy-loading-not-716\"  data-avia-tooltip='Salon, spectacle, location salle, Parc expositions, expo, congr\u00e8s, conf\u00e9rences, concert' src=\"https:\/\/quimper-evenements.fr\/pro\/wp-content\/uploads\/sites\/2\/2019\/10\/PDE_BREIZH-NATURE2018_2-495x400.jpg\" width=\"495\" height=\"400\"  title='SALON BREIZH TNATURE BIO BIEN ETRE PARC DES EXPOSITIONS QUIMPER CORNOUAILLE' alt='SALON BREIZH TNATURE BIO BIEN ETRE PARC DES EXPOSITIONS QUIMPER CORNOUAILLE' srcset=\"https:\/\/quimper-evenements.fr\/pro\/wp-content\/uploads\/sites\/2\/2019\/10\/PDE_BREIZH-NATURE2018_2-495x400.jpg 495w, https:\/\/quimper-evenements.fr\/pro\/wp-content\/uploads\/sites\/2\/2019\/10\/PDE_BREIZH-NATURE2018_2-845x684.jpg 845w\" sizes=\"(max-width: 495px) 100vw, 495px\" \/><div class='big-prev-fake'><img decoding=\"async\" loading=\"lazy\" class=\"wp-image-716 avia-img-lazy-loading-716\"  width=\"495\" height=\"400\" src=\"https:\/\/quimper-evenements.fr\/pro\/wp-content\/uploads\/sites\/2\/2019\/10\/PDE_BREIZH-NATURE2018_2-495x400.jpg\" title='SALON BREIZH TNATURE BIO BIEN ETRE PARC DES EXPOSITIONS QUIMPER CORNOUAILLE' alt='SALON BREIZH TNATURE BIO BIEN ETRE PARC DES EXPOSITIONS QUIMPER CORNOUAILLE' srcset=\"https:\/\/quimper-evenements.fr\/pro\/wp-content\/uploads\/sites\/2\/2019\/10\/PDE_BREIZH-NATURE2018_2-495x400.jpg 495w, https:\/\/quimper-evenements.fr\/pro\/wp-content\/uploads\/sites\/2\/2019\/10\/PDE_BREIZH-NATURE2018_2-845x684.jpg 845w\" sizes=\"auto, (max-width: 495px) 100vw, 495px\" \/><\/div><\/a><a href=\"https:\/\/quimper-evenements.fr\/pro\/wp-content\/uploads\/sites\/2\/2019\/10\/HD_Chapeau_Rouge_Exterieur-5036-1030x812.jpg\" data-srcset=\"https:\/\/quimper-evenements.fr\/pro\/wp-content\/uploads\/sites\/2\/2019\/10\/HD_Chapeau_Rouge_Exterieur-5036-1030x812.jpg 1030w, https:\/\/quimper-evenements.fr\/pro\/wp-content\/uploads\/sites\/2\/2019\/10\/HD_Chapeau_Rouge_Exterieur-5036-300x236.jpg 300w, https:\/\/quimper-evenements.fr\/pro\/wp-content\/uploads\/sites\/2\/2019\/10\/HD_Chapeau_Rouge_Exterieur-5036-768x605.jpg 768w, https:\/\/quimper-evenements.fr\/pro\/wp-content\/uploads\/sites\/2\/2019\/10\/HD_Chapeau_Rouge_Exterieur-5036-1500x1182.jpg 1500w, https:\/\/quimper-evenements.fr\/pro\/wp-content\/uploads\/sites\/2\/2019\/10\/HD_Chapeau_Rouge_Exterieur-5036-705x556.jpg 705w, https:\/\/quimper-evenements.fr\/pro\/wp-content\/uploads\/sites\/2\/2019\/10\/HD_Chapeau_Rouge_Exterieur-5036-450x355.jpg 450w\" data-sizes=\"(max-width: 1030px) 100vw, 1030px\" data-rel='gallery-1' data-prev-img='https:\/\/quimper-evenements.fr\/pro\/wp-content\/uploads\/sites\/2\/2019\/10\/HD_Chapeau_Rouge_Exterieur-5036-495x400.jpg' class='lightbox ' data-onclick='5' title='Location salle, centre des congr\u00e8s, expo, congr\u00e8s, conf\u00e9rence, s\u00e9minaire, \u00e9v\u00e9nement, \u00e9v\u00e9nement d&rsquo;entreprise, team building, r\u00e9ception, gala, tourisme d&rsquo;affaires, mice, assembl\u00e9 g\u00e9n\u00e9rale, r\u00e9union, studio vid\u00e9o, captation'  itemprop=\"thumbnailUrl\"  ><img decoding=\"async\" fetchpriority=\"high\" class=\"wp-image-726 avia-img-lazy-loading-not-726\"  data-avia-tooltip='Location salle, centre des congr\u00e8s, expo, congr\u00e8s, conf\u00e9rence, s\u00e9minaire, \u00e9v\u00e9nement, \u00e9v\u00e9nement d&rsquo;entreprise, team building, r\u00e9ception, gala, tourisme d&rsquo;affaires, mice, assembl\u00e9 g\u00e9n\u00e9rale, r\u00e9union, studio vid\u00e9o, captation' src=\"https:\/\/quimper-evenements.fr\/pro\/wp-content\/uploads\/sites\/2\/2019\/10\/HD_Chapeau_Rouge_Exterieur-5036-495x400.jpg\" width=\"495\" height=\"400\"  title='CENTRE DES CONGRES DU CHAPEAU ROUGE QUIMPER EXTERIEUR' alt='CENTRE DES CONGRES DU CHAPEAU ROUGE QUIMPER EXTERIEUR' srcset=\"https:\/\/quimper-evenements.fr\/pro\/wp-content\/uploads\/sites\/2\/2019\/10\/HD_Chapeau_Rouge_Exterieur-5036-495x400.jpg 495w, https:\/\/quimper-evenements.fr\/pro\/wp-content\/uploads\/sites\/2\/2019\/10\/HD_Chapeau_Rouge_Exterieur-5036-845x684.jpg 845w\" sizes=\"(max-width: 495px) 100vw, 495px\" \/><div class='big-prev-fake'><img decoding=\"async\" loading=\"lazy\" class=\"wp-image-726 avia-img-lazy-loading-726\"  width=\"495\" height=\"400\" src=\"https:\/\/quimper-evenements.fr\/pro\/wp-content\/uploads\/sites\/2\/2019\/10\/HD_Chapeau_Rouge_Exterieur-5036-495x400.jpg\" title='CENTRE DES CONGRES DU CHAPEAU ROUGE QUIMPER EXTERIEUR' alt='CENTRE DES CONGRES DU CHAPEAU ROUGE QUIMPER EXTERIEUR' srcset=\"https:\/\/quimper-evenements.fr\/pro\/wp-content\/uploads\/sites\/2\/2019\/10\/HD_Chapeau_Rouge_Exterieur-5036-495x400.jpg 495w, https:\/\/quimper-evenements.fr\/pro\/wp-content\/uploads\/sites\/2\/2019\/10\/HD_Chapeau_Rouge_Exterieur-5036-845x684.jpg 845w\" sizes=\"auto, (max-width: 495px) 100vw, 495px\" \/><\/div><\/a><a href=\"https:\/\/quimper-evenements.fr\/pro\/wp-content\/uploads\/sites\/2\/2019\/10\/PDE_BREIZH-TRANSITION2017-1030x687.jpg\" data-srcset=\"https:\/\/quimper-evenements.fr\/pro\/wp-content\/uploads\/sites\/2\/2019\/10\/PDE_BREIZH-TRANSITION2017-1030x687.jpg 1030w, https:\/\/quimper-evenements.fr\/pro\/wp-content\/uploads\/sites\/2\/2019\/10\/PDE_BREIZH-TRANSITION2017-300x200.jpg 300w, https:\/\/quimper-evenements.fr\/pro\/wp-content\/uploads\/sites\/2\/2019\/10\/PDE_BREIZH-TRANSITION2017-768x512.jpg 768w, https:\/\/quimper-evenements.fr\/pro\/wp-content\/uploads\/sites\/2\/2019\/10\/PDE_BREIZH-TRANSITION2017-1500x1000.jpg 1500w, https:\/\/quimper-evenements.fr\/pro\/wp-content\/uploads\/sites\/2\/2019\/10\/PDE_BREIZH-TRANSITION2017-705x470.jpg 705w, https:\/\/quimper-evenements.fr\/pro\/wp-content\/uploads\/sites\/2\/2019\/10\/PDE_BREIZH-TRANSITION2017-450x300.jpg 450w\" data-sizes=\"(max-width: 1030px) 100vw, 1030px\" data-rel='gallery-1' data-prev-img='https:\/\/quimper-evenements.fr\/pro\/wp-content\/uploads\/sites\/2\/2019\/10\/PDE_BREIZH-TRANSITION2017-495x400.jpg' class='lightbox ' data-onclick='6' title='Salon, spectacle, location salle, Parc expositions, expo, congr\u00e8s, conf\u00e9rences, concert'  itemprop=\"thumbnailUrl\"  ><img decoding=\"async\" fetchpriority=\"high\" class=\"wp-image-717 avia-img-lazy-loading-not-717\"  data-avia-tooltip='Salon, spectacle, location salle, Parc expositions, expo, congr\u00e8s, conf\u00e9rences, concert' src=\"https:\/\/quimper-evenements.fr\/pro\/wp-content\/uploads\/sites\/2\/2019\/10\/PDE_BREIZH-TRANSITION2017-495x400.jpg\" width=\"495\" height=\"400\"  title='SALON BREIZH TRANSITION PARC DES EXPOSITIONS QUIMPER' alt='SALON BREIZH TRANSITION PARC DES EXPOSITIONS QUIMPER' srcset=\"https:\/\/quimper-evenements.fr\/pro\/wp-content\/uploads\/sites\/2\/2019\/10\/PDE_BREIZH-TRANSITION2017-495x400.jpg 495w, https:\/\/quimper-evenements.fr\/pro\/wp-content\/uploads\/sites\/2\/2019\/10\/PDE_BREIZH-TRANSITION2017-845x684.jpg 845w\" sizes=\"(max-width: 495px) 100vw, 495px\" \/><div class='big-prev-fake'><img decoding=\"async\" loading=\"lazy\" class=\"wp-image-717 avia-img-lazy-loading-717\"  width=\"495\" height=\"400\" src=\"https:\/\/quimper-evenements.fr\/pro\/wp-content\/uploads\/sites\/2\/2019\/10\/PDE_BREIZH-TRANSITION2017-495x400.jpg\" title='SALON BREIZH TRANSITION PARC DES EXPOSITIONS QUIMPER' alt='SALON BREIZH TRANSITION PARC DES EXPOSITIONS QUIMPER' srcset=\"https:\/\/quimper-evenements.fr\/pro\/wp-content\/uploads\/sites\/2\/2019\/10\/PDE_BREIZH-TRANSITION2017-495x400.jpg 495w, https:\/\/quimper-evenements.fr\/pro\/wp-content\/uploads\/sites\/2\/2019\/10\/PDE_BREIZH-TRANSITION2017-845x684.jpg 845w\" sizes=\"auto, (max-width: 495px) 100vw, 495px\" \/><\/div><\/a><a href=\"https:\/\/quimper-evenements.fr\/pro\/wp-content\/uploads\/sites\/2\/2019\/11\/CENTRE-DES-CONGRES-1030x552.png\" data-srcset=\"https:\/\/quimper-evenements.fr\/pro\/wp-content\/uploads\/sites\/2\/2019\/11\/CENTRE-DES-CONGRES-1030x552.png 1030w, https:\/\/quimper-evenements.fr\/pro\/wp-content\/uploads\/sites\/2\/2019\/11\/CENTRE-DES-CONGRES-300x161.png 300w, https:\/\/quimper-evenements.fr\/pro\/wp-content\/uploads\/sites\/2\/2019\/11\/CENTRE-DES-CONGRES-768x412.png 768w, https:\/\/quimper-evenements.fr\/pro\/wp-content\/uploads\/sites\/2\/2019\/11\/CENTRE-DES-CONGRES-1500x804.png 1500w, https:\/\/quimper-evenements.fr\/pro\/wp-content\/uploads\/sites\/2\/2019\/11\/CENTRE-DES-CONGRES-705x378.png 705w, https:\/\/quimper-evenements.fr\/pro\/wp-content\/uploads\/sites\/2\/2019\/11\/CENTRE-DES-CONGRES-450x241.png 450w\" data-sizes=\"(max-width: 1030px) 100vw, 1030px\" data-rel='gallery-1' data-prev-img='https:\/\/quimper-evenements.fr\/pro\/wp-content\/uploads\/sites\/2\/2019\/11\/CENTRE-DES-CONGRES-495x400.png' class='first_thumb lightbox ' data-onclick='7' title='Salon, spectacle, location salle, Parc expositions, expo, congr\u00e8s, conf\u00e9rences'  itemprop=\"thumbnailUrl\"  ><img decoding=\"async\" fetchpriority=\"high\" class=\"wp-image-962 avia-img-lazy-loading-not-962\"  data-avia-tooltip='Salon, spectacle, location salle, Parc expositions, expo, congr\u00e8s, conf\u00e9rences' src=\"https:\/\/quimper-evenements.fr\/pro\/wp-content\/uploads\/sites\/2\/2019\/11\/CENTRE-DES-CONGRES-495x400.png\" width=\"495\" height=\"400\"  title='Spectacle concert' alt='Spectacle concert' srcset=\"https:\/\/quimper-evenements.fr\/pro\/wp-content\/uploads\/sites\/2\/2019\/11\/CENTRE-DES-CONGRES-495x400.png 495w, https:\/\/quimper-evenements.fr\/pro\/wp-content\/uploads\/sites\/2\/2019\/11\/CENTRE-DES-CONGRES-845x684.png 845w\" sizes=\"(max-width: 495px) 100vw, 495px\" \/><div class='big-prev-fake'><img decoding=\"async\" loading=\"lazy\" class=\"wp-image-962 avia-img-lazy-loading-962\"  width=\"495\" height=\"400\" src=\"https:\/\/quimper-evenements.fr\/pro\/wp-content\/uploads\/sites\/2\/2019\/11\/CENTRE-DES-CONGRES-495x400.png\" title='Spectacle concert' alt='Spectacle concert' srcset=\"https:\/\/quimper-evenements.fr\/pro\/wp-content\/uploads\/sites\/2\/2019\/11\/CENTRE-DES-CONGRES-495x400.png 495w, https:\/\/quimper-evenements.fr\/pro\/wp-content\/uploads\/sites\/2\/2019\/11\/CENTRE-DES-CONGRES-845x684.png 845w\" sizes=\"auto, (max-width: 495px) 100vw, 495px\" \/><\/div><\/a><a href=\"https:\/\/quimper-evenements.fr\/pro\/wp-content\/uploads\/sites\/2\/2019\/11\/Parc-Expo-88-15-1030x685.jpg\" data-srcset=\"https:\/\/quimper-evenements.fr\/pro\/wp-content\/uploads\/sites\/2\/2019\/11\/Parc-Expo-88-15-1030x685.jpg 1030w, https:\/\/quimper-evenements.fr\/pro\/wp-content\/uploads\/sites\/2\/2019\/11\/Parc-Expo-88-15-300x200.jpg 300w, https:\/\/quimper-evenements.fr\/pro\/wp-content\/uploads\/sites\/2\/2019\/11\/Parc-Expo-88-15-768x511.jpg 768w, https:\/\/quimper-evenements.fr\/pro\/wp-content\/uploads\/sites\/2\/2019\/11\/Parc-Expo-88-15.jpg 1500w, https:\/\/quimper-evenements.fr\/pro\/wp-content\/uploads\/sites\/2\/2019\/11\/Parc-Expo-88-15-705x469.jpg 705w, https:\/\/quimper-evenements.fr\/pro\/wp-content\/uploads\/sites\/2\/2019\/11\/Parc-Expo-88-15-450x299.jpg 450w\" data-sizes=\"(max-width: 1030px) 100vw, 1030px\" data-rel='gallery-1' data-prev-img='https:\/\/quimper-evenements.fr\/pro\/wp-content\/uploads\/sites\/2\/2019\/11\/Parc-Expo-88-15-495x400.jpg' class='lightbox ' data-onclick='8' title='Salon, spectacle, location salle, Parc expositions, expo, congr\u00e8s, conf\u00e9rences, concert'  itemprop=\"thumbnailUrl\"  ><img decoding=\"async\" fetchpriority=\"high\" class=\"wp-image-963 avia-img-lazy-loading-not-963\"  data-avia-tooltip='Salon, spectacle, location salle, Parc expositions, expo, congr\u00e8s, conf\u00e9rences, concert' src=\"https:\/\/quimper-evenements.fr\/pro\/wp-content\/uploads\/sites\/2\/2019\/11\/Parc-Expo-88-15-495x400.jpg\" width=\"495\" height=\"400\"  title='Parc expositions Quimper Cornouaille' alt='Parc expositions Quimper Cornouaille' srcset=\"https:\/\/quimper-evenements.fr\/pro\/wp-content\/uploads\/sites\/2\/2019\/11\/Parc-Expo-88-15-495x400.jpg 495w, https:\/\/quimper-evenements.fr\/pro\/wp-content\/uploads\/sites\/2\/2019\/11\/Parc-Expo-88-15-845x684.jpg 845w\" sizes=\"(max-width: 495px) 100vw, 495px\" \/><div class='big-prev-fake'><img decoding=\"async\" loading=\"lazy\" class=\"wp-image-963 avia-img-lazy-loading-963\"  width=\"495\" height=\"400\" src=\"https:\/\/quimper-evenements.fr\/pro\/wp-content\/uploads\/sites\/2\/2019\/11\/Parc-Expo-88-15-495x400.jpg\" title='Parc expositions Quimper Cornouaille' alt='Parc expositions Quimper Cornouaille' srcset=\"https:\/\/quimper-evenements.fr\/pro\/wp-content\/uploads\/sites\/2\/2019\/11\/Parc-Expo-88-15-495x400.jpg 495w, https:\/\/quimper-evenements.fr\/pro\/wp-content\/uploads\/sites\/2\/2019\/11\/Parc-Expo-88-15-845x684.jpg 845w\" sizes=\"auto, (max-width: 495px) 100vw, 495px\" \/><\/div><\/a><a href=\"https:\/\/quimper-evenements.fr\/pro\/wp-content\/uploads\/sites\/2\/2019\/11\/CHAPEAU-ROUGE_QE-1030x688.jpg\" data-srcset=\"https:\/\/quimper-evenements.fr\/pro\/wp-content\/uploads\/sites\/2\/2019\/11\/CHAPEAU-ROUGE_QE-1030x688.jpg 1030w, https:\/\/quimper-evenements.fr\/pro\/wp-content\/uploads\/sites\/2\/2019\/11\/CHAPEAU-ROUGE_QE-300x200.jpg 300w, https:\/\/quimper-evenements.fr\/pro\/wp-content\/uploads\/sites\/2\/2019\/11\/CHAPEAU-ROUGE_QE-768x513.jpg 768w, https:\/\/quimper-evenements.fr\/pro\/wp-content\/uploads\/sites\/2\/2019\/11\/CHAPEAU-ROUGE_QE-1500x1001.jpg 1500w, https:\/\/quimper-evenements.fr\/pro\/wp-content\/uploads\/sites\/2\/2019\/11\/CHAPEAU-ROUGE_QE-705x471.jpg 705w, https:\/\/quimper-evenements.fr\/pro\/wp-content\/uploads\/sites\/2\/2019\/11\/CHAPEAU-ROUGE_QE-450x300.jpg 450w\" data-sizes=\"(max-width: 1030px) 100vw, 1030px\" data-rel='gallery-1' data-prev-img='https:\/\/quimper-evenements.fr\/pro\/wp-content\/uploads\/sites\/2\/2019\/11\/CHAPEAU-ROUGE_QE-495x400.jpg' class='lightbox ' data-onclick='9' title='Salon, spectacle, location salle, centre des congr\u00e8s, expo, location de salle, congr\u00e8s, conf\u00e9rences, s\u00e9minaires'  itemprop=\"thumbnailUrl\"  ><img decoding=\"async\" fetchpriority=\"high\" class=\"wp-image-964 avia-img-lazy-loading-not-964\"  data-avia-tooltip='Salon, spectacle, location salle, centre des congr\u00e8s, expo, location de salle, congr\u00e8s, conf\u00e9rences, s\u00e9minaires' src=\"https:\/\/quimper-evenements.fr\/pro\/wp-content\/uploads\/sites\/2\/2019\/11\/CHAPEAU-ROUGE_QE-495x400.jpg\" width=\"495\" height=\"400\"  title='CENTRE DES CONGRES DU CHAPEAU ROUGE QUIMPER' alt='CENTRE DES CONGRES DU CHAPEAU ROUGE QUIMPER' srcset=\"https:\/\/quimper-evenements.fr\/pro\/wp-content\/uploads\/sites\/2\/2019\/11\/CHAPEAU-ROUGE_QE-495x400.jpg 495w, https:\/\/quimper-evenements.fr\/pro\/wp-content\/uploads\/sites\/2\/2019\/11\/CHAPEAU-ROUGE_QE-845x684.jpg 845w\" sizes=\"(max-width: 495px) 100vw, 495px\" \/><div class='big-prev-fake'><img decoding=\"async\" loading=\"lazy\" class=\"wp-image-964 avia-img-lazy-loading-964\"  width=\"495\" height=\"400\" src=\"https:\/\/quimper-evenements.fr\/pro\/wp-content\/uploads\/sites\/2\/2019\/11\/CHAPEAU-ROUGE_QE-495x400.jpg\" title='CENTRE DES CONGRES DU CHAPEAU ROUGE QUIMPER' alt='CENTRE DES CONGRES DU CHAPEAU ROUGE QUIMPER' srcset=\"https:\/\/quimper-evenements.fr\/pro\/wp-content\/uploads\/sites\/2\/2019\/11\/CHAPEAU-ROUGE_QE-495x400.jpg 495w, https:\/\/quimper-evenements.fr\/pro\/wp-content\/uploads\/sites\/2\/2019\/11\/CHAPEAU-ROUGE_QE-845x684.jpg 845w\" sizes=\"auto, (max-width: 495px) 100vw, 495px\" \/><\/div><\/a><a href=\"https:\/\/quimper-evenements.fr\/pro\/wp-content\/uploads\/sites\/2\/2019\/11\/Parc-Expo-29-15-1030x685.jpg\" data-srcset=\"https:\/\/quimper-evenements.fr\/pro\/wp-content\/uploads\/sites\/2\/2019\/11\/Parc-Expo-29-15-1030x685.jpg 1030w, https:\/\/quimper-evenements.fr\/pro\/wp-content\/uploads\/sites\/2\/2019\/11\/Parc-Expo-29-15-300x200.jpg 300w, https:\/\/quimper-evenements.fr\/pro\/wp-content\/uploads\/sites\/2\/2019\/11\/Parc-Expo-29-15-768x511.jpg 768w, https:\/\/quimper-evenements.fr\/pro\/wp-content\/uploads\/sites\/2\/2019\/11\/Parc-Expo-29-15.jpg 1500w, https:\/\/quimper-evenements.fr\/pro\/wp-content\/uploads\/sites\/2\/2019\/11\/Parc-Expo-29-15-705x469.jpg 705w, https:\/\/quimper-evenements.fr\/pro\/wp-content\/uploads\/sites\/2\/2019\/11\/Parc-Expo-29-15-450x299.jpg 450w\" data-sizes=\"(max-width: 1030px) 100vw, 1030px\" data-rel='gallery-1' data-prev-img='https:\/\/quimper-evenements.fr\/pro\/wp-content\/uploads\/sites\/2\/2019\/11\/Parc-Expo-29-15-495x400.jpg' class='lightbox ' data-onclick='10' title='Parc Expo 29 15'  itemprop=\"thumbnailUrl\"  ><img decoding=\"async\" fetchpriority=\"high\" class=\"wp-image-965 avia-img-lazy-loading-not-965\"   src=\"https:\/\/quimper-evenements.fr\/pro\/wp-content\/uploads\/sites\/2\/2019\/11\/Parc-Expo-29-15-495x400.jpg\" width=\"495\" height=\"400\"  title='Parc Expo 29 15' alt='' srcset=\"https:\/\/quimper-evenements.fr\/pro\/wp-content\/uploads\/sites\/2\/2019\/11\/Parc-Expo-29-15-495x400.jpg 495w, https:\/\/quimper-evenements.fr\/pro\/wp-content\/uploads\/sites\/2\/2019\/11\/Parc-Expo-29-15-845x684.jpg 845w\" sizes=\"(max-width: 495px) 100vw, 495px\" \/><div class='big-prev-fake'><img decoding=\"async\" loading=\"lazy\" class=\"wp-image-965 avia-img-lazy-loading-965\"  width=\"495\" height=\"400\" src=\"https:\/\/quimper-evenements.fr\/pro\/wp-content\/uploads\/sites\/2\/2019\/11\/Parc-Expo-29-15-495x400.jpg\" title='Parc Expo 29 15' alt='' srcset=\"https:\/\/quimper-evenements.fr\/pro\/wp-content\/uploads\/sites\/2\/2019\/11\/Parc-Expo-29-15-495x400.jpg 495w, https:\/\/quimper-evenements.fr\/pro\/wp-content\/uploads\/sites\/2\/2019\/11\/Parc-Expo-29-15-845x684.jpg 845w\" sizes=\"auto, (max-width: 495px) 100vw, 495px\" \/><\/div><\/a><a href=\"https:\/\/quimper-evenements.fr\/pro\/wp-content\/uploads\/sites\/2\/2019\/11\/PDE_BREIZH-NATURE2018_1-1030x687.jpg\" data-srcset=\"https:\/\/quimper-evenements.fr\/pro\/wp-content\/uploads\/sites\/2\/2019\/11\/PDE_BREIZH-NATURE2018_1-1030x687.jpg 1030w, https:\/\/quimper-evenements.fr\/pro\/wp-content\/uploads\/sites\/2\/2019\/11\/PDE_BREIZH-NATURE2018_1-300x200.jpg 300w, https:\/\/quimper-evenements.fr\/pro\/wp-content\/uploads\/sites\/2\/2019\/11\/PDE_BREIZH-NATURE2018_1-768x512.jpg 768w, https:\/\/quimper-evenements.fr\/pro\/wp-content\/uploads\/sites\/2\/2019\/11\/PDE_BREIZH-NATURE2018_1-1500x1000.jpg 1500w, https:\/\/quimper-evenements.fr\/pro\/wp-content\/uploads\/sites\/2\/2019\/11\/PDE_BREIZH-NATURE2018_1-705x470.jpg 705w, https:\/\/quimper-evenements.fr\/pro\/wp-content\/uploads\/sites\/2\/2019\/11\/PDE_BREIZH-NATURE2018_1-450x300.jpg 450w\" data-sizes=\"(max-width: 1030px) 100vw, 1030px\" data-rel='gallery-1' data-prev-img='https:\/\/quimper-evenements.fr\/pro\/wp-content\/uploads\/sites\/2\/2019\/11\/PDE_BREIZH-NATURE2018_1-495x400.jpg' class='lightbox ' data-onclick='11' title='Salon, spectacle, location salle, Parc expositions, expo, congr\u00e8s, conf\u00e9rences, concert'  itemprop=\"thumbnailUrl\"  ><img decoding=\"async\" fetchpriority=\"high\" class=\"wp-image-966 avia-img-lazy-loading-not-966\"  data-avia-tooltip='Salon, spectacle, location salle, Parc expositions, expo, congr\u00e8s, conf\u00e9rences, concert' src=\"https:\/\/quimper-evenements.fr\/pro\/wp-content\/uploads\/sites\/2\/2019\/11\/PDE_BREIZH-NATURE2018_1-495x400.jpg\" width=\"495\" height=\"400\"  title='Salon bio' alt='Salon bio' srcset=\"https:\/\/quimper-evenements.fr\/pro\/wp-content\/uploads\/sites\/2\/2019\/11\/PDE_BREIZH-NATURE2018_1-495x400.jpg 495w, https:\/\/quimper-evenements.fr\/pro\/wp-content\/uploads\/sites\/2\/2019\/11\/PDE_BREIZH-NATURE2018_1-845x684.jpg 845w\" sizes=\"(max-width: 495px) 100vw, 495px\" \/><div class='big-prev-fake'><img decoding=\"async\" loading=\"lazy\" class=\"wp-image-966 avia-img-lazy-loading-966\"  width=\"495\" height=\"400\" src=\"https:\/\/quimper-evenements.fr\/pro\/wp-content\/uploads\/sites\/2\/2019\/11\/PDE_BREIZH-NATURE2018_1-495x400.jpg\" title='Salon bio' alt='Salon bio' srcset=\"https:\/\/quimper-evenements.fr\/pro\/wp-content\/uploads\/sites\/2\/2019\/11\/PDE_BREIZH-NATURE2018_1-495x400.jpg 495w, https:\/\/quimper-evenements.fr\/pro\/wp-content\/uploads\/sites\/2\/2019\/11\/PDE_BREIZH-NATURE2018_1-845x684.jpg 845w\" sizes=\"auto, (max-width: 495px) 100vw, 495px\" \/><\/div><\/a><a href=\"https:\/\/quimper-evenements.fr\/pro\/wp-content\/uploads\/sites\/2\/2019\/11\/quimper_evenements_HD-1030x1030.jpg\" data-srcset=\"https:\/\/quimper-evenements.fr\/pro\/wp-content\/uploads\/sites\/2\/2019\/11\/quimper_evenements_HD-1030x1030.jpg 1030w, https:\/\/quimper-evenements.fr\/pro\/wp-content\/uploads\/sites\/2\/2019\/11\/quimper_evenements_HD-80x80.jpg 80w, https:\/\/quimper-evenements.fr\/pro\/wp-content\/uploads\/sites\/2\/2019\/11\/quimper_evenements_HD-300x300.jpg 300w, https:\/\/quimper-evenements.fr\/pro\/wp-content\/uploads\/sites\/2\/2019\/11\/quimper_evenements_HD-768x768.jpg 768w, https:\/\/quimper-evenements.fr\/pro\/wp-content\/uploads\/sites\/2\/2019\/11\/quimper_evenements_HD-36x36.jpg 36w, https:\/\/quimper-evenements.fr\/pro\/wp-content\/uploads\/sites\/2\/2019\/11\/quimper_evenements_HD-180x180.jpg 180w, https:\/\/quimper-evenements.fr\/pro\/wp-content\/uploads\/sites\/2\/2019\/11\/quimper_evenements_HD-705x705.jpg 705w, https:\/\/quimper-evenements.fr\/pro\/wp-content\/uploads\/sites\/2\/2019\/11\/quimper_evenements_HD-120x120.jpg 120w, https:\/\/quimper-evenements.fr\/pro\/wp-content\/uploads\/sites\/2\/2019\/11\/quimper_evenements_HD-450x450.jpg 450w, https:\/\/quimper-evenements.fr\/pro\/wp-content\/uploads\/sites\/2\/2019\/11\/quimper_evenements_HD.jpg 1473w\" data-sizes=\"(max-width: 1030px) 100vw, 1030px\" data-rel='gallery-1' data-prev-img='https:\/\/quimper-evenements.fr\/pro\/wp-content\/uploads\/sites\/2\/2019\/11\/quimper_evenements_HD-495x400.jpg' class='lightbox ' data-onclick='12' title='QUIMPER EVENEMENTS'  itemprop=\"thumbnailUrl\"  ><img decoding=\"async\" fetchpriority=\"high\" class=\"wp-image-968 avia-img-lazy-loading-not-968\"  data-avia-tooltip='QUIMPER EVENEMENTS' src=\"https:\/\/quimper-evenements.fr\/pro\/wp-content\/uploads\/sites\/2\/2019\/11\/quimper_evenements_HD-495x400.jpg\" width=\"495\" height=\"400\"  title='QUIMPER EVENEMENTS LOGOS' alt='QUIMPER EVENEMENTS LOGOS' srcset=\"https:\/\/quimper-evenements.fr\/pro\/wp-content\/uploads\/sites\/2\/2019\/11\/quimper_evenements_HD-495x400.jpg 495w, https:\/\/quimper-evenements.fr\/pro\/wp-content\/uploads\/sites\/2\/2019\/11\/quimper_evenements_HD-845x684.jpg 845w\" sizes=\"(max-width: 495px) 100vw, 495px\" \/><div class='big-prev-fake'><img decoding=\"async\" loading=\"lazy\" class=\"wp-image-968 avia-img-lazy-loading-968\"  width=\"495\" height=\"400\" src=\"https:\/\/quimper-evenements.fr\/pro\/wp-content\/uploads\/sites\/2\/2019\/11\/quimper_evenements_HD-495x400.jpg\" title='QUIMPER EVENEMENTS LOGOS' alt='QUIMPER EVENEMENTS LOGOS' srcset=\"https:\/\/quimper-evenements.fr\/pro\/wp-content\/uploads\/sites\/2\/2019\/11\/quimper_evenements_HD-495x400.jpg 495w, https:\/\/quimper-evenements.fr\/pro\/wp-content\/uploads\/sites\/2\/2019\/11\/quimper_evenements_HD-845x684.jpg 845w\" sizes=\"auto, (max-width: 495px) 100vw, 495px\" \/><\/div><\/a><\/div><\/div><\/div><\/p>\n<\/div><\/div><\/div><\/div><\/div><\/div><div id='av_section_2'  class='avia-section av-jzlcoc2h-2af43579af1776a479683c35b995611a socket_color avia-section-small avia-no-border-styling  avia-builder-el-43  el_after_av_tab_section  avia-builder-el-last  avia-bg-style-scroll container_wrap fullsize'  ><div class='container av-section-cont-open' ><div class='template-page content  av-content-full alpha units'><div class='post-entry post-entry-type-page post-entry-97'><div class='entry-content-wrapper clearfix'>\n<div class='flex_column_table av-2gwvr-88c5aa03981501940e3b90a370b75966 sc-av_one_fourth av-equal-height-column-flextable'>\n<style type=\"text\/css\" data-created_by=\"avia_inline_auto\" id=\"style-css-av-2gwvr-88c5aa03981501940e3b90a370b75966\">\n.flex_column.av-2gwvr-88c5aa03981501940e3b90a370b75966{\nborder-radius:0px 0px 0px 0px;\npadding:0px 0px 0px 0px;\n}\n<\/style>\n<div  class='flex_column av-2gwvr-88c5aa03981501940e3b90a370b75966 av_one_fourth  avia-builder-el-44  el_before_av_one_half  avia-builder-el-first  first no_margin flex_column_table_cell av-equal-height-column av-align-middle av-zero-column-padding  '     ><style type=\"text\/css\" data-created_by=\"avia_inline_auto\" id=\"style-css-av-nssd-2510ec39e6d8fa37bf65bc5f61e56369\">\n#top .av-special-heading.av-nssd-2510ec39e6d8fa37bf65bc5f61e56369{\npadding-bottom:0;\nfont-size:20px;\n}\nbody .av-special-heading.av-nssd-2510ec39e6d8fa37bf65bc5f61e56369 .av-special-heading-tag .heading-char{\nfont-size:25px;\n}\n#top #wrap_all .av-special-heading.av-nssd-2510ec39e6d8fa37bf65bc5f61e56369 .av-special-heading-tag{\nfont-size:20px;\n}\n.av-special-heading.av-nssd-2510ec39e6d8fa37bf65bc5f61e56369 .av-subheading{\nfont-size:15px;\n}\n\n@media only screen and (min-width: 480px) and (max-width: 767px){ \n#top #wrap_all .av-special-heading.av-nssd-2510ec39e6d8fa37bf65bc5f61e56369 .av-special-heading-tag{\nfont-size:0.8em;\n}\n}\n\n@media only screen and (max-width: 479px){ \n#top #wrap_all .av-special-heading.av-nssd-2510ec39e6d8fa37bf65bc5f61e56369 .av-special-heading-tag{\nfont-size:0.8em;\n}\n}\n<\/style>\n<div  class='av-special-heading av-nssd-2510ec39e6d8fa37bf65bc5f61e56369 av-special-heading-h2 blockquote modern-quote modern-centered  avia-builder-el-45  avia-builder-el-no-sibling  av-inherit-size'><h2 class='av-special-heading-tag '  itemprop=\"headline\"  >Newsletter Pro<\/h2><div class='av-subheading av-subheading_below'><p>Restez inform\u00e9s, abonnez-vous.<\/p>\n<\/div><div class=\"special-heading-border\"><div class=\"special-heading-inner-border\"><\/div><\/div><\/div><\/div>\n<style type=\"text\/css\" data-created_by=\"avia_inline_auto\" id=\"style-css-av-snr-fbb2f026117a22211dece3f883709b91\">\n.flex_column.av-snr-fbb2f026117a22211dece3f883709b91{\nborder-width:40px;\nborder-style:solid;\nborder-radius:0px 0px 0px 0px;\npadding:0px 0px 0px 0px;\n}\n<\/style>\n<div  class='flex_column av-snr-fbb2f026117a22211dece3f883709b91 av_one_half  avia-builder-el-46  el_after_av_one_fourth  el_before_av_one_fourth  no_margin flex_column_table_cell av-equal-height-column av-align-middle av-zero-column-padding  '     ><\/div>\n<style type=\"text\/css\" data-created_by=\"avia_inline_auto\" id=\"style-css-av-yfyv-3bc2ce212784ab04f9fa4029aa315f3e\">\n.flex_column.av-yfyv-3bc2ce212784ab04f9fa4029aa315f3e{\nborder-radius:0px 0px 0px 0px;\npadding:0px 0px 0px 0px;\n}\n<\/style>\n<div  class='flex_column av-yfyv-3bc2ce212784ab04f9fa4029aa315f3e av_one_fourth  avia-builder-el-48  el_after_av_one_half  el_before_av_codeblock  no_margin flex_column_table_cell av-equal-height-column av-align-middle av-zero-column-padding  '     ><style type=\"text\/css\" data-created_by=\"avia_inline_auto\" id=\"style-css-av-k2ep82sz-0b71c17130348b49648e165904603f45\">\n#top .av_textblock_section.av-k2ep82sz-0b71c17130348b49648e165904603f45 .avia_textblock{\nfont-size:12px;\n}\n<\/style>\n<section  class='av_textblock_section av-k2ep82sz-0b71c17130348b49648e165904603f45 '   itemscope=\"itemscope\" itemtype=\"https:\/\/schema.org\/CreativeWork\" ><div class='avia_textblock'  itemprop=\"text\" ><p>En cliquant sur \u00ab\u00a0S&rsquo;abonner\u00a0\u00bb, j\u2019accepte de recevoir cette newsletter et je comprends que je peux me d\u00e9sabonner facilement \u00e0 tout moment.<\/p>\n<\/div><\/section><\/div><\/div><!--close column table wrapper. Autoclose: 1 -->\n<\/p>\n","protected":false},"excerpt":{"rendered":"<p>Une \u00e9quipe de professionnels \u00e0 votre \u00e9coute \u00e0 Quimper.<br \/>\nPrestations cl\u00e9 en main &#8211; location de salle &#8211; tourisme d&rsquo;affaires &#8211; bureau des congr\u00e8s &#8211; \u00e9v\u00e9nementiel<\/p>\n","protected":false},"author":1,"featured_media":0,"parent":0,"menu_order":0,"comment_status":"closed","ping_status":"closed","template":"","meta":{"footnotes":""},"class_list":["post-97","page","type-page","status-publish","hentry"],"_links":{"self":[{"href":"https:\/\/quimper-evenements.fr\/pro\/wp-json\/wp\/v2\/pages\/97","targetHints":{"allow":["GET"]}}],"collection":[{"href":"https:\/\/quimper-evenements.fr\/pro\/wp-json\/wp\/v2\/pages"}],"about":[{"href":"https:\/\/quimper-evenements.fr\/pro\/wp-json\/wp\/v2\/types\/page"}],"author":[{"embeddable":true,"href":"https:\/\/quimper-evenements.fr\/pro\/wp-json\/wp\/v2\/users\/1"}],"replies":[{"embeddable":true,"href":"https:\/\/quimper-evenements.fr\/pro\/wp-json\/wp\/v2\/comments?post=97"}],"version-history":[{"count":183,"href":"https:\/\/quimper-evenements.fr\/pro\/wp-json\/wp\/v2\/pages\/97\/revisions"}],"predecessor-version":[{"id":2102,"href":"https:\/\/quimper-evenements.fr\/pro\/wp-json\/wp\/v2\/pages\/97\/revisions\/2102"}],"wp:attachment":[{"href":"https:\/\/quimper-evenements.fr\/pro\/wp-json\/wp\/v2\/media?parent=97"}],"curies":[{"name":"wp","href":"https:\/\/api.w.org\/{rel}","templated":true}]}}