{"id":680,"date":"2019-09-03T15:59:12","date_gmt":"2019-09-03T13:59:12","guid":{"rendered":"http:\/\/quimper-evenements.lan\/public\/?page_id=680"},"modified":"2026-04-29T11:43:28","modified_gmt":"2026-04-29T09:43:28","slug":"parc-des-expositions","status":"publish","type":"page","link":"https:\/\/quimper-evenements.fr\/public\/parc-des-expositions\/","title":{"rendered":"Parc des Expositions"},"content":{"rendered":"\n<style type=\"text\/css\" data-created_by=\"avia_inline_auto\" id=\"style-css-av-k03rw2nv-28eadefac3661958877542561b9fb537\">\n.avia-section.av-k03rw2nv-28eadefac3661958877542561b9fb537{\nbackground-repeat:no-repeat;\nbackground-image:url(https:\/\/quimper-evenements.fr\/public\/wp-content\/uploads\/sites\/3\/2019\/07\/parc-expo.jpg);\nbackground-position:50% 50%;\nbackground-attachment:scroll;\n}\n.avia-section.av-k03rw2nv-28eadefac3661958877542561b9fb537 .av-section-color-overlay{\nopacity:0.6;\nbackground-color:#666666;\n}\n<\/style>\n<div id='av_section_1'  class='avia-section av-k03rw2nv-28eadefac3661958877542561b9fb537 main_color avia-section-default avia-no-border-styling  avia-builder-el-0  el_before_av_layout_row  avia-builder-el-first  avia-bg-style-scroll av-section-color-overlay-active av-minimum-height av-minimum-height-custom av-height-custom  container_wrap fullsize'  data-section-bg-repeat='no-repeat' data-av_minimum_height_px='247'><div class=\"av-section-color-overlay-wrap\"><div class=\"av-section-color-overlay\"><\/div><div class='container av-section-cont-open' style='height:247px'><main  role=\"main\" itemprop=\"mainContentOfPage\"  class='template-page content  av-content-full alpha units'><div class='post-entry post-entry-type-page post-entry-680'><div class='entry-content-wrapper clearfix'>\n\n<style type=\"text\/css\" data-created_by=\"avia_inline_auto\" id=\"style-css-av-k03w439e-4528d8522c6a49f32b055a08273a3eea\">\n#top .av-special-heading.av-k03w439e-4528d8522c6a49f32b055a08273a3eea{\npadding-bottom:10px;\ncolor:#ffffff;\n}\nbody .av-special-heading.av-k03w439e-4528d8522c6a49f32b055a08273a3eea .av-special-heading-tag .heading-char{\nfont-size:25px;\n}\n.av-special-heading.av-k03w439e-4528d8522c6a49f32b055a08273a3eea .special-heading-inner-border{\nborder-color:#ffffff;\n}\n.av-special-heading.av-k03w439e-4528d8522c6a49f32b055a08273a3eea .av-subheading{\nfont-size:25px;\n}\n<\/style>\n<div  class='av-special-heading av-k03w439e-4528d8522c6a49f32b055a08273a3eea av-special-heading-h1 custom-color-heading blockquote modern-quote  avia-builder-el-1  el_before_av_hr  avia-builder-el-first '><h1 class='av-special-heading-tag '  itemprop=\"headline\"  >Parc des expositions<\/h1><div class='av_custom_color av-subheading av-subheading_below'><p>Quimper Cornouaille<\/p>\n<\/div><div class=\"special-heading-border\"><div class=\"special-heading-inner-border\"><\/div><\/div><\/div>\n<div  class='hr av-6ruaw-ef301c194c74293c492b5b48ff94e6b4 hr-default  avia-builder-el-2  el_after_av_heading  el_before_av_video '><span class='hr-inner '><span class=\"hr-inner-style\"><\/span><\/span><\/div>\n<div  class='avia-video av-liybyzez-678f4f96fda81ca225443c0c6d7c0bf6 avia-video-16-9 av-no-preview-image avia-video-load-always av-lazyload-immediate av-lazyload-video-embed'  itemprop=\"video\" itemtype=\"https:\/\/schema.org\/VideoObject\"  data-original_url='https:\/\/youtu.be\/nzjrE7mZfwc'><script type='text\/html' class='av-video-tmpl'><div class='avia-iframe-wrap'><iframe loading=\"lazy\" title=\"PARC DES EXPOSITIONS QUIMPER CORNOUAILLE\" width=\"1500\" height=\"844\" src=\"https:\/\/www.youtube.com\/embed\/nzjrE7mZfwc?feature=oembed&autoplay=0&loop=0&controls=1&mute=0\" frameborder=\"0\" allow=\"accelerometer; autoplay; clipboard-write; encrypted-media; gyroscope; picture-in-picture; web-share\" referrerpolicy=\"strict-origin-when-cross-origin\" allowfullscreen><\/iframe><\/div><\/script><div class='av-click-to-play-overlay'><div class=\"avia_playpause_icon\"><\/div><\/div><\/div>\n\n<\/div><\/div><\/main><!-- close content main element --><\/div><\/div><\/div><div id='av-layout-grid-1'  class='av-layout-grid-container av-11o6a8-2023ac17e6470d59246f77da98577893 entry-content-wrapper main_color av-flex-cells  avia-builder-el-4  el_after_av_section  el_before_av_layout_row  grid-row-not-first  container_wrap fullsize'  >\n<div class='flex_cell av-x8ilk-765caf7f16b682662ef74937d7a7e62a av-gridrow-cell av_two_third no_margin  avia-builder-el-5  el_before_av_cell_one_third  avia-builder-el-first '  ><div class='flex_cell_inner'><section  class='av_textblock_section av-k03wejsn-be710fef104c2d1c6bb30bba1a646198 '   itemscope=\"itemscope\" itemtype=\"https:\/\/schema.org\/CreativeWork\" ><div class='avia_textblock'  itemprop=\"text\" ><p>A seulement 5 minutes du centre historique de Quimper, le Parc des expositions s&rsquo;\u00e9tend sur plus de <strong>8000m\u00b2<\/strong>.<\/p>\n<p>Nous accueillons chaque ann\u00e9e de <strong>multiples \u00e9v\u00e9nements<\/strong> : spectacle, concerts, salons, festivals, rencontres professionnelles, \u00e9v\u00e9nements sportifs&#8230; Le Parc des Expositions Quimper Cornouaille est le lieu pour toutes les manifestations d&rsquo;envergure.<\/p>\n<p>Avec ses <strong>deux halls<\/strong> (Artimon et Pavillon) pens\u00e9s pour accueillir les configurations les plus cr\u00e9atives, le Parc des Expositions Quimper Cornouaille se positionne \u00e0 la pointe des \u00e9quipements dans le grand ouest.<\/p>\n<\/div><\/section>\n<\/div><\/div><div class='flex_cell av-rspzk-a17d2d4332a631cc22232e1dbdfbb4f4 av-gridrow-cell av_one_third no_margin  avia-builder-el-7  el_after_av_cell_two_third  avia-builder-el-last '  ><div class='flex_cell_inner'>\n<style type=\"text\/css\" data-created_by=\"avia_inline_auto\" id=\"style-css-av-k03w6tru-bcdb5c0ffd453b0b26373449927a020b\">\n.avia-image-container.av-k03w6tru-bcdb5c0ffd453b0b26373449927a020b img.avia_image{\nbox-shadow:none;\n}\n.avia-image-container.av-k03w6tru-bcdb5c0ffd453b0b26373449927a020b .av-image-caption-overlay-center{\ncolor:#ffffff;\n}\n<\/style>\n<div  class='avia-image-container av-k03w6tru-bcdb5c0ffd453b0b26373449927a020b av-styling- av-img-linked avia-align-center  avia-builder-el-8  avia-builder-el-no-sibling  av-small-hide av-mini-hide'   itemprop=\"image\" itemscope=\"itemscope\" itemtype=\"https:\/\/schema.org\/ImageObject\" ><div class=\"avia-image-container-inner\"><div class=\"avia-image-overlay-wrap\"><a href=\"https:\/\/quimper-evenements.fr\/public\/wp-content\/uploads\/sites\/3\/2026\/04\/BAT_WEB_Plaquette-Parc-Expo-2026.pdf\" class='avia_image '  aria-label='Couv PEX'><img decoding=\"async\" fetchpriority=\"high\" class='wp-image-5146 avia-img-lazy-loading-not-5146 avia_image ' src=\"https:\/\/quimper-evenements.fr\/public\/wp-content\/uploads\/sites\/3\/2026\/04\/Couv-PEX-211x300.png\" alt='' title='Couv PEX'  height=\"300\" width=\"211\"  itemprop=\"thumbnailUrl\" srcset=\"https:\/\/quimper-evenements.fr\/public\/wp-content\/uploads\/sites\/3\/2026\/04\/Couv-PEX-211x300.png 211w, https:\/\/quimper-evenements.fr\/public\/wp-content\/uploads\/sites\/3\/2026\/04\/Couv-PEX-496x705.png 496w, https:\/\/quimper-evenements.fr\/public\/wp-content\/uploads\/sites\/3\/2026\/04\/Couv-PEX.png 600w\" sizes=\"(max-width: 211px) 100vw, 211px\" \/><\/a><\/div><\/div><\/div>\n<\/div><\/div>\n<\/div>\n<div id='av-layout-grid-2'  class='av-layout-grid-container av-k1qs0-aff36643f1958b86d676158f9c8b3ef6 entry-content-wrapper main_color av-flex-cells  avia-builder-el-9  el_after_av_layout_row  el_before_av_section  grid-row-not-first  container_wrap fullsize'  >\n<div class='flex_cell av-gvv8o-b449b9674a0d9890efda4a61c7ddbb15 av-gridrow-cell av_one_half no_margin  avia-builder-el-10  el_before_av_cell_one_half  avia-builder-el-first '  ><div class='flex_cell_inner'><p>\n<style type=\"text\/css\" data-created_by=\"avia_inline_auto\" id=\"style-css-av-k03wkrbq-1-27dee0f042f40bfdf86a69b7f96763b5\">\n#top .av-special-heading.av-k03wkrbq-1-27dee0f042f40bfdf86a69b7f96763b5{\npadding-bottom:10px;\n}\nbody .av-special-heading.av-k03wkrbq-1-27dee0f042f40bfdf86a69b7f96763b5 .av-special-heading-tag .heading-char{\nfont-size:25px;\n}\n.av-special-heading.av-k03wkrbq-1-27dee0f042f40bfdf86a69b7f96763b5 .av-subheading{\nfont-size:15px;\n}\n<\/style>\n<div  class='av-special-heading av-k03wkrbq-1-27dee0f042f40bfdf86a69b7f96763b5 av-special-heading-h5  avia-builder-el-11  el_before_av_image  avia-builder-el-first '><h5 class='av-special-heading-tag '  itemprop=\"headline\"  >Le Pavillon<\/h5><div class=\"special-heading-border\"><div class=\"special-heading-inner-border\"><\/div><\/div><\/div><br \/>\n\n<style type=\"text\/css\" data-created_by=\"avia_inline_auto\" id=\"style-css-av-k03wm0zn-6d171d31a01cbea32048108944ffb66f\">\n.avia-image-container.av-k03wm0zn-6d171d31a01cbea32048108944ffb66f img.avia_image{\nbox-shadow:none;\n}\n.avia-image-container.av-k03wm0zn-6d171d31a01cbea32048108944ffb66f .av-image-caption-overlay-center{\ncolor:#ffffff;\n}\n<\/style>\n<div  class='avia-image-container av-k03wm0zn-6d171d31a01cbea32048108944ffb66f av-styling- avia-align-center  avia-builder-el-12  el_after_av_heading  avia-builder-el-last '   itemprop=\"image\" itemscope=\"itemscope\" itemtype=\"https:\/\/schema.org\/ImageObject\" ><div class=\"avia-image-container-inner\"><div class=\"avia-image-overlay-wrap\"><img decoding=\"async\" fetchpriority=\"high\" class='wp-image-692 avia-img-lazy-loading-not-692 avia_image ' src=\"https:\/\/quimper-evenements.fr\/public\/wp-content\/uploads\/sites\/3\/2019\/09\/Parc-Expo-71-15.jpg\" alt='Parc expositions Quimper Cornouaille Pavillon' title='Parc expositions Quimper Cornouaille Pavillon'  height=\"995\" width=\"1500\"  itemprop=\"thumbnailUrl\" srcset=\"https:\/\/quimper-evenements.fr\/public\/wp-content\/uploads\/sites\/3\/2019\/09\/Parc-Expo-71-15.jpg 1500w, https:\/\/quimper-evenements.fr\/public\/wp-content\/uploads\/sites\/3\/2019\/09\/Parc-Expo-71-15-300x199.jpg 300w, https:\/\/quimper-evenements.fr\/public\/wp-content\/uploads\/sites\/3\/2019\/09\/Parc-Expo-71-15-768x509.jpg 768w, https:\/\/quimper-evenements.fr\/public\/wp-content\/uploads\/sites\/3\/2019\/09\/Parc-Expo-71-15-1030x683.jpg 1030w, https:\/\/quimper-evenements.fr\/public\/wp-content\/uploads\/sites\/3\/2019\/09\/Parc-Expo-71-15-705x468.jpg 705w, https:\/\/quimper-evenements.fr\/public\/wp-content\/uploads\/sites\/3\/2019\/09\/Parc-Expo-71-15-450x299.jpg 450w\" sizes=\"(max-width: 1500px) 100vw, 1500px\" \/><\/div><\/div><\/div><\/p>\n<\/div><\/div><div class='flex_cell av-a7vkw-a3e49d0dd1ec83a425d257d0365ba90a av-gridrow-cell av_one_half no_margin  avia-builder-el-13  el_after_av_cell_one_half  avia-builder-el-last '  ><div class='flex_cell_inner'><p>\n<style type=\"text\/css\" data-created_by=\"avia_inline_auto\" id=\"style-css-av-k03wkrbq-7a26a550b9dddace18314bf64fb5b98f\">\n#top .av-special-heading.av-k03wkrbq-7a26a550b9dddace18314bf64fb5b98f{\npadding-bottom:10px;\n}\nbody .av-special-heading.av-k03wkrbq-7a26a550b9dddace18314bf64fb5b98f .av-special-heading-tag .heading-char{\nfont-size:25px;\n}\n.av-special-heading.av-k03wkrbq-7a26a550b9dddace18314bf64fb5b98f .av-subheading{\nfont-size:15px;\n}\n<\/style>\n<div  class='av-special-heading av-k03wkrbq-7a26a550b9dddace18314bf64fb5b98f av-special-heading-h5  avia-builder-el-14  el_before_av_image  avia-builder-el-first '><h5 class='av-special-heading-tag '  itemprop=\"headline\"  >L\u2019Artimon<\/h5><div class=\"special-heading-border\"><div class=\"special-heading-inner-border\"><\/div><\/div><\/div><br \/>\n\n<style type=\"text\/css\" data-created_by=\"avia_inline_auto\" id=\"style-css-av-k03wm86e-c41a2e63bd9bb42ef3582ea290da2992\">\n.avia-image-container.av-k03wm86e-c41a2e63bd9bb42ef3582ea290da2992 img.avia_image{\nbox-shadow:none;\n}\n.avia-image-container.av-k03wm86e-c41a2e63bd9bb42ef3582ea290da2992 .av-image-caption-overlay-center{\ncolor:#ffffff;\n}\n<\/style>\n<div  class='avia-image-container av-k03wm86e-c41a2e63bd9bb42ef3582ea290da2992 av-styling- avia-align-center  avia-builder-el-15  el_after_av_heading  avia-builder-el-last '   itemprop=\"image\" itemscope=\"itemscope\" itemtype=\"https:\/\/schema.org\/ImageObject\" ><div class=\"avia-image-container-inner\"><div class=\"avia-image-overlay-wrap\"><img decoding=\"async\" fetchpriority=\"high\" class='wp-image-17 avia-img-lazy-loading-not-17 avia_image ' src=\"https:\/\/quimper-evenements.fr\/public\/wp-content\/uploads\/sites\/3\/2019\/07\/parc-expo.jpg\" alt='Parc expositions Quimper Cornouaille' title='Parc expositions Quimper Cornouaille'  height=\"1363\" width=\"2048\"  itemprop=\"thumbnailUrl\" srcset=\"https:\/\/quimper-evenements.fr\/public\/wp-content\/uploads\/sites\/3\/2019\/07\/parc-expo.jpg 2048w, https:\/\/quimper-evenements.fr\/public\/wp-content\/uploads\/sites\/3\/2019\/07\/parc-expo-300x200.jpg 300w, https:\/\/quimper-evenements.fr\/public\/wp-content\/uploads\/sites\/3\/2019\/07\/parc-expo-768x511.jpg 768w, https:\/\/quimper-evenements.fr\/public\/wp-content\/uploads\/sites\/3\/2019\/07\/parc-expo-1030x685.jpg 1030w, https:\/\/quimper-evenements.fr\/public\/wp-content\/uploads\/sites\/3\/2019\/07\/parc-expo-1500x998.jpg 1500w, https:\/\/quimper-evenements.fr\/public\/wp-content\/uploads\/sites\/3\/2019\/07\/parc-expo-705x469.jpg 705w, https:\/\/quimper-evenements.fr\/public\/wp-content\/uploads\/sites\/3\/2019\/07\/parc-expo-450x299.jpg 450w\" sizes=\"(max-width: 2048px) 100vw, 2048px\" \/><\/div><\/div><\/div><\/p>\n<\/div><\/div>\n<\/div>\n<div id='av_section_2'  class='avia-section av-17xydc-38bdeef302cfef9c2be3f133e2f2594c main_color avia-section-default avia-no-border-styling  avia-builder-el-16  el_after_av_layout_row  el_before_av_one_half  avia-bg-style-scroll container_wrap fullsize'  ><div class='container av-section-cont-open' ><div class='template-page content  av-content-full alpha units'><div class='post-entry post-entry-type-page post-entry-680'><div class='entry-content-wrapper clearfix'>\n\n<style type=\"text\/css\" data-created_by=\"avia_inline_auto\" id=\"style-css-av-k0582q9k-11719287f228dcebe9f3c8fda8807282\">\n.avia-accordion.av-k0582q9k-11719287f228dcebe9f3c8fda8807282{\nmax-height:375px;\n}\n.avia-accordion.av-k0582q9k-11719287f228dcebe9f3c8fda8807282 .aviaccordion-preview{\nwidth:17.1%;\n}\n.avia-accordion .aviaccordion-slide.av-k0582q9k-11719287f228dcebe9f3c8fda8807282__0{\nleft:0%;\n}\n.avia-accordion .aviaccordion-slide.av-k0582q9k-11719287f228dcebe9f3c8fda8807282__1{\nleft:16.666666666667%;\n}\n.avia-accordion .aviaccordion-slide.av-k0582q9k-11719287f228dcebe9f3c8fda8807282__2{\nleft:33.333333333333%;\n}\n.avia-accordion .aviaccordion-slide.av-k0582q9k-11719287f228dcebe9f3c8fda8807282__3{\nleft:50%;\n}\n.avia-accordion .aviaccordion-slide.av-k0582q9k-11719287f228dcebe9f3c8fda8807282__4{\nleft:66.666666666667%;\n}\n.avia-accordion .aviaccordion-slide.av-k0582q9k-11719287f228dcebe9f3c8fda8807282__5{\nleft:83.333333333333%;\n}\n<\/style>\n<div  id=\"accordion_slider_1\"  class='aviaccordion avia-accordion av-k0582q9k-11719287f228dcebe9f3c8fda8807282 aviaccordion-title-inactive av-slideshow-autoplay av-loop-endless ' data-slideshow-options=\"{&quot;interval&quot;:3,&quot;autoplay&quot;:true,&quot;loop_autoplay&quot;:&quot;endless&quot;}\"  itemscope=\"itemscope\" itemtype=\"https:\/\/schema.org\/Blog\" ><ul class=\"aviaccordion-inner\"><li class='aviaccordion-slide av-k0582q9k-11719287f228dcebe9f3c8fda8807282__0 aviaccordion-slide-1' data-av-left='0'  itemscope=\"itemscope\" itemtype=\"https:\/\/schema.org\/CreativeWork\" ><a class='aviaccordion-slide-link noHover' href=\"https:\/\/quimper-evenements.fr\/public\/wp-content\/uploads\/sites\/3\/2019\/09\/Parc-Expo-18-15-1030x685.jpg\" data-srcset=\"https:\/\/quimper-evenements.fr\/public\/wp-content\/uploads\/sites\/3\/2019\/09\/Parc-Expo-18-15-1030x685.jpg 1030w, https:\/\/quimper-evenements.fr\/public\/wp-content\/uploads\/sites\/3\/2019\/09\/Parc-Expo-18-15-300x200.jpg 300w, https:\/\/quimper-evenements.fr\/public\/wp-content\/uploads\/sites\/3\/2019\/09\/Parc-Expo-18-15-768x511.jpg 768w, https:\/\/quimper-evenements.fr\/public\/wp-content\/uploads\/sites\/3\/2019\/09\/Parc-Expo-18-15.jpg 1500w, https:\/\/quimper-evenements.fr\/public\/wp-content\/uploads\/sites\/3\/2019\/09\/Parc-Expo-18-15-705x469.jpg 705w, https:\/\/quimper-evenements.fr\/public\/wp-content\/uploads\/sites\/3\/2019\/09\/Parc-Expo-18-15-450x299.jpg 450w\" data-sizes=\"(max-width: 1030px) 100vw, 1030px\"  title=\"Parc expositions Quimper Cornouaille Artimon\" alt=\"Parc expositions Quimper Cornouaille Artimon\" ><div class='aviaccordion-preview '><\/div><img loading=\"lazy\" decoding=\"async\" width=\"710\" height=\"375\" src=\"https:\/\/quimper-evenements.fr\/public\/wp-content\/uploads\/sites\/3\/2019\/09\/Parc-Expo-18-15-710x375.jpg\" class=\"aviaccordion-image\" alt=\"Parc expositions Quimper Cornouaille Artimon\" \/><\/a><\/li><li class='aviaccordion-slide av-k0582q9k-11719287f228dcebe9f3c8fda8807282__1 aviaccordion-slide-2' data-av-left='16.666666666667'  itemscope=\"itemscope\" itemtype=\"https:\/\/schema.org\/CreativeWork\" ><a class='aviaccordion-slide-link noHover' href=\"https:\/\/quimper-evenements.fr\/public\/wp-content\/uploads\/sites\/3\/2019\/09\/Parc-Expo-65-15-1030x698.jpg\" data-srcset=\"https:\/\/quimper-evenements.fr\/public\/wp-content\/uploads\/sites\/3\/2019\/09\/Parc-Expo-65-15-1030x698.jpg 1030w, https:\/\/quimper-evenements.fr\/public\/wp-content\/uploads\/sites\/3\/2019\/09\/Parc-Expo-65-15-300x203.jpg 300w, https:\/\/quimper-evenements.fr\/public\/wp-content\/uploads\/sites\/3\/2019\/09\/Parc-Expo-65-15-768x521.jpg 768w, https:\/\/quimper-evenements.fr\/public\/wp-content\/uploads\/sites\/3\/2019\/09\/Parc-Expo-65-15.jpg 1500w, https:\/\/quimper-evenements.fr\/public\/wp-content\/uploads\/sites\/3\/2019\/09\/Parc-Expo-65-15-705x478.jpg 705w, https:\/\/quimper-evenements.fr\/public\/wp-content\/uploads\/sites\/3\/2019\/09\/Parc-Expo-65-15-450x305.jpg 450w\" data-sizes=\"(max-width: 1030px) 100vw, 1030px\"  title=\"Parc expositions Quimper Cornouaille\" alt=\"Parc expositions Quimper Cornouaille\" ><div class='aviaccordion-preview '><\/div><img loading=\"lazy\" decoding=\"async\" width=\"710\" height=\"375\" src=\"https:\/\/quimper-evenements.fr\/public\/wp-content\/uploads\/sites\/3\/2019\/09\/Parc-Expo-65-15-710x375.jpg\" class=\"aviaccordion-image\" alt=\"Parc expositions Quimper Cornouaille\" \/><\/a><\/li><li class='aviaccordion-slide av-k0582q9k-11719287f228dcebe9f3c8fda8807282__2 aviaccordion-slide-3' data-av-left='33.333333333333'  itemscope=\"itemscope\" itemtype=\"https:\/\/schema.org\/CreativeWork\" ><a class='aviaccordion-slide-link noHover' href=\"https:\/\/quimper-evenements.fr\/public\/wp-content\/uploads\/sites\/3\/2026\/04\/PXL_20260212_095602804-min.jpg\" data-srcset=\"https:\/\/quimper-evenements.fr\/public\/wp-content\/uploads\/sites\/3\/2026\/04\/PXL_20260212_095602804-min.jpg 800w, https:\/\/quimper-evenements.fr\/public\/wp-content\/uploads\/sites\/3\/2026\/04\/PXL_20260212_095602804-min-300x225.jpg 300w, https:\/\/quimper-evenements.fr\/public\/wp-content\/uploads\/sites\/3\/2026\/04\/PXL_20260212_095602804-min-768x577.jpg 768w, https:\/\/quimper-evenements.fr\/public\/wp-content\/uploads\/sites\/3\/2026\/04\/PXL_20260212_095602804-min-705x530.jpg 705w\" data-sizes=\"(max-width: 800px) 100vw, 800px\"  title=\"PXL_20260212_095602804-min\" ><div class='aviaccordion-preview '><\/div><img loading=\"lazy\" decoding=\"async\" width=\"710\" height=\"375\" src=\"https:\/\/quimper-evenements.fr\/public\/wp-content\/uploads\/sites\/3\/2026\/04\/PXL_20260212_095602804-min-710x375.jpg\" class=\"aviaccordion-image\" alt=\"\" srcset=\"https:\/\/quimper-evenements.fr\/public\/wp-content\/uploads\/sites\/3\/2026\/04\/PXL_20260212_095602804-min-710x375.jpg 710w, https:\/\/quimper-evenements.fr\/public\/wp-content\/uploads\/sites\/3\/2026\/04\/PXL_20260212_095602804-min-800x423.jpg 800w\" sizes=\"auto, (max-width: 710px) 100vw, 710px\" \/><\/a><\/li><li class='aviaccordion-slide av-k0582q9k-11719287f228dcebe9f3c8fda8807282__3 aviaccordion-slide-4' data-av-left='50'  itemscope=\"itemscope\" itemtype=\"https:\/\/schema.org\/CreativeWork\" ><a class='aviaccordion-slide-link noHover' href=\"https:\/\/quimper-evenements.fr\/public\/wp-content\/uploads\/sites\/3\/2026\/04\/Concert-3-1030x773.jpeg\" data-srcset=\"https:\/\/quimper-evenements.fr\/public\/wp-content\/uploads\/sites\/3\/2026\/04\/Concert-3-1030x773.jpeg 1030w, https:\/\/quimper-evenements.fr\/public\/wp-content\/uploads\/sites\/3\/2026\/04\/Concert-3-300x225.jpeg 300w, https:\/\/quimper-evenements.fr\/public\/wp-content\/uploads\/sites\/3\/2026\/04\/Concert-3-768x576.jpeg 768w, https:\/\/quimper-evenements.fr\/public\/wp-content\/uploads\/sites\/3\/2026\/04\/Concert-3-1536x1152.jpeg 1536w, https:\/\/quimper-evenements.fr\/public\/wp-content\/uploads\/sites\/3\/2026\/04\/Concert-3-1500x1125.jpeg 1500w, https:\/\/quimper-evenements.fr\/public\/wp-content\/uploads\/sites\/3\/2026\/04\/Concert-3-705x529.jpeg 705w, https:\/\/quimper-evenements.fr\/public\/wp-content\/uploads\/sites\/3\/2026\/04\/Concert-3.jpeg 1600w\" data-sizes=\"(max-width: 1030px) 100vw, 1030px\"  title=\"Concert 3\" ><div class='aviaccordion-preview '><\/div><img loading=\"lazy\" decoding=\"async\" width=\"710\" height=\"375\" src=\"https:\/\/quimper-evenements.fr\/public\/wp-content\/uploads\/sites\/3\/2026\/04\/Concert-3-710x375.jpeg\" class=\"aviaccordion-image\" alt=\"\" \/><\/a><\/li><li class='aviaccordion-slide av-k0582q9k-11719287f228dcebe9f3c8fda8807282__4 aviaccordion-slide-5' data-av-left='66.666666666667'  itemscope=\"itemscope\" itemtype=\"https:\/\/schema.org\/CreativeWork\" ><a class='aviaccordion-slide-link noHover' href=\"https:\/\/quimper-evenements.fr\/public\/wp-content\/uploads\/sites\/3\/2026\/04\/WhatsApp-Image-2026-03-16-at-12.06.14-2-1030x580.jpeg\" data-srcset=\"https:\/\/quimper-evenements.fr\/public\/wp-content\/uploads\/sites\/3\/2026\/04\/WhatsApp-Image-2026-03-16-at-12.06.14-2-1030x580.jpeg 1030w, https:\/\/quimper-evenements.fr\/public\/wp-content\/uploads\/sites\/3\/2026\/04\/WhatsApp-Image-2026-03-16-at-12.06.14-2-300x169.jpeg 300w, https:\/\/quimper-evenements.fr\/public\/wp-content\/uploads\/sites\/3\/2026\/04\/WhatsApp-Image-2026-03-16-at-12.06.14-2-768x432.jpeg 768w, https:\/\/quimper-evenements.fr\/public\/wp-content\/uploads\/sites\/3\/2026\/04\/WhatsApp-Image-2026-03-16-at-12.06.14-2-1536x865.jpeg 1536w, https:\/\/quimper-evenements.fr\/public\/wp-content\/uploads\/sites\/3\/2026\/04\/WhatsApp-Image-2026-03-16-at-12.06.14-2-1500x844.jpeg 1500w, https:\/\/quimper-evenements.fr\/public\/wp-content\/uploads\/sites\/3\/2026\/04\/WhatsApp-Image-2026-03-16-at-12.06.14-2-705x397.jpeg 705w, https:\/\/quimper-evenements.fr\/public\/wp-content\/uploads\/sites\/3\/2026\/04\/WhatsApp-Image-2026-03-16-at-12.06.14-2.jpeg 2048w\" data-sizes=\"(max-width: 1030px) 100vw, 1030px\"  title=\"WhatsApp Image 2026-03-16 at 12.06.14 (2)\" ><div class='aviaccordion-preview '><\/div><img loading=\"lazy\" decoding=\"async\" width=\"710\" height=\"375\" src=\"https:\/\/quimper-evenements.fr\/public\/wp-content\/uploads\/sites\/3\/2026\/04\/WhatsApp-Image-2026-03-16-at-12.06.14-2-710x375.jpeg\" class=\"aviaccordion-image\" alt=\"\" \/><\/a><\/li><li class='aviaccordion-slide av-k0582q9k-11719287f228dcebe9f3c8fda8807282__5 aviaccordion-slide-6' data-av-left='83.333333333333'  itemscope=\"itemscope\" itemtype=\"https:\/\/schema.org\/CreativeWork\" ><a class='aviaccordion-slide-link noHover' href=\"https:\/\/quimper-evenements.fr\/public\/wp-content\/uploads\/sites\/3\/2019\/09\/DSC00935-1030x580.jpg\" data-srcset=\"https:\/\/quimper-evenements.fr\/public\/wp-content\/uploads\/sites\/3\/2019\/09\/DSC00935-1030x580.jpg 1030w, https:\/\/quimper-evenements.fr\/public\/wp-content\/uploads\/sites\/3\/2019\/09\/DSC00935-300x169.jpg 300w, https:\/\/quimper-evenements.fr\/public\/wp-content\/uploads\/sites\/3\/2019\/09\/DSC00935-768x432.jpg 768w, https:\/\/quimper-evenements.fr\/public\/wp-content\/uploads\/sites\/3\/2019\/09\/DSC00935-1500x845.jpg 1500w, https:\/\/quimper-evenements.fr\/public\/wp-content\/uploads\/sites\/3\/2019\/09\/DSC00935-705x397.jpg 705w, https:\/\/quimper-evenements.fr\/public\/wp-content\/uploads\/sites\/3\/2019\/09\/DSC00935-450x253.jpg 450w\" data-sizes=\"(max-width: 1030px) 100vw, 1030px\"  title=\"Parc des Expositions Quimper\" alt=\"Parc des Expositions Quimper\" ><div class='aviaccordion-preview '><\/div><img loading=\"lazy\" decoding=\"async\" width=\"710\" height=\"375\" src=\"https:\/\/quimper-evenements.fr\/public\/wp-content\/uploads\/sites\/3\/2019\/09\/DSC00935-710x375.jpg\" class=\"aviaccordion-image\" alt=\"Parc des Expositions Quimper\" \/><\/a><\/li><\/ul><div class='aviaccordion-spacer' style='padding-bottom:52.816901408451%'><\/div><\/div>\n<\/div><\/div><\/div><!-- close content main div --><\/div><\/div><div id='after_section_2'  class='main_color av_default_container_wrap container_wrap fullsize'  ><div class='container av-section-cont-open' ><div class='template-page content  av-content-full alpha units'><div class='post-entry post-entry-type-page post-entry-680'><div class='entry-content-wrapper clearfix'><div  class='flex_column av-yy2nc-3f325d998637a3d20a1e905b5e4c161b av_one_half  avia-builder-el-18  el_after_av_section  el_before_av_one_half  avia-builder-el-first  first flex_column_div  '     ><p>\n<style type=\"text\/css\" data-created_by=\"avia_inline_auto\" id=\"style-css-av-b75n4-1beac807879eab5f83bd4b3ee2101c5d\">\n#top .av-special-heading.av-b75n4-1beac807879eab5f83bd4b3ee2101c5d{\npadding-bottom:10px;\n}\nbody .av-special-heading.av-b75n4-1beac807879eab5f83bd4b3ee2101c5d .av-special-heading-tag .heading-char{\nfont-size:25px;\n}\n.av-special-heading.av-b75n4-1beac807879eab5f83bd4b3ee2101c5d .av-subheading{\nfont-size:15px;\n}\n<\/style>\n<div  class='av-special-heading av-b75n4-1beac807879eab5f83bd4b3ee2101c5d av-special-heading-h3  avia-builder-el-19  el_before_av_codeblock  avia-builder-el-first '><h3 class='av-special-heading-tag '  itemprop=\"headline\"  >Infos pratiques<\/h3><div class=\"special-heading-border\"><div class=\"special-heading-inner-border\"><\/div><\/div><\/div><br \/>\n<br \/>\n<div  class='avia-button-wrap av-mnpvhv8s-b84432a85a38de1cb4579af89884332a-wrap avia-button-center  avia-builder-el-21  el_after_av_codeblock  avia-builder-el-last '><a href='https:\/\/quimper-evenements.fr\/public\/wp-content\/uploads\/sites\/3\/2026\/04\/BAT_WEB_Plaquette-Parc-Expo-2026.pdf'  class='avia-button av-mnpvhv8s-b84432a85a38de1cb4579af89884332a av-link-btn avia-icon_select-no avia-size-small avia-position-center avia-color-theme-color'   aria-label=\"T\u00e9l\u00e9charger la plaquette\"><span class='avia_iconbox_title' >T\u00e9l\u00e9charger la plaquette<\/span><\/a><\/div><\/p><\/div><\/p>\n<div  class='flex_column av-opcq8-40c6b8cca7c843270dd3a76c039fc345 av_one_half  avia-builder-el-22  el_after_av_one_half  el_before_av_section  avia-builder-el-last  flex_column_div  '     ><p>\n<style type=\"text\/css\" data-created_by=\"avia_inline_auto\" id=\"style-css-av-mcakhb81-d8e52310d38ef412257ae771adf575e9\">\n#top .av-special-heading.av-mcakhb81-d8e52310d38ef412257ae771adf575e9{\npadding-bottom:10px;\n}\nbody .av-special-heading.av-mcakhb81-d8e52310d38ef412257ae771adf575e9 .av-special-heading-tag .heading-char{\nfont-size:25px;\n}\n.av-special-heading.av-mcakhb81-d8e52310d38ef412257ae771adf575e9 .av-subheading{\nfont-size:15px;\n}\n<\/style>\n<div  class='av-special-heading av-mcakhb81-d8e52310d38ef412257ae771adf575e9 av-special-heading-h3  avia-builder-el-23  el_before_av_tab_container  avia-builder-el-first '><h3 class='av-special-heading-tag '  itemprop=\"headline\"  >Venir au Parc des expositions<\/h3><div class=\"special-heading-border\"><div class=\"special-heading-inner-border\"><\/div><\/div><\/div><br \/>\n<div  class='tabcontainer av-mcakirkx-d4906fe019dd222a04f089a8f5544c0f top_tab  avia-builder-el-24  el_after_av_heading  avia-builder-el-last '>\n<section class='av_tab_section av_tab_section av-j48rc-710dbb6daaa139286ff550bfca0010ed'  itemscope=\"itemscope\" itemtype=\"https:\/\/schema.org\/CreativeWork\" ><div id='tab-id-1-tab' class='tab active_tab' role='tab' aria-selected=\"true\" tabindex=\"0\" data-fake-id='#tab-id-1' aria-controls='tab-id-1-content'  itemprop=\"headline\" >Par la route<\/div><div id='tab-id-1-content' class='tab_content active_tab_content' role='tabpanel' aria-labelledby='tab-id-1-tab' aria-hidden=\"false\"><div class='tab_inner_content invers-color'  itemprop=\"text\" ><p>Au c\u0153ur du r\u00e9seau autoroutier ouest :<br \/>\nQuimper \u2013 Brest : 45 mn<br \/>\nQuimper \u2013 Vannes : 1h20<br \/>\nQuimper \u2013 Rennes : 2h30<br \/>\nQuimper \u2013 Nantes : 2h30<br \/>\nQuimper \u2013 Paris : 6h<\/p>\n<p><strong>Covoiturage :<\/strong><\/p>\n<p><strong><a href=\"https:\/\/www.ouestgo.fr\/evenements\/covoiturages\/breizh-transition\">OUESTGO<\/a>,<\/strong>\u00a0on sera proche ! Un service de covoiturage de proximit\u00e9, convivial et solidaire. Trouvez d\u00e8s \u00e0 pr\u00e9sent votre covoiturage ou proposez votre trajet.<\/p>\n<p><strong>Taxi<\/strong><\/p>\n<ul>\n<li><a href=\"http:\/\/www.taxi-quimper.fr\" target=\"_blank\" rel=\"noopener\">Radio Taxi Quimp\u00e9rois<\/a><br \/>\nT\u00e9l\u00e9phone : 02 98 90 21 21<\/li>\n<li><a href=\"http:\/\/www.allotaxiquimperois.com\/\" target=\"_blank\" rel=\"noopener\">Allo Taxi Quimp\u00e9rois<\/a><br \/>\nT\u00e9l\u00e9phone : 02 98 90 20 20<\/li>\n<\/ul>\n<p><strong>Bus<\/strong><\/p>\n<ul>\n<li>Les transports urbains sont g\u00e9r\u00e9s par la <a href=\"http:\/\/www.qub.fr\" target=\"_blank\" rel=\"noopener\">QUB.<\/a><\/li>\n<li>Acc\u00e8s par lignes de bus B \/ C \/ 1 \/ 4<\/li>\n<\/ul>\n<\/div><\/div><\/section>\n<section class='av_tab_section av_tab_section av-mcakhh2q-bb88c4dcc345edb4b11c69b6835a779c'  itemscope=\"itemscope\" itemtype=\"https:\/\/schema.org\/CreativeWork\" ><div id='tab-id-2-tab' class='tab' role='tab' aria-selected=\"false\" tabindex=\"0\" data-fake-id='#tab-id-2' aria-controls='tab-id-2-content'  itemprop=\"headline\" >Parkings<\/div><div id='tab-id-2-content' class='tab_content' role='tabpanel' aria-labelledby='tab-id-2-tab' aria-hidden=\"true\"><div class='tab_inner_content invers-color'  itemprop=\"text\" ><ul>\n<li>\n<ul>\n<li>Pendant les \u00e9v\u00e8nements, le Parc des Expositions Quimper Cornouaille dispose de plusieurs parkings visiteurs (P1,P2,P3, Croix des Gardiens) \u00e0 proximit\u00e9 imm\u00e9diate.<\/li>\n<\/ul>\n<p><img loading=\"lazy\" decoding=\"async\" class=\"aligncenter wp-image-5027 size-full\" src=\"https:\/\/quimper-evenements.fr\/public\/wp-content\/uploads\/sites\/3\/2025\/06\/Parking-Parc-expo-705x430-1.jpg\" alt=\"\" width=\"705\" height=\"430\" srcset=\"https:\/\/quimper-evenements.fr\/public\/wp-content\/uploads\/sites\/3\/2025\/06\/Parking-Parc-expo-705x430-1.jpg 705w, https:\/\/quimper-evenements.fr\/public\/wp-content\/uploads\/sites\/3\/2025\/06\/Parking-Parc-expo-705x430-1-300x183.jpg 300w\" sizes=\"auto, (max-width: 705px) 100vw, 705px\" \/><\/li>\n<\/ul>\n<\/div><\/div><\/section>\n<section class='av_tab_section av_tab_section av-d31bc-7b702456d69678a4b0abd655cdade7a2'  itemscope=\"itemscope\" itemtype=\"https:\/\/schema.org\/CreativeWork\" ><div id='tab-id-3-tab' class='tab' role='tab' aria-selected=\"false\" tabindex=\"0\" data-fake-id='#tab-id-3' aria-controls='tab-id-3-content'  itemprop=\"headline\" >Trains<\/div><div id='tab-id-3-content' class='tab_content' role='tabpanel' aria-labelledby='tab-id-3-tab' aria-hidden=\"true\"><div class='tab_inner_content invers-color'  itemprop=\"text\" ><ul>\n<li>Gare SNCF, 1 place Louis Armand \u2013 29000 Quimper<br \/>\nSite internet : <a href=\"http:\/\/www.voyages-sncf.com\" target=\"_blank\" rel=\"noopener\"><strong>www.voyages-sncf.com<\/strong><\/a><br \/>\nGare situ\u00e9e dans le centre-ville de Quimper<\/li>\n<li>6 aller-retour TGV directs quotidiens avec Paris . L&rsquo;arriv\u00e9e de la LGV met Quimper \u00e0 3h17 de Paris. Lignes directes vers Bordeaux et Lyon.<\/li>\n<\/ul>\n<\/div><\/div><\/section>\n<section class='av_tab_section av_tab_section av-92rn4-f973f7aab2a1f4b6bbc2eda1709100b6'  itemscope=\"itemscope\" itemtype=\"https:\/\/schema.org\/CreativeWork\" ><div id='tab-id-4-tab' class='tab' role='tab' aria-selected=\"false\" tabindex=\"0\" data-fake-id='#tab-id-4' aria-controls='tab-id-4-content'  itemprop=\"headline\" >H\u00e9bergement<\/div><div id='tab-id-4-content' class='tab_content' role='tabpanel' aria-labelledby='tab-id-4-tab' aria-hidden=\"true\"><div class='tab_inner_content invers-color'  itemprop=\"text\" ><p>Quimper offre une capacit\u00e9 h\u00f4teli\u00e8re de plus de 860 chambres class\u00e9es du 1 au 4*, dont la plupart accessibles \u00e0 pied depuis le centre-ville. Retrouvez <a href=\"https:\/\/quimper-evenements.fr\/pro\/hebergement\/\" target=\"_blank\" rel=\"noopener\"><strong>les \u00e9tablissements partenaires<\/strong><\/a> de Quimper Ev\u00e9nements et profitez des tarifs sp\u00e9ciaux \u00e9v\u00e9nements.<br \/>\nA cela s&rsquo;ajoute les 3 000 chambres situ\u00e9es en bord de mer \u00e0 moins de 20 min de Quimper.<\/p>\n<\/div><\/div><\/section>\n<\/div><\/p><\/div>\n<\/div><\/div><\/div><!-- close content main div --><\/div><\/div><div id='av_section_3'  class='avia-section av-jzmnsxik-55d75eb6885c1adf1b30835e12f91269 footer_color avia-section-small avia-no-border-styling  avia-builder-el-25  el_after_av_one_half  avia-builder-el-last  avia-bg-style-scroll container_wrap fullsize'  ><div class='container av-section-cont-open' ><div class='template-page content  av-content-full alpha units'><div class='post-entry post-entry-type-page post-entry-680'><div class='entry-content-wrapper clearfix'>\n<div class='flex_column_table av-2mbbh-d954c92284ce9485ba8081772960925b sc-av_one_fourth av-equal-height-column-flextable'>\n<style type=\"text\/css\" data-created_by=\"avia_inline_auto\" id=\"style-css-av-2mbbh-d954c92284ce9485ba8081772960925b\">\n.flex_column.av-2mbbh-d954c92284ce9485ba8081772960925b{\nborder-radius:0px 0px 0px 0px;\npadding:0 0 0 0;\n}\n<\/style>\n<div  class='flex_column av-2mbbh-d954c92284ce9485ba8081772960925b av_one_fourth  avia-builder-el-26  el_before_av_one_half  avia-builder-el-first  first flex_column_table_cell av-equal-height-column av-align-middle av-zero-column-padding  '     ><style type=\"text\/css\" data-created_by=\"avia_inline_auto\" id=\"style-css-av-9716w-06267c9382f63792da4517b3495c95a9\">\n#top .av-special-heading.av-9716w-06267c9382f63792da4517b3495c95a9{\nmargin:0 0 0 0;\npadding-bottom:0;\nfont-size:20px;\n}\nbody .av-special-heading.av-9716w-06267c9382f63792da4517b3495c95a9 .av-special-heading-tag .heading-char{\nfont-size:25px;\n}\n#top #wrap_all .av-special-heading.av-9716w-06267c9382f63792da4517b3495c95a9 .av-special-heading-tag{\nfont-size:20px;\n}\n.av-special-heading.av-9716w-06267c9382f63792da4517b3495c95a9 .av-subheading{\nfont-size:15px;\n}\n\n@media only screen and (min-width: 768px) and (max-width: 989px){ \n#top #wrap_all .av-special-heading.av-9716w-06267c9382f63792da4517b3495c95a9 .av-special-heading-tag{\nfont-size:15px;\n}\n.av-special-heading.av-9716w-06267c9382f63792da4517b3495c95a9 .av-subheading{\nfont-size:12px;\n}\n}\n\n@media only screen and (min-width: 480px) and (max-width: 767px){ \n#top #wrap_all .av-special-heading.av-9716w-06267c9382f63792da4517b3495c95a9 .av-special-heading-tag{\nfont-size:0.8em;\n}\n}\n\n@media only screen and (max-width: 479px){ \n#top #wrap_all .av-special-heading.av-9716w-06267c9382f63792da4517b3495c95a9 .av-special-heading-tag{\nfont-size:0.8em;\n}\n}\n<\/style>\n<div  class='av-special-heading av-9716w-06267c9382f63792da4517b3495c95a9 av-special-heading-h2 blockquote modern-quote modern-centered  avia-builder-el-27  avia-builder-el-no-sibling  av-inherit-size av-linked-heading'><h2 class='av-special-heading-tag '  itemprop=\"headline\"  >Newsletter <\/h2><div class='av-subheading av-subheading_below'><p>Restez inform\u00e9s, abonnez-vous.<\/p>\n<\/div><div class=\"special-heading-border\"><div class=\"special-heading-inner-border\"><\/div><\/div><\/div><\/div><div class='av-flex-placeholder'><\/div>\n<style type=\"text\/css\" data-created_by=\"avia_inline_auto\" id=\"style-css-av-21p6t-2ce5b72b7189d43cab6cdfc851fa8060\">\n.flex_column.av-21p6t-2ce5b72b7189d43cab6cdfc851fa8060{\nborder-width:40px;\nborder-style:solid;\nborder-radius:0px 0px 0px 0px;\npadding:0px 0px 0px 0px;\n}\n<\/style>\n<div  class='flex_column av-21p6t-2ce5b72b7189d43cab6cdfc851fa8060 av_one_half  avia-builder-el-28  el_after_av_one_fourth  el_before_av_one_fourth  flex_column_table_cell av-equal-height-column av-align-middle av-zero-column-padding  '     ><\/div><div class='av-flex-placeholder'><\/div>\n<style type=\"text\/css\" data-created_by=\"avia_inline_auto\" id=\"style-css-av-ras0-257e871e3ec5c211d501b36f02bc05c2\">\n.flex_column.av-ras0-257e871e3ec5c211d501b36f02bc05c2{\nborder-radius:0px 0px 0px 0px;\npadding:0px 0px 0px 0px;\n}\n<\/style>\n<div  class='flex_column av-ras0-257e871e3ec5c211d501b36f02bc05c2 av_one_fourth  avia-builder-el-30  el_after_av_one_half  el_before_av_codeblock  flex_column_table_cell av-equal-height-column av-align-middle av-zero-column-padding  '     ><style type=\"text\/css\" data-created_by=\"avia_inline_auto\" id=\"style-css-av-k2er8dfh-b0b89d0a5e4cf7bde4e525cf5716a6c2\">\n#top .av_textblock_section.av-k2er8dfh-b0b89d0a5e4cf7bde4e525cf5716a6c2 .avia_textblock{\nfont-size:12px;\n}\n\n@media only screen and (min-width: 768px) and (max-width: 989px){ \n#top .av_textblock_section.av-k2er8dfh-b0b89d0a5e4cf7bde4e525cf5716a6c2 .avia_textblock{\nfont-size:10px;\n}\n}\n<\/style>\n<section  class='av_textblock_section av-k2er8dfh-b0b89d0a5e4cf7bde4e525cf5716a6c2 '   itemscope=\"itemscope\" itemtype=\"https:\/\/schema.org\/CreativeWork\" ><div class='avia_textblock'  itemprop=\"text\" ><p>En cliquant sur \u00ab\u00a0S&rsquo;abonner\u00a0\u00bb, j\u2019accepte de recevoir cette newsletter et je comprends que je peux me d\u00e9sabonner facilement \u00e0 tout moment.<\/p>\n<\/div><\/section><\/div><\/div><!--close column table wrapper. Autoclose: 1 -->\n\n","protected":false},"excerpt":{"rendered":"<p>Le Parc des Expositions Quimper Cornouaille est le lieu pour toutes manifestations : spectacle, concerts, salons, festivals, rencontres professionnelles, &#8230;<\/p>\n","protected":false},"author":1,"featured_media":0,"parent":0,"menu_order":0,"comment_status":"closed","ping_status":"closed","template":"","meta":{"footnotes":""},"class_list":["post-680","page","type-page","status-publish","hentry"],"_links":{"self":[{"href":"https:\/\/quimper-evenements.fr\/public\/wp-json\/wp\/v2\/pages\/680","targetHints":{"allow":["GET"]}}],"collection":[{"href":"https:\/\/quimper-evenements.fr\/public\/wp-json\/wp\/v2\/pages"}],"about":[{"href":"https:\/\/quimper-evenements.fr\/public\/wp-json\/wp\/v2\/types\/page"}],"author":[{"embeddable":true,"href":"https:\/\/quimper-evenements.fr\/public\/wp-json\/wp\/v2\/users\/1"}],"replies":[{"embeddable":true,"href":"https:\/\/quimper-evenements.fr\/public\/wp-json\/wp\/v2\/comments?post=680"}],"version-history":[{"count":46,"href":"https:\/\/quimper-evenements.fr\/public\/wp-json\/wp\/v2\/pages\/680\/revisions"}],"predecessor-version":[{"id":5186,"href":"https:\/\/quimper-evenements.fr\/public\/wp-json\/wp\/v2\/pages\/680\/revisions\/5186"}],"wp:attachment":[{"href":"https:\/\/quimper-evenements.fr\/public\/wp-json\/wp\/v2\/media?parent=680"}],"curies":[{"name":"wp","href":"https:\/\/api.w.org\/{rel}","templated":true}]}}